{"id":79320,"date":"2023-02-27T13:45:19","date_gmt":"2023-02-27T13:45:19","guid":{"rendered":"https:\/\/andelenergi.dk\/spar-energi\/varmegenvinding\/"},"modified":"2025-12-29T12:18:07","modified_gmt":"2025-12-29T12:18:07","slug":"varmegenvinding","status":"publish","type":"page","link":"https:\/\/andelenergi.dk\/klog-paa-energi\/varmegenvinding\/","title":{"rendered":"Varmegenvinding"},"content":{"rendered":"<section\n  class=\"acf-block acf-block--product-hero text-black mb-12 lg:mb-14  block\"\n   id=product-hero-1\n  \n  \n>\n      <div class=\"inner inner--full\">\n  \n  \n  <div\n  class=\"inner--px-remove--full anchor-right relative box-border\"\n>\n\n      <div x-data=\"PreserveUtmParameters\">\n  \n  <div class=\"product-hero-bg-mobile relative block sm:hidden\">\n    <div class=\"relative\">\n      \n      \n                  <picture> <img decoding=\"async\" src=\"https:\/\/andelenergi.dk\/app\/uploads\/2023\/01\/Andel-energi_Brandbilleder-117-600x400.jpg\" alt=\"\" class=\"w-full h-full object-cover\" style=\"object-position:50.00% 50.00%;\" loading=\"lazy\"><\/picture>\n                  <\/div>\n\n    <div>\n              <div class=\"aspect-ratio-image-grid-3x2 mobile mb-6\">\n          <div\n  class=\"grid h-full grid-cols-3 grid-rows-2\"\n  x-data=\"GridAnimation\"\n  x-intersect:enter.full.once=\"animateBricks\"\n>\n                  <div class=\"z-10 col-start-2 row-start-1 bg-sky-200 opacity-0 transition duration-500\"><\/div>\n          <div class=\"z-10 col-start-3 row-start-1 bg-sky-100 opacity-0 transition duration-500\"><\/div>\n          <div class=\"z-10 col-start-1 row-start-2 bg-coral-400 opacity-0 transition duration-500\"><\/div>\n          <div class=\"z-10 col-start-2 row-start-2 bg-sky-400 opacity-0 transition duration-500\"><\/div>\n                      <div class=\"bg col-span-3 col-start-1 row-span-1 row-start-2 bg-off-white\"><\/div>\n                      <\/div>\n        <\/div>\n      \n      <div class=\"inner inner--prose mb-6 sm:mb-0\">\n                  <h1 class=\"text-2xl\">Varmegenvinding<\/h1>\n        \n                  <div class=\"wysiwyg mt-4\">\n            <p>Genbrug varmen fra din bolig og f\u00e5 en mindre varmeregning og et bedre indeklima. Og s\u00e5 er det ogs\u00e5 godt for milj\u00f8et.<\/p>\n\n          <\/div>\n        \n              <\/div>\n\n        <\/div>\n<\/div>\n\n\n    <div\n      class=\"product-hero-bg-desktop aspect-ratio-hero-large relative hidden items-center justify-end px-6 py-6 sm:flex sm:py-12 md:px-12 lg:px-16 lg:py-16\"\n    >\n\n\n\n      <picture><source media=\"(min-width:1024px)\" srcset=\"https:\/\/andelenergi.dk\/app\/uploads\/2023\/01\/Andel-energi_Brandbilleder-117-1600x686.jpg\"><source media=\"(min-width:600px)\" srcset=\"https:\/\/andelenergi.dk\/app\/uploads\/2023\/01\/Andel-energi_Brandbilleder-117-1144x490.jpg\"> <img decoding=\"async\" src=\"https:\/\/andelenergi.dk\/app\/uploads\/2023\/01\/Andel-energi_Brandbilleder-117-600x400.jpg\" alt=\"\" class=\"absolute left-0 top-0 w-full h-full object-cover\" style=\"object-position:50.00% 50.00%;\" loading=\"lazy\"><\/picture>\n  \n  <div class=\"relative z-10 w-[55%] md:w-[45%] xl:w-[40%]\">\n    <div class=\"aspect-ratio-image-grid-3x2\">\n      <div\n  class=\"grid h-full grid-cols-3 grid-rows-2\"\n  x-data=\"GridAnimation\"\n  x-intersect:enter.full.once=\"animateBricks\"\n>\n                  <div class=\"z-10 col-start-2 row-start-1 bg-sky-200 opacity-0 transition duration-500\"><\/div>\n          <div class=\"z-10 col-start-3 row-start-1 bg-sky-100 opacity-0 transition duration-500\"><\/div>\n          <div class=\"z-10 col-start-1 row-start-2 bg-coral-400 opacity-0 transition duration-500\"><\/div>\n          <div class=\"z-10 col-start-2 row-start-2 bg-sky-400 opacity-0 transition duration-500\"><\/div>\n                      <div class=\"bg col-span-3 col-start-1 row-span-1 row-start-2 bg-off-white\"><\/div>\n                      <\/div>\n    <\/div>\n  \n<div class=\"z-20 w-full bg-off-white p-6 md:p-8 lg:p-12\">\n      <h1 class=\"text-2xl\">Varmegenvinding<\/h1>\n  \n      <div class=\"wysiwyg mt-4\">\n      <p>Genbrug varmen fra din bolig og f\u00e5 en mindre varmeregning og et bedre indeklima. Og s\u00e5 er det ogs\u00e5 godt for milj\u00f8et.<\/p>\n\n    <\/div>\n  \n  <\/div>\n<\/div>\n<\/div>\n<\/div>\n  <\/div>\n\n\n  \n      <\/div>\n  \n<\/section>\n<section\n  class=\"core-block core-block--paragraph   block\"\n   id=paragraph-3\n  \n  \n>\n      <div class=\"inner inner--prose\">\n  \n  \n  \n<p>Varmegenvinding&#8230; Ja, det er ikke det mest mundrette ord. Men det er faktisk ret smart. Varmegenvinding er en proces, der g\u00f8r det muligt at genbruge varmen fra din bolig. Processen foreg\u00e5r ved, at dit ventilationsanl\u00e6g genanvender den varme udsugningsluft i den k\u00f8lige luft, som anl\u00e6gget bl\u00e6ser ind i dit hjem igen. Det giver b\u00e5de en billigere varmeregning samt et bedre indeklima. Og s\u00e5 er det ogs\u00e5 godt for milj\u00f8et.<\/p>\n\n\n  \n      <\/div>\n  \n<\/section>\n<section\n  class=\"core-block core-block--paragraph   block\"\n   id=paragraph-4\n  \n  \n>\n      <div class=\"inner inner--prose\">\n  \n  \n  \n<p>Her p\u00e5 siden har vi samlet alt, du skal vide om varmegenvinding, og du kan b\u00e5de blive klogere p\u00e5, hvad det er, og hvorfor det kan v\u00e6re en god id\u00e9 for din bolig.<\/p>\n\n\n  \n      <\/div>\n  \n<\/section>\n<section\n  class=\"core-block core-block--heading   block\"\n   id=heading-5\n  \n  \n>\n      <div class=\"inner inner--prose\">\n  \n  \n  \n<h2 class=\"wp-block-heading has-medium-font-size\" id=\"h-derfor-skal-du-have-et-sundt-indeklima\">Derfor skal du have et sundt indeklima<\/h2>\n\n\n  \n      <\/div>\n  \n<\/section>\n<section\n  class=\"core-block core-block--paragraph   block\"\n   id=paragraph-6\n  \n  \n>\n      <div class=\"inner inner--prose\">\n  \n  \n  \n<p>Det kan godt betale sig at l\u00e6gge energi i at skabe et sundt indeklima. Og i mange tilf\u00e6lde kan et sundt indeklima faktisk v\u00e6re ret enkelt at opn\u00e5. Det handler mest af alt om frisk, ren luft og en j\u00e6vn temperatur. <\/p>\n\n\n  \n      <\/div>\n  \n<\/section>\n<section\n  class=\"core-block core-block--paragraph   block\"\n   id=paragraph-7\n  \n  \n>\n      <div class=\"inner inner--prose\">\n  \n  \n  \n<p>Indeklimaet er vigtigt at prioritere for b\u00e5de din egen sundhed, din livskvalitet, din \u00f8konomi og ikke mindst vores f\u00e6lles, b\u00e6redygtige fremtid. Et d\u00e5rligt indeklima kan f\u00f8re til en r\u00e6kke helbredsproblemer. Og \u00e5rsagerne til et d\u00e5rligt indeklima kan v\u00e6re alt fra h\u00f8je temperaturer og manglende udluftning til h\u00f8j luftfugtighed og tobaksr\u00f8g.<\/p>\n\n\n  \n      <\/div>\n  \n<\/section>\n<section\n  class=\"core-block core-block--heading   block\"\n   id=heading-8\n  \n  \n>\n      <div class=\"inner inner--prose\">\n  \n  \n  \n<h2 class=\"wp-block-heading has-medium-font-size\" id=\"h-hvordan-far-jeg-et-sundt-indeklima\">Hvordan f\u00e5r jeg et sundt indeklima?<\/h2>\n\n\n  \n      <\/div>\n  \n<\/section>\n<section\n  class=\"core-block core-block--paragraph   block\"\n   id=paragraph-9\n  \n  \n>\n      <div class=\"inner inner--prose\">\n  \n  \n  \n<p>Du b\u00f8r f\u00f8rst og fremmest \u00e5bne vinduerne og s\u00f8rge for at skabe gennemtr\u00e6k ved udluftning mindst \u00e9n gang om dagen. Det er nemt om sommeren, hvor sommerbrisen kun er dejlig. Men pr\u00f8v ogs\u00e5 at huske det vinteren igennem. P\u00e5 med futterne og den store sweater de 10 minutter, det tager at lufte ud. <\/p>\n\n\n  \n      <\/div>\n  \n<\/section>\n<section\n  class=\"core-block core-block--paragraph   block\"\n   id=paragraph-10\n  \n  \n>\n      <div class=\"inner inner--prose\">\n  \n  \n  \n<p>Det er ogs\u00e5 en god id\u00e9 at f\u00e5 gode reng\u00f8ringsvaner i dit hjem. F.eks. hvis du har mulighed for at t\u00f8rre vasket\u00f8jet udenfor, undg\u00e5 rygning og holde nogenlunde samme temperatur i alle rum i din bolig. Men det er ogs\u00e5 her, at varmegenvinding kommer ind i billedet, for ved at genbruge den udsugede luft kan du ogs\u00e5 forbedre indeklimaet i dit hjem. Og spare penge p\u00e5 varmeregningen samtidig.<\/p>\n\n\n  \n      <\/div>\n  \n<\/section>\n<section\n  class=\"core-block core-block--heading   block\"\n   id=heading-11\n  \n  \n>\n      <div class=\"inner inner--prose\">\n  \n  \n  \n<h2 class=\"wp-block-heading has-medium-font-size\" id=\"h-hvad-er-varmegenvinding\">Hvad er varmegenvinding?<\/h2>\n\n\n  \n      <\/div>\n  \n<\/section>\n<section\n  class=\"core-block core-block--paragraph   block\"\n   id=paragraph-12\n  \n  \n>\n      <div class=\"inner inner--prose\">\n  \n  \n  \n<p>Varmegenvinding er en proces, der g\u00f8r det muligt at genanvende den varmeenergi, som ellers ville v\u00e6re g\u00e5et til spilde i en bolig. Processen indeb\u00e6rer, at dit ventilationsanl\u00e6g genanvender varmen, som anl\u00e6gget suger ud af din bolig, i den k\u00f8lige og friske luft, som dit ventilationsanl\u00e6g bl\u00e6ser ind igen. P\u00e5 den m\u00e5de udnytter du alts\u00e5 den varme, der i forvejen cirkulerer i din bolig. Og du holder dermed varmen indenfor hjemmets fire v\u00e6gge i en cirkul\u00e6r genvindsproces i stedet for at lade den forsvinde ud i det fri &#8211; som vil v\u00e6re tilf\u00e6ldet, n\u00e5r du udlufter p\u00e5 traditionel vis ved blot at \u00e5bne d\u00f8re og vinduer.<\/p>\n\n\n  \n      <\/div>\n  \n<\/section>\n<section\n  class=\"core-block core-block--paragraph   block\"\n   id=paragraph-13\n  \n  \n>\n      <div class=\"inner inner--prose\">\n  \n  \n  \n<p>Hvis vi dykker lidt dybere ned i processen ved varmegenvinding, s\u00e5 sker opvarmningen i en s\u00e5kaldt krydsveksler eller varmeveksler, hvor de to luftstr\u00f8mme glider t\u00e6t forbi hinanden. To tynde metalplader adskiller de to luftstr\u00f8mme og g\u00f8r, at din varmeveksler overf\u00f8rer varmeenergien fra den ene luftstr\u00f8m til den anden. Varmeveksleren er typisk placeret p\u00e5 loftet.<\/p>\n\n\n  \n      <\/div>\n  \n<\/section>\n<section\n  class=\"core-block core-block--heading   block\"\n   id=heading-14\n  \n  \n>\n      <div class=\"inner inner--prose\">\n  \n  \n  \n<h2 class=\"wp-block-heading has-medium-font-size\" id=\"h-varmegenvinding-med-en-varmepumpe\">Varmegenvinding med en varmepumpe<\/h2>\n\n\n  \n      <\/div>\n  \n<\/section>\n<section\n  class=\"core-block core-block--paragraph   block\"\n   id=paragraph-15\n  \n  \n>\n      <div class=\"inner inner--prose\">\n  \n  \n  \n<p>Vil du g\u00f8re brug af varmegenvinding, er et ventilationsanl\u00e6g ikke den eneste l\u00f8sning. Med en kombination af et ventilationsanl\u00e6g og en varmepumpe kan du udnytte den brugte varmeenergi helt optimalt &#8211; en varmeveksler kan nemlig genvinde 70-90% af varmen fra den brugte luft, hvor en varmepumpe kan genvinde de sidste 10-30%.<\/p>\n\n\n  \n      <\/div>\n  \n<\/section>\n<section\n  class=\"core-block core-block--paragraph   block\"\n   id=paragraph-16\n  \n  \n>\n      <div class=\"inner inner--prose\">\n  \n  \n  \n<p>Et ventilationsanl\u00e6g med varmepumpe sikrer aktiv varmegenvinding, hvor et ventilationsanl\u00e6g uden en tilh\u00f8rende varmepumpe giver passiv varmegenvinding. Forskellen p\u00e5 de to former er, at den genbrugte, varme luft opvarmer den friske luft i et passivt anl\u00e6g, hvor aktiv varmegenvinding foreg\u00e5r ved, at varmepumpen tilf\u00f8rer ekstra varme til indbl\u00e6sningsluften.<\/p>\n\n\n  \n      <\/div>\n  \n<\/section>\n<section\n  class=\"core-block core-block--paragraph   block\"\n   id=paragraph-17\n  \n  \n>\n      <div class=\"inner inner--prose\">\n  \n  \n  \n<p>Du kan l\u00e6se mere <a href=\"https:\/\/andelenergi.dk\/varmepumper\/\">om varmepumper her.<\/a><\/p>\n\n\n  \n      <\/div>\n  \n<\/section>\n<section\n  class=\"core-block core-block--heading   block\"\n   id=heading-18\n  \n  \n>\n      <div class=\"inner inner--prose\">\n  \n  \n  \n<h2 class=\"wp-block-heading has-medium-font-size\" id=\"h-derfor-skal-du-etablere-varmegenvinding\">Derfor skal du etablere varmegenvinding<\/h2>\n\n\n  \n      <\/div>\n  \n<\/section>\n<section\n  class=\"core-block core-block--paragraph   block\"\n   id=paragraph-19\n  \n  \n>\n      <div class=\"inner inner--prose\">\n  \n  \n  \n<p>Der er en r\u00e6kke fordele ved varmegenvinding.<\/p>\n\n\n  \n      <\/div>\n  \n<\/section>\n<section\n  class=\"core-block core-block--list   block\"\n   id=list-20\n  \n  \n>\n      <div class=\"inner inner--prose\">\n  \n  \n  \n<ol class=\"wp-block-list\">\n<li><strong>Du sparer p\u00e5 varmen:<\/strong> Ved at genvinde varmen, der allerede florerer i din bolig, sparer du helt naturligt p\u00e5 dit varmeforbrug.<\/li>\n\n\n\n<li><strong>Du sparer p\u00e5 varmeregningen:<\/strong> Fordi du netop genbruger varmen i din bolig, kan du faktisk spare flere tusinde kroner p\u00e5 varmeregningen hvert \u00e5r.<\/li>\n\n\n\n<li><strong>Du forbedrer indeklimaet:<\/strong> Ved at etablere varmegenvinding kan du skabe et bedre indeklima i dit hjem.<\/li>\n<\/ol>\n\n\n  \n      <\/div>\n  \n<\/section>\n<section\n  class=\"core-block core-block--paragraph   block\"\n   id=paragraph-24\n  \n  \n>\n      <div class=\"inner inner--prose\">\n  \n  \n  \n<p>Forbedringen af indeklimaet sker p\u00e5 flere m\u00e5der. Du f\u00e5r f\u00f8rst og fremmest masser af frisk luft uden at spilde meget varme. Derudover holder du luftfugtigheden lav, og det g\u00f8r, at du kan undg\u00e5 problemer med eventuelle husst\u00f8vmider og skimmelsvamp. Et ventilationsanl\u00e6g med varmegenvinding kan ogs\u00e5 filtrere luftpartikler og pollen fra. Og det har stor betydning for boligens komfort. Is\u00e6r hvis du lider af astma eller allergi.<\/p>\n\n\n  \n      <\/div>\n  \n<\/section>\n<section\n  class=\"core-block core-block--heading   block\"\n   id=heading-25\n  \n  \n>\n      <div class=\"inner inner--prose\">\n  \n  \n  \n<h2 class=\"wp-block-heading has-medium-font-size\" id=\"h-miljomaessige-fordele-ved-varmegenvinding\">Milj\u00f8m\u00e6ssige fordele ved varmegenvinding<\/h2>\n\n\n  \n      <\/div>\n  \n<\/section>\n<section\n  class=\"core-block core-block--paragraph   block\"\n   id=paragraph-26\n  \n  \n>\n      <div class=\"inner inner--prose\">\n  \n  \n  \n<p>At etablere et ventilationsanl\u00e6g til varmegenvinding, enten med eller uden varmepumpe, er ikke blot en fordel for din pengepung og din boligs indeklima. Det er samtidig ogs\u00e5 en fordel for milj\u00f8et af flere forskellige grunde:<\/p>\n\n\n  \n      <\/div>\n  \n<\/section>\n<section\n  class=\"core-block core-block--list   block\"\n   id=list-27\n  \n  \n>\n      <div class=\"inner inner--prose\">\n  \n  \n  \n<ol class=\"wp-block-list\">\n<li><strong>Reduktion af energiforbrug: <\/strong>Varmegenvinding g\u00f8r det muligt at anvende den varmeenergi, der ellers ville g\u00e5 til spilde, og dette reducerer dit samlede energiforbrug.<\/li>\n\n\n\n<li><strong>Mindsket CO<sub>2<\/sub>-udledning<\/strong>: Idet du reducerer dit energiforbrug, mindsker du ogs\u00e5 udledningen af CO<sub>2<\/sub>. Og det vil milj\u00f8et takke dig for.<\/li>\n\n\n\n<li><strong>B\u00e6redygtig opvarmning:<\/strong> Varmegenvinding giver dig mulighed for at opvarme din bolig p\u00e5 en langt mere b\u00e6redygtig m\u00e5de, idet processen netop indeb\u00e6rer genvinding af varme i en cirkul\u00e6r proces.<\/li>\n<\/ol>\n\n\n  \n      <\/div>\n  \n<\/section>\n<section\n  class=\"core-block core-block--heading   block\"\n   id=heading-31\n  \n  \n>\n      <div class=\"inner inner--prose\">\n  \n  \n  \n<h2 class=\"wp-block-heading has-medium-font-size\" id=\"h-det-skal-du-vaere-opmaerksom-pa\">Det skal du v\u00e6re opm\u00e6rksom p\u00e5<\/h2>\n\n\n  \n      <\/div>\n  \n<\/section>\n<section\n  class=\"core-block core-block--paragraph   block\"\n   id=paragraph-32\n  \n  \n>\n      <div class=\"inner inner--prose\">\n  \n  \n  \n<p>Som vi beskriver ovenfor, s\u00e5 er der en lang r\u00e6kke fordele forbundet med at etablere et ventilationsanl\u00e6g til varmegenvinding &#8211; enten med eller uden en dertilh\u00f8rende varmepumpe. Men der er samtidig et par punkter, du skal v\u00e6re opm\u00e6rksom p\u00e5:<\/p>\n\n\n  \n      <\/div>\n  \n<\/section>\n<section\n  class=\"core-block core-block--list   block\"\n   id=list-33\n  \n  \n>\n      <div class=\"inner inner--prose\">\n  \n  \n  \n<ul class=\"wp-block-list\">\n<li>Et varmegenvindingsanl\u00e6g er forbundet med visse omkostninger, og selvom du kan spare en del p\u00e5 elregning, vil der g\u00e5 en \u00e5rr\u00e6kke f\u00f8r anl\u00e6gget er tjent hjem. Hvor lang tid der g\u00e5r afh\u00e6nger af din nuv\u00e6rende opvarmningsform (og dermed hvor meget du sparer ved varmegenvinding) og hvor dyrt et anl\u00e6g du v\u00e6lger. <\/li>\n\n\n\n<li>Se efter energim\u00e6rket p\u00e5 dit ventilationsanl\u00e6g. G\u00e5 her efter A eller A+, da du p\u00e5 den m\u00e5de opn\u00e5r det mest energieffektive anl\u00e6g. Bliv klogere p\u00e5 <a href=\"https:\/\/andelenergi.dk\/spar-energi\/energimaerke-apparater\/\">energim\u00e6rker her.<\/a><\/li>\n\n\n\n<li>Anl\u00e6gget kr\u00e6ver plads p\u00e5 loftet, og det kan v\u00e6re forbundet med st\u00f8jgener, hvis ikke du placerer anl\u00e6gget et fornuftigt sted, hvor det ikke generer et opholdsrum.<\/li>\n\n\n\n<li>Det er en simpel installation, men det kr\u00e6ver dog alligevel professionel hj\u00e6lp at montere anl\u00e6gget.<\/li>\n\n\n\n<li>Du kan s\u00f8ge tilskud til et anl\u00e6g med varmegenvinding, hvis du opfylder en r\u00e6kke krav, og det er derfor v\u00e6rd at unders\u00f8ge, f\u00f8r du starter processen.<\/li>\n<\/ul>\n\n\n  \n      <\/div>\n  \n<\/section>\n<section\n  class=\"core-block core-block--heading   block\"\n   id=heading-39\n  \n  \n>\n      <div class=\"inner inner--prose\">\n  \n  \n  \n<h2 class=\"wp-block-heading has-medium-font-size\" id=\"h-hvilke-boliger-kan-fa-et-anlaeg-til-varmegenvinding\">Hvilke boliger kan f\u00e5 et anl\u00e6g til varmegenvinding?<\/h2>\n\n\n  \n      <\/div>\n  \n<\/section>\n<section\n  class=\"core-block core-block--paragraph   block\"\n   id=paragraph-40\n  \n  \n>\n      <div class=\"inner inner--prose\">\n  \n  \n  \n<p>Et anl\u00e6g til varmegenvinding er ikke for alle. Det s\u00e6tter nemlig en r\u00e6kke krav til din bolig. Selve anl\u00e6gget fylder en del, og derudover kr\u00e6ver anl\u00e6gget en del r\u00f8rf\u00f8ring i din bolig, s\u00e5 de forskellige luftstr\u00f8mme med b\u00e5de den friske luft og beskidte luft kan cirkulere.<\/p>\n\n\n  \n      <\/div>\n  \n<\/section>\n<section\n  class=\"core-block core-block--paragraph   block\"\n   id=paragraph-41\n  \n  \n>\n      <div class=\"inner inner--prose\">\n  \n  \n  \n<p>At installere et ventilationsanl\u00e6g med varmegenvinding kr\u00e6ver derfor, at din bolig har et uudnyttet loftsrum. Og hvis ikke din bolig har det, s\u00e5 kan du ogs\u00e5 v\u00e6lge enten at acceptere synlige r\u00f8r eller skjule dem i tilpassede r\u00f8rkasser. I nybyggede huse er det en god id\u00e9 at indbygge anl\u00e6gget under opf\u00f8relsen af selve huset, da du p\u00e5 den m\u00e5de kan indt\u00e6nke b\u00e5de anl\u00e6g og r\u00f8r p\u00e5 den bedst mulige m\u00e5de fra start.<\/p>\n\n\n  \n      <\/div>\n  \n<\/section>\n<section\n  class=\"core-block core-block--paragraph   block\"\n   id=paragraph-42\n  \n  \n>\n      <div class=\"inner inner--prose\">\n  \n  \n  \n<p>Hvorvidt din bolig er af nyere eller \u00e6ldre karakter har ingen betydning for, om du kan f\u00e5 et anl\u00e6g. Faktisk er et ventilationsanl\u00e6g med varmegenvinding, enten med eller uden varmepumpe, faktisk anvendeligt for b\u00e5de \u00e6ldre og nyere boliger. Hvis du har en bolig af \u00e6ldre karakter, kan et anl\u00e6g i h\u00f8j grad v\u00e6re en god id\u00e9 for at energieffektivisere varmeforbruget og forbedre et eventuelt fugtigt indeklima. Og i nyere boligere, der typisk er godt isolerede i forvejen, er varmegenvinding ogs\u00e5 en god id\u00e9, da d\u00e9t at bo i en velisoleret bolig uden ventilation hurtigt kan blive som at bo i en lukket plastikpose.<\/p>\n\n\n  \n      <\/div>\n  \n<\/section>\n<section\n  class=\"core-block core-block--columns num-columns-2  block\"\n   id=columns-43\n  \n  \n>\n      <div class=\"inner inner--prose\">\n  \n  \n  \n<div class=\"wp-block-columns\"><section\n  class=\"core-block core-block--column   block\"\n   id=column-44\n  \n  \n>\n  \n  \n  \n<div class=\"wp-block-column\"><section\n  class=\"acf-block acf-block--icon-teaser has-background text-black  block\"\n   id=icon-teaser-45\n  \n  \n>\n      <div class=\"inner inner--prose\">\n  \n      <div\n      class=\"inner-bg bg-sky-200 px-4 sm:px-6 lg:px-8 py-6 lg:py-8\"\n      \n    >\n  \n  <div\n  class=\"icon-teaser  relative flex h-full flex-col\"\n  >\n  <div class=\"flex flex-auto flex-col\">\n          <div class=\"mb-4 flex-none\">\n        <div class=\"h-12 w-12\">\n          <?xml version=\"1.0\" encoding=\"UTF-8\"?> <svg xmlns=\"http:\/\/www.w3.org\/2000\/svg\" id=\"Ikoner\" viewBox=\"0 0 40 40\"><style type=\"text\/css\"> #Ikoner{fill:currentColor;} <\/style><path d=\"M29,2H5A3,3,0,0,0,2,5V35.05a3,3,0,0,0,3,3H29a3,3,0,0,0,3-3V5A3,3,0,0,0,29,2Zm1,33a1,1,0,0,1-1,1H5a1,1,0,0,1-1-1V5A1,1,0,0,1,5,4H29a1,1,0,0,1,1,1Z\"><\/path><path d=\"M9,6A3,3,0,0,0,6,9V31a3,3,0,0,0,6,0V9A3,3,0,0,0,9,6Zm1,25a1,1,0,1,1-2,0V9a1,1,0,0,1,2,0Z\"><\/path><path d=\"M17,6a3,3,0,0,0-3,3V31a3,3,0,0,0,6,0V9A3,3,0,0,0,17,6Zm1,25a1,1,0,0,1-2,0V9a1,1,0,0,1,2,0Z\"><\/path><path d=\"M25,6a3,3,0,0,0-3,3V31a3,3,0,1,0,6,0V9A3,3,0,0,0,25,6Zm1,25a1,1,0,0,1-2,0V9a1,1,0,1,1,2,0Z\"><\/path><path d=\"M35.5,2A2.5,2.5,0,1,0,38,4.51,2.5,2.5,0,0,0,35.5,2Zm0,3a.5.5,0,0,1-.5-.5.5.5,0,0,1,.5-.5.5.5,0,0,1,.5.5A.51.51,0,0,1,35.5,5Z\"><\/path><\/svg> \n        <\/div>\n      <\/div>\n    \n    <div class=\"flex-none\">\n      \n      <h2 class=\"break-word mb-4 text-2xl\">S\u00e5dan sparer du p\u00e5 gulvvarmen<\/h2>\n    <\/div>\n\n          <div class=\"wysiwyg mb-4\">\n        <p>At installere et anl\u00e6g til varmegenvinding er ikke den eneste m\u00e5de, hvorp\u00e5 du kan energioptimere dit hjem. Det kan du nemlig ogs\u00e5 ved at bruge din gulvvarme fornuftigt.<\/p>\n\n      <\/div>\n      <\/div>\n\n      <div class=\"flex-none\">\n      <a\n        x-data=\"partialsButton({&quot;buttonSize&quot;:&quot;big&quot;,&quot;buttonColor&quot;:&quot;black&quot;,&quot;buttonLayout&quot;:&quot;secondary&quot;,&quot;buttonCssClass&quot;:&quot;&quot;,&quot;buttonAccordionAccordion&quot;:null,&quot;buttonLink&quot;:{&quot;title&quot;:&quot;S\\u00e5dan sparer du p\\u00e5 gulvvarmen&quot;,&quot;url&quot;:&quot;https:\\\/\\\/andelenergi.dk\\\/spar-energi\\\/saadan-sparer-du-paa-gulvvarmen\\\/&quot;,&quot;target&quot;:&quot;&quot;},&quot;buttonColorTertiary&quot;:&quot;sky-500&quot;,&quot;buttonAccordionEndAccordion&quot;:null})\"\n        x-ref=\"partialsButton\"\n        href=\"https:\/\/andelenergi.dk\/spar-energi\/saadan-sparer-du-paa-gulvvarmen\/\"\n        target=\"\"\n        role=\"button\"\n        class=\"text-body-xs py-4 px-6 text-black border border-black hover:text-white hover:bg-black active:text-black active:bg-transparent disabled:text-gray-500 disabled:border-gray-500   group inline-block leading-none transition-colors duration-300 ease-in-out\"\n        >\n        \n        S\u00e5dan sparer du p\u00e5 gulvvarmen\n\n            <\/a>\n    <\/div>\n  \n  <\/div>\n\n\n      <\/div>\n  \n      <\/div>\n  \n<\/section>\n<\/div>\n\n\n  \n  \n<\/section>\n\n\n<section\n  class=\"core-block core-block--column   block\"\n   id=column-47\n  \n  \n>\n  \n  \n  \n<div class=\"wp-block-column\"><section\n  class=\"acf-block acf-block--icon-teaser has-background text-black  block\"\n   id=icon-teaser-48\n  \n  \n>\n      <div class=\"inner inner--prose\">\n  \n      <div\n      class=\"inner-bg bg-sky-200 px-4 sm:px-6 lg:px-8 py-6 lg:py-8\"\n      \n    >\n  \n  <div\n  class=\"icon-teaser  relative flex h-full flex-col\"\n  >\n  <div class=\"flex flex-auto flex-col\">\n          <div class=\"mb-4 flex-none\">\n        <div class=\"h-12 w-12\">\n          <?xml version=\"1.0\" encoding=\"UTF-8\"?> <!-- Generator: Adobe Illustrator 26.0.1, SVG Export Plug-In . SVG Version: 6.00 Build 0) --> <svg xmlns=\"http:\/\/www.w3.org\/2000\/svg\" xmlns:xlink=\"http:\/\/www.w3.org\/1999\/xlink\" version=\"1.1\" id=\"Layer_2\" x=\"0px\" y=\"0px\" viewBox=\"0 0 40 40\" style=\"enable-background:new 0 0 40 40;\" xml:space=\"preserve\"> <style type=\"text\/css\"> .st0{fill:currentColor;} <\/style> <g> <path class=\"st0\" d=\"M5,2v8v2v26h30V12v-2V2H5z M33,36H7V12h26V36z M7,10V4h26v6H7z\"><\/path> <circle class=\"st0\" cx=\"11\" cy=\"7\" r=\"2\"><\/circle> <circle class=\"st0\" cx=\"17\" cy=\"7\" r=\"2\"><\/circle> <path class=\"st0\" d=\"M31,32V14H9v18H31z M11,16h18v14H11V16z\"><\/path> <path class=\"st0\" d=\"M23,21c0-1.3,1.4-2.1,1.4-2.1l-0.9-1.8C23.5,17.2,21,18.4,21,21c0,1.4,0.7,2.2,1.3,2.7 c0.5,0.5,0.7,0.7,0.7,1.3c0,1.3-1.4,2.1-1.5,2.1L22,28l0.4,0.9c0.1-0.1,2.6-1.3,2.6-3.9c0-1.4-0.7-2.2-1.3-2.7 C23.2,21.8,23,21.6,23,21z\"><\/path> <path class=\"st0\" d=\"M17,21c0-1.3,1.4-2.1,1.4-2.1l-0.9-1.8C17.5,17.2,15,18.4,15,21c0,1.4,0.7,2.2,1.3,2.7 c0.5,0.5,0.7,0.7,0.7,1.3c0,1.3-1.4,2.1-1.5,2.1L16,28l0.4,0.9c0.1-0.1,2.6-1.3,2.6-3.9c0-1.4-0.7-2.2-1.3-2.7 C17.2,21.8,17,21.6,17,21z\"><\/path> <\/g> <\/svg> \n        <\/div>\n      <\/div>\n    \n    <div class=\"flex-none\">\n      \n      <h2 class=\"break-word mb-4 text-2xl\">Spar energi p\u00e5 kogepladen<\/h2>\n    <\/div>\n\n          <div class=\"wysiwyg mb-4\">\n        <p>Dit k\u00f8kken indeholder en r\u00e6kke apparater, som faktisk kan spare dig for b\u00e5de energi og penge, hvis du bruger dem p\u00e5 den mest energieffektive m\u00e5de.<\/p>\n\n      <\/div>\n      <\/div>\n\n      <div class=\"flex-none\">\n      <a\n        x-data=\"partialsButton({&quot;buttonSize&quot;:&quot;big&quot;,&quot;buttonColor&quot;:&quot;black&quot;,&quot;buttonLayout&quot;:&quot;secondary&quot;,&quot;buttonCssClass&quot;:&quot;&quot;,&quot;buttonAccordionAccordion&quot;:null,&quot;buttonLink&quot;:{&quot;title&quot;:&quot;Spar energi p\\u00e5 kogepladen&quot;,&quot;url&quot;:&quot;https:\\\/\\\/andelenergi.dk\\\/spar-energi\\\/kogeplader\\\/&quot;,&quot;target&quot;:&quot;&quot;},&quot;buttonColorTertiary&quot;:&quot;sky-500&quot;,&quot;buttonAccordionEndAccordion&quot;:null})\"\n        x-ref=\"partialsButton\"\n        href=\"https:\/\/andelenergi.dk\/spar-energi\/kogeplader\/\"\n        target=\"\"\n        role=\"button\"\n        class=\"text-body-xs py-4 px-6 text-black border border-black hover:text-white hover:bg-black active:text-black active:bg-transparent disabled:text-gray-500 disabled:border-gray-500   group inline-block leading-none transition-colors duration-300 ease-in-out\"\n        >\n        \n        Spar energi p\u00e5 kogepladen\n\n            <\/a>\n    <\/div>\n  \n  <\/div>\n\n\n      <\/div>\n  \n      <\/div>\n  \n<\/section>\n<\/div>\n\n\n  \n  \n<\/section>\n<\/div>\n\n\n  \n      <\/div>\n  \n<\/section>\n<section\n  class=\"acf-block acf-block--small-image-teaser has-background text-black mt-12 lg:mt-14 mb-12 lg:mb-14  block\"\n   id=small-image-teaser-50\n  \n  \n>\n      <div class=\"inner inner--prose\">\n  \n      <div\n      class=\"inner-bg bg-sky-100 px-4 sm:px-6 lg:px-8 py-6 lg:py-8\"\n      \n    >\n  \n  <div class=\"small-image-teaser sm:flex\">\n\n            <a href=\"https:\/\/andelenergi.dk\/el\/flexenergi\/el-flexenergi-formular\/\">\n    \n    <div\n      class=\"mobile-image sm:hidden -mx-4 sm:-mx-6 -mt-6\"\n          >\n              <picture> <img decoding=\"async\" src=\"https:\/\/andelenergi.dk\/app\/uploads\/2024\/07\/teaser_forecast_32-600x600.jpg\" alt=\"Se elpriser og spar penge p\u00e5 el\" class=\"\" style=\"object-position:50.00% 50.00%;\" loading=\"lazy\"><\/picture>\n          <\/div>\n\n          <div\n        class=\"desktop-image relative hidden w-[220px] flex-none sm:mr-6 sm:block sm:min-h-[150px] sm:-ml-6 sm:-my-6 lg:mr-8 lg:-ml-8 lg:-my-8\"\n              >\n        <picture><source media=\"(min-width:600px)\" srcset=\"https:\/\/andelenergi.dk\/app\/uploads\/2024\/07\/teaser_forecast_32-440x300.jpg\"> <img decoding=\"async\" src=\"https:\/\/andelenergi.dk\/app\/uploads\/2024\/07\/teaser_forecast_32-600x600.jpg\" alt=\"Se elpriser og spar penge p\u00e5 el\" class=\"absolute top-0 left-0 h-full w-full object-cover\" style=\"object-position:50.00% 50.00%;\" loading=\"lazy\"><\/picture>\n      <\/div>\n    \n          <\/a>\n      \n  <div class=\"mt-6 flex flex-auto flex-col sm:mt-0 sm:flex-row sm:items-center\">\n\n    <div class=\"flex-auto\">\n              <h3 class=\"text-xl sm:pr-4\">Brug str\u00f8mmen, n\u00e5r den er billigst<\/h3>\n      \n              <div class=\"wysiwyg  sm:pr-4  mt-6\">\n          <p>Str\u00f8mprisen svinger hele d\u00f8gnet. F\u00e5 en elaftale med fleksibel elpris &#8211; s\u00e5 kan du spare penge, n\u00e5r str\u00f8mmen er billig.<\/p>\n\n        <\/div>\n          <\/div>\n\n          <div class=\"mt-4 flex-none sm:mt-0\">\n        <a\n        x-data=\"partialsButton({&quot;buttonSize&quot;:&quot;big&quot;,&quot;buttonColor&quot;:&quot;black&quot;,&quot;buttonLayout&quot;:&quot;primary&quot;,&quot;buttonCssClass&quot;:&quot;&quot;,&quot;buttonAccordionAccordion&quot;:null,&quot;buttonLink&quot;:{&quot;title&quot;:&quot;Bestil FlexEnergi&quot;,&quot;url&quot;:&quot;https:\\\/\\\/andelenergi.dk\\\/el\\\/flexenergi\\\/el-flexenergi-formular\\\/&quot;,&quot;target&quot;:&quot;&quot;},&quot;buttonColorTertiary&quot;:&quot;sky-500&quot;,&quot;buttonAccordionEndAccordion&quot;:null})\"\n        x-ref=\"partialsButton\"\n        href=\"https:\/\/andelenergi.dk\/el\/flexenergi\/el-flexenergi-formular\/\"\n        target=\"\"\n        role=\"button\"\n        class=\"text-body-xs py-4 px-6 text-white bg-black hover:bg-sky-950 active:bg-sky-800 disabled:bg-gray-500 disabled:pointer-events-none disabled:cursor-not-allowed   group inline-block leading-none transition-colors duration-300 ease-in-out\"\n        >\n        \n        Bestil FlexEnergi\n\n            <\/a>\n      <\/div>\n      <\/div>\n<\/div>\n\n\n      <\/div>\n  \n      <\/div>\n  \n<\/section>\n","protected":false},"excerpt":{"rendered":"Genbrug varmen fra din bolig og f\u00e5 en mindre varmeregning og et bedre indeklima.","protected":false},"author":27,"featured_media":76705,"parent":62636,"menu_order":29,"comment_status":"closed","ping_status":"closed","template":"","meta":{"_acf_changed":false,"footnotes":""},"categories":[7727,7728,7723,7731],"class_list":["post-79320","page","type-page","status-publish","has-post-thumbnail","hentry","category-bolig","category-hus","category-klog-paa-energi","category-opvarmning"],"acf":[],"yoast_head":"<!-- This site is optimized with the Yoast SEO Premium plugin v20.7 (Yoast SEO v20.13) - https:\/\/yoast.com\/wordpress\/plugins\/seo\/ -->\n<title>Varmegenvinding | Mindre varmeregning og bedre indeklima<\/title>\n<meta name=\"description\" content=\"Genbrug varmen fra din bolig og f\u00e5 en mindre varmeregning og et bedre indeklima. Og s\u00e5 er det ogs\u00e5 godt for milj\u00f8et.\" \/>\n<meta name=\"robots\" content=\"index, follow, max-snippet:-1, max-image-preview:large, max-video-preview:-1\" \/>\n<link rel=\"canonical\" href=\"https:\/\/andelenergi.dk\/klog-paa-energi\/varmegenvinding\/\" \/>\n<meta property=\"og:locale\" content=\"da_DK\" \/>\n<meta property=\"og:type\" content=\"article\" \/>\n<meta property=\"og:title\" content=\"Varmegenvinding\" \/>\n<meta property=\"og:description\" content=\"Genbrug varmen fra din bolig og f\u00e5 en mindre varmeregning og et bedre indeklima. Og s\u00e5 er det ogs\u00e5 godt for milj\u00f8et.\" \/>\n<meta property=\"og:url\" content=\"https:\/\/andelenergi.dk\/klog-paa-energi\/varmegenvinding\/\" \/>\n<meta property=\"og:site_name\" content=\"andelenergi.dk\" \/>\n<meta property=\"article:publisher\" content=\"https:\/\/www.facebook.com\/andelenergi\" \/>\n<meta property=\"article:modified_time\" content=\"2025-12-29T12:18:07+00:00\" \/>\n<meta property=\"og:image\" content=\"https:\/\/andelenergi.dk\/app\/uploads\/2023\/01\/Andel-energi_Brandbilleder-117.jpg\" \/>\n\t<meta property=\"og:image:width\" content=\"1536\" \/>\n\t<meta property=\"og:image:height\" content=\"1024\" \/>\n\t<meta property=\"og:image:type\" content=\"image\/jpeg\" \/>\n<meta name=\"twitter:card\" content=\"summary_large_image\" \/>\n<meta name=\"twitter:label1\" content=\"Est. reading time\" \/>\n\t<meta name=\"twitter:data1\" content=\"7 minutes\" \/>\n<script type=\"application\/ld+json\" class=\"yoast-schema-graph\">{\"@context\":\"https:\/\/schema.org\",\"@graph\":[{\"@type\":\"WebPage\",\"@id\":\"https:\/\/andelenergi.dk\/klog-paa-energi\/varmegenvinding\/\",\"url\":\"https:\/\/andelenergi.dk\/klog-paa-energi\/varmegenvinding\/\",\"name\":\"Varmegenvinding | Mindre varmeregning og bedre indeklima\",\"isPartOf\":{\"@id\":\"https:\/\/andelenergi.dk\/#website\"},\"datePublished\":\"2023-02-27T13:45:19+00:00\",\"dateModified\":\"2025-12-29T12:18:07+00:00\",\"description\":\"Genbrug varmen fra din bolig og f\u00e5 en mindre varmeregning og et bedre indeklima. Og s\u00e5 er det ogs\u00e5 godt for milj\u00f8et.\",\"breadcrumb\":{\"@id\":\"https:\/\/andelenergi.dk\/klog-paa-energi\/varmegenvinding\/#breadcrumb\"},\"inLanguage\":\"da-DK\",\"potentialAction\":[{\"@type\":\"ReadAction\",\"target\":[\"https:\/\/andelenergi.dk\/klog-paa-energi\/varmegenvinding\/\"]}]},{\"@type\":\"BreadcrumbList\",\"@id\":\"https:\/\/andelenergi.dk\/klog-paa-energi\/varmegenvinding\/#breadcrumb\",\"itemListElement\":[{\"@type\":\"ListItem\",\"position\":1,\"name\":\"Home\",\"item\":\"https:\/\/andelenergi.dk\/\"},{\"@type\":\"ListItem\",\"position\":2,\"name\":\"Klog p\u00e5 energi\",\"item\":\"https:\/\/andelenergi.dk\/klog-paa-energi\/\"},{\"@type\":\"ListItem\",\"position\":3,\"name\":\"Varmegenvinding\"}]},{\"@type\":\"WebSite\",\"@id\":\"https:\/\/andelenergi.dk\/#website\",\"url\":\"https:\/\/andelenergi.dk\/\",\"name\":\"andelenergi.dk\",\"description\":\"k\u00f8b el og gas til skarp pris\",\"potentialAction\":[{\"@type\":\"SearchAction\",\"target\":{\"@type\":\"EntryPoint\",\"urlTemplate\":\"https:\/\/andelenergi.dk\/?s={search_term_string}\"},\"query-input\":\"required name=search_term_string\"}],\"inLanguage\":\"da-DK\"}]}<\/script>\n<!-- \/ Yoast SEO Premium plugin. -->","yoast_head_json":{"title":"Varmegenvinding | Mindre varmeregning og bedre indeklima","description":"Genbrug varmen fra din bolig og f\u00e5 en mindre varmeregning og et bedre indeklima. Og s\u00e5 er det ogs\u00e5 godt for milj\u00f8et.","robots":{"index":"index","follow":"follow","max-snippet":"max-snippet:-1","max-image-preview":"max-image-preview:large","max-video-preview":"max-video-preview:-1"},"canonical":"https:\/\/andelenergi.dk\/klog-paa-energi\/varmegenvinding\/","og_locale":"da_DK","og_type":"article","og_title":"Varmegenvinding","og_description":"Genbrug varmen fra din bolig og f\u00e5 en mindre varmeregning og et bedre indeklima. Og s\u00e5 er det ogs\u00e5 godt for milj\u00f8et.","og_url":"https:\/\/andelenergi.dk\/klog-paa-energi\/varmegenvinding\/","og_site_name":"andelenergi.dk","article_publisher":"https:\/\/www.facebook.com\/andelenergi","article_modified_time":"2025-12-29T12:18:07+00:00","og_image":[{"width":1536,"height":1024,"url":"https:\/\/andelenergi.dk\/app\/uploads\/2023\/01\/Andel-energi_Brandbilleder-117.jpg","type":"image\/jpeg"}],"twitter_card":"summary_large_image","twitter_misc":{"Est. reading time":"7 minutes"},"schema":{"@context":"https:\/\/schema.org","@graph":[{"@type":"WebPage","@id":"https:\/\/andelenergi.dk\/klog-paa-energi\/varmegenvinding\/","url":"https:\/\/andelenergi.dk\/klog-paa-energi\/varmegenvinding\/","name":"Varmegenvinding | Mindre varmeregning og bedre indeklima","isPartOf":{"@id":"https:\/\/andelenergi.dk\/#website"},"datePublished":"2023-02-27T13:45:19+00:00","dateModified":"2025-12-29T12:18:07+00:00","description":"Genbrug varmen fra din bolig og f\u00e5 en mindre varmeregning og et bedre indeklima. Og s\u00e5 er det ogs\u00e5 godt for milj\u00f8et.","breadcrumb":{"@id":"https:\/\/andelenergi.dk\/klog-paa-energi\/varmegenvinding\/#breadcrumb"},"inLanguage":"da-DK","potentialAction":[{"@type":"ReadAction","target":["https:\/\/andelenergi.dk\/klog-paa-energi\/varmegenvinding\/"]}]},{"@type":"BreadcrumbList","@id":"https:\/\/andelenergi.dk\/klog-paa-energi\/varmegenvinding\/#breadcrumb","itemListElement":[{"@type":"ListItem","position":1,"name":"Home","item":"https:\/\/andelenergi.dk\/"},{"@type":"ListItem","position":2,"name":"Klog p\u00e5 energi","item":"https:\/\/andelenergi.dk\/klog-paa-energi\/"},{"@type":"ListItem","position":3,"name":"Varmegenvinding"}]},{"@type":"WebSite","@id":"https:\/\/andelenergi.dk\/#website","url":"https:\/\/andelenergi.dk\/","name":"andelenergi.dk","description":"k\u00f8b el og gas til skarp pris","potentialAction":[{"@type":"SearchAction","target":{"@type":"EntryPoint","urlTemplate":"https:\/\/andelenergi.dk\/?s={search_term_string}"},"query-input":"required name=search_term_string"}],"inLanguage":"da-DK"}]}},"_links":{"self":[{"href":"https:\/\/andelenergi.dk\/api\/wp\/v2\/pages\/79320","targetHints":{"allow":["GET"]}}],"collection":[{"href":"https:\/\/andelenergi.dk\/api\/wp\/v2\/pages"}],"about":[{"href":"https:\/\/andelenergi.dk\/api\/wp\/v2\/types\/page"}],"author":[{"embeddable":true,"href":"https:\/\/andelenergi.dk\/api\/wp\/v2\/users\/27"}],"replies":[{"embeddable":true,"href":"https:\/\/andelenergi.dk\/api\/wp\/v2\/comments?post=79320"}],"version-history":[{"count":2,"href":"https:\/\/andelenergi.dk\/api\/wp\/v2\/pages\/79320\/revisions"}],"predecessor-version":[{"id":261564,"href":"https:\/\/andelenergi.dk\/api\/wp\/v2\/pages\/79320\/revisions\/261564"}],"up":[{"embeddable":true,"href":"https:\/\/andelenergi.dk\/api\/wp\/v2\/pages\/62636"}],"wp:featuredmedia":[{"embeddable":true,"href":"https:\/\/andelenergi.dk\/api\/wp\/v2\/media\/76705"}],"wp:attachment":[{"href":"https:\/\/andelenergi.dk\/api\/wp\/v2\/media?parent=79320"}],"wp:term":[{"taxonomy":"category","embeddable":true,"href":"https:\/\/andelenergi.dk\/api\/wp\/v2\/categories?post=79320"}],"curies":[{"name":"wp","href":"https:\/\/api.w.org\/{rel}","templated":true}]}}