{"id":64146,"date":"2022-05-20T11:01:15","date_gmt":"2022-05-20T11:01:15","guid":{"rendered":"https:\/\/andelenergi.dk\/?page_id=64146"},"modified":"2022-05-20T11:01:18","modified_gmt":"2022-05-20T11:01:18","slug":"fleksibel-rammeaftale-giver-bedre-lys-til-alleroed-borgere","status":"publish","type":"page","link":"https:\/\/andelenergi.dk\/arkiv\/arkiv-erhverv\/cases\/fleksibel-rammeaftale-giver-bedre-lys-til-alleroed-borgere\/","title":{"rendered":"Fleksibel rammeaftale giver bedre lys til Aller\u00f8d-borgere"},"content":{"rendered":"<section\n  class=\"acf-block acf-block--hero-large has-background mb-12 lg:mb-16  block\"\n   id=hero-large-1\n   style=color:#FFFFFF;\n  \n>\n      <div class=\"inner inner--full\">\n  \n      <div\n      class=\"inner-bg inner--px-remove--full bg-sky-500 px-4 sm:px-6 lg:px-8 py-12 lg:py-16\"\n      \n    >\n  \n  <div\n  class=\"\"\n  x-data=\"PreserveUtmParameters\"\n>\n  <div class=\"aspect-ratio-hero-large-bg relative justify-center flex flex-col items-center\">\n\n    \n    \n    \n    \n    \n    \n    \n          <style>\n        @media only screen and (min-width: 600px) {\n          .description-section {\n            max-width:               50%\n                        ;\n          }\n        }\n\n        @media only screen and (min-width: 1025px) {\n          .description-section {\n            max-width:               50%\n                        ;\n          }\n        }\n\n        @media only screen and (min-width: 1280px) {\n          .description-section {\n            max-width:               50%\n                        ;\n          }\n        }\n      <\/style>\n\n      <div class=\"description-section relative z-10 px-2 md:px-6 lg:px-8\">\n        <div class=\"text-center z-10 w-full\">\n                      <h1 class=\"text-2xl md:text-4xl lg:text-5xl xl:text-6xl\">Case: Aller\u00f8d Kommune<\/h1>\n          \n          \n          <div\n            class=\" justify-center  flex flex-col gap-4 md:flex-row\"\n          >\n            \n                      <\/div>\n        <\/div>\n      <\/div>\n    \n    \n  <\/div>\n<\/div>\n\n\n      <\/div>\n  \n      <\/div>\n  \n<\/section>\n<section\n  class=\"core-block core-block--heading   block\"\n   id=heading-3\n  \n  \n>\n      <div class=\"inner inner--prose\">\n  \n  \n  \n<h1 id=\"h-fleksibel-rammeaftale-giver-bedre-lys-til-allerod-borgere\">Fleksibel rammeaftale giver bedre lys til Aller\u00f8d-borgere<\/h1>\n\n\n  \n      <\/div>\n  \n<\/section>\n<section\n  class=\"core-block core-block--paragraph   block\"\n   id=paragraph-4\n  \n  \n>\n      <div class=\"inner inner--prose\">\n  \n  \n  \n<p>P\u00e5 16 lokationer har Aller\u00f8d Kommune sammen med Andel Energi skiftet gamle lysstofr\u00f8r ud med ny LED-belysning. En s\u00e6rlig rammeaftale giver mindre administration og gode muligheder for at justere p\u00e5 projekterne undervejs.<\/p>\n\n\n  \n      <\/div>\n  \n<\/section>\n<section\n  class=\"core-block core-block--paragraph   block\"\n   id=paragraph-5\n  \n  \n>\n      <div class=\"inner inner--prose\">\n  \n  \n  \n<p>I 2019 hjalp energir\u00e5dgiver Hans Kristensen Aller\u00f8d Kommune med beregninger og projektstyring af ny LED-belysning p\u00e5 2 skoler, i 4 halanl\u00e6g og 10 daginstitutioner.<\/p>\n\n\n  \n      <\/div>\n  \n<\/section>\n<section\n  class=\"core-block core-block--heading   block\"\n   id=heading-6\n  \n  \n>\n      <div class=\"inner inner--prose\">\n  \n  \n  \n<h4 id=\"h-samarbejde-baseret-pa-rammeaftale\">Samarbejde baseret p\u00e5 rammeaftale<\/h4>\n\n\n  \n      <\/div>\n  \n<\/section>\n<section\n  class=\"core-block core-block--paragraph   block\"\n   id=paragraph-7\n  \n  \n>\n      <div class=\"inner inner--prose\">\n  \n  \n  \n<p>Samarbejdet bygger p\u00e5 en rammeaftale, som giver Aller\u00f8d Kommune flere gode fordele:<\/p>\n\n\n  \n      <\/div>\n  \n<\/section>\n<section\n  class=\"core-block core-block--list   block\"\n   id=list-8\n  \n  \n>\n      <div class=\"inner inner--prose\">\n  \n  \n  \n<ul><li>Fleksibel adgang til r\u00e5dgivning uden tung administration af hvert enkelt projekt<\/li><li>Justering af projekterne ud fra l\u00f8bende vurdering af resultater og behov<\/li><li>Tilpasning eller omprioritering af tidsforbrug og \u00f8konomiske ressource<\/li><li>Frirum til en mere pragmatisk og handlingsorienteret samarbejdsproces.<\/li><\/ul>\n\n\n  \n      <\/div>\n  \n<\/section>\n<section\n  class=\"core-block core-block--heading   block\"\n   id=heading-9\n  \n  \n>\n      <div class=\"inner inner--prose\">\n  \n  \n  \n<h4 id=\"h-faerre-driftstimer-uden-tab-af-komfort\">F\u00e6rre driftstimer uden tab af komfort<\/h4>\n\n\n  \n      <\/div>\n  \n<\/section>\n<section\n  class=\"core-block core-block--paragraph   block\"\n   id=paragraph-10\n  \n  \n>\n      <div class=\"inner inner--prose\">\n  \n  \n  \n<p>Selvom de mange nye lysanl\u00e6g er meget forskellige, er der i alle sammenh\u00e6nge taget grundig stilling til brugernes behov og g\u00e6ldende krav. De fleste steder er lysm\u00e6ngden nu \u00f8get med 50% eller mere. Alligevel bruger anl\u00e6ggene i gennemsnit 60% mindre el og udleder tilsvarende mindre CO2.<\/p>\n\n\n  \n      <\/div>\n  \n<\/section>\n<section\n  class=\"core-block core-block--paragraph   block\"\n   id=paragraph-11\n  \n  \n>\n      <div class=\"inner inner--prose\">\n  \n  \n  \n<p>Energir\u00e5dgiver Hans Kristensen forklarer: \u201cMange steder har vi sat flere armaturer op og installeret bedre styring. For eksempel zoneinddelt dagslysstyring som kan spare rigtig mange driftstimer uden at forringe brugernes komfort. Det er ogs\u00e5 blevet lettere at v\u00e6lge en mere energirigtig adf\u00e6rd, fordi vi har sat flere lysd\u00e6mpere og v\u00e6gkontakter op de rigtige steder.\u201d<\/p>\n\n\n  \n      <\/div>\n  \n<\/section>\n<section\n  class=\"core-block core-block--heading   block\"\n   id=heading-12\n  \n  \n>\n      <div class=\"inner inner--prose\">\n  \n  \n  \n<h4 id=\"h-positive-reaktioner-fra-alle-sider\">Positive reaktioner fra alle sider<\/h4>\n\n\n  \n      <\/div>\n  \n<\/section>\n<section\n  class=\"core-block core-block--paragraph   block\"\n   id=paragraph-13\n  \n  \n>\n      <div class=\"inner inner--prose\">\n  \n  \n  \n<p>Efter borgernes reaktioner at d\u00f8mme er de nye lysanl\u00e6g en klar succes. Is\u00e6r sportsud\u00f8verne er begejstrede, fordi det ganske enkelt er en st\u00f8rre forn\u00f8jelse at spille boldspil i godt lys end halvd\u00e5rligt.<\/p>\n\n\n  \n      <\/div>\n  \n<\/section>\n<section\n  class=\"core-block core-block--paragraph   block\"\n   id=paragraph-14\n  \n  \n>\n      <div class=\"inner inner--prose\">\n  \n  \n  \n<p>Nogle af hallerne i Aller\u00f8d Kommune anvendes kun til bestemte sportsgrene, og det har stor betydning for armaturernes placering og styringsmuligheder. I en h\u00e5ndboldhal g\u00e6lder det for eksempel om at opn\u00e5 en j\u00e6vn belysning i hele hallen, mens belysningen i en tennis- og badmintonhal i h\u00f8jere grad tilrettel\u00e6gges efter baneinddelingen.<\/p>\n\n\n  \n      <\/div>\n  \n<\/section>\n<section\n  class=\"core-block core-block--paragraph   block\"\n   id=paragraph-15\n  \n  \n>\n      <div class=\"inner inner--prose\">\n  \n  \n  \n<p>Flemming Kj\u00f8lstad Larsen, specialkonsulent og projektleder i Aller\u00f8d Kommune, fort\u00e6ller hvorfor god r\u00e5dgivning og l\u00f8bende dialog med brugerne f\u00f8r, under og efter projekterne har gavnet b\u00e5de processen og de f\u00e6rdige resultater:<\/p>\n\n\n  \n      <\/div>\n  \n<\/section>\n<section\n  class=\"core-block core-block--paragraph   block\"\n   id=paragraph-16\n  \n  \n>\n      <div class=\"inner inner--prose\">\n  \n  \n  \n<p>\u201cN\u00e5r man g\u00e5r fra udtjente, gullige lysstofr\u00f8r til kraftigere LED-lys med en hvidere farvetone, s\u00e5 kr\u00e6ver det lidt tilv\u00e6nning. Men kun p\u00e5 to lokationer er der efterf\u00f8lgende blevet justeret p\u00e5 lysspredningen. Det er et udtryk for, at vi har ramt plet langt de fleste steder.\u201d<\/p>\n\n\n  \n      <\/div>\n  \n<\/section>\n<section\n  class=\"acf-block acf-block--icon-teaser has-background text-black mt-6 lg:mt-8 mb-6 lg:mb-8  block\"\n   id=icon-teaser-17\n  \n  \n>\n      <div class=\"inner inner--prose\">\n  \n      <div\n      class=\"inner-bg bg-sky-100 px-4 sm:px-6 lg:px-8 py-6 lg:py-8\"\n      \n    >\n  \n  <div\n  class=\"icon-teaser  relative flex h-full flex-col\"\n  >\n  <div class=\"flex flex-auto flex-col\">\n          <div class=\"mb-4 flex-none\">\n        <div class=\"h-12 w-12\">\n          <?xml version=\"1.0\" encoding=\"UTF-8\"?> <svg xmlns=\"http:\/\/www.w3.org\/2000\/svg\" id=\"Ikoner\" viewBox=\"0 0 40 40\"><style type=\"text\/css\"> #Ikoner{fill:currentColor;} <\/style><polygon points=\"5.98 19.98 5.98 37.98 12.01 37.98 12.01 24.98 16.02 24.98 16.02 37.98 34.02 37.98 34.02 19.98 32.02 19.98 32.02 35.98 18.02 35.98 18.02 22.98 10.01 22.98 10.01 35.98 7.98 35.98 7.98 19.98 5.98 19.98\"><\/polygon><path d=\"M2.48,18H37.56L20,1.61Zm30-2H7.55L20,4.35Z\"><\/path><path d=\"M20,23v9H30V23Zm8,7H22V25h6Z\"><\/path><\/svg> \n        <\/div>\n      <\/div>\n    \n    <div class=\"flex-none\">\n      \n      <h2 class=\"break-word mb-4 text-2xl\">Mere information om rammeaftaler og projektstyring?<\/h2>\n    <\/div>\n\n          <div class=\"wysiwyg mb-4\">\n        <p>Der kan v\u00e6re store fordele ved at lade vores energir\u00e5dgivere styre jeres projekter i m\u00e5l. Vi kan varetage jeres interesser hele vejen igennem projektet og sikre den rette balance mellem pris og resultat.<\/p>\n\n      <\/div>\n      <\/div>\n\n      <div class=\"flex-none\">\n      <a\n        x-data=\"partialsButton({&quot;buttonSize&quot;:&quot;big&quot;,&quot;buttonColor&quot;:&quot;black&quot;,&quot;buttonLayout&quot;:&quot;secondary&quot;,&quot;buttonCssClass&quot;:&quot;&quot;,&quot;buttonAccordionAccordion&quot;:null,&quot;buttonLink&quot;:{&quot;title&quot;:&quot;L\\u00e6s mere om bygherrer\\u00e5dgivning&quot;,&quot;url&quot;:&quot;https:\\\/\\\/andelenergi.dk\\\/erhverv\\\/energiraadgivning\\\/bygherreraadgivning\\\/&quot;,&quot;target&quot;:&quot;&quot;},&quot;buttonColorTertiary&quot;:&quot;sky-500&quot;,&quot;buttonAccordionEndAccordion&quot;:null})\"\n        x-ref=\"partialsButton\"\n        href=\"https:\/\/andelenergi.dk\/erhverv\/energiraadgivning\/bygherreraadgivning\/\"\n        target=\"\"\n        role=\"button\"\n        class=\"text-body-xs py-4 px-6 text-black border border-black hover:text-white hover:bg-black active:text-black active:bg-transparent disabled:text-gray-500 disabled:border-gray-500   group inline-block leading-none transition-colors duration-300 ease-in-out\"\n        >\n        \n        L\u00e6s mere om bygherrer\u00e5dgivning\n\n            <\/a>\n    <\/div>\n  \n  <\/div>\n\n\n      <\/div>\n  \n      <\/div>\n  \n<\/section>\n<section\n  class=\"acf-block acf-block--image-teaser has-background text-black mt-6 lg:mt-8 mb-6 lg:mb-8  block\"\n   id=image-teaser-19\n  \n  \n>\n      <div class=\"inner inner--prose\">\n  \n      <div\n      class=\"inner-bg bg-gray-200 px-4 sm:px-6 lg:px-8 py-6 lg:py-8\"\n      \n    >\n  \n  <div\n  class=\" lg:flex-row   anchor-horizontal-center anchor-vertical-center relative flex h-full flex-col\"\n  >\n\n  \n  <div\n    class=\" -mx-4 sm:-mx-6 lg:-mx-8 -mt-6 lg:-mt-8   lg:hidden  relative flex-none\"\n  >\n    \n    \n    \n          <picture><source media=\"(min-width:600px)\" srcset=\"https:\/\/andelenergi.dk\/app\/uploads\/2022\/01\/palle-sand-768x400-1.jpg\"> <img decoding=\"async\" src=\"https:\/\/andelenergi.dk\/app\/uploads\/2022\/01\/palle-sand-768x400-1-720x375.jpg\" alt=\"Palle Sand, Andel Energi elleverand\u00f8r\" class=\"w-full object-cover min-h-[260px] sm:min-h-[310px]\" style=\"object-position:50.00% 50.00%;\" loading=\"lazy\"><\/picture>\n    \n    \n  <\/div>\n\n  <div class=\"flex-auto\">\n    <div class=\"flex h-full flex-col justify-center pt-4 sm:pt-5 lg:pb-0 lg:pt-0 \">\n\n              <h2 class=\"break-word flex-none mb-3 sm:mb-4 text-2xl\">Tag en snak med os<\/h2>\n      \n              <div class=\"wysiwyg flex-none\">\n          <a name=\"kontakt\"><\/a><b>Palle Sand<\/b><br>Energi Partner<br><br> <a style=\"color:#50534d; text-decoration:underline\" href=\"mailto:psa@andelenergi.dk\">Kontakt p\u00e5 mail<\/a>\n\n        <\/div>\n      \n          <\/div>\n  <\/div>\n\n      <div\n      class=\" lg:-mr-8 lg:-my-8 side-by-side   lg:block lg:min-h-[368px]   relative hidden lg:ml-10 lg:flex-none\"\n    >\n\n      \n      \n              <picture> <img decoding=\"async\" src=\"https:\/\/andelenergi.dk\/app\/uploads\/2022\/01\/palle-sand-768x400-1.jpg\" alt=\"Palle Sand, Andel Energi elleverand\u00f8r\" class=\"absolute top-0 right-0 w-full h-full object-cover wpsmartcrop-image\" style=\"object-position:50.00% 50.00%;\" loading=\"lazy\" data-smartcrop-focus=\"[50,50]\" \/><\/picture>\n      \n      \n    <\/div>\n  <\/div>\n\n\n      <\/div>\n  \n      <\/div>\n  \n<\/section>\n","protected":false},"excerpt":{"rendered":"Fleksibel rammeaftale giver bedre lys til Aller\u00f8d-borgere P\u00e5 16 lokationer har Aller\u00f8d Kommune sammen med Andel Energi skiftet gamle lysstofr\u00f8r ud med ny LED-belysning. En s\u00e6rlig rammeaftale giver mindre administration og gode muligheder for at justere p\u00e5 projekterne undervejs. I 2019 hjalp energir\u00e5dgiver Hans Kristensen Aller\u00f8d Kommune med beregninger og projektstyring af ny LED-belysning p\u00e5 &hellip; <a href=\"https:\/\/andelenergi.dk\/arkiv\/arkiv-erhverv\/cases\/fleksibel-rammeaftale-giver-bedre-lys-til-alleroed-borgere\/\">Continued<\/a>","protected":false},"author":38,"featured_media":0,"parent":63997,"menu_order":13,"comment_status":"closed","ping_status":"closed","template":"","meta":{"_acf_changed":false,"footnotes":""},"categories":[],"class_list":["post-64146","page","type-page","status-publish","hentry"],"acf":[],"yoast_head":"<!-- This site is optimized with the Yoast SEO Premium plugin v20.7 (Yoast SEO v20.13) - https:\/\/yoast.com\/wordpress\/plugins\/seo\/ -->\n<title>Fleksibel rammeaftale giver bedre lys til Aller\u00f8d-borgere | andelenergi.dk<\/title>\n<meta name=\"description\" content=\"Andel Energi hjalp Aller\u00f8d Kommune med at skifte gamle lysstofr\u00f8r ud med ny LED-belysning p\u00e5 16 lokationer.\" \/>\n<meta name=\"robots\" content=\"index, follow, max-snippet:-1, max-image-preview:large, max-video-preview:-1\" \/>\n<link rel=\"canonical\" href=\"https:\/\/andelenergi.dk\/erhverv\/energiraadgivning\/cases\/fleksibel-rammeaftale-giver-bedre-lys-til-alleroed-borgere\/\" \/>\n<meta property=\"og:locale\" content=\"da_DK\" \/>\n<meta property=\"og:type\" content=\"article\" \/>\n<meta property=\"og:title\" content=\"Fleksibel rammeaftale giver bedre lys til Aller\u00f8d-borgere\" \/>\n<meta property=\"og:description\" content=\"Andel Energi hjalp Aller\u00f8d Kommune med at skifte gamle lysstofr\u00f8r ud med ny LED-belysning p\u00e5 16 lokationer.\" \/>\n<meta property=\"og:url\" content=\"https:\/\/andelenergi.dk\/erhverv\/energiraadgivning\/cases\/fleksibel-rammeaftale-giver-bedre-lys-til-alleroed-borgere\/\" \/>\n<meta property=\"og:site_name\" content=\"andelenergi.dk\" \/>\n<meta property=\"article:publisher\" content=\"https:\/\/www.facebook.com\/andelenergi\" \/>\n<meta property=\"article:modified_time\" content=\"2022-05-20T11:01:18+00:00\" \/>\n<meta name=\"twitter:card\" content=\"summary_large_image\" \/>\n<meta name=\"twitter:label1\" content=\"Est. reading time\" \/>\n\t<meta name=\"twitter:data1\" content=\"3 minutes\" \/>\n<script type=\"application\/ld+json\" class=\"yoast-schema-graph\">{\"@context\":\"https:\/\/schema.org\",\"@graph\":[{\"@type\":\"WebPage\",\"@id\":\"https:\/\/andelenergi.dk\/erhverv\/energiraadgivning\/cases\/fleksibel-rammeaftale-giver-bedre-lys-til-alleroed-borgere\/\",\"url\":\"https:\/\/andelenergi.dk\/erhverv\/energiraadgivning\/cases\/fleksibel-rammeaftale-giver-bedre-lys-til-alleroed-borgere\/\",\"name\":\"Fleksibel rammeaftale giver bedre lys til Aller\u00f8d-borgere | andelenergi.dk\",\"isPartOf\":{\"@id\":\"https:\/\/andelenergi.dk\/#website\"},\"datePublished\":\"2022-05-20T11:01:15+00:00\",\"dateModified\":\"2022-05-20T11:01:18+00:00\",\"description\":\"Andel Energi hjalp Aller\u00f8d Kommune med at skifte gamle lysstofr\u00f8r ud med ny LED-belysning p\u00e5 16 lokationer.\",\"breadcrumb\":{\"@id\":\"https:\/\/andelenergi.dk\/erhverv\/energiraadgivning\/cases\/fleksibel-rammeaftale-giver-bedre-lys-til-alleroed-borgere\/#breadcrumb\"},\"inLanguage\":\"da-DK\",\"potentialAction\":[{\"@type\":\"ReadAction\",\"target\":[\"https:\/\/andelenergi.dk\/erhverv\/energiraadgivning\/cases\/fleksibel-rammeaftale-giver-bedre-lys-til-alleroed-borgere\/\"]}]},{\"@type\":\"BreadcrumbList\",\"@id\":\"https:\/\/andelenergi.dk\/erhverv\/energiraadgivning\/cases\/fleksibel-rammeaftale-giver-bedre-lys-til-alleroed-borgere\/#breadcrumb\",\"itemListElement\":[{\"@type\":\"ListItem\",\"position\":1,\"name\":\"Home\",\"item\":\"https:\/\/andelenergi.dk\/\"},{\"@type\":\"ListItem\",\"position\":2,\"name\":\"Erhverv forside\",\"item\":\"https:\/\/andelenergi.dk\/erhverv\/\"},{\"@type\":\"ListItem\",\"position\":3,\"name\":\"Energir\u00e5dgivning der g\u00f8r en forskel\",\"item\":\"https:\/\/andelenergi.dk\/erhverv\/energiraadgivning\/\"},{\"@type\":\"ListItem\",\"position\":4,\"name\":\"Gamle erhvervscases &#8211; til evt. gendannelse hvis vi f\u00e5r energir\u00e5dgivning igen\",\"item\":\"https:\/\/andelenergi.dk\/?page_id=63997\"},{\"@type\":\"ListItem\",\"position\":5,\"name\":\"Fleksibel rammeaftale giver bedre lys til Aller\u00f8d-borgere\"}]},{\"@type\":\"WebSite\",\"@id\":\"https:\/\/andelenergi.dk\/#website\",\"url\":\"https:\/\/andelenergi.dk\/\",\"name\":\"andelenergi.dk\",\"description\":\"k\u00f8b el og gas til skarp pris\",\"potentialAction\":[{\"@type\":\"SearchAction\",\"target\":{\"@type\":\"EntryPoint\",\"urlTemplate\":\"https:\/\/andelenergi.dk\/?s={search_term_string}\"},\"query-input\":\"required name=search_term_string\"}],\"inLanguage\":\"da-DK\"}]}<\/script>\n<!-- \/ Yoast SEO Premium plugin. -->","yoast_head_json":{"title":"Fleksibel rammeaftale giver bedre lys til Aller\u00f8d-borgere | andelenergi.dk","description":"Andel Energi hjalp Aller\u00f8d Kommune med at skifte gamle lysstofr\u00f8r ud med ny LED-belysning p\u00e5 16 lokationer.","robots":{"index":"index","follow":"follow","max-snippet":"max-snippet:-1","max-image-preview":"max-image-preview:large","max-video-preview":"max-video-preview:-1"},"canonical":"https:\/\/andelenergi.dk\/erhverv\/energiraadgivning\/cases\/fleksibel-rammeaftale-giver-bedre-lys-til-alleroed-borgere\/","og_locale":"da_DK","og_type":"article","og_title":"Fleksibel rammeaftale giver bedre lys til Aller\u00f8d-borgere","og_description":"Andel Energi hjalp Aller\u00f8d Kommune med at skifte gamle lysstofr\u00f8r ud med ny LED-belysning p\u00e5 16 lokationer.","og_url":"https:\/\/andelenergi.dk\/erhverv\/energiraadgivning\/cases\/fleksibel-rammeaftale-giver-bedre-lys-til-alleroed-borgere\/","og_site_name":"andelenergi.dk","article_publisher":"https:\/\/www.facebook.com\/andelenergi","article_modified_time":"2022-05-20T11:01:18+00:00","twitter_card":"summary_large_image","twitter_misc":{"Est. reading time":"3 minutes"},"schema":{"@context":"https:\/\/schema.org","@graph":[{"@type":"WebPage","@id":"https:\/\/andelenergi.dk\/erhverv\/energiraadgivning\/cases\/fleksibel-rammeaftale-giver-bedre-lys-til-alleroed-borgere\/","url":"https:\/\/andelenergi.dk\/erhverv\/energiraadgivning\/cases\/fleksibel-rammeaftale-giver-bedre-lys-til-alleroed-borgere\/","name":"Fleksibel rammeaftale giver bedre lys til Aller\u00f8d-borgere | andelenergi.dk","isPartOf":{"@id":"https:\/\/andelenergi.dk\/#website"},"datePublished":"2022-05-20T11:01:15+00:00","dateModified":"2022-05-20T11:01:18+00:00","description":"Andel Energi hjalp Aller\u00f8d Kommune med at skifte gamle lysstofr\u00f8r ud med ny LED-belysning p\u00e5 16 lokationer.","breadcrumb":{"@id":"https:\/\/andelenergi.dk\/erhverv\/energiraadgivning\/cases\/fleksibel-rammeaftale-giver-bedre-lys-til-alleroed-borgere\/#breadcrumb"},"inLanguage":"da-DK","potentialAction":[{"@type":"ReadAction","target":["https:\/\/andelenergi.dk\/erhverv\/energiraadgivning\/cases\/fleksibel-rammeaftale-giver-bedre-lys-til-alleroed-borgere\/"]}]},{"@type":"BreadcrumbList","@id":"https:\/\/andelenergi.dk\/erhverv\/energiraadgivning\/cases\/fleksibel-rammeaftale-giver-bedre-lys-til-alleroed-borgere\/#breadcrumb","itemListElement":[{"@type":"ListItem","position":1,"name":"Home","item":"https:\/\/andelenergi.dk\/"},{"@type":"ListItem","position":2,"name":"Erhverv forside","item":"https:\/\/andelenergi.dk\/erhverv\/"},{"@type":"ListItem","position":3,"name":"Energir\u00e5dgivning der g\u00f8r en forskel","item":"https:\/\/andelenergi.dk\/erhverv\/energiraadgivning\/"},{"@type":"ListItem","position":4,"name":"Gamle erhvervscases &#8211; til evt. gendannelse hvis vi f\u00e5r energir\u00e5dgivning igen","item":"https:\/\/andelenergi.dk\/?page_id=63997"},{"@type":"ListItem","position":5,"name":"Fleksibel rammeaftale giver bedre lys til Aller\u00f8d-borgere"}]},{"@type":"WebSite","@id":"https:\/\/andelenergi.dk\/#website","url":"https:\/\/andelenergi.dk\/","name":"andelenergi.dk","description":"k\u00f8b el og gas til skarp pris","potentialAction":[{"@type":"SearchAction","target":{"@type":"EntryPoint","urlTemplate":"https:\/\/andelenergi.dk\/?s={search_term_string}"},"query-input":"required name=search_term_string"}],"inLanguage":"da-DK"}]}},"_links":{"self":[{"href":"https:\/\/andelenergi.dk\/api\/wp\/v2\/pages\/64146","targetHints":{"allow":["GET"]}}],"collection":[{"href":"https:\/\/andelenergi.dk\/api\/wp\/v2\/pages"}],"about":[{"href":"https:\/\/andelenergi.dk\/api\/wp\/v2\/types\/page"}],"author":[{"embeddable":true,"href":"https:\/\/andelenergi.dk\/api\/wp\/v2\/users\/38"}],"replies":[{"embeddable":true,"href":"https:\/\/andelenergi.dk\/api\/wp\/v2\/comments?post=64146"}],"version-history":[{"count":3,"href":"https:\/\/andelenergi.dk\/api\/wp\/v2\/pages\/64146\/revisions"}],"predecessor-version":[{"id":64149,"href":"https:\/\/andelenergi.dk\/api\/wp\/v2\/pages\/64146\/revisions\/64149"}],"up":[{"embeddable":true,"href":"https:\/\/andelenergi.dk\/api\/wp\/v2\/pages\/63997"}],"wp:attachment":[{"href":"https:\/\/andelenergi.dk\/api\/wp\/v2\/media?parent=64146"}],"wp:term":[{"taxonomy":"category","embeddable":true,"href":"https:\/\/andelenergi.dk\/api\/wp\/v2\/categories?post=64146"}],"curies":[{"name":"wp","href":"https:\/\/api.w.org\/{rel}","templated":true}]}}