{"id":60208,"date":"2022-04-11T11:45:06","date_gmt":"2022-04-11T11:45:20","guid":{"rendered":"https:\/\/andelenergi.dk\/?page_id=60208"},"modified":"2026-08-28T10:18:30","modified_gmt":"2026-08-28T10:18:30","slug":"nyheder-og-presse","status":"publish","type":"page","link":"https:\/\/andelenergi.dk\/om-os\/nyheder-og-presse\/","title":{"rendered":"Nyheder og presse"},"content":{"rendered":"<section\n  class=\"acf-block acf-block--hero-large has-background mt-12 lg:mt-14  block\"\n   id=hero-large-1\n   style=color:#FFFFFF;\n  \n>\n      <div class=\"inner inner--full\">\n  \n      <div\n      class=\"inner-bg inner--px-remove--full bg-sky-500 px-4 sm:px-6 lg:px-8 py-12 lg:py-16\"\n      \n    >\n  \n  <div\n  class=\"\"\n  x-data=\"PreserveUtmParameters\"\n>\n  <div class=\"aspect-ratio-hero-large-bg relative justify-center flex flex-col items-center\">\n\n    \n    \n    \n    \n    \n    \n    \n          <style>\n        @media only screen and (min-width: 600px) {\n          .description-section {\n            max-width:               66.6%\n                        ;\n          }\n        }\n\n        @media only screen and (min-width: 1025px) {\n          .description-section {\n            max-width:               60%\n                        ;\n          }\n        }\n\n        @media only screen and (min-width: 1280px) {\n          .description-section {\n            max-width:               50%\n                        ;\n          }\n        }\n      <\/style>\n\n      <div class=\"description-section relative z-10 px-2 md:px-6 lg:px-8\">\n        <div class=\"text-center z-10 w-full\">\n                      <h1 class=\"text-2xl md:text-4xl lg:text-5xl xl:text-6xl\">Nyheder og presse<\/h1>\n          \n          \n          <div\n            class=\" justify-center  flex flex-col gap-4 md:flex-row\"\n          >\n            \n                      <\/div>\n        <\/div>\n      <\/div>\n    \n    \n  <\/div>\n<\/div>\n\n\n      <\/div>\n  \n      <\/div>\n  \n<\/section>\n<section\n  class=\"acf-block acf-block--article-card-carousel-v2 mt-12 lg:mt-14 mb-12 lg:mb-14  block\"\n   id=article-card-carousel-v2-3\n  \n  \n>\n      <div class=\"inner inner--full\">\n  \n  \n  <div x-data=\"CarouselNavigation\">\n  <div class=\"mb-6 flex justify-between md:h-[48px]\">\n          <a\n        href=\"https:\/\/andelenergi.dk\/kategori\/aktuelt\/\"\n        class=\"article-carousel-heading group flex items-center space-x-2 text-lg hover:cursor-pointer\"\n      >\n        <h2 class=\"font-bold leading-[1]\">Se alle nyheder og pressemeddelelser<\/h2>\n\n        <svg xmlns=\"http:\/\/www.w3.org\/2000\/svg\" width=\"10\" height=\"7\" viewBox=\"0 0 10 7\" fill=\"none\" class=\"&#10;            'inline w-[14px] h-[14px] group-hover:translate-x-1 transition-transform&#10;                                                        duration-200 ease-in-out\"><path d=\"M4.9 0L7.728 2.758H0.728V4.06H7.756L4.9 6.818H6.636L9.59 3.878V2.968L6.636 0H4.9Z\" fill=\"currentColor\"\/><\/svg>\n      <\/a>\n    \n          <div class=\"mb-6 hidden space-x-2 md:flex\">\n        <button\n          class=\"button-left flex h-[48px] w-[48px] items-center justify-center rounded-full border border-black disabled:cursor-not-allowed disabled:border-gray-300 disabled:text-gray-300\"\n        >\n          <svg xmlns=\"http:\/\/www.w3.org\/2000\/svg\" viewBox=\"0 0 8 12\" class=\"inline w-[10px] h-[10px]\">\n    <path fill=\"currentColor\" d=\"M.186 6.466l5.133 5.34a.617.617 0 0 0 .897 0l.598-.621a.678.678 0 0 0 .001-.932L2.747 6l4.068-4.252a.678.678 0 0 0 0-.932l-.6-.623a.617.617 0 0 0-.896 0L.186 5.533a.679.679 0 0 0 0 .933z\"\/>\n<\/svg>\n        <\/button>\n\n        <button\n          class=\"button-right flex h-[48px] w-[48px] items-center justify-center rounded-full border border-black disabled:cursor-not-allowed disabled:border-gray-300 disabled:text-gray-300\"\n        >\n          <svg xmlns=\"http:\/\/www.w3.org\/2000\/svg\" viewBox=\"0 0 7 12\" class=\"inline w-[10px] h-[10px]\">\n    <path fill=\"currentColor\" d=\"M6.814 5.534L1.681.194a.617.617 0 0 0-.897 0L.186.815a.678.678 0 0 0-.001.932L4.253 6 .185 10.252a.678.678 0 0 0 0 .932l.6.623a.617.617 0 0 0 .896 0l5.133-5.34a.679.679 0 0 0 0-.933z\"\/>\n<\/svg>\n        <\/button>\n      <\/div>\n      <\/div>\n\n  <div class=\"carousel-item-wrapper swiper\">\n    <div class=\"swiper-wrapper\">\n              <div class=\"swiper-slide\">\n          <a\n  x-data=\"articleCard\"\n  class=\"article-card group flex w-full flex-col justify-between space-y-3 md:space-y-4 xl:space-y-6\"\n  href=\"https:\/\/andelenergi.dk\/om-os\/nyheder-og-presse\/andel-energi-stoetter-afskaffelse-af-aconto-afregning\/\"\n  data-categories=\"[7850]\"\n>\n  <img decoding=\"async\"\n    src=\"https:\/\/andelenergi.dk\/app\/uploads\/2022\/01\/Andel-Energi_Brandbilleder-2026_Pandang-011-2-650x366.jpg\"\n    alt=\"Bestil elaftale med gode elpriser\"\n    loading=\"lazy\"\n  >\n\n  <div class=\"flex-1 space-y-1\">\n    <h3 class=\"article-card-title font-bold\">\n      Andel Energi st\u00f8tter afskaffelse af aconto-afregning\n    <\/h3>\n\n          <p class=\"text-body-xs text-gray-800\">\n        Pressemeddelelse\n                  &#8211; 28. august 2026\n              <\/p>\n    \n    <p>Det skal v\u00e6re lettere og mere overskueligt at v\u00e6re elkunde. Derfor st\u00f8tter Danmarks st\u00f8rste energiselskab, Andel Energi, et forslag fra bl.a. Forbrugerr\u00e5det T\u00c6NK om afskaffelse af aconto-afregning p\u00e5 det danske elmarked. <\/p>\n  <\/div>\n\n    <\/a>\n        <\/div>\n              <div class=\"swiper-slide\">\n          <a\n  x-data=\"articleCard\"\n  class=\"article-card group flex w-full flex-col justify-between space-y-3 md:space-y-4 xl:space-y-6\"\n  href=\"https:\/\/andelenergi.dk\/om-os\/nyheder-og-presse\/saadan-passer-andel-energi-paa-dig\/\"\n  data-categories=\"[7851]\"\n>\n  <img decoding=\"async\"\n    src=\"https:\/\/andelenergi.dk\/app\/uploads\/2023\/02\/Andel-energi_Brandbilleder-085-650x366.jpg\"\n    alt=\"\"\n    loading=\"lazy\"\n  >\n\n  <div class=\"flex-1 space-y-1\">\n    <h3 class=\"article-card-title font-bold\">\n      S\u00e5dan passer Andel Energi p\u00e5 dig\n    <\/h3>\n\n          <p class=\"text-body-xs text-gray-800\">\n        Nyhed\n                  &#8211; 21. august 2026\n              <\/p>\n    \n    <p>At v\u00e6lge energiselskab skal v\u00e6re en tryg beslutning. Derfor skal du kunne stole p\u00e5, at dit energiselskab lever op til det, der er aftalt, og g\u00f8r det nemt for dig at v\u00e6re kunde.<\/p>\n  <\/div>\n\n    <\/a>\n        <\/div>\n              <div class=\"swiper-slide\">\n          <a\n  x-data=\"articleCard\"\n  class=\"article-card group flex w-full flex-col justify-between space-y-3 md:space-y-4 xl:space-y-6\"\n  href=\"https:\/\/andelenergi.dk\/om-os\/nyheder-og-presse\/2026-bliver-et-dyrt-aar-for-danske-elkunder\/\"\n  data-categories=\"[7850]\"\n>\n  <img decoding=\"async\"\n    src=\"https:\/\/andelenergi.dk\/app\/uploads\/2026\/05\/Andel-Energi_Brandbilleder-2026_Pandang-087-2-650x366.jpg\"\n    alt=\"\"\n    loading=\"lazy\"\n  >\n\n  <div class=\"flex-1 space-y-1\">\n    <h3 class=\"article-card-title font-bold\">\n      2026 bliver et dyrt \u00e5r for danske elkunder\n    <\/h3>\n\n          <p class=\"text-body-xs text-gray-800\">\n        Pressemeddelelse\n                  &#8211; 16. august 2026\n              <\/p>\n    \n    <p>Trods en varm og solrig sommer har det v\u00e6ret en dyr sommer for danske elkunder. Alt tyder p\u00e5, at 2026 bliver det klart dyreste \u00e5r for danske elkunder siden energikrisen. Det viser en opg\u00f8relse fra Andel Energi, der ogs\u00e5 forudser en dyr vinter.<\/p>\n  <\/div>\n\n    <\/a>\n        <\/div>\n              <div class=\"swiper-slide\">\n          <a\n  x-data=\"articleCard\"\n  class=\"article-card group flex w-full flex-col justify-between space-y-3 md:space-y-4 xl:space-y-6\"\n  href=\"https:\/\/andelenergi.dk\/om-os\/nyheder-og-presse\/elpriser-dyreste-sommermaaned-i-fire-aar\/\"\n  data-categories=\"[7850]\"\n>\n  <img decoding=\"async\"\n    src=\"https:\/\/andelenergi.dk\/app\/uploads\/2023\/02\/Andel-energi_Brandbilleder-042-650x366.jpg\"\n    alt=\"\"\n    loading=\"lazy\"\n  >\n\n  <div class=\"flex-1 space-y-1\">\n    <h3 class=\"article-card-title font-bold\">\n      Elpriser: Dyreste sommerm\u00e5ned i fire \u00e5r\n    <\/h3>\n\n          <p class=\"text-body-xs text-gray-800\">\n        Pressemeddelelse\n                  &#8211; 30. juni 2026\n              <\/p>\n    \n    <p>Trods flere timer med b\u00e5de negative og meget lave elpriser har den generelle elpris i juni v\u00e6ret us\u00e6dvanligt dyr for \u00e5rstiden. Gennemsnitsprisen p\u00e5 ca. 81,4 \u00f8re er den klart h\u00f8jeste for en sommerm\u00e5ned siden energikrisen i 2022. Det viser en opg\u00f8relse fra Andel Energi.<\/p>\n  <\/div>\n\n    <\/a>\n        <\/div>\n              <div class=\"swiper-slide\">\n          <a\n  x-data=\"articleCard\"\n  class=\"article-card group flex w-full flex-col justify-between space-y-3 md:space-y-4 xl:space-y-6\"\n  href=\"https:\/\/andelenergi.dk\/om-os\/nyheder-og-presse\/brugte-elbilbatterier-kan-faa-nyt-liv-i-fremtidens-energisystem\/\"\n  data-categories=\"[7851]\"\n>\n  <img decoding=\"async\"\n    src=\"https:\/\/andelenergi.dk\/app\/uploads\/2026\/06\/GridTurn-batteri-650x366.jpg\"\n    alt=\"Billedet viser to Andel Energi x GridTurn-batterier.\"\n    loading=\"lazy\"\n  >\n\n  <div class=\"flex-1 space-y-1\">\n    <h3 class=\"article-card-title font-bold\">\n      Brugte elbilbatterier kan f\u00e5 nyt liv i fremtidens energisystem\u00a0\n    <\/h3>\n\n          <p class=\"text-body-xs text-gray-800\">\n        Nyhed\n                  &#8211; 30. juni 2026\n              <\/p>\n    \n    <p>Andel Energi er med i et projekt, der skal unders\u00f8ge, hvordan brugte elbilbatterier kan bruges til at lagre str\u00f8m, styrke forsyningssikkerheden og bidrage til den gr\u00f8nne omstilling. <\/p>\n  <\/div>\n\n    <\/a>\n        <\/div>\n              <div class=\"swiper-slide\">\n          <a\n  x-data=\"articleCard\"\n  class=\"article-card group flex w-full flex-col justify-between space-y-3 md:space-y-4 xl:space-y-6\"\n  href=\"https:\/\/andelenergi.dk\/om-os\/nyheder-og-presse\/andel-energi-appen-hitter-blandt-forbrugerne\/\"\n  data-categories=\"[7851]\"\n>\n  <img decoding=\"async\"\n    src=\"https:\/\/andelenergi.dk\/app\/uploads\/2026\/06\/Appen-hitter-blandt-forbrugerne-650x366.jpg\"\n    alt=\"\"\n    loading=\"lazy\"\n  >\n\n  <div class=\"flex-1 space-y-1\">\n    <h3 class=\"article-card-title font-bold\">\n      Andel Energi appen hitter blandt forbrugerne\n    <\/h3>\n\n          <p class=\"text-body-xs text-gray-800\">\n        Nyhed\n                  &#8211; 29. juni 2026\n              <\/p>\n    \n    <p>En ny unders\u00f8gelse placerer Andel Energi appen blandt de apps, danskerne er mest tilfredse med og mest tilb\u00f8jelige til at anbefale. <\/p>\n  <\/div>\n\n    <\/a>\n        <\/div>\n              <div class=\"swiper-slide\">\n          <a\n  x-data=\"articleCard\"\n  class=\"article-card group flex w-full flex-col justify-between space-y-3 md:space-y-4 xl:space-y-6\"\n  href=\"https:\/\/andelenergi.dk\/om-os\/nyheder-og-presse\/dit-energiselskab-skal-vaere-til-at-stole-paa\/\"\n  data-categories=\"[7851]\"\n>\n  <img decoding=\"async\"\n    src=\"https:\/\/andelenergi.dk\/app\/uploads\/2023\/01\/Andel-energi_Brandbilleder-121-650x366.jpg\"\n    alt=\"\u00c6gtepar sidder i sofa ude p\u00e5 deres terrasse med deres hund. Kvinden l\u00e6ser en bog imens manden sidder p\u00e5 sin tablet og kigger p\u00e5 energil\u00f8sninger fra Andel Energi.\"\n    loading=\"lazy\"\n  >\n\n  <div class=\"flex-1 space-y-1\">\n    <h3 class=\"article-card-title font-bold\">\n      Dit energiselskab skal v\u00e6re til at stole p\u00e5\n    <\/h3>\n\n          <p class=\"text-body-xs text-gray-800\">\n        Nyhed\n                  &#8211; 22. juni 2026\n              <\/p>\n    \n    <p>Mere end hver tredje dansker oplever udfordringer med energibranchen. Det viser en ny unders\u00f8gelse fra Forbrugerr\u00e5det T\u00e6nk. Hos Andel Energi tager vi resultatet alvorligt, for energi er en del af hverdagen hos os alle, og du skal kunne f\u00f8le dig tryg ved det selskab, der leverer den.<\/p>\n  <\/div>\n\n    <\/a>\n        <\/div>\n              <div class=\"swiper-slide\">\n          <a\n  x-data=\"articleCard\"\n  class=\"article-card group flex w-full flex-col justify-between space-y-3 md:space-y-4 xl:space-y-6\"\n  href=\"https:\/\/andelenergi.dk\/om-os\/nyheder-og-presse\/andel-energi-vinder-to-priser-for-at-goere-energi-lettere-i-hverdagen\/\"\n  data-categories=\"[7851]\"\n>\n  <img decoding=\"async\"\n    src=\"https:\/\/andelenergi.dk\/app\/uploads\/2023\/01\/Andel-energi_Brandbilleder-116-650x366.jpg\"\n    alt=\"\"\n    loading=\"lazy\"\n  >\n\n  <div class=\"flex-1 space-y-1\">\n    <h3 class=\"article-card-title font-bold\">\n      Andel Energi vinder to priser for at g\u00f8re energi lettere i hverdagen\n    <\/h3>\n\n          <p class=\"text-body-xs text-gray-800\">\n        Nyhed\n                  &#8211; 4. juni 2026\n              <\/p>\n    \n    <p>Andel Energi har vundet to priser ved Danish Digital Awards for vores app og konceptet Str\u00f8mudsigten, som begge har fokus p\u00e5 at g\u00f8re energi lettere at forst\u00e5 og bruge i hverdagen.<\/p>\n  <\/div>\n\n    <\/a>\n        <\/div>\n              <div class=\"swiper-slide\">\n          <a\n  x-data=\"articleCard\"\n  class=\"article-card group flex w-full flex-col justify-between space-y-3 md:space-y-4 xl:space-y-6\"\n  href=\"https:\/\/andelenergi.dk\/om-os\/nyheder-og-presse\/elpriser-dyreste-maj-siden-energikrisen\/\"\n  data-categories=\"[7850]\"\n>\n  <img decoding=\"async\"\n    src=\"https:\/\/andelenergi.dk\/app\/uploads\/2026\/05\/Andel-Energi_Brandbilleder-2026_Pandang-063-2-650x366.jpg\"\n    alt=\"\"\n    loading=\"lazy\"\n  >\n\n  <div class=\"flex-1 space-y-1\">\n    <h3 class=\"article-card-title font-bold\">\n      Elpriser: Dyreste maj siden energikrisen\n    <\/h3>\n\n          <p class=\"text-body-xs text-gray-800\">\n        Pressemeddelelse\n                  &#8211; 1. juni 2026\n              <\/p>\n    \n    <p>Trods mange timer med b\u00e5de negative og meget lave elpriser har den generelle elpris i maj v\u00e6ret us\u00e6dvanligt dyr for \u00e5rstiden. Gennemsnitsprisen p\u00e5 ca. 74,5 \u00f8re er den klart h\u00f8jeste siden energikrisen. Det viser en opg\u00f8relse fra Andel Energi.<\/p>\n  <\/div>\n\n    <\/a>\n        <\/div>\n              <div class=\"swiper-slide\">\n          <a\n  x-data=\"articleCard\"\n  class=\"article-card group flex w-full flex-col justify-between space-y-3 md:space-y-4 xl:space-y-6\"\n  href=\"https:\/\/andelenergi.dk\/om-os\/nyheder-og-presse\/andel-energi-leverer-tilfredsstillende-aarsresultat\/\"\n  data-categories=\"[7850]\"\n>\n  <img decoding=\"async\"\n    src=\"https:\/\/andelenergi.dk\/app\/uploads\/2025\/11\/Vedde_Solcellepark_DSC0169-650x366.jpg\"\n    alt=\"\"\n    loading=\"lazy\"\n  >\n\n  <div class=\"flex-1 space-y-1\">\n    <h3 class=\"article-card-title font-bold\">\n      Andel Energi leverer tilfredsstillende \u00e5rsresultat\n    <\/h3>\n\n          <p class=\"text-body-xs text-gray-800\">\n        Pressemeddelelse\n                  &#8211; 21. maj 2026\n              <\/p>\n    \n    <p>Danmarks st\u00f8rste energiselskab, Andel Energi, pr\u00e6senterer i dag \u00e5rsresultat for 2025. Det samlede \u00e5rsresultat lander p\u00e5 66,5 mio. kroner. Samtidig har Andel Energi kundetilgang p\u00e5 b\u00e5de erhvervsl\u00f8sninger og gr\u00f8nnere l\u00f8sninger samt generelt stigende kundetilfredshed.<\/p>\n  <\/div>\n\n    <\/a>\n        <\/div>\n          <\/div>\n  <\/div>\n<\/div>\n\n\n  \n      <\/div>\n  \n<\/section>\n<section\n  class=\"core-block core-block--columns num-columns-1  block\"\n   id=columns-5\n  \n  \n>\n      <div class=\"inner inner--full\">\n  \n      <div\n      class=\"inner-bg inner--px-remove--full has-background bg-sky-100 px-4 sm:px-6 lg:px-8 py-12 lg:py-16\"\n      \n    >\n  \n  \n<div class=\"wp-block-columns alignfull has-sky-100-background-color has-background\"><section\n  class=\"core-block core-block--column   block\"\n   id=column-6\n  \n  \n>\n  \n  \n  \n<div class=\"wp-block-column\"><section\n  class=\"acf-block acf-block--icon-teaser has-background text-black  block\"\n   id=icon-teaser-7\n  \n  \n>\n      <div class=\"inner inner--prose\">\n  \n      <div\n      class=\"inner-bg bg-sky-100 px-4 sm:px-6 lg:px-8 py-6 lg:py-8\"\n      \n    >\n  \n  <div\n  class=\"icon-teaser  relative flex h-full flex-col\"\n  >\n  <div class=\"flex flex-auto flex-col\">\n          <div class=\"mb-4 flex-none\">\n        <div class=\"h-12 w-12\">\n          <?xml version=\"1.0\" encoding=\"UTF-8\"?> <svg xmlns=\"http:\/\/www.w3.org\/2000\/svg\" id=\"Ikoner\" viewBox=\"0 0 40 40\"><style type=\"text\/css\"> #Ikoner{fill:currentColor;} <\/style><path d=\"M20,38A18,18,0,1,0,2,20,18,18,0,0,0,20,38ZM20,4A16,16,0,1,1,4,20,16,16,0,0,1,20,4Z\"><\/path><polygon points=\"29.75 22.66 28.34 21.25 21.04 28.54 21.04 7.96 19.04 7.96 19.04 28.54 11.75 21.25 10.33 22.66 20.04 32.37 29.75 22.66\"><\/polygon><\/svg> \n        <\/div>\n      <\/div>\n    \n    <div class=\"flex-none\">\n              <span class=\"mb-4\">\n\n          <h2 class=\"heading-3\">\n  Mediebank\n  <\/h2>\n        <\/span>\n      \n          <div class=\"wysiwyg mb-4\">\n        <p>Skal du bruge vores logo eller billedmateriale, s\u00e5 kan du nemt hente det her. Copyright Andel Energi.<\/p>\n\n      <\/div>\n      <\/div>\n\n      <div class=\"flex-none\">\n      <a\n        x-data=\"partialsButton({&quot;buttonSize&quot;:&quot;big&quot;,&quot;buttonColor&quot;:&quot;black&quot;,&quot;buttonLayout&quot;:&quot;secondary&quot;,&quot;buttonCssClass&quot;:&quot;&quot;,&quot;buttonAccordionAccordion&quot;:null,&quot;buttonLink&quot;:{&quot;title&quot;:&quot;Download pressebilleder&quot;,&quot;url&quot;:&quot;https:\\\/\\\/public.skyfish.com\\\/p\\\/andelenergi&quot;,&quot;target&quot;:&quot;_blank&quot;},&quot;buttonColorTertiary&quot;:&quot;sky-500&quot;,&quot;buttonAccordionEndAccordion&quot;:null})\"\n        x-ref=\"partialsButton\"\n        href=\"https:\/\/public.skyfish.com\/p\/andelenergi\"\n        target=\"_blank\"\n        role=\"button\"\n        class=\"text-body-xs py-4 px-6 text-black border border-black hover:text-white hover:bg-black active:text-black active:bg-transparent disabled:text-gray-500 disabled:border-gray-500   group inline-block leading-none transition-colors duration-300 ease-in-out\"\n        >\n        \n        Download pressebilleder\n\n            <\/a>\n    <\/div>\n  \n  <\/div>\n\n\n      <\/div>\n  \n      <\/div>\n  \n<\/section>\n<\/div>\n\n\n  \n  \n<\/section>\n<\/div>\n\n\n      <\/div>\n  \n      <\/div>\n  \n<\/section>\n<section\n  class=\"core-block core-block--columns num-columns-2  block\"\n   id=columns-9\n  \n  \n>\n      <div class=\"inner inner--full\">\n  \n  \n  \n<div class=\"wp-block-columns alignfull\"><section\n  class=\"core-block core-block--column   block\"\n   id=column-10\n  \n  \n>\n  \n  \n  \n<div class=\"wp-block-column\"><section\n  class=\"acf-block acf-block--image   block\"\n   id=image-11\n  \n  \n>\n      <div class=\"inner inner--prose\">\n  \n  \n  <div class=\"image-wrapper relative \">\n  \n  <div class=\"\">\n    <picture> <img decoding=\"async\" src=\"https:\/\/andelenergi.dk\/app\/uploads\/2024\/03\/Erhvervskampagne-spar500-el-scaled-720x480.jpg\" alt=\"El elberegner erhverv\" class=\"max-w-[100%] h-auto \" style=\"object-position:27.12% 37.44%;\" loading=\"lazy\"><\/picture>\n  <\/div>\n\n  \n  <\/div>\n\n\n  \n      <\/div>\n  \n<\/section>\n<\/div>\n\n\n  \n  \n<\/section>\n\n\n<section\n  class=\"core-block core-block--column   block\"\n   id=column-13\n  \n  \n>\n  \n  \n  \n<div class=\"wp-block-column\"><section\n  class=\"acf-block acf-block--accordion   block\"\n   id=accordion-14\n  \n  \n>\n      <div class=\"inner inner--prose\">\n  \n  \n  <h2 class=\"heading-3 mb-8\">\n  Kontakt\n  <\/h2>\n\n\n  <div\n    class=\"group mt-2 flex flex-col border border-gray-500 bg-off-white first:mt-0\"\n    x-data=\"Accordion\"\n  >\n\n    <button\n      class=\"flex items-center px-6 py-4\"\n      @click=\"toggleItem()\"\n    >\n\n      <div class=\"flex flex-1\">\n        <h3 class=\"text-left text-body-sm\">Presse<\/h3>\n      <\/div>\n\n      <div\n        :class=\"{ '-rotate-180 duration-200': height !== 0, 'rotate-0 duration-200': height === 0 }\"\n        class=\"flex-none\"\n      >\n        <svg xmlns=\"http:\/\/www.w3.org\/2000\/svg\" width=\"12\" height=\"7\" viewBox=\"0 0 12 7\" class=\"inline w-[11px] h-[11px] transition-transform ease-in-out\">\n    <path d=\"M6.466 6.814l5.34-5.133a.617.617 0 0 0 0-.897l-.621-.598a.678.678 0 0 0-.932-.001L6 4.253 1.748.185a.678.678 0 0 0-.932 0l-.623.6a.617.617 0 0 0 0 .896l5.34 5.133a.679.679 0 0 0 .933 0z\" fill=\"currentColor\"\/>\n<\/svg>\n      <\/div>\n    <\/button>\n\n    <div\n      x-ref=\"wrapper\"\n      class=\"invisible h-0 overflow-hidden duration-200\"\n      :class=\"{ 'opacity-0 -translate-y-3': height === 0, 'opacity-100 translate-y-0': height !== 0 }\"\n      :style=\"{ height: `${height}px` }\"\n    >\n      <div\n        x-ref=\"content\"\n        class=\"px-6 pb-4 pt-6\"\n      >\n                  <div class=\"wysiwyg backface-visibility-hidden translate-z-0 overflow-x-auto\">\n            <p>Ved presserelaterede henvendelser er du velkommen til at kontakte Andel-koncernens pressevagt p\u00e5 21 70 31 01.<\/p>\n<p><img loading=\"lazy\" decoding=\"async\" class=\"alignnone size-full wp-image-61198\" src=\"https:\/\/andelenergi.dk\/app\/uploads\/2022\/04\/Rasmus_Avnskjold.jpg\" alt=\"Rasmus Avnskjold, PR og presse, Andel Energi\" width=\"476\" height=\"523\" srcset=\"https:\/\/andelenergi.dk\/app\/uploads\/2022\/04\/Rasmus_Avnskjold.jpg 476w, https:\/\/andelenergi.dk\/app\/uploads\/2022\/04\/Rasmus_Avnskjold-360x396.jpg 360w, https:\/\/andelenergi.dk\/app\/uploads\/2022\/04\/Rasmus_Avnskjold-440x483.jpg 440w, https:\/\/andelenergi.dk\/app\/uploads\/2022\/04\/Rasmus_Avnskjold-137x150.jpg 137w\" sizes=\"auto, (max-width: 476px) 100vw, 476px\" \/><\/p>\n<a name=\"kontakt\"><\/a><b>Rasmus Avnskjold<\/b><br>Media Relations Manager<br><br><a style=\"color:#50534d; text-decoration:underline\" href=\"mailto:rba@andel.dk\">Send en mail<\/a><br><br>\n\n          <\/div>\n              <\/div>\n    <\/div>\n\n  <\/div>\n  <div\n    class=\"group mt-2 flex flex-col border border-gray-500 bg-off-white first:mt-0\"\n    x-data=\"Accordion\"\n  >\n\n    <button\n      class=\"flex items-center px-6 py-4\"\n      @click=\"toggleItem()\"\n    >\n\n      <div class=\"flex flex-1\">\n        <h3 class=\"text-left text-body-sm\">Annoncer og sponsorater<\/h3>\n      <\/div>\n\n      <div\n        :class=\"{ '-rotate-180 duration-200': height !== 0, 'rotate-0 duration-200': height === 0 }\"\n        class=\"flex-none\"\n      >\n        <svg xmlns=\"http:\/\/www.w3.org\/2000\/svg\" width=\"12\" height=\"7\" viewBox=\"0 0 12 7\" class=\"inline w-[11px] h-[11px] transition-transform ease-in-out\">\n    <path d=\"M6.466 6.814l5.34-5.133a.617.617 0 0 0 0-.897l-.621-.598a.678.678 0 0 0-.932-.001L6 4.253 1.748.185a.678.678 0 0 0-.932 0l-.623.6a.617.617 0 0 0 0 .896l5.34 5.133a.679.679 0 0 0 .933 0z\" fill=\"currentColor\"\/>\n<\/svg>\n      <\/div>\n    <\/button>\n\n    <div\n      x-ref=\"wrapper\"\n      class=\"invisible h-0 overflow-hidden duration-200\"\n      :class=\"{ 'opacity-0 -translate-y-3': height === 0, 'opacity-100 translate-y-0': height !== 0 }\"\n      :style=\"{ height: `${height}px` }\"\n    >\n      <div\n        x-ref=\"content\"\n        class=\"px-6 pb-4 pt-6\"\n      >\n                  <div class=\"wysiwyg backface-visibility-hidden translate-z-0 overflow-x-auto\">\n            <p>Hvis din henvendelse drejer sig om annoncer og\/eller sponsorater, er du velkommen til at skrive til <a href=\"mailto:marketing@andelenergi.dk\">marketing@andelenergi.dk<\/a>.<\/p>\n\n          <\/div>\n              <\/div>\n    <\/div>\n\n  <\/div>\n  <div\n    class=\"group mt-2 flex flex-col border border-gray-500 bg-off-white first:mt-0\"\n    x-data=\"Accordion\"\n  >\n\n    <button\n      class=\"flex items-center px-6 py-4\"\n      @click=\"toggleItem()\"\n    >\n\n      <div class=\"flex flex-1\">\n        <h3 class=\"text-left text-body-sm\">Kundeservice<\/h3>\n      <\/div>\n\n      <div\n        :class=\"{ '-rotate-180 duration-200': height !== 0, 'rotate-0 duration-200': height === 0 }\"\n        class=\"flex-none\"\n      >\n        <svg xmlns=\"http:\/\/www.w3.org\/2000\/svg\" width=\"12\" height=\"7\" viewBox=\"0 0 12 7\" class=\"inline w-[11px] h-[11px] transition-transform ease-in-out\">\n    <path d=\"M6.466 6.814l5.34-5.133a.617.617 0 0 0 0-.897l-.621-.598a.678.678 0 0 0-.932-.001L6 4.253 1.748.185a.678.678 0 0 0-.932 0l-.623.6a.617.617 0 0 0 0 .896l5.34 5.133a.679.679 0 0 0 .933 0z\" fill=\"currentColor\"\/>\n<\/svg>\n      <\/div>\n    <\/button>\n\n    <div\n      x-ref=\"wrapper\"\n      class=\"invisible h-0 overflow-hidden duration-200\"\n      :class=\"{ 'opacity-0 -translate-y-3': height === 0, 'opacity-100 translate-y-0': height !== 0 }\"\n      :style=\"{ height: `${height}px` }\"\n    >\n      <div\n        x-ref=\"content\"\n        class=\"px-6 pb-4 pt-6\"\n      >\n                  <div class=\"wysiwyg backface-visibility-hidden translate-z-0 overflow-x-auto\">\n            <p>Har du brug for hj\u00e6lp til din regning, forbrug, login eller lignende, skal du ringe til kundeservice p\u00e5 70 29 29 29 &#8211; de sidder klar til at hj\u00e6lpe dig mandag til fredag 8.30-16.00.<\/p>\n\n          <\/div>\n              <\/div>\n    <\/div>\n\n  <\/div>\n  <script type=\"application\/ld+json\">\n    {\n      \"@context\": \"https:\/\/schema.org\",\n      \"@type\": \"FAQPage\",\n      \"mainEntity\":[\n                  {\n            \"@type\": \"Question\",\n            \"name\": \"Presse\",\n            \"acceptedAnswer\": {\n              \"@type\": \"Answer\",\n              \"text\": \"<p>Ved presserelaterede henvendelser er du velkommen til at kontakte Andel-koncernens pressevagt p\u00e5 21 70 31 01.<\/p><p><img class=\\\"alignnone size-full wp-image-61198\\\" src=\\\"https:\/\/andelenergi.dk\/app\/uploads\/2022\/04\/Rasmus_Avnskjold.jpg\\\" alt=\\\"Rasmus Avnskjold, PR og presse, Andel Energi\\\" width=\\\"476\\\" height=\\\"523\\\" srcset=\\\"https:\/\/andelenergi.dk\/app\/uploads\/2022\/04\/Rasmus_Avnskjold.jpg 476w, https:\/\/andelenergi.dk\/app\/uploads\/2022\/04\/Rasmus_Avnskjold-360x396.jpg 360w, https:\/\/andelenergi.dk\/app\/uploads\/2022\/04\/Rasmus_Avnskjold-440x483.jpg 440w, https:\/\/andelenergi.dk\/app\/uploads\/2022\/04\/Rasmus_Avnskjold-137x150.jpg 137w\\\" sizes=\\\"(max-width: 476px) 100vw, 476px\\\" \/><\/p><a name=\\\"kontakt\\\"><\/a><b>Rasmus Avnskjold<\/b><br>Media Relations Manager<br><br><a style=\\\"color:#50534d; text-decoration:underline\\\" href=\\\"mailto:rba@andel.dk\\\">Send en mail<\/a><br><br>\"\n            }\n          }\n           ,                   {\n            \"@type\": \"Question\",\n            \"name\": \"Annoncer og sponsorater\",\n            \"acceptedAnswer\": {\n              \"@type\": \"Answer\",\n              \"text\": \"<p>Hvis din henvendelse drejer sig om annoncer og\/eller sponsorater, er du velkommen til at skrive til <a href=\\\"mailto:marketing@andelenergi.dk\\\">marketing@andelenergi.dk<\/a>.<\/p>\"\n            }\n          }\n           ,                   {\n            \"@type\": \"Question\",\n            \"name\": \"Kundeservice\",\n            \"acceptedAnswer\": {\n              \"@type\": \"Answer\",\n              \"text\": \"<p>Har du brug for hj\u00e6lp til din regning, forbrug, login eller lignende, skal du ringe til kundeservice p\u00e5 70 29 29 29 &#8211; de sidder klar til at hj\u00e6lpe dig mandag til fredag 8.30-16.00.<\/p>\"\n            }\n          }\n                        ]\n  }\n  <\/script>\n\n\n  \n      <\/div>\n  \n<\/section>\n<\/div>\n\n\n  \n  \n<\/section>\n<\/div>\n\n\n  \n      <\/div>\n  \n<\/section>\n","protected":false},"excerpt":{"rendered":"","protected":false},"author":14,"featured_media":0,"parent":39575,"menu_order":3,"comment_status":"closed","ping_status":"closed","template":"","meta":{"_acf_changed":false,"footnotes":""},"categories":[],"class_list":["post-60208","page","type-page","status-publish","hentry"],"acf":[],"yoast_head":"<!-- This site is optimized with the Yoast SEO Premium plugin v20.7 (Yoast SEO v20.13) - https:\/\/yoast.com\/wordpress\/plugins\/seo\/ -->\n<title>Nyheder og presse | andelenergi.dk<\/title>\n<meta name=\"description\" content=\"Se aktuelle pressemeddelelser og nyheder. Du kan ogs\u00e5 finde relevante kontaktoplysninger samt hente billeder og logoer.\" \/>\n<meta name=\"robots\" content=\"index, follow, max-snippet:-1, max-image-preview:large, max-video-preview:-1\" \/>\n<link rel=\"canonical\" href=\"https:\/\/andelenergi.dk\/om-os\/nyheder-og-presse\/\" \/>\n<meta property=\"og:locale\" content=\"da_DK\" \/>\n<meta property=\"og:type\" content=\"article\" \/>\n<meta property=\"og:title\" content=\"Nyheder og presse\" \/>\n<meta property=\"og:description\" content=\"Se aktuelle pressemeddelelser og nyheder. Du kan ogs\u00e5 finde relevante kontaktoplysninger samt hente billeder og logoer.\" \/>\n<meta property=\"og:url\" content=\"https:\/\/andelenergi.dk\/om-os\/nyheder-og-presse\/\" \/>\n<meta property=\"og:site_name\" content=\"andelenergi.dk\" \/>\n<meta property=\"article:publisher\" content=\"https:\/\/www.facebook.com\/andelenergi\" \/>\n<meta property=\"article:modified_time\" content=\"2026-08-28T10:18:30+00:00\" \/>\n<meta name=\"twitter:card\" content=\"summary_large_image\" \/>\n<script type=\"application\/ld+json\" class=\"yoast-schema-graph\">{\"@context\":\"https:\/\/schema.org\",\"@graph\":[{\"@type\":\"WebPage\",\"@id\":\"https:\/\/andelenergi.dk\/om-os\/nyheder-og-presse\/\",\"url\":\"https:\/\/andelenergi.dk\/om-os\/nyheder-og-presse\/\",\"name\":\"Nyheder og presse | andelenergi.dk\",\"isPartOf\":{\"@id\":\"https:\/\/andelenergi.dk\/#website\"},\"datePublished\":\"2022-04-11T11:45:20+00:00\",\"dateModified\":\"2026-08-28T10:18:30+00:00\",\"description\":\"Se aktuelle pressemeddelelser og nyheder. Du kan ogs\u00e5 finde relevante kontaktoplysninger samt hente billeder og logoer.\",\"breadcrumb\":{\"@id\":\"https:\/\/andelenergi.dk\/om-os\/nyheder-og-presse\/#breadcrumb\"},\"inLanguage\":\"da-DK\",\"potentialAction\":[{\"@type\":\"ReadAction\",\"target\":[\"https:\/\/andelenergi.dk\/om-os\/nyheder-og-presse\/\"]}]},{\"@type\":\"BreadcrumbList\",\"@id\":\"https:\/\/andelenergi.dk\/om-os\/nyheder-og-presse\/#breadcrumb\",\"itemListElement\":[{\"@type\":\"ListItem\",\"position\":1,\"name\":\"Home\",\"item\":\"https:\/\/andelenergi.dk\/\"},{\"@type\":\"ListItem\",\"position\":2,\"name\":\"Om os &#8211; Andel Energi\",\"item\":\"https:\/\/andelenergi.dk\/om-os\/\"},{\"@type\":\"ListItem\",\"position\":3,\"name\":\"Nyheder og presse\"}]},{\"@type\":\"WebSite\",\"@id\":\"https:\/\/andelenergi.dk\/#website\",\"url\":\"https:\/\/andelenergi.dk\/\",\"name\":\"andelenergi.dk\",\"description\":\"k\u00f8b el og gas til skarp pris\",\"potentialAction\":[{\"@type\":\"SearchAction\",\"target\":{\"@type\":\"EntryPoint\",\"urlTemplate\":\"https:\/\/andelenergi.dk\/?s={search_term_string}\"},\"query-input\":\"required name=search_term_string\"}],\"inLanguage\":\"da-DK\"}]}<\/script>\n<!-- \/ Yoast SEO Premium plugin. -->","yoast_head_json":{"title":"Nyheder og presse | andelenergi.dk","description":"Se aktuelle pressemeddelelser og nyheder. Du kan ogs\u00e5 finde relevante kontaktoplysninger samt hente billeder og logoer.","robots":{"index":"index","follow":"follow","max-snippet":"max-snippet:-1","max-image-preview":"max-image-preview:large","max-video-preview":"max-video-preview:-1"},"canonical":"https:\/\/andelenergi.dk\/om-os\/nyheder-og-presse\/","og_locale":"da_DK","og_type":"article","og_title":"Nyheder og presse","og_description":"Se aktuelle pressemeddelelser og nyheder. Du kan ogs\u00e5 finde relevante kontaktoplysninger samt hente billeder og logoer.","og_url":"https:\/\/andelenergi.dk\/om-os\/nyheder-og-presse\/","og_site_name":"andelenergi.dk","article_publisher":"https:\/\/www.facebook.com\/andelenergi","article_modified_time":"2026-08-28T10:18:30+00:00","twitter_card":"summary_large_image","schema":{"@context":"https:\/\/schema.org","@graph":[{"@type":"WebPage","@id":"https:\/\/andelenergi.dk\/om-os\/nyheder-og-presse\/","url":"https:\/\/andelenergi.dk\/om-os\/nyheder-og-presse\/","name":"Nyheder og presse | andelenergi.dk","isPartOf":{"@id":"https:\/\/andelenergi.dk\/#website"},"datePublished":"2022-04-11T11:45:20+00:00","dateModified":"2026-08-28T10:18:30+00:00","description":"Se aktuelle pressemeddelelser og nyheder. Du kan ogs\u00e5 finde relevante kontaktoplysninger samt hente billeder og logoer.","breadcrumb":{"@id":"https:\/\/andelenergi.dk\/om-os\/nyheder-og-presse\/#breadcrumb"},"inLanguage":"da-DK","potentialAction":[{"@type":"ReadAction","target":["https:\/\/andelenergi.dk\/om-os\/nyheder-og-presse\/"]}]},{"@type":"BreadcrumbList","@id":"https:\/\/andelenergi.dk\/om-os\/nyheder-og-presse\/#breadcrumb","itemListElement":[{"@type":"ListItem","position":1,"name":"Home","item":"https:\/\/andelenergi.dk\/"},{"@type":"ListItem","position":2,"name":"Om os &#8211; Andel Energi","item":"https:\/\/andelenergi.dk\/om-os\/"},{"@type":"ListItem","position":3,"name":"Nyheder og presse"}]},{"@type":"WebSite","@id":"https:\/\/andelenergi.dk\/#website","url":"https:\/\/andelenergi.dk\/","name":"andelenergi.dk","description":"k\u00f8b el og gas til skarp pris","potentialAction":[{"@type":"SearchAction","target":{"@type":"EntryPoint","urlTemplate":"https:\/\/andelenergi.dk\/?s={search_term_string}"},"query-input":"required name=search_term_string"}],"inLanguage":"da-DK"}]}},"_links":{"self":[{"href":"https:\/\/andelenergi.dk\/api\/wp\/v2\/pages\/60208","targetHints":{"allow":["GET"]}}],"collection":[{"href":"https:\/\/andelenergi.dk\/api\/wp\/v2\/pages"}],"about":[{"href":"https:\/\/andelenergi.dk\/api\/wp\/v2\/types\/page"}],"author":[{"embeddable":true,"href":"https:\/\/andelenergi.dk\/api\/wp\/v2\/users\/14"}],"replies":[{"embeddable":true,"href":"https:\/\/andelenergi.dk\/api\/wp\/v2\/comments?post=60208"}],"version-history":[{"count":3,"href":"https:\/\/andelenergi.dk\/api\/wp\/v2\/pages\/60208\/revisions"}],"predecessor-version":[{"id":294226,"href":"https:\/\/andelenergi.dk\/api\/wp\/v2\/pages\/60208\/revisions\/294226"}],"up":[{"embeddable":true,"href":"https:\/\/andelenergi.dk\/api\/wp\/v2\/pages\/39575"}],"wp:attachment":[{"href":"https:\/\/andelenergi.dk\/api\/wp\/v2\/media?parent=60208"}],"wp:term":[{"taxonomy":"category","embeddable":true,"href":"https:\/\/andelenergi.dk\/api\/wp\/v2\/categories?post=60208"}],"curies":[{"name":"wp","href":"https:\/\/api.w.org\/{rel}","templated":true}]}}