{"id":58641,"date":"2022-03-23T09:31:14","date_gmt":"2022-03-23T09:31:26","guid":{"rendered":"https:\/\/andelenergi.dk\/generelt\/ukraine-paavirker-prisen-paa-naturgas\/"},"modified":"2024-01-10T14:48:23","modified_gmt":"2024-01-10T14:48:23","slug":"ukraine-paavirker-prisen-paa-gas","status":"publish","type":"page","link":"https:\/\/andelenergi.dk\/generelt\/ukraine-paavirker-prisen-paa-gas\/","title":{"rendered":"Ukraine p\u00e5virker prisen p\u00e5 gas"},"content":{"rendered":"<section\n  class=\"core-block core-block--heading   block\"\n   id=heading-1\n  \n  \n>\n      <div class=\"inner inner--prose\">\n  \n  \n  \n<h1 class=\"wp-block-heading\" id=\"h-ukraine-krisen-pavirker-prisen-pa-gas\"><strong>Ukraine-krisen p\u00e5virker prisen p\u00e5 gas<\/strong><\/h1>\n\n\n  \n      <\/div>\n  \n<\/section>\n<section\n  class=\"core-block core-block--paragraph   block\"\n   id=paragraph-2\n  \n  \n>\n      <div class=\"inner inner--prose\">\n  \n  \n  \n<p>Energimarkederne reagerer p\u00e5 den dramatiske udvikling i Ukraine, og det har medf\u00f8rt stigende gaspriser. Baggrunden for de stigende priser er blandt andet frygt for en langvarig krise, der potentielt kan betyde, at forsyningerne bliver afbrudt. Det spiller ogs\u00e5 ind, at eventuelle internationale sanktioner vil kunne bremse Europas energihandel med Rusland.<\/p>\n\n\n  \n      <\/div>\n  \n<\/section>\n<section\n  class=\"core-block core-block--heading   block\"\n   id=heading-3\n  \n  \n>\n      <div class=\"inner inner--prose\">\n  \n  \n  \n<h4 class=\"wp-block-heading\" id=\"h-sikker-forsyning-af-gas\">Sikker forsyning af gas<\/h4>\n\n\n  \n      <\/div>\n  \n<\/section>\n<section\n  class=\"core-block core-block--paragraph   block\"\n   id=paragraph-4\n  \n  \n>\n      <div class=\"inner inner--prose\">\n  \n  \n  \n<p>Selv om situationen i Ukraine ikke er god lige nu, s\u00e5 er der if\u00f8lge Energistyrelsen ikke risiko for, at Danmark kommer til at mangle gas. Forventningen er, at vores forbrug bliver d\u00e6kket med vores forsyninger og de danske lagre. Og n\u00e5r vejret bliver varmere, bruger vi naturligt mindre gas til opvarmning.<\/p>\n\n\n  \n      <\/div>\n  \n<\/section>\n<section\n  class=\"core-block core-block--paragraph   block\"\n   id=paragraph-5\n  \n  \n>\n      <div class=\"inner inner--prose\">\n  \n  \n  \n<p>Hvis situationen skulle \u00e6ndre sig til det v\u00e6rre, er du som privat forbruger d\u00e6kket s\u00e5 lang tid som muligt. Det er en r\u00e6kke store produktionsvirksomheder, som m\u00e5 sige farvel til gasforsyningen f\u00f8rst.<\/p>\n\n\n  \n      <\/div>\n  \n<\/section>\n<section\n  class=\"core-block core-block--table   block\"\n   id=table-6\n  \n  \n>\n      <div class=\"inner inner--prose\">\n  \n  \n  \n<figure class=\"wp-block-table\"><table><thead><tr><th><strong>Kr.\/\u00e5r<\/strong><\/th><th><strong>Nyere hus (1.100 m3)<\/strong><\/th><th><strong>\u00c6ldre hus (2.400 m3)<\/strong><\/th><\/tr><\/thead><tbody><tr><td>Udgift 2021<\/td><td>12.200 kr.<\/td><td>26.000 kr.<\/td><\/tr><tr><td>Udgift 2022<\/td><td>17.800 kr.<\/td><td>38.300 kr.<\/td><\/tr><tr><td>Forskel<\/td><td>5.600 kr.<\/td><td>12.300 kr.<\/td><\/tr><\/tbody><\/table><\/figure>\n\n\n  \n      <\/div>\n  \n<\/section>\n<section\n  class=\"core-block core-block--paragraph   block\"\n   id=paragraph-7\n  \n  \n>\n      <div class=\"inner inner--prose\">\n  \n  \n  \n<p><strong>Forklaring<\/strong>: For hver kundetype er der beregnet hvad man ville have betalt i 2021 p\u00e5 en af de kortere variable kontrakter, og hvad man vil komme til at betale i 2022&nbsp;<strong>hvis gasprisen holder sig p\u00e5 det nuv\u00e6rende prisniveau<\/strong>&nbsp;(som ligger p\u00e5 ca. 10,5 kr\/m3). Der er ikke taget h\u00f8jde for yderligere prisstigninger.<\/p>\n\n\n  \n      <\/div>\n  \n<\/section>\n<section\n  class=\"core-block core-block--heading   block\"\n   id=heading-8\n  \n  \n>\n      <div class=\"inner inner--prose\">\n  \n  \n  \n<h4 class=\"wp-block-heading\" id=\"h-hvor-kober-vi-din-gas\">Hvor k\u00f8ber vi din gas?<\/h4>\n\n\n  \n      <\/div>\n  \n<\/section>\n<section\n  class=\"core-block core-block--paragraph   block\"\n   id=paragraph-9\n  \n  \n>\n      <div class=\"inner inner--prose\">\n  \n  \n  \n<p>Din gas bliver prim\u00e6rt k\u00f8bt p\u00e5 den nordiske gasb\u00f8rs, Gaspoint Nordic. Udover gasb\u00f8rsen k\u00f8ber vi ogs\u00e5 biogas fra danske biogasproducenter.<\/p>\n\n\n  \n      <\/div>\n  \n<\/section>\n<section\n  class=\"core-block core-block--paragraph   block\"\n   id=paragraph-10\n  \n  \n>\n      <div class=\"inner inner--prose\">\n  \n  \n  \n<p>Over de seneste m\u00e5neder har vi handlet v\u00e6sentligt mindre gas gennem russiske leverand\u00f8rer, og ved udgangen af marts stopper handlen helt.<\/p>\n\n\n  \n      <\/div>\n  \n<\/section>\n<section\n  class=\"core-block core-block--heading   block\"\n   id=heading-11\n  \n  \n>\n      <div class=\"inner inner--prose\">\n  \n  \n  \n<h4 class=\"wp-block-heading\" id=\"h-hvor-kommer-din-gas-fra\">Hvor kommer din gas fra?<\/h4>\n\n\n  \n      <\/div>\n  \n<\/section>\n<section\n  class=\"core-block core-block--paragraph   block\"\n   id=paragraph-12\n  \n  \n>\n      <div class=\"inner inner--prose\">\n  \n  \n  \n<p>I perioden frem til Tyrafeltet \u00e5bner igen i sensommeren 2023, importerer vi din gas fra Tyskland, som bliver blandet med op til 25 % biogas fra produktionen her i Danmark. Den gas, der kommer fra Tyskland er et mix af den gas, som flyder i hele det europ\u00e6iske gasnet, og som blandt andet kommer fra Norge, Rusland, Holland og Nordafrika.<\/p>\n\n\n  \n      <\/div>\n  \n<\/section>\n<section\n  class=\"core-block core-block--paragraph   block\"\n   id=paragraph-13\n  \n  \n>\n      <div class=\"inner inner--prose\">\n  \n  \n  \n<p>Selv om der er sk\u00e5ret ned p\u00e5 de russiske gasleverancer til Europa, s\u00e5 kan hverken vi eller andre gasleverand\u00f8rer p\u00e5 nuv\u00e6rende tidspunkt helt frav\u00e6lge gas fra Rusland, da al gas bliver blandet sammen i gasnettet. Dette kan \u00e6ndre sig, hvis EU og Storbritannien bliver enige om nye sanktioner.<\/p>\n\n\n  \n      <\/div>\n  \n<\/section>\n<section\n  class=\"core-block core-block--heading   block\"\n   id=heading-14\n  \n  \n>\n      <div class=\"inner inner--prose\">\n  \n  \n  \n<h4 class=\"wp-block-heading\" id=\"h-hvordan-kan-du-spare-pa-gassen\">Hvordan kan du spare p\u00e5 gassen?<\/h4>\n\n\n  \n      <\/div>\n  \n<\/section>\n<section\n  class=\"core-block core-block--paragraph   block\"\n   id=paragraph-15\n  \n  \n>\n      <div class=\"inner inner--prose\">\n  \n  \n  \n<p>Er dit gasfyr en rigtig energisluger? F\u00e5 gode r\u00e5d til, hvad du kan g\u00f8re for at\u00a0<a href=\"https:\/\/andelenergi.dk\/spar-energi\/spareraad-til-naturgas\/\">spare p\u00e5 gassen her<\/a>.<\/p>\n\n\n  \n      <\/div>\n  \n<\/section>\n","protected":false},"excerpt":{"rendered":"Ukraine-krisen p\u00e5virker prisen p\u00e5 gas Energimarkederne reagerer p\u00e5 den dramatiske udvikling i Ukraine, og det har medf\u00f8rt stigende gaspriser. Baggrunden for de stigende priser er blandt andet frygt for en langvarig krise, der potentielt kan betyde, at forsyningerne bliver afbrudt. Det spiller ogs\u00e5 ind, at eventuelle internationale sanktioner vil kunne bremse Europas energihandel med Rusland. &hellip; <a href=\"https:\/\/andelenergi.dk\/generelt\/ukraine-paavirker-prisen-paa-gas\/\">Continued<\/a>","protected":false},"author":27,"featured_media":0,"parent":42488,"menu_order":38,"comment_status":"closed","ping_status":"closed","template":"","meta":{"_acf_changed":false,"footnotes":""},"categories":[],"class_list":["post-58641","page","type-page","status-publish","hentry"],"acf":[],"yoast_head":"<!-- This site is optimized with the Yoast SEO Premium plugin v20.7 (Yoast SEO v20.13) - https:\/\/yoast.com\/wordpress\/plugins\/seo\/ -->\n<title>Ukraine p\u00e5virker prisen p\u00e5 gas | andelenergi.dk<\/title>\n<meta name=\"robots\" content=\"index, follow, max-snippet:-1, max-image-preview:large, max-video-preview:-1\" \/>\n<link rel=\"canonical\" href=\"https:\/\/andelenergi.dk\/generelt\/ukraine-paavirker-prisen-paa-gas\/\" \/>\n<meta property=\"og:locale\" content=\"da_DK\" \/>\n<meta property=\"og:type\" content=\"article\" \/>\n<meta property=\"og:title\" content=\"Ukraine p\u00e5virker prisen p\u00e5 gas\" \/>\n<meta property=\"og:description\" content=\"Ukraine-krisen p\u00e5virker prisen p\u00e5 gas Energimarkederne reagerer p\u00e5 den dramatiske udvikling i Ukraine, og det har medf\u00f8rt stigende gaspriser. Baggrunden for de stigende priser er blandt andet frygt for en langvarig krise, der potentielt kan betyde, at forsyningerne bliver afbrudt. Det spiller ogs\u00e5 ind, at eventuelle internationale sanktioner vil kunne bremse Europas energihandel med Rusland. &hellip; Continued\" \/>\n<meta property=\"og:url\" content=\"https:\/\/andelenergi.dk\/generelt\/ukraine-paavirker-prisen-paa-gas\/\" \/>\n<meta property=\"og:site_name\" content=\"andelenergi.dk\" \/>\n<meta property=\"article:publisher\" content=\"https:\/\/www.facebook.com\/andelenergi\" \/>\n<meta property=\"article:modified_time\" content=\"2024-01-10T14:48:23+00:00\" \/>\n<meta name=\"twitter:card\" content=\"summary_large_image\" \/>\n<meta name=\"twitter:label1\" content=\"Est. reading time\" \/>\n\t<meta name=\"twitter:data1\" content=\"3 minutes\" \/>\n<script type=\"application\/ld+json\" class=\"yoast-schema-graph\">{\"@context\":\"https:\/\/schema.org\",\"@graph\":[{\"@type\":\"WebPage\",\"@id\":\"https:\/\/andelenergi.dk\/generelt\/ukraine-paavirker-prisen-paa-gas\/\",\"url\":\"https:\/\/andelenergi.dk\/generelt\/ukraine-paavirker-prisen-paa-gas\/\",\"name\":\"Ukraine p\u00e5virker prisen p\u00e5 gas | andelenergi.dk\",\"isPartOf\":{\"@id\":\"https:\/\/andelenergi.dk\/#website\"},\"datePublished\":\"2022-03-23T09:31:26+00:00\",\"dateModified\":\"2024-01-10T14:48:23+00:00\",\"breadcrumb\":{\"@id\":\"https:\/\/andelenergi.dk\/generelt\/ukraine-paavirker-prisen-paa-gas\/#breadcrumb\"},\"inLanguage\":\"da-DK\",\"potentialAction\":[{\"@type\":\"ReadAction\",\"target\":[\"https:\/\/andelenergi.dk\/generelt\/ukraine-paavirker-prisen-paa-gas\/\"]}]},{\"@type\":\"BreadcrumbList\",\"@id\":\"https:\/\/andelenergi.dk\/generelt\/ukraine-paavirker-prisen-paa-gas\/#breadcrumb\",\"itemListElement\":[{\"@type\":\"ListItem\",\"position\":1,\"name\":\"Home\",\"item\":\"https:\/\/andelenergi.dk\/\"},{\"@type\":\"ListItem\",\"position\":2,\"name\":\"Generelt\",\"item\":\"https:\/\/andelenergi.dk\/generelt\/\"},{\"@type\":\"ListItem\",\"position\":3,\"name\":\"Ukraine p\u00e5virker prisen p\u00e5 gas\"}]},{\"@type\":\"WebSite\",\"@id\":\"https:\/\/andelenergi.dk\/#website\",\"url\":\"https:\/\/andelenergi.dk\/\",\"name\":\"andelenergi.dk\",\"description\":\"k\u00f8b el og gas til skarp pris\",\"potentialAction\":[{\"@type\":\"SearchAction\",\"target\":{\"@type\":\"EntryPoint\",\"urlTemplate\":\"https:\/\/andelenergi.dk\/?s={search_term_string}\"},\"query-input\":\"required name=search_term_string\"}],\"inLanguage\":\"da-DK\"}]}<\/script>\n<!-- \/ Yoast SEO Premium plugin. -->","yoast_head_json":{"title":"Ukraine p\u00e5virker prisen p\u00e5 gas | andelenergi.dk","robots":{"index":"index","follow":"follow","max-snippet":"max-snippet:-1","max-image-preview":"max-image-preview:large","max-video-preview":"max-video-preview:-1"},"canonical":"https:\/\/andelenergi.dk\/generelt\/ukraine-paavirker-prisen-paa-gas\/","og_locale":"da_DK","og_type":"article","og_title":"Ukraine p\u00e5virker prisen p\u00e5 gas","og_description":"Ukraine-krisen p\u00e5virker prisen p\u00e5 gas Energimarkederne reagerer p\u00e5 den dramatiske udvikling i Ukraine, og det har medf\u00f8rt stigende gaspriser. Baggrunden for de stigende priser er blandt andet frygt for en langvarig krise, der potentielt kan betyde, at forsyningerne bliver afbrudt. Det spiller ogs\u00e5 ind, at eventuelle internationale sanktioner vil kunne bremse Europas energihandel med Rusland. &hellip; Continued","og_url":"https:\/\/andelenergi.dk\/generelt\/ukraine-paavirker-prisen-paa-gas\/","og_site_name":"andelenergi.dk","article_publisher":"https:\/\/www.facebook.com\/andelenergi","article_modified_time":"2024-01-10T14:48:23+00:00","twitter_card":"summary_large_image","twitter_misc":{"Est. reading time":"3 minutes"},"schema":{"@context":"https:\/\/schema.org","@graph":[{"@type":"WebPage","@id":"https:\/\/andelenergi.dk\/generelt\/ukraine-paavirker-prisen-paa-gas\/","url":"https:\/\/andelenergi.dk\/generelt\/ukraine-paavirker-prisen-paa-gas\/","name":"Ukraine p\u00e5virker prisen p\u00e5 gas | andelenergi.dk","isPartOf":{"@id":"https:\/\/andelenergi.dk\/#website"},"datePublished":"2022-03-23T09:31:26+00:00","dateModified":"2024-01-10T14:48:23+00:00","breadcrumb":{"@id":"https:\/\/andelenergi.dk\/generelt\/ukraine-paavirker-prisen-paa-gas\/#breadcrumb"},"inLanguage":"da-DK","potentialAction":[{"@type":"ReadAction","target":["https:\/\/andelenergi.dk\/generelt\/ukraine-paavirker-prisen-paa-gas\/"]}]},{"@type":"BreadcrumbList","@id":"https:\/\/andelenergi.dk\/generelt\/ukraine-paavirker-prisen-paa-gas\/#breadcrumb","itemListElement":[{"@type":"ListItem","position":1,"name":"Home","item":"https:\/\/andelenergi.dk\/"},{"@type":"ListItem","position":2,"name":"Generelt","item":"https:\/\/andelenergi.dk\/generelt\/"},{"@type":"ListItem","position":3,"name":"Ukraine p\u00e5virker prisen p\u00e5 gas"}]},{"@type":"WebSite","@id":"https:\/\/andelenergi.dk\/#website","url":"https:\/\/andelenergi.dk\/","name":"andelenergi.dk","description":"k\u00f8b el og gas til skarp pris","potentialAction":[{"@type":"SearchAction","target":{"@type":"EntryPoint","urlTemplate":"https:\/\/andelenergi.dk\/?s={search_term_string}"},"query-input":"required name=search_term_string"}],"inLanguage":"da-DK"}]}},"_links":{"self":[{"href":"https:\/\/andelenergi.dk\/api\/wp\/v2\/pages\/58641","targetHints":{"allow":["GET"]}}],"collection":[{"href":"https:\/\/andelenergi.dk\/api\/wp\/v2\/pages"}],"about":[{"href":"https:\/\/andelenergi.dk\/api\/wp\/v2\/types\/page"}],"author":[{"embeddable":true,"href":"https:\/\/andelenergi.dk\/api\/wp\/v2\/users\/27"}],"replies":[{"embeddable":true,"href":"https:\/\/andelenergi.dk\/api\/wp\/v2\/comments?post=58641"}],"version-history":[{"count":3,"href":"https:\/\/andelenergi.dk\/api\/wp\/v2\/pages\/58641\/revisions"}],"predecessor-version":[{"id":130056,"href":"https:\/\/andelenergi.dk\/api\/wp\/v2\/pages\/58641\/revisions\/130056"}],"up":[{"embeddable":true,"href":"https:\/\/andelenergi.dk\/api\/wp\/v2\/pages\/42488"}],"wp:attachment":[{"href":"https:\/\/andelenergi.dk\/api\/wp\/v2\/media?parent=58641"}],"wp:term":[{"taxonomy":"category","embeddable":true,"href":"https:\/\/andelenergi.dk\/api\/wp\/v2\/categories?post=58641"}],"curies":[{"name":"wp","href":"https:\/\/api.w.org\/{rel}","templated":true}]}}