{"id":57029,"date":"2022-03-15T11:10:14","date_gmt":"2022-03-15T11:10:29","guid":{"rendered":"https:\/\/andelenergi.dk\/generelt\/vilkaarsaendringer-for-el\/"},"modified":"2025-03-17T08:42:53","modified_gmt":"2025-03-17T08:42:53","slug":"vilkaarsaendringer-for-el","status":"publish","type":"page","link":"https:\/\/andelenergi.dk\/generelt\/vilkaarsaendringer-for-el\/","title":{"rendered":"Vilk\u00e5rs\u00e6ndringer for el"},"content":{"rendered":"<section\n  class=\"core-block core-block--heading   block\"\n   id=heading-1\n  \n  \n>\n      <div class=\"inner inner--prose\">\n  \n  \n  \n<h1 class=\"wp-block-heading\" id=\"h-vilkarsaendringer-for-el\">Vilk\u00e5rs\u00e6ndringer for el<\/h1>\n\n\n  \n      <\/div>\n  \n<\/section>\n<section\n  class=\"core-block core-block--paragraph   block\"\n   id=paragraph-2\n  \n  \n>\n      <div class=\"inner inner--prose\">\n  \n  \n  \n<p>Vi vil gerne g\u00f8re det mere tydeligt for dig, hvorn\u00e5r vi kan \u00e6ndre din aftale med os.<\/p>\n\n\n  \n      <\/div>\n  \n<\/section>\n<section\n  class=\"core-block core-block--paragraph   block\"\n   id=paragraph-3\n  \n  \n>\n      <div class=\"inner inner--prose\">\n  \n  \n  \n<p>Andel Energi har i punkt 17 i &#8220;\u00c6ndringer&#8221; mulighed for at \u00e6ndre i priser, gebyrer og andre vilk\u00e5r i bestemte situationer. Her kan du l\u00e6se mere om, hvilke situationer det handler om. Det er desv\u00e6rre ikke muligt at lave en komplet liste over alle s\u00e5danne situationer, men nedenfor kan du se eksempler p\u00e5 nogle af de situationer, hvor vi har mulighed for at g\u00f8re det:<\/p>\n\n\n  \n      <\/div>\n  \n<\/section>\n<section\n  class=\"core-block core-block--heading   block\"\n   id=heading-4\n  \n  \n>\n      <div class=\"inner inner--prose\">\n  \n  \n  \n<h4 class=\"wp-block-heading\" id=\"h-udefrakommende-omkostninger\">Udefrakommende omkostninger<\/h4>\n\n\n  \n      <\/div>\n  \n<\/section>\n<section\n  class=\"core-block core-block--list   block\"\n   id=list-5\n  \n  \n>\n      <div class=\"inner inner--prose\">\n  \n  \n  \n<ul class=\"wp-block-list\">\n<li>Netselskaberne opkr\u00e6ver l\u00f8bende Andel Energi betaling for transportydelser mv. Omkostninger som disse bliver vi n\u00f8dt til at viderefakturere til vores kunder.<\/li>\n\n\n\n<li>Det kan ogs\u00e5 v\u00e6re omkostninger fra andre eksterne parter i forbindelse med vores levering af ydelser til vores kunder, f.eks. gebyrer for at stille betalingsl\u00f8sninger til r\u00e5dighed eller til postdistributionsselskaber og andre distribut\u00f8rer.<\/li>\n<\/ul>\n\n\n  \n      <\/div>\n  \n<\/section>\n<section\n  class=\"core-block core-block--heading   block\"\n   id=heading-8\n  \n  \n>\n      <div class=\"inner inner--prose\">\n  \n  \n  \n<h4 class=\"wp-block-heading\" id=\"h-inflation\">Inflation<\/h4>\n\n\n  \n      <\/div>\n  \n<\/section>\n<section\n  class=\"core-block core-block--list   block\"\n   id=list-9\n  \n  \n>\n      <div class=\"inner inner--prose\">\n  \n  \n  \n<ul class=\"wp-block-list\">\n<li>Hvis priserne i samfundet generelt stiger, p\u00e5virker det vores omkostninger, og vi kan derfor have behov for at regulere vores priser i takt med inflationen.<\/li>\n\n\n\n<li>Vi har valgt at s\u00e6tte priserne i samfundet pr. september 2022 til indeks 100 og kan ud fra det tilpasse vores priser i overensstemmelse med den generelle prisudvikling i samfundet.<\/li>\n\n\n\n<li>Hvis vi \u00e6ndrer prisen, vil vi \u00e6ndre den ud fra et eller flere af de g\u00e6ngse prisindeks, der udarbejdes af anerkendte eksterne institutioner.<\/li>\n<\/ul>\n\n\n  \n      <\/div>\n  \n<\/section>\n<section\n  class=\"core-block core-block--heading   block\"\n   id=heading-13\n  \n  \n>\n      <div class=\"inner inner--prose\">\n  \n  \n  \n<h4 class=\"wp-block-heading\" id=\"h-aendret-lovgivning-regulering-eller-praksis\">\u00c6ndret lovgivning, regulering eller praksis<\/h4>\n\n\n  \n      <\/div>\n  \n<\/section>\n<section\n  class=\"core-block core-block--list   block\"\n   id=list-14\n  \n  \n>\n      <div class=\"inner inner--prose\">\n  \n  \n  \n<ul class=\"wp-block-list\">\n<li>Energiomr\u00e5det er reguleret af lovgivning og andre regler, og der sker hyppigt \u00e6ndringer heraf.<\/li>\n\n\n\n<li>S\u00e5danne \u00e6ndringer eller fx en ny retspraksis eller administrativ praksis kan g\u00f8re, at vi bliver n\u00f8dt til at \u00e6ndre i vilk\u00e5rene.<\/li>\n<\/ul>\n\n\n  \n      <\/div>\n  \n<\/section>\n<section\n  class=\"core-block core-block--heading   block\"\n   id=heading-17\n  \n  \n>\n      <div class=\"inner inner--prose\">\n  \n  \n  \n<h4 class=\"wp-block-heading\" id=\"h-produktaendringer\">Produkt\u00e6ndringer<\/h4>\n\n\n  \n      <\/div>\n  \n<\/section>\n<section\n  class=\"core-block core-block--list   block\"\n   id=list-18\n  \n  \n>\n      <div class=\"inner inner--prose\">\n  \n  \n  \n<ul class=\"wp-block-list\">\n<li>En \u00e6ndring af et af Andel Energis produkter kan f.eks. skyldes, at de grundl\u00e6ggende foruds\u00e6tninger for produktet er \u00e6ndret. Det kan f.eks. v\u00e6re p\u00e5 grund af \u00e6ndret lovgivning, \u00e6ndrede kunde\u00f8nsker, konkurrencem\u00e6ssige forhold eller forhold omkring b\u00f8rsindekset for en variabel pris.<\/li>\n\n\n\n<li>Det kan ogs\u00e5 skyldes, at eftersp\u00f8rgslen ikke l\u00e6ngere giver grundlag for at udbyde et produkt i dets nuv\u00e6rende form.<\/li>\n<\/ul>\n\n\n  \n      <\/div>\n  \n<\/section>\n<section\n  class=\"core-block core-block--heading   block\"\n   id=heading-21\n  \n  \n>\n      <div class=\"inner inner--prose\">\n  \n  \n  \n<h4 class=\"wp-block-heading\" id=\"h-incitament-til-at-reducere-aendre-flytte-energiforbruget-eller-incitament-til-en-mere-effektiv-kundeadfaerd\">Incitament til at reducere, \u00e6ndre\/flytte energiforbruget eller incitament til en mere effektiv kundeadf\u00e6rd<\/h4>\n\n\n  \n      <\/div>\n  \n<\/section>\n<section\n  class=\"core-block core-block--list   block\"\n   id=list-22\n  \n  \n>\n      <div class=\"inner inner--prose\">\n  \n  \n  \n<ul class=\"wp-block-list\">\n<li>Vi bestr\u00e6ber os p\u00e5 at nedbringe kundernes energiforbrug. Det g\u00f8r vi blandt andet pga. milj\u00f8hensyn, global opvarmning og vores samfundsansvar.<\/li>\n\n\n\n<li>Vi analyserer derfor l\u00f8bende, om vi kan hj\u00e6lpe samfundet og vores kunder med at reducere energiforbruget.<\/li>\n\n\n\n<li>Det kan s\u00e5ledes v\u00e6re relevant at \u00e6ndre i vilk\u00e5rene f.eks. for at styre energiforbruget til at ligge p\u00e5 tidspunkter, som giver en samfunds\u00f8konomisk gevinst.<\/li>\n\n\n\n<li>Administrationen af kundeaftaler eller s\u00e6rlige services, som er forbundet hermed, kan give os interne eller eksterne omkostninger, der kan henf\u00f8res direkte til levering i henhold til kundeaftalerne. I den forbindelse kan det v\u00e6re n\u00f8dvendigt at lave \u00e6ndringer, som skaber incitament for vores kunder til at v\u00e6lge \u00f8konomisk mere effektive l\u00f8sninger.<\/li>\n<\/ul>\n\n\n  \n      <\/div>\n  \n<\/section>\n<section\n  class=\"core-block core-block--paragraph   block\"\n   id=paragraph-27\n  \n  \n>\n      <div class=\"inner inner--prose\">\n  \n  \n  \n<p>Som kunde hos os vil du selvf\u00f8lgelig altid blive orienteret i overensstemmelse med de regler, der g\u00e6lder, hvis det bliver aktuelt at \u00e6ndre i vilk\u00e5rene, se f.eks. punkt 17 i &#8220;\u00c6ndringer&#8221;.<\/p>\n\n\n  \n      <\/div>\n  \n<\/section>\n<section\n  class=\"core-block core-block--paragraph   block\"\n   id=paragraph-28\n  \n  \n>\n      <div class=\"inner inner--prose\">\n  \n  \n  \n<p>Har du sp\u00f8rgsm\u00e5l til de \u00e6ndringer, som vi kan foretage eller til situationerne beskrevet ovenfor, s\u00e5 ring til os p\u00e5 70 29 29 29.<\/p>\n\n\n  \n      <\/div>\n  \n<\/section>\n","protected":false},"excerpt":{"rendered":"Vilk\u00e5rs\u00e6ndringer for el Vi vil gerne g\u00f8re det mere tydeligt for dig, hvorn\u00e5r vi kan \u00e6ndre din aftale med os. Andel Energi har i punkt 17 i &#8220;\u00c6ndringer&#8221; mulighed for at \u00e6ndre i priser, gebyrer og andre vilk\u00e5r i bestemte situationer. Her kan du l\u00e6se mere om, hvilke situationer det handler om. Det er desv\u00e6rre &hellip; <a href=\"https:\/\/andelenergi.dk\/generelt\/vilkaarsaendringer-for-el\/\">Continued<\/a>","protected":false},"author":27,"featured_media":0,"parent":42488,"menu_order":36,"comment_status":"closed","ping_status":"closed","template":"","meta":{"_acf_changed":false,"footnotes":""},"categories":[],"class_list":["post-57029","page","type-page","status-publish","hentry"],"acf":[],"yoast_head":"<!-- This site is optimized with the Yoast SEO Premium plugin v20.7 (Yoast SEO v20.13) - https:\/\/yoast.com\/wordpress\/plugins\/seo\/ -->\n<title>Vilk\u00e5rs\u00e6ndringer for el | andelenergi.dk<\/title>\n<meta name=\"robots\" content=\"index, follow, max-snippet:-1, max-image-preview:large, max-video-preview:-1\" \/>\n<link rel=\"canonical\" href=\"https:\/\/andelenergi.dk\/generelt\/vilkaarsaendringer-for-el\/\" \/>\n<meta property=\"og:locale\" content=\"da_DK\" \/>\n<meta property=\"og:type\" content=\"article\" \/>\n<meta property=\"og:title\" content=\"Vilk\u00e5rs\u00e6ndringer for el\" \/>\n<meta property=\"og:description\" content=\"Vilk\u00e5rs\u00e6ndringer for el Vi vil gerne g\u00f8re det mere tydeligt for dig, hvorn\u00e5r vi kan \u00e6ndre din aftale med os. Andel Energi har i punkt 17 i &#8220;\u00c6ndringer&#8221; mulighed for at \u00e6ndre i priser, gebyrer og andre vilk\u00e5r i bestemte situationer. Her kan du l\u00e6se mere om, hvilke situationer det handler om. Det er desv\u00e6rre &hellip; Continued\" \/>\n<meta property=\"og:url\" content=\"https:\/\/andelenergi.dk\/generelt\/vilkaarsaendringer-for-el\/\" \/>\n<meta property=\"og:site_name\" content=\"andelenergi.dk\" \/>\n<meta property=\"article:publisher\" content=\"https:\/\/www.facebook.com\/andelenergi\" \/>\n<meta property=\"article:modified_time\" content=\"2025-03-17T08:42:53+00:00\" \/>\n<meta name=\"twitter:card\" content=\"summary_large_image\" \/>\n<meta name=\"twitter:label1\" content=\"Est. reading time\" \/>\n\t<meta name=\"twitter:data1\" content=\"3 minutes\" \/>\n<script type=\"application\/ld+json\" class=\"yoast-schema-graph\">{\"@context\":\"https:\/\/schema.org\",\"@graph\":[{\"@type\":\"WebPage\",\"@id\":\"https:\/\/andelenergi.dk\/generelt\/vilkaarsaendringer-for-el\/\",\"url\":\"https:\/\/andelenergi.dk\/generelt\/vilkaarsaendringer-for-el\/\",\"name\":\"Vilk\u00e5rs\u00e6ndringer for el | andelenergi.dk\",\"isPartOf\":{\"@id\":\"https:\/\/andelenergi.dk\/#website\"},\"datePublished\":\"2022-03-15T11:10:29+00:00\",\"dateModified\":\"2025-03-17T08:42:53+00:00\",\"breadcrumb\":{\"@id\":\"https:\/\/andelenergi.dk\/generelt\/vilkaarsaendringer-for-el\/#breadcrumb\"},\"inLanguage\":\"da-DK\",\"potentialAction\":[{\"@type\":\"ReadAction\",\"target\":[\"https:\/\/andelenergi.dk\/generelt\/vilkaarsaendringer-for-el\/\"]}]},{\"@type\":\"BreadcrumbList\",\"@id\":\"https:\/\/andelenergi.dk\/generelt\/vilkaarsaendringer-for-el\/#breadcrumb\",\"itemListElement\":[{\"@type\":\"ListItem\",\"position\":1,\"name\":\"Home\",\"item\":\"https:\/\/andelenergi.dk\/\"},{\"@type\":\"ListItem\",\"position\":2,\"name\":\"Generelt\",\"item\":\"https:\/\/andelenergi.dk\/generelt\/\"},{\"@type\":\"ListItem\",\"position\":3,\"name\":\"Vilk\u00e5rs\u00e6ndringer for el\"}]},{\"@type\":\"WebSite\",\"@id\":\"https:\/\/andelenergi.dk\/#website\",\"url\":\"https:\/\/andelenergi.dk\/\",\"name\":\"andelenergi.dk\",\"description\":\"k\u00f8b el og gas til skarp pris\",\"potentialAction\":[{\"@type\":\"SearchAction\",\"target\":{\"@type\":\"EntryPoint\",\"urlTemplate\":\"https:\/\/andelenergi.dk\/?s={search_term_string}\"},\"query-input\":\"required name=search_term_string\"}],\"inLanguage\":\"da-DK\"}]}<\/script>\n<!-- \/ Yoast SEO Premium plugin. -->","yoast_head_json":{"title":"Vilk\u00e5rs\u00e6ndringer for el | andelenergi.dk","robots":{"index":"index","follow":"follow","max-snippet":"max-snippet:-1","max-image-preview":"max-image-preview:large","max-video-preview":"max-video-preview:-1"},"canonical":"https:\/\/andelenergi.dk\/generelt\/vilkaarsaendringer-for-el\/","og_locale":"da_DK","og_type":"article","og_title":"Vilk\u00e5rs\u00e6ndringer for el","og_description":"Vilk\u00e5rs\u00e6ndringer for el Vi vil gerne g\u00f8re det mere tydeligt for dig, hvorn\u00e5r vi kan \u00e6ndre din aftale med os. Andel Energi har i punkt 17 i &#8220;\u00c6ndringer&#8221; mulighed for at \u00e6ndre i priser, gebyrer og andre vilk\u00e5r i bestemte situationer. Her kan du l\u00e6se mere om, hvilke situationer det handler om. Det er desv\u00e6rre &hellip; Continued","og_url":"https:\/\/andelenergi.dk\/generelt\/vilkaarsaendringer-for-el\/","og_site_name":"andelenergi.dk","article_publisher":"https:\/\/www.facebook.com\/andelenergi","article_modified_time":"2025-03-17T08:42:53+00:00","twitter_card":"summary_large_image","twitter_misc":{"Est. reading time":"3 minutes"},"schema":{"@context":"https:\/\/schema.org","@graph":[{"@type":"WebPage","@id":"https:\/\/andelenergi.dk\/generelt\/vilkaarsaendringer-for-el\/","url":"https:\/\/andelenergi.dk\/generelt\/vilkaarsaendringer-for-el\/","name":"Vilk\u00e5rs\u00e6ndringer for el | andelenergi.dk","isPartOf":{"@id":"https:\/\/andelenergi.dk\/#website"},"datePublished":"2022-03-15T11:10:29+00:00","dateModified":"2025-03-17T08:42:53+00:00","breadcrumb":{"@id":"https:\/\/andelenergi.dk\/generelt\/vilkaarsaendringer-for-el\/#breadcrumb"},"inLanguage":"da-DK","potentialAction":[{"@type":"ReadAction","target":["https:\/\/andelenergi.dk\/generelt\/vilkaarsaendringer-for-el\/"]}]},{"@type":"BreadcrumbList","@id":"https:\/\/andelenergi.dk\/generelt\/vilkaarsaendringer-for-el\/#breadcrumb","itemListElement":[{"@type":"ListItem","position":1,"name":"Home","item":"https:\/\/andelenergi.dk\/"},{"@type":"ListItem","position":2,"name":"Generelt","item":"https:\/\/andelenergi.dk\/generelt\/"},{"@type":"ListItem","position":3,"name":"Vilk\u00e5rs\u00e6ndringer for el"}]},{"@type":"WebSite","@id":"https:\/\/andelenergi.dk\/#website","url":"https:\/\/andelenergi.dk\/","name":"andelenergi.dk","description":"k\u00f8b el og gas til skarp pris","potentialAction":[{"@type":"SearchAction","target":{"@type":"EntryPoint","urlTemplate":"https:\/\/andelenergi.dk\/?s={search_term_string}"},"query-input":"required name=search_term_string"}],"inLanguage":"da-DK"}]}},"_links":{"self":[{"href":"https:\/\/andelenergi.dk\/api\/wp\/v2\/pages\/57029","targetHints":{"allow":["GET"]}}],"collection":[{"href":"https:\/\/andelenergi.dk\/api\/wp\/v2\/pages"}],"about":[{"href":"https:\/\/andelenergi.dk\/api\/wp\/v2\/types\/page"}],"author":[{"embeddable":true,"href":"https:\/\/andelenergi.dk\/api\/wp\/v2\/users\/27"}],"replies":[{"embeddable":true,"href":"https:\/\/andelenergi.dk\/api\/wp\/v2\/comments?post=57029"}],"version-history":[{"count":3,"href":"https:\/\/andelenergi.dk\/api\/wp\/v2\/pages\/57029\/revisions"}],"predecessor-version":[{"id":214082,"href":"https:\/\/andelenergi.dk\/api\/wp\/v2\/pages\/57029\/revisions\/214082"}],"up":[{"embeddable":true,"href":"https:\/\/andelenergi.dk\/api\/wp\/v2\/pages\/42488"}],"wp:attachment":[{"href":"https:\/\/andelenergi.dk\/api\/wp\/v2\/media?parent=57029"}],"wp:term":[{"taxonomy":"category","embeddable":true,"href":"https:\/\/andelenergi.dk\/api\/wp\/v2\/categories?post=57029"}],"curies":[{"name":"wp","href":"https:\/\/api.w.org\/{rel}","templated":true}]}}