{"id":44572,"date":"2022-01-04T14:18:46","date_gmt":"2022-01-04T14:18:55","guid":{"rendered":"https:\/\/prod.andelenergi.dk\/erhverv\/kundeservice\/flytning-udlejning\/"},"modified":"2025-08-26T07:48:51","modified_gmt":"2025-08-26T07:48:51","slug":"flytning-udlejning","status":"publish","type":"page","link":"https:\/\/andelenergi.dk\/erhverv\/kundeservice\/flytning\/flytning-udlejning\/","title":{"rendered":"Flytning udlejning"},"content":{"rendered":"<section\n  class=\"core-block core-block--heading   block\"\n   id=heading-1\n  \n  \n>\n      <div class=\"inner inner--prose\">\n  \n  \n  \n<h1 class=\"wp-block-heading\" id=\"h-skal-dine-lejere-flytte-ind-eller-ud\">Skal dine lejere flytte ind eller ud?<\/h1>\n\n\n  \n      <\/div>\n  \n<\/section>\n<section\n  class=\"core-block core-block--paragraph   block\"\n   id=paragraph-2\n  \n  \n>\n      <div class=\"inner inner--prose\">\n  \n  \n  \n<p>Er du administrator for en offentlig eller privat udlejningsejendom, kan du melde flytning for dine lejere. Et par hurtige sp\u00f8rgsm\u00e5l, s\u00e5 har din lejer Andel Energi med i flyttevognen. Du kan tilmelde lejer el eller gas eller begge dele p\u00e5 den nye adresse.<\/p>\n\n\n  \n      <\/div>\n  \n<\/section>\n<section\n  class=\"acf-block acf-block--form has-background text-black mt-12 lg:mt-14 mb-12 lg:mb-14  block\"\n   id=form-3\n  \n  \n>\n      <div class=\"inner inner--prose\">\n  \n      <div\n      class=\"inner-bg  bg-beige-500 px-4 sm:px-6 lg:px-8 py-12 lg:py-16\"\n      \n    >\n  \n  <div class=\"inner--px-remove\">\n    <div class=\"inner inner--prose\">\n              <div class=\"mb-8\">\n          <h2 class=\"heading-3\">\n  Meld flytning for din lejer\n  <\/h2>\n        <\/div>\n      \n      <div class=\"wpforms-container \" id=\"wpforms-206653\"><form id=\"wpforms-form-206653\" class=\"wpforms-validate wpforms-form\" data-formid=\"206653\" method=\"post\" enctype=\"multipart\/form-data\" action=\"\/api\/wp\/v2\/pages\/44572\" data-token=\"5f45aa1a0d4e146c817f343858053a8f\"><noscript class=\"wpforms-error-noscript\">Please enable JavaScript in your browser to complete this form.<\/noscript><div class=\"wpforms-field-container\"><div id=\"wpforms-206653-field_66-container\" class=\"wpforms-field wpforms-field-select wpforms-conditional-trigger wpforms-field-select-style-classic\" data-field-id=\"66\"><label class=\"wpforms-field-label\" for=\"wpforms-206653-field_66\">Jeg skal <span class=\"wpforms-required-label\">*<\/span><\/label><select id=\"wpforms-206653-field_66\" class=\"wpforms-field-medium wpforms-field-required\" name=\"wpforms[fields][66]\" required=\"required\"><option value=\"\" ><\/option><option value=\"tilmelde en privatkunde\" >tilmelde en privatkunde<\/option><option value=\"tilmelde en erhvervskunde\" >tilmelde en erhvervskunde<\/option><\/select><\/div><div id=\"wpforms-206653-field_69-container\" class=\"wpforms-field wpforms-field-select wpforms-conditional-field wpforms-conditional-show wpforms-conditional-trigger wpforms-field-select-style-classic\" data-field-id=\"69\" style=\"display:none;\"><label class=\"wpforms-field-label\" for=\"wpforms-206653-field_69\">Min lejer skal have en <span class=\"wpforms-required-label\">*<\/span><\/label><select id=\"wpforms-206653-field_69\" class=\"wpforms-field-medium wpforms-field-required\" name=\"wpforms[fields][69]\" required=\"required\"><option value=\"\" ><\/option><option value=\"elaftale\" >elaftale<\/option><option value=\"gasaftale\" >gasaftale<\/option><option value=\"el- og gasaftale\" >el- og gasaftale<\/option><\/select><\/div><div id=\"wpforms-206653-field_75-container\" class=\"wpforms-field wpforms-field-html wpforms-conditional-field wpforms-conditional-show\" data-field-id=\"75\" style=\"display:none;\"><div id=\"wpforms-206653-field_75\" data-msg-required=\"This field is required\"><div>\r\n<h4><strong>Du er ved at bestille str\u00f8m fra Andel Energi til din lejer<\/strong><\/h4>\r\n\r\n<p>De bliver tilmeldt <strong><a class=\"pum-trigger popmake-39187\">FlexEnergi<\/a><\/strong>, vores elaftale, der passer til de flestes behov.<\/p>\r\n<\/div>\r\n<br>\r\n<h4 class=\"mobile-header\">Om FlexEnergi<\/h4>\r\n    <li class=\"usp-list\"><span><strong>Priser:<\/strong><\/span><br><span class=\"ost-vest\">\u00d8st for Storeb\u00e6lt:<\/span><br><span>  88,71 \u00f8re\/kWh inkl. moms.<\/span><br><a class=\"pum-trigger popmake-241682\">Se prisen i detaljer<\/a><br><br><span class=\"ost-vest\">Vest for Storeb\u00e6lt:<\/span><br><span> \r\n 92,27 \u00f8re\/kWh inkl. moms.<\/span><br><a class=\"pum-trigger popmake-241664\">  Se prisen i detaljer<\/a><\/li> \r\n    <li class=\"usp-list\"><span>20 kr. pr. m\u00e5ned i elabonnement<\/span><\/li> \r\n    <li class=\"usp-list\"><a class=\"popmake-69113 pum-trigger\">Ingen binding.<\/a><\/li>\r\n\r\n<p style=\"margin-top: 2ch;\">Bem\u00e6rk, at priserne er ekskl. distribution og energiafgifter, som fremg\u00e5r af netselskabets hjemmeside.<\/p><\/div><\/div><div id=\"wpforms-206653-field_109-container\" class=\"wpforms-field wpforms-field-html wpforms-conditional-field wpforms-conditional-show\" data-field-id=\"109\" style=\"display:none;\"><div id=\"wpforms-206653-field_109\" data-msg-required=\"This field is required\"><div>\r\n<h4><strong>Du er ved at bestille str\u00f8m fra Andel Energi til din lejer<\/strong><\/h4>\r\n\r\n<p>Din lejer bliver tilmeldt <strong>FlexEnergi Erhverv<\/strong>.<\/p>\r\n<\/div>\r\n<br>\r\n<h4 class=\"mobile-header\">Om FlexEnergi Erhverv<\/h4>\r\n    <li class=\"usp-list\"><span><strong>Priser:<\/strong><\/span><br><span class=\"ost-vest\">\u00d8st for Storeb\u00e6lt:<\/span><br><span>  70,97 \u00f8re\/kWh ekskl. moms.<\/span><br><a class=\"pum-trigger popmake-244812\">Se prisen i detaljer<\/a><br><br><span class=\"ost-vest\">Vest for Storeb\u00e6lt:<\/span><br><span> \r\n 73,81 \u00f8re\/kWh ekskl. moms.<\/span><br><a class=\"pum-trigger popmake-244810\">  Se prisen i detaljer<\/a><\/li> \r\n    <li class=\"usp-list\"><span>15,20 kr. pr. m\u00e5ned i elabonnement<\/span><\/li> \r\n    <li class=\"usp-list\"><a class=\"popmake-127681 pum-trigger\">Din lejer kan opsige sin aftale med 1 m\u00e5neds varsel til udgangen af en m\u00e5ned.<\/a><\/li>\r\n\r\n<p style=\"margin-top: 2ch;\">Bem\u00e6rk, at priserne er ekskl. distribution og energiafgifter, som fremg\u00e5r af netselskabets hjemmeside.<\/p><\/div><\/div><div id=\"wpforms-206653-field_76-container\" class=\"wpforms-field wpforms-field-html wpforms-conditional-field wpforms-conditional-show\" data-field-id=\"76\" style=\"display:none;\"><div id=\"wpforms-206653-field_76\" data-msg-required=\"This field is required\"><div>\r\n<h4><strong>Du er ved at bestille gas fra Andel Energi til din lejer<\/strong><\/h4>\r\n\r\n<p>Din lejer bliver tilmeldt <strong><a class=\"pum-trigger popmake-69113\">M\u00e5nedsGas<\/a><\/strong>, vores mest popul\u00e6re gasaftale, der passer til de flestes behov.<\/p>\r\n<\/div>\r\n<br>\r\n<h4 class=\"mobile-header\">Om M\u00e5nedsGas<\/h4>\r\n    <li class=\"usp-list\"><span>Gaspris: 6,64 kr\/m3 inkl. moms.<\/span><br><a class=\"pum-trigger popmake-60738\"> \r\nSe prisen i detaljer<\/a><\/li> \r\n    <li class=\"usp-list\"><span>20 kr. pr. m\u00e5ned i gasabonnement<\/span><\/li> \r\n\r\n    <li class=\"usp-list\"><span><a class=\"popmake-69113 pum-trigger\">5 m\u00e5neders<\/a> binding.<\/span><\/li>\r\n<p style=\"margin-top: 2ch;\">Bem\u00e6rk, at gasprisen er ekskl. distribution og energiafgifter, som fremg\u00e5r af distributionsselskabets hjemmeside.<\/p><\/div><\/div><div id=\"wpforms-206653-field_110-container\" class=\"wpforms-field wpforms-field-html wpforms-conditional-field wpforms-conditional-show\" data-field-id=\"110\" style=\"display:none;\"><div id=\"wpforms-206653-field_110\" data-msg-required=\"This field is required\"><div>\r\n<h4><strong>Du er ved at bestille gas fra Andel Energi til din lejer<\/strong><\/h4>\r\n\r\n<p>Din lejer bliver tilmeldt <strong>M\u00e5nedsGas Erhverv<\/strong>.<\/p>\r\n<\/div>\r\n<br>\r\n<h4 class=\"mobile-header\">Om M\u00e5nedsGas Erhverv<\/h4>\r\n    <li class=\"usp-list\"><span>Gaspris: 5,55 kr\/m3 ekskl. moms.<\/span><br><a class=\"pum-trigger popmake-137352\"> \r\nSe prisen i detaljer<\/a><\/li> \r\n    <li class=\"usp-list\"><span>15,20 kr. pr. m\u00e5ned i gasabonnement<\/span><\/li> \r\n\r\n    <li class=\"usp-list\"><span><a class=\"popmake-137355 pum-trigger\">Din lejer kan opsige sin aftale med 1 m\u00e5neds varsel til udgangen af en m\u00e5ned<\/a>.<\/span><\/li>\r\n<p style=\"margin-top: 2ch;\">Bem\u00e6rk, at gasprisen er ekskl. distribution og energiafgifter, som fremg\u00e5r af distributionsselskabets hjemmeside.<\/p><\/div><\/div><div id=\"wpforms-206653-field_77-container\" class=\"wpforms-field wpforms-field-html wpforms-conditional-field wpforms-conditional-show\" data-field-id=\"77\" style=\"display:none;\"><div id=\"wpforms-206653-field_77\" data-msg-required=\"This field is required\"><div class=\"introtekst\">\r\n<h4><strong>Du er ved at bestille el- og gas fra Andel Energi til din lejer<\/strong><\/h4>\r\n<p style=\"margin-top: 0.5ch;\">De bliver tilmeldt <strong><a class=\"pum-trigger popmake-39187\">FlexEnergi<\/a><\/strong> og <strong><a class=\"popmake-69113 pum-trigger\">M\u00e5nedsgas<\/a><\/strong>. Vores aftaler, der passer til langt de flestes forbrug.<\/p>\r\n<\/div>\r\n  <div class=\"produkter-container\">\r\n    <div class=\"produktnavn-column\">\r\n      <p style=\"text-align: center; margin: 0 auto;\">\r\n        <strong>Om FlexEnergi<\/strong>\r\n      <\/p>\r\n    <\/div>\r\n    <div class=\"produktnavn-column\">\r\n      <p style=\"text-align: center; margin: 0 auto;\">\r\n        <strong>Om M\u00e5nedsgas<\/strong>\r\n      <\/p>      \r\n    <\/div>\r\n<\/div>\r\n<div class=\"usp-container\">\r\n  <div class=\"usp-column\">\r\n    <h4 class=\"mobile-header\">Om FlexEnergi<\/h4>\r\n    <li class=\"usp-list\"><span><strong>Elpriser:<\/strong><\/span><br><span class=\"ost-vest\">\u00d8st for Storeb\u00e6lt:<\/span><br><span>  88,71 \u00f8re\/kWh inkl. moms.<\/span><br><a class=\"pum-trigger popmake-241682\">Se prisen i detaljer<\/a><br><br><span class=\"ost-vest\">Vest for Storeb\u00e6lt:<\/span><br><span> \r\n 92,27 \u00f8re\/kWh inkl. moms.<\/span><br><a class=\"pum-trigger popmake-241664\">  Se prisen i detaljer<\/a><\/li> \r\n    <li class=\"usp-list\"><span>20 kr. pr. m\u00e5ned i elabonnement<\/span><\/li> \r\n    <li class=\"usp-list\"><a class=\"popmake-69113 pum-trigger\">Ingen binding.<\/a><\/li>\r\n  <\/div>\r\n  <div class=\"usp-column\">\r\n    <h4 class=\"mobile-header\">Om M\u00e5nedsGas<\/h4>\r\n    <li class=\"usp-list\"><span><strong>Gaspris:<\/strong><\/span><br> \r\n<span>  6,64 kr\/m3 inkl. moms.<\/span><br><a class=\"pum-trigger popmake-60738\"> \r\nSe prisen i detaljer<\/a><\/li> \r\n    <li class=\"usp-list\"><span>20 kr. pr. m\u00e5ned i gasabonnement<\/span><\/li> \r\n\r\n    <li class=\"usp-list\"><span>Du binder dig i <a class=\"popmake-69113 pum-trigger\">5 m\u00e5neder<\/a>.<\/span><\/li>\r\n  <\/div>\r\n<\/div>\r\n<br>\r\n<p class=\"introtekst\" style=\"margin-top: 2ch;\">Bem\u00e6rk, at priserne er ekskl. distribution og energiafgifter, som fremg\u00e5r af net- og distributionsselskabets hjemmeside.<\/p><\/div><\/div><div id=\"wpforms-206653-field_111-container\" class=\"wpforms-field wpforms-field-html wpforms-conditional-field wpforms-conditional-show\" data-field-id=\"111\" style=\"display:none;\"><div id=\"wpforms-206653-field_111\" data-msg-required=\"This field is required\"><div class=\"introtekst\">\r\n<h4><strong>Du er ved at bestille el- og gas fra Andel Energi til din lejer<\/strong><\/h4>\r\n<p style=\"margin-top: 0.5ch;\">Din lejer bliver tilmeldt <strong>FlexEnergi Erhverv<\/strong> og <strong>M\u00e5nedsgas Erhverv<\/strong>.<\/p>\r\n<\/div>\r\n  <div class=\"produkter-container\">\r\n    <div class=\"produktnavn-column\">\r\n      <p style=\"text-align: center; margin: 0 auto;\">\r\n        <strong>Om FlexEnergi Erhverv<\/strong>\r\n      <\/p>\r\n    <\/div>\r\n    <div class=\"produktnavn-column\">\r\n      <p style=\"text-align: center; margin: 0 auto;\">\r\n        <strong>Om M\u00e5nedsgas Erhverv<\/strong>\r\n      <\/p>      \r\n    <\/div>\r\n<\/div>\r\n<div class=\"usp-container\">\r\n  <div class=\"usp-column\">\r\n    <h4 class=\"mobile-header\">Om FlexEnergi Erhverv<\/h4>\r\n    <li class=\"usp-list\"><span><strong>Elpriser:<\/strong><\/span><br><span class=\"ost-vest\">\u00d8st for Storeb\u00e6lt:<\/span><br><span>  70,97 \u00f8re\/kWh ekskl. moms.<\/span><br><a class=\"pum-trigger popmake-244812\">Se prisen i detaljer<\/a><br><br><span class=\"ost-vest\">Vest for Storeb\u00e6lt:<\/span><br><span> \r\n 73,81 \u00f8re\/kWh ekskl. moms.<\/span><br><a class=\"pum-trigger popmake-244810\">  Se prisen i detaljer<\/a><\/li> \r\n    <li class=\"usp-list\"><span>15,20 kr. pr. m\u00e5ned i elabonnement<\/span><\/li> \r\n    <li class=\"usp-list\"><a class=\"popmake-127681 pum-trigger\">Din lejer kan opsige sin aftale med 1 m\u00e5neds varsel til udgangen af en m\u00e5ned.<\/a><\/li>\r\n  <\/div>\r\n  <div class=\"usp-column\">\r\n    <h4 class=\"mobile-header\">Om M\u00e5nedsGas Erhverv<\/h4>\r\n    <li class=\"usp-list\"><span><strong>Gaspris:<\/strong><\/span><br> \r\n<span>  5,55 kr\/m3 ekskl. moms.<\/span><br><a class=\"pum-trigger popmake-137352\"> \r\nSe prisen i detaljer<\/a><\/li> \r\n    <li class=\"usp-list\"><span>15,20 kr. pr. m\u00e5ned i gasabonnement<\/span><\/li> \r\n\r\n    <li class=\"usp-list\"><span><a class=\"popmake-137355 pum-trigger\">Din lejer kan opsige sin aftale med 1 m\u00e5neds varsel til udgangen af en m\u00e5ned<\/a>.<\/span><\/li>\r\n  <\/div>\r\n<\/div>\r\n<br>\r\n<p class=\"introtekst\" style=\"margin-top: 2ch;\">Bem\u00e6rk, at priserne er ekskl. distribution og energiafgifter, som fremg\u00e5r af net- og distributionsselskabets hjemmeside.<\/p><\/div><\/div><div id=\"wpforms-206653-field_103-container\" class=\"wpforms-field wpforms-field-html wpforms-conditional-field wpforms-conditional-show\" data-field-id=\"103\" style=\"display:none;\"><div id=\"wpforms-206653-field_103\" data-msg-required=\"This field is required\"><br \/>\r\n<h4>Lejers oplysninger<\/h4><\/div><\/div><div id=\"wpforms-206653-field_79-container\" class=\"wpforms-field wpforms-field-text wpforms-conditional-field wpforms-conditional-show\" data-field-id=\"79\" style=\"display:none;\"><label class=\"wpforms-field-label\" for=\"wpforms-206653-field_79\">Lejers fulde navn <span class=\"wpforms-required-label\">*<\/span><\/label><input type=\"text\" id=\"wpforms-206653-field_79\" class=\"wpforms-field-medium wpforms-field-required\" data-msg-required=\"Husk at udfylde dette felt\" name=\"wpforms[fields][79]\" required><div class=\"wpforms-field-description\"><a href=\"#\" class=\"popmake-138510\"><img decoding=\"async\" src=\"\/app\/uploads\/2020\/08\/ikoner_hjaelp.svg\" style=\"margin: 0px; margin-bottom: 0px; width: 24px; height: 24px;\" alt=\"\"\/><\/a><\/div><\/div><div id=\"wpforms-206653-field_106-container\" class=\"wpforms-field wpforms-field-text wpforms-conditional-field wpforms-conditional-show\" data-field-id=\"106\" style=\"display:none;\"><label class=\"wpforms-field-label\" for=\"wpforms-206653-field_106\">Lejers virksomhedsnavn <span class=\"wpforms-required-label\">*<\/span><\/label><input type=\"text\" id=\"wpforms-206653-field_106\" class=\"wpforms-field-medium wpforms-field-required\" data-msg-required=\"Husk at udfylde dette felt\" name=\"wpforms[fields][106]\" required><\/div><div id=\"wpforms-206653-field_80-container\" class=\"wpforms-field wpforms-field-number wpf-num-cpr wpforms-conditional-field wpforms-conditional-show\" data-field-id=\"80\" style=\"display:none;\"><label class=\"wpforms-field-label\" for=\"wpforms-206653-field_80\">Lejers cpr-nr. <span class=\"wpforms-required-label\">*<\/span><\/label><input type=\"number\" pattern=\"\\d*\" id=\"wpforms-206653-field_80\" class=\"wpforms-field-medium wpforms-field-required\" data-msg-required=\"Hov, husk dit cpr-nr. (10 tal - og ingen mellemrum eller bindestreger)\" data-msg-number=\"Du kan kun skrive tal i dette felt - for eksempel 1111112222\" data-msg-minlength=\"Husk, der skal v\u00e6re mindst 10 cifre i lejers cpr-nummer.\" data-msg-maxlength=\"Husk, der h\u00f8jst m\u00e5 v\u00e6re 10 cifre i lejers cpr-nummer.\" name=\"wpforms[fields][80]\" required><div class=\"wpforms-field-description\"><a href=\"#\" class=\"popmake-7435\"><img decoding=\"async\" src=\"\/app\/uploads\/2020\/08\/ikoner_hjaelp.svg\" style=\"margin: 0px; margin-bottom: 0px; width: 24px; height: 24px;\" alt=\"\"\/><\/a><\/div><\/div><div id=\"wpforms-206653-field_104-container\" class=\"wpforms-field wpforms-field-number wpforms-conditional-field wpforms-conditional-show\" data-field-id=\"104\" style=\"display:none;\"><label class=\"wpforms-field-label\" for=\"wpforms-206653-field_104\">Lejers cvr-nr. <span class=\"wpforms-required-label\">*<\/span><\/label><input type=\"number\" pattern=\"\\d*\" id=\"wpforms-206653-field_104\" class=\"wpforms-field-medium wpforms-field-required\" data-msg-required=\"This field is required\" name=\"wpforms[fields][104]\" required><\/div><div id=\"wpforms-206653-field_108-container\" class=\"wpforms-field wpforms-field-email wpforms-conditional-field wpforms-conditional-show\" data-field-id=\"108\" style=\"display:none;\"><label class=\"wpforms-field-label\" for=\"wpforms-206653-field_108\">Fakturamail <span class=\"wpforms-required-label\">*<\/span><\/label><input type=\"email\" id=\"wpforms-206653-field_108\" class=\"wpforms-field-medium wpforms-field-required\" data-msg-required=\"\" data-msg-email=\"Er din mailadresse rigtig? Tjek, og pr\u00f8v igen.\" name=\"wpforms[fields][108]\" spellcheck=\"false\" required><\/div><div id=\"wpforms-206653-field_107-container\" class=\"wpforms-field wpforms-field-text wpforms-conditional-field wpforms-conditional-show\" data-field-id=\"107\" style=\"display:none;\"><label class=\"wpforms-field-label\" for=\"wpforms-206653-field_107\">Navn p\u00e5 kontaktperson <span class=\"wpforms-required-label\">*<\/span><\/label><input type=\"text\" id=\"wpforms-206653-field_107\" class=\"wpforms-field-medium wpforms-field-required\" data-msg-required=\"Husk at udfylde dette felt\" name=\"wpforms[fields][107]\" required><\/div><div id=\"wpforms-206653-field_10-container\" class=\"wpforms-field wpforms-field-email wpforms-conditional-field wpforms-conditional-show\" data-field-id=\"10\" style=\"display:none;\"><label class=\"wpforms-field-label wpforms-label-hide\" for=\"wpforms-206653-field_10\">Mail <span class=\"wpforms-required-label\">*<\/span><\/label><div class=\"wpforms-field-row wpforms-field-medium\"><div class=\"wpforms-field-row-block wpforms-one-half wpforms-first\"><input type=\"email\" id=\"wpforms-206653-field_10\" class=\"wpforms-field-required wpforms-field-email-primary\" data-msg-required=\"\" data-msg-email=\"Er din mailadresse rigtig? Tjek, og pr\u00f8v igen.\" name=\"wpforms[fields][10][primary]\" spellcheck=\"false\" required><label for=\"wpforms-206653-field_10\" class=\"wpforms-field-sublabel after \">Mail <span class=\"wpforms-required-label\">*<\/span><\/label><\/div><div class=\"wpforms-field-row-block wpforms-one-half\"><input type=\"email\" id=\"wpforms-206653-field_10-secondary\" class=\"wpforms-field-email-secondary wpforms-field-required\" data-rule-confirm=\"#wpforms-206653-field_10\" data-msg-required=\"\" data-msg-email=\"Er din mailadresse rigtig? Tjek, og pr\u00f8v igen.\" name=\"wpforms[fields][10][secondary]\" spellcheck=\"false\" required><label for=\"wpforms-206653-field_10-secondary\" class=\"wpforms-field-sublabel after \">Gentag mail <span class=\"wpforms-required-label\">*<\/span><\/label><\/div><\/div><\/div><div id=\"wpforms-206653-field_11-container\" class=\"wpforms-field wpforms-field-text wpforms-conditional-field wpforms-conditional-show\" data-field-id=\"11\" style=\"display:none;\"><label class=\"wpforms-field-label\" for=\"wpforms-206653-field_11\">Telefon <span class=\"wpforms-required-label\">*<\/span><\/label><input type=\"text\" id=\"wpforms-206653-field_11\" class=\"wpforms-field-medium wpforms-field-required wpforms-masked-input\" data-rule-inputmask-incomplete=\"1\" data-inputmask-mask=\"99999999\" data-msg-required=\"Husk at udfylde dette felt\" name=\"wpforms[fields][11]\" required><\/div><div id=\"wpforms-206653-field_18-container\" class=\"wpforms-field wpforms-field-html wpforms-conditional-field wpforms-conditional-show\" data-field-id=\"18\" style=\"display:none;\"><div id=\"wpforms-206653-field_18\" data-msg-required=\"This field is required\"><hr><\/div><\/div><div id=\"wpforms-206653-field_19-container\" class=\"wpforms-field wpforms-field-checkbox wpforms-conditional-field wpforms-conditional-show wpforms-conditional-trigger\" data-field-id=\"19\" style=\"display:none;\"><label class=\"wpforms-field-label\" for=\"wpforms-206653-field_19\">Tilf\u00f8j \u00e9n person mere p\u00e5 aftalen<\/label><ul id=\"wpforms-206653-field_19\"><li class=\"choice-1 depth-1\"><input type=\"checkbox\" id=\"wpforms-206653-field_19_1\" data-msg-required=\"This field is required\" name=\"wpforms[fields][19][]\" value=\"Ja\"  ><label class=\"wpforms-field-label-inline\" for=\"wpforms-206653-field_19_1\">Ja<\/label><\/li><\/ul><\/div><div id=\"wpforms-206653-field_20-container\" class=\"wpforms-field wpforms-field-text wpforms-conditional-field wpforms-conditional-show\" data-field-id=\"20\" style=\"display:none;\"><label class=\"wpforms-field-label\" for=\"wpforms-206653-field_20\">Fulde navn person 2 <span class=\"wpforms-required-label\">*<\/span><\/label><input type=\"text\" id=\"wpforms-206653-field_20\" class=\"wpforms-field-medium wpforms-field-required\" data-msg-required=\"Husk at udfylde dette felt\" name=\"wpforms[fields][20]\" required><\/div><div id=\"wpforms-206653-field_22-container\" class=\"wpforms-field wpforms-field-number wpf-num-cpr wpforms-conditional-field wpforms-conditional-show\" data-field-id=\"22\" style=\"display:none;\"><label class=\"wpforms-field-label\" for=\"wpforms-206653-field_22\">Cpr-nr. person 2 <span class=\"wpforms-required-label\">*<\/span><\/label><input type=\"number\" pattern=\"\\d*\" id=\"wpforms-206653-field_22\" class=\"wpforms-field-medium wpforms-field-required\" data-msg-required=\"Hov, husk dit cpr-nr. (10 tal - og ingen mellemrum eller bindestreger)\" data-msg-number=\"Du kan kun skrive tal i dette felt - for eksempel 1111112222\" data-msg-minlength=\"Husk, der skal v\u00e6re mindst 10 cifre i dit cpr-nummer.\" data-msg-maxlength=\"Husk, der h\u00f8jst m\u00e5 v\u00e6re 10 cifre i dit cpr-nummer.\" name=\"wpforms[fields][22]\" required><div class=\"wpforms-field-description\"><a href=\"#\" class=\"popmake-7435\"><img decoding=\"async\" src=\"\/app\/uploads\/2020\/08\/ikoner_hjaelp.svg\" style=\"margin: 0px; margin-bottom: 0px; width: 24px; height: 24px;\" alt=\"\"\/><\/a><\/div><\/div><div id=\"wpforms-206653-field_23-container\" class=\"wpforms-field wpforms-field-email wpforms-conditional-field wpforms-conditional-show\" data-field-id=\"23\" style=\"display:none;\"><label class=\"wpforms-field-label\" for=\"wpforms-206653-field_23\">Mail person 2 <span class=\"wpforms-required-label\">*<\/span><\/label><input type=\"email\" id=\"wpforms-206653-field_23\" class=\"wpforms-field-medium wpforms-field-required\" data-msg-required=\"Husk at udfylde dette felt\" data-msg-email=\"Er din mailadresse rigtig? Tjek, og pr\u00f8v igen.\" name=\"wpforms[fields][23]\" spellcheck=\"false\" required><\/div><div id=\"wpforms-206653-field_24-container\" class=\"wpforms-field wpforms-field-text wpforms-conditional-field wpforms-conditional-show\" data-field-id=\"24\" style=\"display:none;\"><label class=\"wpforms-field-label\" for=\"wpforms-206653-field_24\">Telefon person 2<\/label><input type=\"text\" id=\"wpforms-206653-field_24\" class=\"wpforms-field-medium wpforms-masked-input\" data-rule-inputmask-incomplete=\"1\" data-inputmask-mask=\"99999999\" data-msg-required=\"Husk at udfylde dette felt\" name=\"wpforms[fields][24]\" ><\/div><div id=\"wpforms-206653-field_99-container\" class=\"wpforms-field wpforms-field-html wpforms-conditional-field wpforms-conditional-show\" data-field-id=\"99\" style=\"display:none;\"><div id=\"wpforms-206653-field_99\" data-msg-required=\"This field is required\"><p>Bem\u00e6rk:<\/p>\r\nHvis person 2 har haft sin egen aftale p\u00e5 en tidligere adresse, s\u00e5 skal vedkommende selv afmelde sig hos sit gamle selskab.<\/div><\/div><div id=\"wpforms-206653-field_48-container\" class=\"wpforms-field wpforms-field-html wpforms-conditional-field wpforms-conditional-show\" data-field-id=\"48\" style=\"display:none;\"><div id=\"wpforms-206653-field_48\" data-msg-required=\"This field is required\"><hr><\/div><\/div><div id=\"wpforms-206653-field_83-container\" class=\"wpforms-field wpforms-field-html wpforms-conditional-field wpforms-conditional-show\" data-field-id=\"83\" style=\"display:none;\"><div id=\"wpforms-206653-field_83\" data-msg-required=\"This field is required\"><h4>Hvor skal lejer tilmeldes?<\/h4><\/div><\/div><div id=\"wpforms-206653-field_84-container\" class=\"wpforms-field wpforms-field-address_dawa wpforms-conditional-field wpforms-conditional-show\" data-field-id=\"84\" style=\"display:none;\"><label class=\"wpforms-field-label\" for=\"wpforms-206653-field_84\">Lejers nye adresse <span class=\"wpforms-required-label\">*<\/span><\/label><input type=\"text\" id=\"wpforms-206653-field_84\" class=\"wpforms-field-address-complete_address wpforms-field-required\" data-msg-required=\"Husk at udfylde dette felt\" name=\"wpforms[fields][84][complete_address]\" autocomplete=\"off\" data-target=\"wpforms-206653-field_84\" required><div id=\"wpforms-206653-field_84-results\" class=\"wpforms-field-address_dawa__results\"><\/div><input type=\"hidden\" id=\"wpforms-206653-field_84-data\" name=\"wpforms[fields][84][rawdata]\"><div class=\"hidden dawa-error-message wysiwyg mt-2 text-sm text-red-500\"><p>Der er et problem med forbindelsen til adressedatabasen. Derfor kan formularen ikke sendes. Pr\u00f8v igen senere.<\/p>\n<\/div><\/div><div id=\"wpforms-206653-field_85-container\" class=\"wpforms-field wpforms-field-date-time rule--moving-in wpforms-conditional-field wpforms-conditional-show\" data-field-id=\"85\" style=\"display:none;\"><label class=\"wpforms-field-label\" for=\"wpforms-206653-field_85\">Dato for lejers overtagelse <span class=\"wpforms-required-label\">*<\/span><\/label><div class=\"wpforms-datepicker-wrap\"><input type=\"text\" id=\"wpforms-206653-field_85\" class=\"wpforms-field-date-time-date wpforms-datepicker wpforms-field-required wpforms-field-medium\" data-date-format=\"d\/m\/Y\" data-disable-past-dates=\"0\" data-msg-required=\"Husk at udfylde dette felt\" data-input=\"true\" name=\"wpforms[fields][85][date]\" required><a title=\"Clear Date\" data-clear class=\"wpforms-datepicker-clear\" style=\"display:none;\"><\/a><\/div><div class=\"wpforms-field-description\">Du kan tilmelde lejer fra 5 hverdage f\u00f8r indflytning og op til 59 dage frem. Har du brug for at tilmelde lejer tidligere eller l\u00e6ngere frem i tid, skal du ringe til os.<\/div><\/div><div id=\"wpforms-206653-field_93-container\" class=\"wpforms-field wpforms-field-number wpforms-conditional-field wpforms-conditional-show\" data-field-id=\"93\" style=\"display:none;\"><label class=\"wpforms-field-label\" for=\"wpforms-206653-field_93\">Afl\u00e6sning af gas p\u00e5 lejers nye adresse<\/label><input type=\"number\" pattern=\"\\d*\" id=\"wpforms-206653-field_93\" class=\"wpforms-field-medium\" data-msg-required=\"This field is required\" name=\"wpforms[fields][93]\" ><div class=\"wpforms-field-description\">Gasm\u00e5lere er ikke fjernafl\u00e6ste. Derfor skal vi bruge en afl\u00e6sning for gas.<\/div><\/div><div id=\"wpforms-206653-field_102-container\" class=\"wpforms-field wpforms-field-html wpforms-conditional-field wpforms-conditional-show\" data-field-id=\"102\" style=\"display:none;\"><div id=\"wpforms-206653-field_102\" data-msg-required=\"This field is required\"><p>Bem\u00e6rk:<\/p>\r\nElm\u00e5lere er fjernafl\u00e6ste. Derfor f\u00e5r vi automatisk afl\u00e6sning for el fra netselskabet.<\/div><\/div><div id=\"wpforms-206653-field_86-container\" class=\"wpforms-field wpforms-field-html wpforms-conditional-field wpforms-conditional-show\" data-field-id=\"86\" style=\"display:none;\"><div id=\"wpforms-206653-field_86\" data-msg-required=\"This field is required\"><hr><\/div><\/div><div id=\"wpforms-206653-field_87-container\" class=\"wpforms-field wpforms-field-html wpforms-conditional-field wpforms-conditional-show\" data-field-id=\"87\" style=\"display:none;\"><div id=\"wpforms-206653-field_87\" data-msg-required=\"This field is required\"><h4>Kontaktoplysninger p\u00e5 udlejer eller administrator<\/h4><\/div><\/div><div id=\"wpforms-206653-field_88-container\" class=\"wpforms-field wpforms-field-text wpforms-conditional-field wpforms-conditional-show\" data-field-id=\"88\" style=\"display:none;\"><label class=\"wpforms-field-label\" for=\"wpforms-206653-field_88\">Virksomhedsnavn<\/label><input type=\"text\" id=\"wpforms-206653-field_88\" class=\"wpforms-field-medium\" data-msg-required=\"Husk at udfylde dette felt\" name=\"wpforms[fields][88]\" ><\/div><div id=\"wpforms-206653-field_92-container\" class=\"wpforms-field wpforms-field-text wpforms-conditional-field wpforms-conditional-show\" data-field-id=\"92\" style=\"display:none;\"><label class=\"wpforms-field-label\" for=\"wpforms-206653-field_92\">Cvr-nr.<\/label><input type=\"text\" id=\"wpforms-206653-field_92\" class=\"wpforms-field-medium wpforms-masked-input\" data-rule-inputmask-incomplete=\"1\" data-inputmask-mask=\"99999999\" data-msg-required=\"Husk at udfylde dette felt\" name=\"wpforms[fields][92]\" ><\/div><div id=\"wpforms-206653-field_55-container\" class=\"wpforms-field wpforms-field-text wpforms-conditional-field wpforms-conditional-show\" data-field-id=\"55\" style=\"display:none;\"><label class=\"wpforms-field-label\" for=\"wpforms-206653-field_55\">Kontaktperson <span class=\"wpforms-required-label\">*<\/span><\/label><input type=\"text\" id=\"wpforms-206653-field_55\" class=\"wpforms-field-medium wpforms-field-required\" data-msg-required=\"Husk at udfylde dette felt\" name=\"wpforms[fields][55]\" required><div class=\"wpforms-field-description\"><a href=\"#\" class=\"popmake-138510\"><img decoding=\"async\" src=\"\/app\/uploads\/2020\/08\/ikoner_hjaelp.svg\" style=\"margin: 0px; margin-bottom: 0px; width: 24px; height: 24px;\" alt=\"\"\/><\/a><\/div><\/div><div id=\"wpforms-206653-field_56-container\" class=\"wpforms-field wpforms-field-email wpforms-conditional-field wpforms-conditional-show\" data-field-id=\"56\" style=\"display:none;\"><label class=\"wpforms-field-label\" for=\"wpforms-206653-field_56\">Mail <span class=\"wpforms-required-label\">*<\/span><\/label><input type=\"email\" id=\"wpforms-206653-field_56\" class=\"wpforms-field-medium wpforms-field-required\" data-msg-required=\"Husk at udfylde dette felt\" name=\"wpforms[fields][56]\" spellcheck=\"false\" required><\/div><div id=\"wpforms-206653-field_91-container\" class=\"wpforms-field wpforms-field-checkbox wpforms-conditional-field wpforms-conditional-show\" data-field-id=\"91\" style=\"display:none;\"><label class=\"wpforms-field-label\" for=\"wpforms-206653-field_91\">Fuldmagt <span class=\"wpforms-required-label\">*<\/span><\/label><ul id=\"wpforms-206653-field_91\" class=\"wpforms-field-required\"><li class=\"choice-1 depth-1\"><input type=\"checkbox\" id=\"wpforms-206653-field_91_1\" data-msg-required=\"Husk at udfylde dette felt\" name=\"wpforms[fields][91][]\" value=\"Jeg bekr\u00e6fter, at jeg har fuldmagt til at tilmelde tilflytter produktet FlexEnergi hos Andel Energi A\/S og videregive relevante persondata. Andel Energi A\/S sender de lovpligtige betingelser og vilk\u00e5r til tilflytter.\" required ><label class=\"wpforms-field-label-inline\" for=\"wpforms-206653-field_91_1\">Jeg bekr\u00e6fter, at jeg har fuldmagt til at tilmelde tilflytter produktet FlexEnergi hos Andel Energi A\/S og videregive relevante persondata. Andel Energi A\/S sender de lovpligtige betingelser og vilk\u00e5r til tilflytter.<\/label><\/li><\/ul><\/div><div id=\"wpforms-206653-field_37-container\" class=\"wpforms-field wpforms-field-hidden\" data-field-id=\"37\"><input type=\"hidden\" id=\"wpforms-206653-field_37\" name=\"wpforms[fields][37]\" data-autofill-query-param=\"utm_campaign\"><\/div><div id=\"wpforms-206653-field_38-container\" class=\"wpforms-field wpforms-field-hidden\" data-field-id=\"38\"><input type=\"hidden\" id=\"wpforms-206653-field_38\" name=\"wpforms[fields][38]\" value=\"206653\"><\/div><div id=\"wpforms-206653-field_90-container\" class=\"wpforms-field wpforms-field-html\" data-field-id=\"90\"><div id=\"wpforms-206653-field_90\" data-msg-required=\"This field is required\"><style>\r\n.ost-vest {\r\n  font-weight: 550;\r\n}\r\n@media only screen and (min-width: 768px) {\r\n.usp-list {\r\n text-indent: -22px;\r\n margin-left: 22px;\r\n}\r\n.usp-container {\r\n  display: flex;\r\n  width: 100%;\r\n  gap: 1ch;\r\n}\r\n.usp-column {\r\n  flex: 1;\r\n  padding: 2ch;\r\n  box-sizing: border-box;\r\n  border: 1px solid;\r\n }\r\n li.usp-list > * {\r\n   margin-left: -8px!important;\r\n }\r\n .produkter-container {\r\n  display: flex;\r\n  width: 100%;\r\n }\r\n .produktnavn-column {\r\n  flex: 1;\r\n  padding: 10px;\r\n  box-sizing: border-box;\r\n }\r\n\r\n .introtekst {\r\n   width: 100%;\r\n   padding-left: 2ch;\r\n }\r\n .mobile-header {\r\n   display: none;\r\n }\r\n}\r\n@media only screen and (max-width: 768px) {\r\n .produkter-container {\r\n   display: none;\r\n }\r\n .usp-list {\r\n   text-indent: -22px;\r\n   margin-left: 22px;\r\n }\r\n .usp-container {\r\n   display: flex;\r\n   flex-direction: column;\r\n   width: 100%;\r\n   gap: 1ch;\r\n }\r\n\r\n .usp-column {\r\n   margin-top: 2ch;\r\n   box-sizing: border-box;\r\n  }\r\n .mobile-header {\r\n   font-weight: bold;\r\n   margin-bottom: 0.5ch;\r\n }\r\n}\r\n\r\n<\/style><\/div><\/div><\/div><!-- .wpforms-field-container --><div class=\"wpforms-submit-container\" ><input type=\"hidden\" name=\"wpforms[id]\" value=\"206653\"><input type=\"hidden\" name=\"wpforms[author]\" value=\"27\"><button type=\"submit\" name=\"wpforms[submit]\" id=\"wpforms-submit-206653\" class=\"wpforms-submit\" data-alt-text=\"Sender...\" data-submit-text=\"Tilmeld\" aria-live=\"assertive\" value=\"wpforms-submit\">Tilmeld<\/button><\/div><\/form><\/div>  <!-- .wpforms-container -->\n    <\/div>\n  <\/div>\n\n\n      <\/div>\n  \n      <\/div>\n  \n<\/section>\n<section\n  class=\"core-block core-block--heading   block\"\n   id=heading-5\n  \n  \n>\n      <div class=\"inner inner--prose\">\n  \n  \n  \n<h3 class=\"wp-block-heading has-medium-font-size\" id=\"h-gratis-servicelosning-til-handtering-af-flytninger\">Gratis servicel\u00f8sning til h\u00e5ndtering af flytninger<\/h3>\n\n\n  \n      <\/div>\n  \n<\/section>\n<section\n  class=\"core-block core-block--paragraph   block\"\n   id=paragraph-6\n  \n  \n>\n      <div class=\"inner inner--prose\">\n  \n  \n  \n<p>Er h\u00e5ndtering af flytninger en administrativ og tung opgave hos jer? S\u00e5 kan vores gratis servicel\u00f8sning m\u00e5ske spare jer b\u00e5de tid og penge.&nbsp;<a href=\"https:\/\/andelenergi.dk\/erhverv\/udlejning-og-nybyggeri\/automatiserede-flytteprocesser\/\">L\u00e6s mere om automatiserede flytteprocesser<\/a>.<\/p>\n\n\n  \n      <\/div>\n  \n<\/section>\n<section\n  class=\"core-block core-block--heading   block\"\n   id=heading-7\n  \n  \n>\n      <div class=\"inner inner--prose\">\n  \n  \n  \n<h3 class=\"wp-block-heading has-medium-font-size\" id=\"h-sadan-foregar-det-hvis-du-kun-skal-afmelde-lejer\">S\u00e5dan foreg\u00e5r det, hvis du kun skal afmelde lejer<\/h3>\n\n\n  \n      <\/div>\n  \n<\/section>\n<section\n  class=\"core-block core-block--paragraph   block\"\n   id=paragraph-8\n  \n  \n>\n      <div class=\"inner inner--prose\">\n  \n  \n  \n<p>Der kan v\u00e6re flere \u00e5rsager til, at der ikke er en ny lejer, som skal overtage lejem\u00e5let. <\/p>\n\n\n  \n      <\/div>\n  \n<\/section>\n<section\n  class=\"core-block core-block--paragraph   block\"\n   id=paragraph-9\n  \n  \n>\n      <div class=\"inner inner--prose\">\n  \n  \n  \n<p>Hvis du kun skal afmelde lejer i forbindelse med en flytning, er f\u00f8rste skridt at tage kontakt til os. Faktisk kan vi ikke gennemf\u00f8re afmeldingen, f\u00f8r vi har talt med dig. Det er for at sikre, at alle detaljer er p\u00e5 plads, og du er fuldt informeret om processen. Du afmelder lejer ved at ringe til os p\u00e5&nbsp;<strong>70 29 21 29<\/strong>. <\/p>\n\n\n  \n      <\/div>\n  \n<\/section>\n<section\n  class=\"core-block core-block--heading   block\"\n   id=heading-10\n  \n  \n>\n      <div class=\"inner inner--prose\">\n  \n  \n  \n<h3 class=\"wp-block-heading has-medium-font-size\" id=\"h-husk-tidsfristen-nar-du-tilmelder-eller-afmelder-lejer-ved-flytning\">Husk tidsfristen, n\u00e5r du tilmelder eller afmelder lejer ved flytning<\/h3>\n\n\n  \n      <\/div>\n  \n<\/section>\n<section\n  class=\"core-block core-block--paragraph   block\"\n   id=paragraph-11\n  \n  \n>\n      <div class=\"inner inner--prose\">\n  \n  \n  \n<p>Det er vigtigt at v\u00e6re opm\u00e6rksom p\u00e5 tidsfristen. Uanset om du skal tilmelde eller afmelde lejer i forbindelse med flytning, er det en god id\u00e9 at g\u00f8re det i god tid.<\/p>\n\n\n  \n      <\/div>\n  \n<\/section>\n<section\n  class=\"core-block core-block--paragraph   block\"\n   id=paragraph-12\n  \n  \n>\n      <div class=\"inner inner--prose\">\n  \n  \n  \n<p>Du skal fort\u00e6lle os, at lejer flytter&nbsp;<strong>senest 5 hverdage f\u00f8r<\/strong>. Ellers er der risiko for, at du f\u00e5r en periode mellem fra- og tilflytter, som du skal betale for. Har du glemt at give os besked, s\u00e5 skynd dig at g\u00f8re det.<\/p>\n\n\n  \n      <\/div>\n  \n<\/section>\n<section\n  class=\"acf-block acf-block--icon-teaser has-background text-black mt-12 lg:mt-14 mb-12 lg:mb-14  block\"\n   id=icon-teaser-13\n  \n  \n>\n      <div class=\"inner inner--prose\">\n  \n      <div\n      class=\"inner-bg bg-gray-200 px-4 sm:px-6 lg:px-8 py-6 lg:py-8\"\n      \n    >\n  \n  <div\n  class=\"icon-teaser  relative flex h-full flex-col\"\n  >\n  <div class=\"flex flex-auto flex-col\">\n          <div class=\"mb-4 flex-none\">\n        <div class=\"h-12 w-12\">\n          <?xml version=\"1.0\" encoding=\"UTF-8\"?> <svg xmlns=\"http:\/\/www.w3.org\/2000\/svg\" id=\"Ikoner\" viewBox=\"0 0 40 40\"><style type=\"text\/css\"> #Ikoner{fill:currentColor;} <\/style><path d=\"M20,2A18,18,0,1,0,38,20,18,18,0,0,0,20,2Zm0,34A16,16,0,1,1,36,20,16,16,0,0,1,20,36Z\"><\/path><circle cx=\"19.99\" cy=\"29.02\" r=\"3\"><\/circle><rect x=\"17.97\" y=\"8.01\" width=\"4\" height=\"15.02\" transform=\"translate(-0.06 0.08) rotate(-0.22)\"><\/rect><\/svg> \n        <\/div>\n      <\/div>\n    \n    <div class=\"flex-none\">\n              <span class=\"mb-4\">\n\n          <h4 class=\"heading-3\">\n  Husk ogs\u00e5, at afl\u00e6se m\u00e5leren p\u00e5 flyttedagen\n  <\/h4>\n        <\/span>\n      \n      <h2 class=\"break-word mb-4 \"><\/h2>\n    <\/div>\n\n          <div class=\"wysiwyg mb-4\">\n        <p>Husk at afl\u00e6se m\u00e5leren den dag dine lejere flytter. S\u00e5 har du afl\u00e6sningen, hvis distributionsselskabet eller netselskabet beder om det.<\/p>\n\n      <\/div>\n      <\/div>\n\n  \n  <\/div>\n\n\n      <\/div>\n  \n      <\/div>\n  \n<\/section>\n<section\n  class=\"acf-block acf-block--accordion mt-12 lg:mt-14  block\"\n   id=accordion-15\n  \n  \n>\n      <div class=\"inner inner--prose\">\n  \n  \n  <h5 class=\"heading-4 mb-8\">\n  Det sp\u00f8rger andre om\n  <\/h5>\n\n\n  <div\n    class=\"group mt-2 flex flex-col border border-gray-500 bg-off-white first:mt-0\"\n    x-data=\"Accordion\"\n  >\n\n    <button\n      class=\"flex items-center px-6 py-4\"\n      @click=\"toggleItem()\"\n    >\n\n      <div class=\"flex flex-1\">\n        <h6 class=\"text-left text-body-sm\">Skal jeg b\u00e5de lave en tilmelding og en afmelding?<\/h6>\n      <\/div>\n\n      <div\n        :class=\"{ '-rotate-180 duration-200': height !== 0, 'rotate-0 duration-200': height === 0 }\"\n        class=\"flex-none\"\n      >\n        <svg xmlns=\"http:\/\/www.w3.org\/2000\/svg\" width=\"12\" height=\"7\" viewBox=\"0 0 12 7\" class=\"inline w-[11px] h-[11px] transition-transform ease-in-out\">\n    <path d=\"M6.466 6.814l5.34-5.133a.617.617 0 0 0 0-.897l-.621-.598a.678.678 0 0 0-.932-.001L6 4.253 1.748.185a.678.678 0 0 0-.932 0l-.623.6a.617.617 0 0 0 0 .896l5.34 5.133a.679.679 0 0 0 .933 0z\" fill=\"currentColor\"\/>\n<\/svg>\n      <\/div>\n    <\/button>\n\n    <div\n      x-ref=\"wrapper\"\n      class=\"invisible h-0 overflow-hidden duration-200\"\n      :class=\"{ 'opacity-0 -translate-y-3': height === 0, 'opacity-100 translate-y-0': height !== 0 }\"\n      :style=\"{ height: `${height}px` }\"\n    >\n      <div\n        x-ref=\"content\"\n        class=\"px-6 pb-4 pt-6\"\n      >\n                  <div class=\"wysiwyg backface-visibility-hidden translate-z-0 overflow-x-auto\">\n            <p>Nej. Hvis du tilmelder udlejer eller lejer p\u00e5 samme el- eller gasm\u00e5ler bliver den tidligere lejer automatisk registreret som fraflyttet.<\/p>\n\n          <\/div>\n              <\/div>\n    <\/div>\n\n  <\/div>\n  <div\n    class=\"group mt-2 flex flex-col border border-gray-500 bg-off-white first:mt-0\"\n    x-data=\"Accordion\"\n  >\n\n    <button\n      class=\"flex items-center px-6 py-4\"\n      @click=\"toggleItem()\"\n    >\n\n      <div class=\"flex flex-1\">\n        <h6 class=\"text-left text-body-sm\">Er det sikkert at videregive lejers cpr-nr.?<\/h6>\n      <\/div>\n\n      <div\n        :class=\"{ '-rotate-180 duration-200': height !== 0, 'rotate-0 duration-200': height === 0 }\"\n        class=\"flex-none\"\n      >\n        <svg xmlns=\"http:\/\/www.w3.org\/2000\/svg\" width=\"12\" height=\"7\" viewBox=\"0 0 12 7\" class=\"inline w-[11px] h-[11px] transition-transform ease-in-out\">\n    <path d=\"M6.466 6.814l5.34-5.133a.617.617 0 0 0 0-.897l-.621-.598a.678.678 0 0 0-.932-.001L6 4.253 1.748.185a.678.678 0 0 0-.932 0l-.623.6a.617.617 0 0 0 0 .896l5.34 5.133a.679.679 0 0 0 .933 0z\" fill=\"currentColor\"\/>\n<\/svg>\n      <\/div>\n    <\/button>\n\n    <div\n      x-ref=\"wrapper\"\n      class=\"invisible h-0 overflow-hidden duration-200\"\n      :class=\"{ 'opacity-0 -translate-y-3': height === 0, 'opacity-100 translate-y-0': height !== 0 }\"\n      :style=\"{ height: `${height}px` }\"\n    >\n      <div\n        x-ref=\"content\"\n        class=\"px-6 pb-4 pt-6\"\n      >\n                  <div class=\"wysiwyg backface-visibility-hidden translate-z-0 overflow-x-auto\">\n            <p>Ja, det er det. Vi overholder de sk\u00e6rpede krav, som de nye regler for behandling af persondata stiller til virksomheder i EU \u2013 de s\u00e5kaldte GDPR-regler, som tr\u00e5dte i kraft den 25. maj 2018.<\/p>\n\n          <\/div>\n              <\/div>\n    <\/div>\n\n  <\/div>\n  <div\n    class=\"group mt-2 flex flex-col border border-gray-500 bg-off-white first:mt-0\"\n    x-data=\"Accordion\"\n  >\n\n    <button\n      class=\"flex items-center px-6 py-4\"\n      @click=\"toggleItem()\"\n    >\n\n      <div class=\"flex flex-1\">\n        <h6 class=\"text-left text-body-sm\">Skal jeg afl\u00e6se m\u00e5leren?<\/h6>\n      <\/div>\n\n      <div\n        :class=\"{ '-rotate-180 duration-200': height !== 0, 'rotate-0 duration-200': height === 0 }\"\n        class=\"flex-none\"\n      >\n        <svg xmlns=\"http:\/\/www.w3.org\/2000\/svg\" width=\"12\" height=\"7\" viewBox=\"0 0 12 7\" class=\"inline w-[11px] h-[11px] transition-transform ease-in-out\">\n    <path d=\"M6.466 6.814l5.34-5.133a.617.617 0 0 0 0-.897l-.621-.598a.678.678 0 0 0-.932-.001L6 4.253 1.748.185a.678.678 0 0 0-.932 0l-.623.6a.617.617 0 0 0 0 .896l5.34 5.133a.679.679 0 0 0 .933 0z\" fill=\"currentColor\"\/>\n<\/svg>\n      <\/div>\n    <\/button>\n\n    <div\n      x-ref=\"wrapper\"\n      class=\"invisible h-0 overflow-hidden duration-200\"\n      :class=\"{ 'opacity-0 -translate-y-3': height === 0, 'opacity-100 translate-y-0': height !== 0 }\"\n      :style=\"{ height: `${height}px` }\"\n    >\n      <div\n        x-ref=\"content\"\n        class=\"px-6 pb-4 pt-6\"\n      >\n                  <div class=\"wysiwyg backface-visibility-hidden translate-z-0 overflow-x-auto\">\n            <p>For el beh\u00f8ver vi ikke en afl\u00e6sning.\u00a0 Du vil nemlig typisk give besked om en flytning f\u00f8r selve overtagelsen. Hvis netselskabet har brug for en afl\u00e6sning, kontakter de dig.<\/p>\n<p>For gas skal vi altid have en afl\u00e6sning p\u00e5 til- og fraflytningsdagen. Det er nemlig vores opgave som leverand\u00f8r, at sende afl\u00e6sningen videre til distributionsselskaberne.<\/p>\n\n          <\/div>\n              <\/div>\n    <\/div>\n\n  <\/div>\n  <script type=\"application\/ld+json\">\n    {\n      \"@context\": \"https:\/\/schema.org\",\n      \"@type\": \"FAQPage\",\n      \"mainEntity\":[\n                  {\n            \"@type\": \"Question\",\n            \"name\": \"Skal jeg b\u00e5de lave en tilmelding og en afmelding?\",\n            \"acceptedAnswer\": {\n              \"@type\": \"Answer\",\n              \"text\": \"<p>Nej. Hvis du tilmelder udlejer eller lejer p\u00e5 samme el- eller gasm\u00e5ler bliver den tidligere lejer automatisk registreret som fraflyttet.<\/p>\"\n            }\n          }\n           ,                   {\n            \"@type\": \"Question\",\n            \"name\": \"Er det sikkert at videregive lejers cpr-nr.?\",\n            \"acceptedAnswer\": {\n              \"@type\": \"Answer\",\n              \"text\": \"<p>Ja, det er det. Vi overholder de sk\u00e6rpede krav, som de nye regler for behandling af persondata stiller til virksomheder i EU \u2013 de s\u00e5kaldte GDPR-regler, som tr\u00e5dte i kraft den 25. maj 2018.<\/p>\"\n            }\n          }\n           ,                   {\n            \"@type\": \"Question\",\n            \"name\": \"Skal jeg afl\u00e6se m\u00e5leren?\",\n            \"acceptedAnswer\": {\n              \"@type\": \"Answer\",\n              \"text\": \"<p>For el beh\u00f8ver vi ikke en afl\u00e6sning.\u00a0 Du vil nemlig typisk give besked om en flytning f\u00f8r selve overtagelsen. Hvis netselskabet har brug for en afl\u00e6sning, kontakter de dig.<\/p><p>For gas skal vi altid have en afl\u00e6sning p\u00e5 til- og fraflytningsdagen. Det er nemlig vores opgave som leverand\u00f8r, at sende afl\u00e6sningen videre til distributionsselskaberne.<\/p>\"\n            }\n          }\n                        ]\n  }\n  <\/script>\n\n\n  \n      <\/div>\n  \n<\/section>\n","protected":false},"excerpt":{"rendered":"Skal dine lejere flytte ind eller ud? Er du administrator for en offentlig eller privat udlejningsejendom, kan du melde flytning for dine lejere. Et par hurtige sp\u00f8rgsm\u00e5l, s\u00e5 har din lejer Andel Energi med i flyttevognen. Du kan tilmelde lejer el eller gas eller begge dele p\u00e5 den nye adresse. Gratis servicel\u00f8sning til h\u00e5ndtering af &hellip; <a href=\"https:\/\/andelenergi.dk\/erhverv\/kundeservice\/flytning\/flytning-udlejning\/\">Continued<\/a>","protected":false},"author":27,"featured_media":0,"parent":142022,"menu_order":0,"comment_status":"closed","ping_status":"closed","template":"","meta":{"_acf_changed":false,"footnotes":""},"categories":[],"class_list":["post-44572","page","type-page","status-publish","hentry"],"acf":[],"yoast_head":"<!-- This site is optimized with the Yoast SEO Premium plugin v20.7 (Yoast SEO v20.13) - https:\/\/yoast.com\/wordpress\/plugins\/seo\/ -->\n<title>Flytning udlejning | andelenergi.dk<\/title>\n<meta name=\"description\" content=\"Er du administrator for en offentlig\/privat udlejningsejendom, kan du nemt og hurtigt melde flytning for dine lejere.\" \/>\n<meta name=\"robots\" content=\"index, follow, max-snippet:-1, max-image-preview:large, max-video-preview:-1\" \/>\n<link rel=\"canonical\" href=\"https:\/\/andelenergi.dk\/erhverv\/kundeservice\/flytning\/flytning-udlejning\/\" \/>\n<meta property=\"og:locale\" content=\"da_DK\" \/>\n<meta property=\"og:type\" content=\"article\" \/>\n<meta property=\"og:title\" content=\"Flytning udlejning\" \/>\n<meta property=\"og:description\" content=\"Er du administrator for en offentlig\/privat udlejningsejendom, kan du nemt og hurtigt melde flytning for dine lejere.\" \/>\n<meta property=\"og:url\" content=\"https:\/\/andelenergi.dk\/erhverv\/kundeservice\/flytning\/flytning-udlejning\/\" \/>\n<meta property=\"og:site_name\" content=\"andelenergi.dk\" \/>\n<meta property=\"article:publisher\" content=\"https:\/\/www.facebook.com\/andelenergi\" \/>\n<meta property=\"article:modified_time\" content=\"2025-08-26T07:48:51+00:00\" \/>\n<meta name=\"twitter:card\" content=\"summary_large_image\" \/>\n<meta name=\"twitter:label1\" content=\"Est. reading time\" \/>\n\t<meta name=\"twitter:data1\" content=\"2 minutes\" \/>\n<script type=\"application\/ld+json\" class=\"yoast-schema-graph\">{\"@context\":\"https:\/\/schema.org\",\"@graph\":[{\"@type\":\"WebPage\",\"@id\":\"https:\/\/andelenergi.dk\/erhverv\/kundeservice\/flytning\/flytning-udlejning\/\",\"url\":\"https:\/\/andelenergi.dk\/erhverv\/kundeservice\/flytning\/flytning-udlejning\/\",\"name\":\"Flytning udlejning | andelenergi.dk\",\"isPartOf\":{\"@id\":\"https:\/\/andelenergi.dk\/#website\"},\"datePublished\":\"2022-01-04T14:18:55+00:00\",\"dateModified\":\"2025-08-26T07:48:51+00:00\",\"description\":\"Er du administrator for en offentlig\/privat udlejningsejendom, kan du nemt og hurtigt melde flytning for dine lejere.\",\"breadcrumb\":{\"@id\":\"https:\/\/andelenergi.dk\/erhverv\/kundeservice\/flytning\/flytning-udlejning\/#breadcrumb\"},\"inLanguage\":\"da-DK\",\"potentialAction\":[{\"@type\":\"ReadAction\",\"target\":[\"https:\/\/andelenergi.dk\/erhverv\/kundeservice\/flytning\/flytning-udlejning\/\"]}]},{\"@type\":\"BreadcrumbList\",\"@id\":\"https:\/\/andelenergi.dk\/erhverv\/kundeservice\/flytning\/flytning-udlejning\/#breadcrumb\",\"itemListElement\":[{\"@type\":\"ListItem\",\"position\":1,\"name\":\"Home\",\"item\":\"https:\/\/andelenergi.dk\/\"},{\"@type\":\"ListItem\",\"position\":2,\"name\":\"Erhverv forside\",\"item\":\"https:\/\/andelenergi.dk\/erhverv\/\"},{\"@type\":\"ListItem\",\"position\":3,\"name\":\"Kundeservice erhverv\",\"item\":\"https:\/\/andelenergi.dk\/erhverv\/kundeservice\/\"},{\"@type\":\"ListItem\",\"position\":4,\"name\":\"Flytning\",\"item\":\"https:\/\/andelenergi.dk\/erhverv\/kundeservice\/flytning\/\"},{\"@type\":\"ListItem\",\"position\":5,\"name\":\"Flytning udlejning\"}]},{\"@type\":\"WebSite\",\"@id\":\"https:\/\/andelenergi.dk\/#website\",\"url\":\"https:\/\/andelenergi.dk\/\",\"name\":\"andelenergi.dk\",\"description\":\"k\u00f8b el og gas til skarp pris\",\"potentialAction\":[{\"@type\":\"SearchAction\",\"target\":{\"@type\":\"EntryPoint\",\"urlTemplate\":\"https:\/\/andelenergi.dk\/?s={search_term_string}\"},\"query-input\":\"required name=search_term_string\"}],\"inLanguage\":\"da-DK\"}]}<\/script>\n<!-- \/ Yoast SEO Premium plugin. -->","yoast_head_json":{"title":"Flytning udlejning | andelenergi.dk","description":"Er du administrator for en offentlig\/privat udlejningsejendom, kan du nemt og hurtigt melde flytning for dine lejere.","robots":{"index":"index","follow":"follow","max-snippet":"max-snippet:-1","max-image-preview":"max-image-preview:large","max-video-preview":"max-video-preview:-1"},"canonical":"https:\/\/andelenergi.dk\/erhverv\/kundeservice\/flytning\/flytning-udlejning\/","og_locale":"da_DK","og_type":"article","og_title":"Flytning udlejning","og_description":"Er du administrator for en offentlig\/privat udlejningsejendom, kan du nemt og hurtigt melde flytning for dine lejere.","og_url":"https:\/\/andelenergi.dk\/erhverv\/kundeservice\/flytning\/flytning-udlejning\/","og_site_name":"andelenergi.dk","article_publisher":"https:\/\/www.facebook.com\/andelenergi","article_modified_time":"2025-08-26T07:48:51+00:00","twitter_card":"summary_large_image","twitter_misc":{"Est. reading time":"2 minutes"},"schema":{"@context":"https:\/\/schema.org","@graph":[{"@type":"WebPage","@id":"https:\/\/andelenergi.dk\/erhverv\/kundeservice\/flytning\/flytning-udlejning\/","url":"https:\/\/andelenergi.dk\/erhverv\/kundeservice\/flytning\/flytning-udlejning\/","name":"Flytning udlejning | andelenergi.dk","isPartOf":{"@id":"https:\/\/andelenergi.dk\/#website"},"datePublished":"2022-01-04T14:18:55+00:00","dateModified":"2025-08-26T07:48:51+00:00","description":"Er du administrator for en offentlig\/privat udlejningsejendom, kan du nemt og hurtigt melde flytning for dine lejere.","breadcrumb":{"@id":"https:\/\/andelenergi.dk\/erhverv\/kundeservice\/flytning\/flytning-udlejning\/#breadcrumb"},"inLanguage":"da-DK","potentialAction":[{"@type":"ReadAction","target":["https:\/\/andelenergi.dk\/erhverv\/kundeservice\/flytning\/flytning-udlejning\/"]}]},{"@type":"BreadcrumbList","@id":"https:\/\/andelenergi.dk\/erhverv\/kundeservice\/flytning\/flytning-udlejning\/#breadcrumb","itemListElement":[{"@type":"ListItem","position":1,"name":"Home","item":"https:\/\/andelenergi.dk\/"},{"@type":"ListItem","position":2,"name":"Erhverv forside","item":"https:\/\/andelenergi.dk\/erhverv\/"},{"@type":"ListItem","position":3,"name":"Kundeservice erhverv","item":"https:\/\/andelenergi.dk\/erhverv\/kundeservice\/"},{"@type":"ListItem","position":4,"name":"Flytning","item":"https:\/\/andelenergi.dk\/erhverv\/kundeservice\/flytning\/"},{"@type":"ListItem","position":5,"name":"Flytning udlejning"}]},{"@type":"WebSite","@id":"https:\/\/andelenergi.dk\/#website","url":"https:\/\/andelenergi.dk\/","name":"andelenergi.dk","description":"k\u00f8b el og gas til skarp pris","potentialAction":[{"@type":"SearchAction","target":{"@type":"EntryPoint","urlTemplate":"https:\/\/andelenergi.dk\/?s={search_term_string}"},"query-input":"required name=search_term_string"}],"inLanguage":"da-DK"}]}},"_links":{"self":[{"href":"https:\/\/andelenergi.dk\/api\/wp\/v2\/pages\/44572","targetHints":{"allow":["GET"]}}],"collection":[{"href":"https:\/\/andelenergi.dk\/api\/wp\/v2\/pages"}],"about":[{"href":"https:\/\/andelenergi.dk\/api\/wp\/v2\/types\/page"}],"author":[{"embeddable":true,"href":"https:\/\/andelenergi.dk\/api\/wp\/v2\/users\/27"}],"replies":[{"embeddable":true,"href":"https:\/\/andelenergi.dk\/api\/wp\/v2\/comments?post=44572"}],"version-history":[{"count":3,"href":"https:\/\/andelenergi.dk\/api\/wp\/v2\/pages\/44572\/revisions"}],"predecessor-version":[{"id":235963,"href":"https:\/\/andelenergi.dk\/api\/wp\/v2\/pages\/44572\/revisions\/235963"}],"up":[{"embeddable":true,"href":"https:\/\/andelenergi.dk\/api\/wp\/v2\/pages\/142022"}],"wp:attachment":[{"href":"https:\/\/andelenergi.dk\/api\/wp\/v2\/media?parent=44572"}],"wp:term":[{"taxonomy":"category","embeddable":true,"href":"https:\/\/andelenergi.dk\/api\/wp\/v2\/categories?post=44572"}],"curies":[{"name":"wp","href":"https:\/\/api.w.org\/{rel}","templated":true}]}}