{"id":44371,"date":"2022-01-04T13:30:46","date_gmt":"2022-01-04T13:30:52","guid":{"rendered":"https:\/\/prod.andelenergi.dk\/erhverv\/hvorfor-hoejere-priser\/"},"modified":"2024-03-18T08:40:03","modified_gmt":"2024-03-18T08:40:03","slug":"hvorfor-hoejere-priser","status":"publish","type":"page","link":"https:\/\/andelenergi.dk\/erhverv\/el\/vaerd-at-vide\/hvorfor-hoejere-priser\/","title":{"rendered":"Erhverv: Hvorfor er energipriserne svingende?"},"content":{"rendered":"<section\n  class=\"acf-block acf-block--product-hero text-black mb-12 lg:mb-14  block\"\n   id=product-hero-1\n  \n  \n>\n      <div class=\"inner inner--full\">\n  \n  \n  <div\n  class=\"inner--px-remove--full anchor-center relative box-border\"\n>\n\n      <div x-data=\"PreserveUtmParameters\">\n  \n  <div class=\"product-hero-bg-mobile relative block sm:hidden\">\n    <div class=\"relative\">\n      \n      \n                  <picture> <img decoding=\"async\" src=\"https:\/\/andelenergi.dk\/app\/uploads\/2022\/01\/DSC3249-1600px-600x400.jpg\" alt=\"Elprisehr time for time hos Andel Energi erverv\" class=\"w-full h-full object-cover\" style=\"object-position:50.00% 50.00%;\" loading=\"lazy\"><\/picture>\n                  <\/div>\n\n    <div>\n              <div class=\"aspect-ratio-image-grid-3x2 mobile mb-6\">\n          <div\n  class=\"grid h-full grid-cols-3 grid-rows-2\"\n  x-data=\"GridAnimation\"\n  x-intersect:enter.full.once=\"animateBricks\"\n>\n                  <div class=\"z-10 col-start-3 row-start-1 bg-coral-300 opacity-0 transition duration-500\"><\/div>\n          <div class=\"z-10 col-start-2 row-start-2 bg-sky-200 opacity-0 transition duration-500\"><\/div>\n          <div class=\"z-10 col-start-3 row-start-2 bg-sky-500 opacity-0 transition duration-500\"><\/div>\n                      <div class=\"bg col-span-3 col-start-1 row-span-1 row-start-2 bg-off-white\"><\/div>\n                      <\/div>\n        <\/div>\n      \n      <div class=\"inner inner--prose mb-6 sm:mb-0\">\n                  <h1 class=\"text-2xl\">Svingende priser p\u00e5 el og gas<\/h1>\n        \n                  <div class=\"wysiwyg mt-4\">\n            <p>El, gas og olie handles p\u00e5 s\u00e5kaldte energib\u00f8rser, og priserne reguleres derfor efter forholdet mellem udbud og eftersp\u00f8rgsel. Efter en periode med meget h\u00f8je energipriser, er priserne faldet over vinteren. Det er der flere \u00e5rsager til.<\/p>\n\n          <\/div>\n        \n              <\/div>\n\n        <\/div>\n<\/div>\n\n\n  <div\n    class=\"product-hero-bg-desktop aspect-ratio-hero-large relative hidden items-center px-6 py-6 sm:flex md:px-12 md:py-12 lg:px-16 xl:py-16\"\n  >\n  \n\n\n      <picture> <img decoding=\"async\" src=\"https:\/\/andelenergi.dk\/app\/uploads\/2022\/01\/DSC3249-1600px-600x400.jpg\" alt=\"Elprisehr time for time hos Andel Energi erverv\" class=\"absolute left-0 top-0 w-full h-full object-cover block sm:hidden\" style=\"object-position:50.00% 50.00%;\" loading=\"lazy\"><\/picture>\n    <picture><source media=\"(min-width:1024px)\" srcset=\"https:\/\/andelenergi.dk\/app\/uploads\/2022\/01\/DSC3249-1600px-1600x686.jpg\"> <img decoding=\"async\" src=\"https:\/\/andelenergi.dk\/app\/uploads\/2022\/01\/DSC3249-1600px-1144x490.jpg\" alt=\"Elprisehr time for time hos Andel Energi erverv\" class=\"absolute left-0 top-0 w-full h-full object-cover hidden sm:block\" style=\"object-position:50.00% 50.00%;\" loading=\"lazy\"><\/picture>\n  \n  <div class=\"relative z-10 w-[55%] md:w-[45%] xl:w-[40%]\">\n    <div class=\"aspect-ratio-image-grid-3x2\">\n      <div\n  class=\"grid h-full grid-cols-3 grid-rows-2\"\n  x-data=\"GridAnimation\"\n  x-intersect:enter.full.once=\"animateBricks\"\n>\n                  <div class=\"z-10 col-start-3 row-start-1 bg-coral-300 opacity-0 transition duration-500\"><\/div>\n          <div class=\"z-10 col-start-2 row-start-2 bg-sky-200 opacity-0 transition duration-500\"><\/div>\n          <div class=\"z-10 col-start-3 row-start-2 bg-sky-500 opacity-0 transition duration-500\"><\/div>\n                      <div class=\"bg col-span-3 col-start-1 row-span-1 row-start-2 bg-off-white\"><\/div>\n                      <\/div>\n    <\/div>\n  \n<div class=\"z-20 w-full bg-off-white p-6 md:p-8 lg:p-12\">\n      <h1 class=\"text-2xl\">Svingende priser p\u00e5 el og gas<\/h1>\n  \n      <div class=\"wysiwyg mt-4\">\n      <p>El, gas og olie handles p\u00e5 s\u00e5kaldte energib\u00f8rser, og priserne reguleres derfor efter forholdet mellem udbud og eftersp\u00f8rgsel. Efter en periode med meget h\u00f8je energipriser, er priserne faldet over vinteren. Det er der flere \u00e5rsager til.<\/p>\n\n    <\/div>\n  \n  <\/div>\n<\/div>\n<\/div>\n<\/div>\n  <\/div>\n\n\n  \n      <\/div>\n  \n<\/section>\n<section\n  class=\"core-block core-block--paragraph   block\"\n   id=paragraph-3\n  \n  \n>\n      <div class=\"inner inner--prose\">\n  \n  \n  \n<p>Her kan du f\u00e5 et indblik i, hvad der sker p\u00e5 energimarkedet lige nu.<\/p>\n\n\n  \n      <\/div>\n  \n<\/section>\n<section\n  class=\"core-block core-block--heading   block\"\n   id=heading-4\n  \n  \n>\n      <div class=\"inner inner--prose\">\n  \n  \n  \n<h4 class=\"wp-block-heading\" id=\"h-hvad-skete-der-da-energipriserne-blev-skyhoje\">Hvad skete der, da energipriserne blev skyh\u00f8je?<\/h4>\n\n\n  \n      <\/div>\n  \n<\/section>\n<section\n  class=\"core-block core-block--paragraph   block\"\n   id=paragraph-5\n  \n  \n>\n      <div class=\"inner inner--prose\">\n  \n  \n  \n<p>Jo st\u00f8rre forskellen er mellem udbud og eftersp\u00f8rgsel p\u00e5 energimarkederne, jo st\u00f8rre bliver udsvingene i priserne.<\/p>\n\n\n  \n      <\/div>\n  \n<\/section>\n<section\n  class=\"core-block core-block--paragraph   block\"\n   id=paragraph-6\n  \n  \n>\n      <div class=\"inner inner--prose\">\n  \n  \n  \n<p>Da hele verden pga. corona-pandemien lukkede ned, faldt behovet for energi, og det bet\u00f8d i en kortere periode af for\u00e5ret og sommeren 2020, at vores variable elprodukt M\u00e5nedsEl l\u00e5 helt nede under 20 \u00f8re\/kWh, og at vores variable gasprodukt M\u00e5nedsGas l\u00e5 under 100 \u00f8re\/m<sup>3<\/sup>.<\/p>\n\n\n  \n      <\/div>\n  \n<\/section>\n<section\n  class=\"core-block core-block--paragraph   block\"\n   id=paragraph-7\n  \n  \n>\n      <div class=\"inner inner--prose\">\n  \n  \n  \n<p>I andet halv\u00e5r af 2022 vendte situationen, og hele verden kunne ikke f\u00e5 energi nok. Eftersp\u00f8rgslen har derfor v\u00e6ret h\u00f8jere end udbuddet. Det har resulteret i h\u00f8jere priser p\u00e5 energib\u00f8rserne. Den samme udvikling ses for r\u00e5varer som sten, grus, metal og tr\u00e6, hvor priserne ogs\u00e5 steg markant.<\/p>\n\n\n  \n      <\/div>\n  \n<\/section>\n<section\n  class=\"core-block core-block--paragraph   block\"\n   id=paragraph-8\n  \n  \n>\n      <div class=\"inner inner--prose\">\n  \n  \n  \n<p>De enkelte energiselskaber bestemmer med andre ord ikke selv prisniveauet for el og gas. Vores omkostninger og indtjening er de samme, uanset om energipriserne er h\u00f8je eller lave.<\/p>\n\n\n  \n      <\/div>\n  \n<\/section>\n<section\n  class=\"acf-block acf-block--button mt-12 lg:mt-14 mb-12 lg:mb-14  block\"\n   id=button-9\n  \n  \n>\n      <div class=\"inner inner--prose\">\n  \n  \n  <div class=\"button-layout--loose text-body-xs leading-none\">\n    <a\n        x-data=\"partialsButton({&quot;buttonSize&quot;:&quot;big&quot;,&quot;buttonColor&quot;:&quot;black&quot;,&quot;buttonLayout&quot;:&quot;loose&quot;,&quot;buttonCssClass&quot;:&quot;&quot;,&quot;buttonAccordionAccordion&quot;:null,&quot;buttonLink&quot;:{&quot;title&quot;:&quot;Se de historiske priser p\\u00e5 M\\u00e5nedsEl&quot;,&quot;url&quot;:&quot;https:\\\/\\\/andelenergi.dk\\\/erhverv\\\/el\\\/vejledende-elpriser\\\/&quot;,&quot;target&quot;:&quot;&quot;},&quot;buttonColorTertiary&quot;:&quot;sky-500&quot;,&quot;buttonAccordionEndAccordion&quot;:null})\"\n        x-ref=\"partialsButton\"\n        href=\"https:\/\/andelenergi.dk\/erhverv\/el\/vejledende-elpriser\/\"\n        target=\"\"\n        role=\"button\"\n        class=\"text-body-xs text-black disbaled:text-gray-500   group inline-block leading-none transition-colors duration-300 ease-in-out\"\n        >\n        \n        Se de historiske priser p\u00e5 M\u00e5nedsEl\n\n                    <svg xmlns=\"http:\/\/www.w3.org\/2000\/svg\" width=\"10\" height=\"7\" viewBox=\"0 0 10 7\" fill=\"none\" class=\"inline w-[10px] h-[7px] ml-1 group-hover:translate-x-1 transition-transform&#10;            duration-200 ease-in-out backface-visibility-hidden\"><path d=\"M4.9 0L7.728 2.758H0.728V4.06H7.756L4.9 6.818H6.636L9.59 3.878V2.968L6.636 0H4.9Z\" fill=\"currentColor\"\/><\/svg>\n            <\/a>\n<\/div>\n\n\n  \n      <\/div>\n  \n<\/section>\n<section\n  class=\"acf-block acf-block--button mt-12 lg:mt-14 mb-12 lg:mb-14  block\"\n   id=button-11\n  \n  \n>\n      <div class=\"inner inner--prose\">\n  \n  \n  <div class=\"button-layout--loose text-body-xs leading-none\">\n    <a\n        x-data=\"partialsButton({&quot;buttonSize&quot;:&quot;big&quot;,&quot;buttonColor&quot;:&quot;black&quot;,&quot;buttonLayout&quot;:&quot;loose&quot;,&quot;buttonCssClass&quot;:&quot;&quot;,&quot;buttonAccordionAccordion&quot;:null,&quot;buttonLink&quot;:{&quot;title&quot;:&quot;Se de historiske priser p\\u00e5 M\\u00e5nedsGas&quot;,&quot;url&quot;:&quot;https:\\\/\\\/andelenergi.dk\\\/erhverv\\\/gas\\\/vejledende-og-historiske-gaspriser\\\/&quot;,&quot;target&quot;:&quot;&quot;},&quot;buttonColorTertiary&quot;:&quot;sky-500&quot;,&quot;buttonAccordionEndAccordion&quot;:null})\"\n        x-ref=\"partialsButton\"\n        href=\"https:\/\/andelenergi.dk\/erhverv\/gas\/vejledende-og-historiske-gaspriser\/\"\n        target=\"\"\n        role=\"button\"\n        class=\"text-body-xs text-black disbaled:text-gray-500   group inline-block leading-none transition-colors duration-300 ease-in-out\"\n        >\n        \n        Se de historiske priser p\u00e5 M\u00e5nedsGas\n\n                    <svg xmlns=\"http:\/\/www.w3.org\/2000\/svg\" width=\"10\" height=\"7\" viewBox=\"0 0 10 7\" fill=\"none\" class=\"inline w-[10px] h-[7px] ml-1 group-hover:translate-x-1 transition-transform&#10;            duration-200 ease-in-out backface-visibility-hidden\"><path d=\"M4.9 0L7.728 2.758H0.728V4.06H7.756L4.9 6.818H6.636L9.59 3.878V2.968L6.636 0H4.9Z\" fill=\"currentColor\"\/><\/svg>\n            <\/a>\n<\/div>\n\n\n  \n      <\/div>\n  \n<\/section>\n<section\n  class=\"acf-block acf-block--icon-teaser has-background text-black mt-12 lg:mt-14 mb-12 lg:mb-14  block\"\n   id=icon-teaser-13\n  \n  \n>\n      <div class=\"inner inner--prose\">\n  \n      <div\n      class=\"inner-bg bg-sky-200 px-4 sm:px-6 lg:px-8 py-6 lg:py-8\"\n      \n    >\n  \n  <div\n  class=\"icon-teaser  relative flex h-full flex-col\"\n  >\n  <div class=\"flex flex-auto flex-col\">\n          <div class=\"mb-4 flex-none\">\n        <div class=\"h-12 w-12\">\n          <?xml version=\"1.0\" encoding=\"UTF-8\"?> <svg xmlns=\"http:\/\/www.w3.org\/2000\/svg\" id=\"Ikoner\" viewBox=\"0 0 40 40\"><style type=\"text\/css\"> #Ikoner{fill:currentColor;} <\/style><path d=\"M20,2A18,18,0,1,0,38,20,18,18,0,0,0,20,2Zm0,34A16,16,0,1,1,36,20,16,16,0,0,1,20,36Z\"><\/path><polygon points=\"17.93 29.19 9.79 17.44 8.15 18.58 18.02 32.83 31.86 10.54 30.16 9.48 17.93 29.19\"><\/polygon><\/svg> \n        <\/div>\n      <\/div>\n    \n    <div class=\"flex-none\">\n      \n      <h2 class=\"break-word mb-4 text-2xl\">Vores anbefaling<\/h2>\n    <\/div>\n\n          <div class=\"wysiwyg mb-4\">\n        <p>Vi anbefaler, at I som virksomhed l\u00f8bende f\u00f8lger jeres energiforbrug, og at I grundigt overvejer jeres risikoprofil, p\u00e5 samme m\u00e5de, som n\u00e5r I f.eks. v\u00e6lger realkreditl\u00e5n.<\/p>\n<p>Det er ogs\u00e5 altid en god id\u00e9, at unders\u00f8ge mulighederne for at s\u00e6nke virksomhedens forbrug gennem energioptimering.<\/p>\n\n      <\/div>\n      <\/div>\n\n  \n  <\/div>\n\n\n      <\/div>\n  \n      <\/div>\n  \n<\/section>\n<section\n  class=\"core-block core-block--heading   block\"\n   id=heading-15\n  \n  \n>\n      <div class=\"inner inner--prose\">\n  \n  \n  \n<h4 class=\"wp-block-heading\" id=\"h-er-det-kun-andel-energis-priser-der-er-svingende\">Er det kun Andel Energis priser, der er svingende?<\/h4>\n\n\n  \n      <\/div>\n  \n<\/section>\n<section\n  class=\"core-block core-block--paragraph   block\"\n   id=paragraph-16\n  \n  \n>\n      <div class=\"inner inner--prose\">\n  \n  \n  \n<p>Nej. Hele energimarkedet er ramt p\u00e5 prisen, og derfor vil jeres energipriser f\u00f8lge markedet, uanset om jeres virksomhed er kunde hos Andel Energi eller et andet energiselskab. Det er kun prisen p\u00e5 den rene el og gas, der svinger \u2013 ikke prisen p\u00e5 transport og afgifter.<\/p>\n\n\n  \n      <\/div>\n  \n<\/section>\n<section\n  class=\"acf-block acf-block--button mt-12 lg:mt-14 mb-12 lg:mb-14  block\"\n   id=button-17\n  \n  \n>\n      <div class=\"inner inner--prose\">\n  \n  \n  <div class=\"button-layout--loose text-body-xs leading-none\">\n    <a\n        x-data=\"partialsButton({&quot;buttonSize&quot;:&quot;big&quot;,&quot;buttonColor&quot;:&quot;black&quot;,&quot;buttonLayout&quot;:&quot;loose&quot;,&quot;buttonCssClass&quot;:&quot;&quot;,&quot;buttonAccordionAccordion&quot;:null,&quot;buttonLink&quot;:{&quot;title&quot;:&quot;Bliv klogere p\\u00e5 elpriserne&quot;,&quot;url&quot;:&quot;https:\\\/\\\/andelenergi.dk\\\/erhverv\\\/el\\\/om-priser\\\/&quot;,&quot;target&quot;:&quot;&quot;},&quot;buttonColorTertiary&quot;:&quot;sky-500&quot;,&quot;buttonAccordionEndAccordion&quot;:null})\"\n        x-ref=\"partialsButton\"\n        href=\"https:\/\/andelenergi.dk\/erhverv\/el\/om-priser\/\"\n        target=\"\"\n        role=\"button\"\n        class=\"text-body-xs text-black disbaled:text-gray-500   group inline-block leading-none transition-colors duration-300 ease-in-out\"\n        >\n        \n        Bliv klogere p\u00e5 elpriserne\n\n                    <svg xmlns=\"http:\/\/www.w3.org\/2000\/svg\" width=\"10\" height=\"7\" viewBox=\"0 0 10 7\" fill=\"none\" class=\"inline w-[10px] h-[7px] ml-1 group-hover:translate-x-1 transition-transform&#10;            duration-200 ease-in-out backface-visibility-hidden\"><path d=\"M4.9 0L7.728 2.758H0.728V4.06H7.756L4.9 6.818H6.636L9.59 3.878V2.968L6.636 0H4.9Z\" fill=\"currentColor\"\/><\/svg>\n            <\/a>\n<\/div>\n\n\n  \n      <\/div>\n  \n<\/section>\n<section\n  class=\"acf-block acf-block--button mt-12 lg:mt-14 mb-12 lg:mb-14  block\"\n   id=button-19\n  \n  \n>\n      <div class=\"inner inner--prose\">\n  \n  \n  <div class=\"button-layout--loose text-body-xs leading-none\">\n    <a\n        x-data=\"partialsButton({&quot;buttonSize&quot;:&quot;big&quot;,&quot;buttonColor&quot;:&quot;black&quot;,&quot;buttonLayout&quot;:&quot;loose&quot;,&quot;buttonCssClass&quot;:&quot;&quot;,&quot;buttonAccordionAccordion&quot;:null,&quot;buttonLink&quot;:{&quot;title&quot;:&quot;Bliv klogere p\\u00e5 gaspriserne&quot;,&quot;url&quot;:&quot;https:\\\/\\\/andelenergi.dk\\\/erhverv\\\/gas\\\/om-priser-gas\\\/&quot;,&quot;target&quot;:&quot;&quot;},&quot;buttonColorTertiary&quot;:&quot;sky-500&quot;,&quot;buttonAccordionEndAccordion&quot;:null})\"\n        x-ref=\"partialsButton\"\n        href=\"https:\/\/andelenergi.dk\/erhverv\/gas\/om-priser-gas\/\"\n        target=\"\"\n        role=\"button\"\n        class=\"text-body-xs text-black disbaled:text-gray-500   group inline-block leading-none transition-colors duration-300 ease-in-out\"\n        >\n        \n        Bliv klogere p\u00e5 gaspriserne\n\n                    <svg xmlns=\"http:\/\/www.w3.org\/2000\/svg\" width=\"10\" height=\"7\" viewBox=\"0 0 10 7\" fill=\"none\" class=\"inline w-[10px] h-[7px] ml-1 group-hover:translate-x-1 transition-transform&#10;            duration-200 ease-in-out backface-visibility-hidden\"><path d=\"M4.9 0L7.728 2.758H0.728V4.06H7.756L4.9 6.818H6.636L9.59 3.878V2.968L6.636 0H4.9Z\" fill=\"currentColor\"\/><\/svg>\n            <\/a>\n<\/div>\n\n\n  \n      <\/div>\n  \n<\/section>\n<section\n  class=\"core-block core-block--heading   block\"\n   id=heading-21\n  \n  \n>\n      <div class=\"inner inner--prose\">\n  \n  \n  \n<h4 class=\"wp-block-heading\" id=\"h-hvor-kommer-vores-el-fra\">Hvor kommer vores el fra?<\/h4>\n\n\n  \n      <\/div>\n  \n<\/section>\n<section\n  class=\"core-block core-block--paragraph   block\"\n   id=paragraph-22\n  \n  \n>\n      <div class=\"inner inner--prose\">\n  \n  \n  \n<p>Jeres el bliver, ligesom det er tilf\u00e6ldet for alle andre elhandelsvirksomheder, indk\u00f8bt p\u00e5 den nordiske elb\u00f8rs Nordpool. Den indeholder el fra mange forskellige kilder, som bliver blandet sammen i elnettet. Derfor er der ingen elselskaber, der kan levere 100 % vindenergi til jeres virksomhed. Til geng\u00e6ld kan I k\u00f8be RECS-certifikater, som sikrer, at der produceres nok str\u00f8m fra danske havvindm\u00f8ller til at d\u00e6kke jeres \u00e5rlige elforbrug.<\/p>\n\n\n  \n      <\/div>\n  \n<\/section>\n<section\n  class=\"core-block core-block--heading   block\"\n   id=heading-23\n  \n  \n>\n      <div class=\"inner inner--prose\">\n  \n  \n  \n<h4 class=\"wp-block-heading\" id=\"h-hvor-kommer-vores-gas-fra\">Hvor kommer vores gas fra?<\/h4>\n\n\n  \n      <\/div>\n  \n<\/section>\n<section\n  class=\"core-block core-block--paragraph   block\"\n   id=paragraph-24\n  \n  \n>\n      <div class=\"inner inner--prose\">\n  \n  \n  \n<p>Jeres gas bliver indk\u00f8bt p\u00e5 den nordiske gasb\u00f8rs, EGSI. Herudover k\u00f8ber vi ogs\u00e5 biogas fra danske biogasproducenter. Indtil Tyrafeltet \u00e5bner igen i 2023, vil jeres gas komme fra Tyskland og v\u00e6re en blanding af biogas, gas fra Nords\u00f8en (is\u00e6r Norge) og Rusland samt flydende gas. N\u00e5r gassen kommer til Danmark bliver den blandet med biogas fra produktionen her i Danmark.<\/p>\n\n\n  \n      <\/div>\n  \n<\/section>\n","protected":false},"excerpt":{"rendered":"Her kan du f\u00e5 et indblik i, hvad der sker p\u00e5 energimarkedet lige nu. Hvad skete der, da energipriserne blev skyh\u00f8je? Jo st\u00f8rre forskellen er mellem udbud og eftersp\u00f8rgsel p\u00e5 energimarkederne, jo st\u00f8rre bliver udsvingene i priserne. Da hele verden pga. corona-pandemien lukkede ned, faldt behovet for energi, og det bet\u00f8d i en kortere periode &hellip; <a href=\"https:\/\/andelenergi.dk\/erhverv\/el\/vaerd-at-vide\/hvorfor-hoejere-priser\/\">Continued<\/a>","protected":false},"author":27,"featured_media":0,"parent":142050,"menu_order":2,"comment_status":"closed","ping_status":"closed","template":"","meta":{"_acf_changed":false,"footnotes":""},"categories":[],"class_list":["post-44371","page","type-page","status-publish","hentry"],"acf":[],"yoast_head":"<!-- This site is optimized with the Yoast SEO Premium plugin v20.7 (Yoast SEO v20.13) - https:\/\/yoast.com\/wordpress\/plugins\/seo\/ -->\n<title>Erhverv | Hvorfor svinger energipriserne | andelenergi.dk<\/title>\n<meta name=\"description\" content=\"L\u00e6s mere om \u00e5rsagerne til, at energipriserne - herunder prisen p\u00e5 gas og el - er svingende.\" \/>\n<meta name=\"robots\" content=\"index, follow, max-snippet:-1, max-image-preview:large, max-video-preview:-1\" \/>\n<link rel=\"canonical\" href=\"https:\/\/andelenergi.dk\/erhverv\/hvorfor-hoejere-priser\/\" \/>\n<meta property=\"og:locale\" content=\"da_DK\" \/>\n<meta property=\"og:type\" content=\"article\" \/>\n<meta property=\"og:title\" content=\"Erhverv: Hvorfor er energipriserne svingende?\" \/>\n<meta property=\"og:description\" content=\"L\u00e6s mere om \u00e5rsagerne til, at energipriserne - herunder prisen p\u00e5 gas og el - er svingende.\" \/>\n<meta property=\"og:url\" content=\"https:\/\/andelenergi.dk\/erhverv\/hvorfor-hoejere-priser\/\" \/>\n<meta property=\"og:site_name\" content=\"andelenergi.dk\" \/>\n<meta property=\"article:publisher\" content=\"https:\/\/www.facebook.com\/andelenergi\" \/>\n<meta property=\"article:modified_time\" content=\"2024-03-18T08:40:03+00:00\" \/>\n<meta name=\"twitter:card\" content=\"summary_large_image\" \/>\n<meta name=\"twitter:label1\" content=\"Est. reading time\" \/>\n\t<meta name=\"twitter:data1\" content=\"2 minutes\" \/>\n<script type=\"application\/ld+json\" class=\"yoast-schema-graph\">{\"@context\":\"https:\/\/schema.org\",\"@graph\":[{\"@type\":\"WebPage\",\"@id\":\"https:\/\/andelenergi.dk\/erhverv\/hvorfor-hoejere-priser\/\",\"url\":\"https:\/\/andelenergi.dk\/erhverv\/hvorfor-hoejere-priser\/\",\"name\":\"Erhverv | Hvorfor svinger energipriserne | andelenergi.dk\",\"isPartOf\":{\"@id\":\"https:\/\/andelenergi.dk\/#website\"},\"datePublished\":\"2022-01-04T13:30:52+00:00\",\"dateModified\":\"2024-03-18T08:40:03+00:00\",\"description\":\"L\u00e6s mere om \u00e5rsagerne til, at energipriserne - herunder prisen p\u00e5 gas og el - er svingende.\",\"breadcrumb\":{\"@id\":\"https:\/\/andelenergi.dk\/erhverv\/hvorfor-hoejere-priser\/#breadcrumb\"},\"inLanguage\":\"da-DK\",\"potentialAction\":[{\"@type\":\"ReadAction\",\"target\":[\"https:\/\/andelenergi.dk\/erhverv\/hvorfor-hoejere-priser\/\"]}]},{\"@type\":\"BreadcrumbList\",\"@id\":\"https:\/\/andelenergi.dk\/erhverv\/hvorfor-hoejere-priser\/#breadcrumb\",\"itemListElement\":[{\"@type\":\"ListItem\",\"position\":1,\"name\":\"Home\",\"item\":\"https:\/\/andelenergi.dk\/\"},{\"@type\":\"ListItem\",\"position\":2,\"name\":\"Erhverv forside\",\"item\":\"https:\/\/andelenergi.dk\/erhverv\/\"},{\"@type\":\"ListItem\",\"position\":3,\"name\":\"Erhverv: Hvorfor er energipriserne svingende?\"}]},{\"@type\":\"WebSite\",\"@id\":\"https:\/\/andelenergi.dk\/#website\",\"url\":\"https:\/\/andelenergi.dk\/\",\"name\":\"andelenergi.dk\",\"description\":\"k\u00f8b el og gas til skarp pris\",\"potentialAction\":[{\"@type\":\"SearchAction\",\"target\":{\"@type\":\"EntryPoint\",\"urlTemplate\":\"https:\/\/andelenergi.dk\/?s={search_term_string}\"},\"query-input\":\"required name=search_term_string\"}],\"inLanguage\":\"da-DK\"}]}<\/script>\n<!-- \/ Yoast SEO Premium plugin. -->","yoast_head_json":{"title":"Erhverv | Hvorfor svinger energipriserne | andelenergi.dk","description":"L\u00e6s mere om \u00e5rsagerne til, at energipriserne - herunder prisen p\u00e5 gas og el - er svingende.","robots":{"index":"index","follow":"follow","max-snippet":"max-snippet:-1","max-image-preview":"max-image-preview:large","max-video-preview":"max-video-preview:-1"},"canonical":"https:\/\/andelenergi.dk\/erhverv\/hvorfor-hoejere-priser\/","og_locale":"da_DK","og_type":"article","og_title":"Erhverv: Hvorfor er energipriserne svingende?","og_description":"L\u00e6s mere om \u00e5rsagerne til, at energipriserne - herunder prisen p\u00e5 gas og el - er svingende.","og_url":"https:\/\/andelenergi.dk\/erhverv\/hvorfor-hoejere-priser\/","og_site_name":"andelenergi.dk","article_publisher":"https:\/\/www.facebook.com\/andelenergi","article_modified_time":"2024-03-18T08:40:03+00:00","twitter_card":"summary_large_image","twitter_misc":{"Est. reading time":"2 minutes"},"schema":{"@context":"https:\/\/schema.org","@graph":[{"@type":"WebPage","@id":"https:\/\/andelenergi.dk\/erhverv\/hvorfor-hoejere-priser\/","url":"https:\/\/andelenergi.dk\/erhverv\/hvorfor-hoejere-priser\/","name":"Erhverv | Hvorfor svinger energipriserne | andelenergi.dk","isPartOf":{"@id":"https:\/\/andelenergi.dk\/#website"},"datePublished":"2022-01-04T13:30:52+00:00","dateModified":"2024-03-18T08:40:03+00:00","description":"L\u00e6s mere om \u00e5rsagerne til, at energipriserne - herunder prisen p\u00e5 gas og el - er svingende.","breadcrumb":{"@id":"https:\/\/andelenergi.dk\/erhverv\/hvorfor-hoejere-priser\/#breadcrumb"},"inLanguage":"da-DK","potentialAction":[{"@type":"ReadAction","target":["https:\/\/andelenergi.dk\/erhverv\/hvorfor-hoejere-priser\/"]}]},{"@type":"BreadcrumbList","@id":"https:\/\/andelenergi.dk\/erhverv\/hvorfor-hoejere-priser\/#breadcrumb","itemListElement":[{"@type":"ListItem","position":1,"name":"Home","item":"https:\/\/andelenergi.dk\/"},{"@type":"ListItem","position":2,"name":"Erhverv forside","item":"https:\/\/andelenergi.dk\/erhverv\/"},{"@type":"ListItem","position":3,"name":"Erhverv: Hvorfor er energipriserne svingende?"}]},{"@type":"WebSite","@id":"https:\/\/andelenergi.dk\/#website","url":"https:\/\/andelenergi.dk\/","name":"andelenergi.dk","description":"k\u00f8b el og gas til skarp pris","potentialAction":[{"@type":"SearchAction","target":{"@type":"EntryPoint","urlTemplate":"https:\/\/andelenergi.dk\/?s={search_term_string}"},"query-input":"required name=search_term_string"}],"inLanguage":"da-DK"}]}},"_links":{"self":[{"href":"https:\/\/andelenergi.dk\/api\/wp\/v2\/pages\/44371","targetHints":{"allow":["GET"]}}],"collection":[{"href":"https:\/\/andelenergi.dk\/api\/wp\/v2\/pages"}],"about":[{"href":"https:\/\/andelenergi.dk\/api\/wp\/v2\/types\/page"}],"author":[{"embeddable":true,"href":"https:\/\/andelenergi.dk\/api\/wp\/v2\/users\/27"}],"replies":[{"embeddable":true,"href":"https:\/\/andelenergi.dk\/api\/wp\/v2\/comments?post=44371"}],"version-history":[{"count":3,"href":"https:\/\/andelenergi.dk\/api\/wp\/v2\/pages\/44371\/revisions"}],"predecessor-version":[{"id":143820,"href":"https:\/\/andelenergi.dk\/api\/wp\/v2\/pages\/44371\/revisions\/143820"}],"up":[{"embeddable":true,"href":"https:\/\/andelenergi.dk\/api\/wp\/v2\/pages\/142050"}],"wp:attachment":[{"href":"https:\/\/andelenergi.dk\/api\/wp\/v2\/media?parent=44371"}],"wp:term":[{"taxonomy":"category","embeddable":true,"href":"https:\/\/andelenergi.dk\/api\/wp\/v2\/categories?post=44371"}],"curies":[{"name":"wp","href":"https:\/\/api.w.org\/{rel}","templated":true}]}}