{"id":42191,"date":"2021-12-15T14:17:46","date_gmt":"2021-12-15T14:17:00","guid":{"rendered":"https:\/\/prod.andelenergi.dk\/el\/vilkaar-basis-el-fast\/"},"modified":"2025-01-20T14:04:39","modified_gmt":"2025-01-20T14:04:39","slug":"vilkaar-basis-el-fast","status":"publish","type":"page","link":"https:\/\/andelenergi.dk\/el\/vilkaar-basis-el-fast\/","title":{"rendered":"Mere om priser og vilk\u00e5r for Basis El med fastpris"},"content":{"rendered":"<section\n  class=\"core-block core-block--heading   block\"\n   id=heading-1\n  \n  \n>\n      <div class=\"inner inner--prose\">\n  \n  \n  \n<h1 id=\"h-mere-om-priser-og-vilkar-for-basis-el-med-fast-pris\">Mere om priser og vilk\u00e5r for Basis El med Fast Pris<\/h1>\n\n\n  \n      <\/div>\n  \n<\/section>\n<section\n  class=\"acf-block acf-block--icon-teaser has-background text-black mt-12 lg:mt-14 mb-12 lg:mb-14  block\"\n   id=icon-teaser-2\n  \n  \n>\n      <div class=\"inner inner--prose\">\n  \n      <div\n      class=\"inner-bg bg-sky-100 px-4 sm:px-6 lg:px-8 py-6 lg:py-8\"\n      \n    >\n  \n  <div\n  class=\"icon-teaser  relative flex h-full flex-col\"\n  >\n  <div class=\"flex flex-auto flex-col\">\n    \n    <div class=\"flex-none\">\n      \n      <h2 class=\"break-word mb-4 text-2xl\">Hvad er en fast elpris?<\/h2>\n    <\/div>\n\n          <div class=\"wysiwyg mb-4\">\n        <p>Hvis du har Basis El med Fast Pris, l\u00e5ser du din pris pr. kilowatt-time fast i et \u00e5r. Det er prisen pr. kilowatt-time, som er fast. Pris for transport af el og afgifter \u00e6ndrer sig i l\u00f8bet af d\u00f8gnet.<\/p>\n<p>Det kan en fordel at kende sin pris p\u00e5 el i et helt \u00e5r \u2013 det giver lidt ekstra sikkerhed i budgettet.<\/p>\n\n      <\/div>\n      <\/div>\n\n  \n  <\/div>\n\n\n      <\/div>\n  \n      <\/div>\n  \n<\/section>\n<section\n  class=\"core-block core-block--paragraph   block\"\n   id=paragraph-4\n  \n  \n>\n      <div class=\"inner inner--prose\">\n  \n  \n  \n<p><strong>Opsigelse:<\/strong>&nbsp;Du binder dig til denne aftale i 5 m\u00e5neder. Bagefter kan du opsige din aftale med&nbsp;<strong>1 m\u00e5neds varsel til udgangen af en m\u00e5ned<\/strong>. N\u00e5r leveringstiden med Basis El med fast pris udl\u00f8ber, kan du selv v\u00e6lge, om du vil lave en ny aftale om el til en fast pris, eller om du vil v\u00e6lge en anden aftale. G\u00f8r du ikke noget, overg\u00e5r du automatisk til Basis El med variabel pris.<br><br><strong>Mindstepris<\/strong>: Din mindstepris er&nbsp;239,70 kr. i abonnement ([el_abonnement_midl] kr. pr. m\u00e5ned i 5 m\u00e5neder + 1 m\u00e5neds opsigelse)&nbsp;samt betaling for det l\u00f8bende forbrug af el i opsigelsesperioden inklusiv transport af el og afgifter. <br><br>Du kan tilmelde dig Betalingsservice &#8211; det koster 8 kroner inkl. moms i gebyr. Du kan ogs\u00e5 betale med indbetalingskort (FI), der koster 49 kr. i gebyr eller du kan betale med betalingsskort &#8211; det er gratis. Den pris, vi viser, foruds\u00e6tter kortbetaling, samt at du frav\u00e6lger at f\u00e5 sendt regninger pr. post.&nbsp; <br> <br><strong>Prisudregning, afgifter og tariffer:&nbsp;<\/strong>Den viste pris for transport af el og afgifter er den pris, vi senest er blevet opkr\u00e6vet af Radius Elnet A\/S, Energinet.dk og staten, og er s\u00e5ledes et eksempel p\u00e5, hvordan prisen ser ud, hvis du er kunde hos Radius Elnet A\/S. Vi opkr\u00e6ver ogs\u00e5 transport af el og energiafgifter for dit netselskab. De priser kan du se p\u00e5 dit netselskabs hjemmeside.&nbsp;<\/p>\n\n\n  \n      <\/div>\n  \n<\/section>\n<section\n  class=\"core-block core-block--paragraph   block\"\n   id=paragraph-5\n  \n  \n>\n      <div class=\"inner inner--prose\">\n  \n  \n  \n<p>Prisen for transport af el og afgifter kan \u00e6ndre sig, da vi altid viderefakturerer det, vi bliver opkr\u00e6vet af dit netselskab, Energinet og staten.&nbsp;<\/p>\n\n\n  \n      <\/div>\n  \n<\/section>\n<section\n  class=\"core-block core-block--paragraph   block\"\n   id=paragraph-6\n  \n  \n>\n      <div class=\"inner inner--prose\">\n  \n  \n  \n<p>Bem\u00e6rk, at din faste pris kun g\u00e6lder den str\u00f8m, du bruger i din bolig. Prisen for transport af str\u00f8mmen hen til din bolig vil stadig \u00e6ndre sig i l\u00f8bet af d\u00f8gnet og \u00e5ret. Netselskabet har bestemt dette for at motivere os alle til at flytte lidt rundt p\u00e5 vores elforbrug, og undg\u00e5 at elnettet bliver overbelastet. Det vil derfor altid v\u00e6re en god id\u00e9 at flytte noget af dit elforbrug til de billige perioder &#8211; ogs\u00e5 selv om du har en fast pris p\u00e5 str\u00f8mmen.<br><\/p>\n\n\n  \n      <\/div>\n  \n<\/section>\n<section\n  class=\"core-block core-block--paragraph   block\"\n   id=paragraph-7\n  \n  \n>\n      <div class=\"inner inner--prose\">\n  \n  \n  \n<p><a href=\"https:\/\/andelenergi.dk\/app\/uploads\/2023\/08\/19771_AE_SAP_Standardvilkaar_EL_GF_1maj_2023_A4_web_260523_6k_Med_Gebyrliste_og_Privatliv_Final.pdf\">Se de samlede vilk\u00e5r (pdf)<\/a><\/p>\n\n\n  \n      <\/div>\n  \n<\/section>\n<section\n  class=\"core-block core-block--heading   block\"\n   id=heading-8\n  \n  \n>\n      <div class=\"inner inner--prose\">\n  \n  \n  \n<h4 id=\"fd83265c-7801-4743-b5ef-b62d060e030d\">Hvad best\u00e5r elprisen af?<\/h4>\n\n\n  \n      <\/div>\n  \n<\/section>\n<section\n  class=\"core-block core-block--paragraph   block\"\n   id=paragraph-9\n  \n  \n>\n      <div class=\"inner inner--prose\">\n  \n  \n  \n<p>Din elpris best\u00e5r af flere dele. Du betaler b\u00e5de for den str\u00f8m, du bruger, og for at f\u00e5 den transporteret hjem til din bolig. Derudover betaler du afgifter til den danske stat. Bortset fra abonnementer bliver alle betalinger p\u00e5 din elregning beregnet ud fra dit elforbrug (antal kilowatt-timer).<\/p>\n\n\n  \n      <\/div>\n  \n<\/section>\n<section\n  class=\"core-block core-block--paragraph   block\"\n   id=paragraph-10\n  \n  \n>\n      <div class=\"inner inner--prose\">\n  \n  \n  \n<p><strong>N\u00e5r du betaler 100 kr. p\u00e5 din elregning, fordeles de s\u00e5dan her:<\/strong><\/p>\n\n\n  \n      <\/div>\n  \n<\/section>\n<section\n  class=\"acf-block acf-block--image mt-12 lg:mt-14 mb-12 lg:mb-14  block\"\n   id=image-11\n  \n  \n>\n      <div class=\"inner inner--prose\">\n  \n  \n  <div class=\"image-wrapper relative \">\n  \n  <div class=\"\">\n    <picture> <img decoding=\"async\" src=\"https:\/\/andelenergi.dk\/app\/uploads\/2023\/01\/fordeling-af-din-elregning-02-720x440.png\" alt=\"Billig el\" class=\"max-w-[100%] h-auto border border-gray-500\" style=\"object-position:50% 50%;\" loading=\"lazy\"><\/picture>\n  <\/div>\n\n  \n  <\/div>\n\n\n  \n      <\/div>\n  \n<\/section>\n<section\n  class=\"core-block core-block--paragraph   block\"\n   id=paragraph-13\n  \n  \n>\n      <div class=\"inner inner--prose\">\n  \n  \n  \n<p><br>*Dit netselskab kan eksempelvis v\u00e6re Radius Elnet, Cerius eller et andet af de over 70 netselskaber i Danmark. <\/p>\n\n\n  \n      <\/div>\n  \n<\/section>\n<section\n  class=\"core-block core-block--heading   block\"\n   id=heading-14\n  \n  \n>\n      <div class=\"inner inner--prose\">\n  \n  \n  \n<h4>Uddybning&nbsp;af forbrug, transport og afgifter <\/h4>\n\n\n  \n      <\/div>\n  \n<\/section>\n<section\n  class=\"acf-block acf-block--accordion mt-12 lg:mt-14 mb-12 lg:mb-14  block\"\n   id=accordion-15\n  \n  \n>\n      <div class=\"inner inner--prose\">\n  \n  \n  <div\n    class=\"group mt-2 flex flex-col border border-gray-500 bg-off-white first:mt-0\"\n    x-data=\"Accordion\"\n  >\n\n    <button\n      class=\"flex items-center px-6 py-4\"\n      @click=\"toggleItem()\"\n    >\n\n      <div class=\"flex flex-1\">\n        <h3 class=\"text-left text-body-sm\">Elforbrug og -abonnement<\/h3>\n      <\/div>\n\n      <div\n        :class=\"{ '-rotate-180 duration-200': height !== 0, 'rotate-0 duration-200': height === 0 }\"\n        class=\"flex-none\"\n      >\n        <svg xmlns=\"http:\/\/www.w3.org\/2000\/svg\" width=\"12\" height=\"7\" viewBox=\"0 0 12 7\" class=\"inline w-[11px] h-[11px] transition-transform ease-in-out\">\n    <path d=\"M6.466 6.814l5.34-5.133a.617.617 0 0 0 0-.897l-.621-.598a.678.678 0 0 0-.932-.001L6 4.253 1.748.185a.678.678 0 0 0-.932 0l-.623.6a.617.617 0 0 0 0 .896l5.34 5.133a.679.679 0 0 0 .933 0z\" fill=\"currentColor\"\/>\n<\/svg>\n      <\/div>\n    <\/button>\n\n    <div\n      x-ref=\"wrapper\"\n      class=\"invisible h-0 overflow-hidden duration-200\"\n      :class=\"{ 'opacity-0 -translate-y-3': height === 0, 'opacity-100 translate-y-0': height !== 0 }\"\n      :style=\"{ height: `${height}px` }\"\n    >\n      <div\n        x-ref=\"content\"\n        class=\"px-6 pb-4 pt-6\"\n      >\n                  <div class=\"wysiwyg backface-visibility-hidden translate-z-0 overflow-x-auto\">\n            <p>Du betaler en pris for hver kilowatttime (kWh), du bruger. Derudover betaler du et fast m\u00e5nedligt elabonnement, der d\u00e6kker administration. Du betaler for denne del til os.<\/p>\n\n          <\/div>\n              <\/div>\n    <\/div>\n\n  <\/div>\n  <div\n    class=\"group mt-2 flex flex-col border border-gray-500 bg-off-white first:mt-0\"\n    x-data=\"Accordion\"\n  >\n\n    <button\n      class=\"flex items-center px-6 py-4\"\n      @click=\"toggleItem()\"\n    >\n\n      <div class=\"flex flex-1\">\n        <h3 class=\"text-left text-body-sm\">Transport af el og netabonnement<\/h3>\n      <\/div>\n\n      <div\n        :class=\"{ '-rotate-180 duration-200': height !== 0, 'rotate-0 duration-200': height === 0 }\"\n        class=\"flex-none\"\n      >\n        <svg xmlns=\"http:\/\/www.w3.org\/2000\/svg\" width=\"12\" height=\"7\" viewBox=\"0 0 12 7\" class=\"inline w-[11px] h-[11px] transition-transform ease-in-out\">\n    <path d=\"M6.466 6.814l5.34-5.133a.617.617 0 0 0 0-.897l-.621-.598a.678.678 0 0 0-.932-.001L6 4.253 1.748.185a.678.678 0 0 0-.932 0l-.623.6a.617.617 0 0 0 0 .896l5.34 5.133a.679.679 0 0 0 .933 0z\" fill=\"currentColor\"\/>\n<\/svg>\n      <\/div>\n    <\/button>\n\n    <div\n      x-ref=\"wrapper\"\n      class=\"invisible h-0 overflow-hidden duration-200\"\n      :class=\"{ 'opacity-0 -translate-y-3': height === 0, 'opacity-100 translate-y-0': height !== 0 }\"\n      :style=\"{ height: `${height}px` }\"\n    >\n      <div\n        x-ref=\"content\"\n        class=\"px-6 pb-4 pt-6\"\n      >\n                  <div class=\"wysiwyg backface-visibility-hidden translate-z-0 overflow-x-auto\">\n            <p>Dit lokale netselskab ejer de kabler, der transporterer str\u00f8mmen til din bolig. Til netselskabet skal du betale for transport af din str\u00f8m. P\u00e5 din elregning kalder vi den betaling for nettarif. Du betaler ogs\u00e5 et netabonnement, der d\u00e6kker omkostninger til vedligeholdelse af elnettet og elm\u00e5leren. Bor du i et hus, kan det v\u00e6re, at du skal betale et netabonnement mere til drift og vedligeholdelse af din stikledning. Stikledningen er den ledning, der f\u00f8rer str\u00f8m fra elnettet ind i dit hus. Vi opkr\u00e6ver dig for alle disse betalinger p\u00e5 vegne af dit netselskab. Derudover betaler du til Energinet.dk for brug af transmissionsnettet. Vi opkr\u00e6ver denne betaling p\u00e5 vegne af Energinet.dk<\/p>\n\n          <\/div>\n              <\/div>\n    <\/div>\n\n  <\/div>\n  <div\n    class=\"group mt-2 flex flex-col border border-gray-500 bg-off-white first:mt-0\"\n    x-data=\"Accordion\"\n  >\n\n    <button\n      class=\"flex items-center px-6 py-4\"\n      @click=\"toggleItem()\"\n    >\n\n      <div class=\"flex flex-1\">\n        <h3 class=\"text-left text-body-sm\">Moms og elafgift<\/h3>\n      <\/div>\n\n      <div\n        :class=\"{ '-rotate-180 duration-200': height !== 0, 'rotate-0 duration-200': height === 0 }\"\n        class=\"flex-none\"\n      >\n        <svg xmlns=\"http:\/\/www.w3.org\/2000\/svg\" width=\"12\" height=\"7\" viewBox=\"0 0 12 7\" class=\"inline w-[11px] h-[11px] transition-transform ease-in-out\">\n    <path d=\"M6.466 6.814l5.34-5.133a.617.617 0 0 0 0-.897l-.621-.598a.678.678 0 0 0-.932-.001L6 4.253 1.748.185a.678.678 0 0 0-.932 0l-.623.6a.617.617 0 0 0 0 .896l5.34 5.133a.679.679 0 0 0 .933 0z\" fill=\"currentColor\"\/>\n<\/svg>\n      <\/div>\n    <\/button>\n\n    <div\n      x-ref=\"wrapper\"\n      class=\"invisible h-0 overflow-hidden duration-200\"\n      :class=\"{ 'opacity-0 -translate-y-3': height === 0, 'opacity-100 translate-y-0': height !== 0 }\"\n      :style=\"{ height: `${height}px` }\"\n    >\n      <div\n        x-ref=\"content\"\n        class=\"px-6 pb-4 pt-6\"\n      >\n                  <div class=\"wysiwyg backface-visibility-hidden translate-z-0 overflow-x-auto\">\n            <p>Du betaler moms af din samlede bruttoudgift til el. Elafgift d\u00e6kker en r\u00e6kke lovpligtige afgifter til staten, som alle elkunder skal betale. Vi opkr\u00e6ver dig p\u00e5 vegne af staten.<\/p>\n\n          <\/div>\n              <\/div>\n    <\/div>\n\n  <\/div>\n\n\n  \n      <\/div>\n  \n<\/section>\n","protected":false},"excerpt":{"rendered":"Mere om priser og vilk\u00e5r for Basis El med Fast Pris Opsigelse:&nbsp;Du binder dig til denne aftale i 5 m\u00e5neder. Bagefter kan du opsige din aftale med&nbsp;1 m\u00e5neds varsel til udgangen af en m\u00e5ned. N\u00e5r leveringstiden med Basis El med fast pris udl\u00f8ber, kan du selv v\u00e6lge, om du vil lave en ny aftale om &hellip; <a href=\"https:\/\/andelenergi.dk\/el\/vilkaar-basis-el-fast\/\">Continued<\/a>","protected":false},"author":27,"featured_media":0,"parent":37899,"menu_order":31,"comment_status":"closed","ping_status":"closed","template":"","meta":{"_acf_changed":false,"footnotes":""},"categories":[],"class_list":["post-42191","page","type-page","status-publish","hentry"],"acf":[],"yoast_head":"<!-- This site is optimized with the Yoast SEO Premium plugin v20.7 (Yoast SEO v20.13) - https:\/\/yoast.com\/wordpress\/plugins\/seo\/ -->\n<title>Priser og vilk\u00e5r for Basis El med fastpris | andelenergi.dk<\/title>\n<meta name=\"description\" content=\"Se priser og vilk\u00e5r for elproduktet Basis El med fast pris. Hvad best\u00e5r prisen af, og hvilke skatter og afgifer er en del af produktet.\" \/>\n<meta name=\"robots\" content=\"index, follow, max-snippet:-1, max-image-preview:large, max-video-preview:-1\" \/>\n<link rel=\"canonical\" href=\"https:\/\/andelenergi.dk\/el\/vilkaar-basis-el-fast\/\" \/>\n<meta property=\"og:locale\" content=\"da_DK\" \/>\n<meta property=\"og:type\" content=\"article\" \/>\n<meta property=\"og:title\" content=\"Mere om priser og vilk\u00e5r for Basis El med fastpris\" \/>\n<meta property=\"og:description\" content=\"Se priser og vilk\u00e5r for elproduktet Basis El med fast pris. Hvad best\u00e5r prisen af, og hvilke skatter og afgifer er en del af produktet.\" \/>\n<meta property=\"og:url\" content=\"https:\/\/andelenergi.dk\/el\/vilkaar-basis-el-fast\/\" \/>\n<meta property=\"og:site_name\" content=\"andelenergi.dk\" \/>\n<meta property=\"article:publisher\" content=\"https:\/\/www.facebook.com\/andelenergi\" \/>\n<meta property=\"article:modified_time\" content=\"2025-01-20T14:04:39+00:00\" \/>\n<meta name=\"twitter:card\" content=\"summary_large_image\" \/>\n<meta name=\"twitter:label1\" content=\"Est. reading time\" \/>\n\t<meta name=\"twitter:data1\" content=\"3 minutes\" \/>\n<script type=\"application\/ld+json\" class=\"yoast-schema-graph\">{\"@context\":\"https:\/\/schema.org\",\"@graph\":[{\"@type\":\"WebPage\",\"@id\":\"https:\/\/andelenergi.dk\/el\/vilkaar-basis-el-fast\/\",\"url\":\"https:\/\/andelenergi.dk\/el\/vilkaar-basis-el-fast\/\",\"name\":\"Priser og vilk\u00e5r for Basis El med fastpris | andelenergi.dk\",\"isPartOf\":{\"@id\":\"https:\/\/andelenergi.dk\/#website\"},\"datePublished\":\"2021-12-15T14:17:00+00:00\",\"dateModified\":\"2025-01-20T14:04:39+00:00\",\"description\":\"Se priser og vilk\u00e5r for elproduktet Basis El med fast pris. Hvad best\u00e5r prisen af, og hvilke skatter og afgifer er en del af produktet.\",\"breadcrumb\":{\"@id\":\"https:\/\/andelenergi.dk\/el\/vilkaar-basis-el-fast\/#breadcrumb\"},\"inLanguage\":\"da-DK\",\"potentialAction\":[{\"@type\":\"ReadAction\",\"target\":[\"https:\/\/andelenergi.dk\/el\/vilkaar-basis-el-fast\/\"]}]},{\"@type\":\"BreadcrumbList\",\"@id\":\"https:\/\/andelenergi.dk\/el\/vilkaar-basis-el-fast\/#breadcrumb\",\"itemListElement\":[{\"@type\":\"ListItem\",\"position\":1,\"name\":\"Home\",\"item\":\"https:\/\/andelenergi.dk\/\"},{\"@type\":\"ListItem\",\"position\":2,\"name\":\"Bestil el\",\"item\":\"https:\/\/andelenergi.dk\/el\/\"},{\"@type\":\"ListItem\",\"position\":3,\"name\":\"Mere om priser og vilk\u00e5r for Basis El med fastpris\"}]},{\"@type\":\"WebSite\",\"@id\":\"https:\/\/andelenergi.dk\/#website\",\"url\":\"https:\/\/andelenergi.dk\/\",\"name\":\"andelenergi.dk\",\"description\":\"k\u00f8b el og gas til skarp pris\",\"potentialAction\":[{\"@type\":\"SearchAction\",\"target\":{\"@type\":\"EntryPoint\",\"urlTemplate\":\"https:\/\/andelenergi.dk\/?s={search_term_string}\"},\"query-input\":\"required name=search_term_string\"}],\"inLanguage\":\"da-DK\"}]}<\/script>\n<!-- \/ Yoast SEO Premium plugin. -->","yoast_head_json":{"title":"Priser og vilk\u00e5r for Basis El med fastpris | andelenergi.dk","description":"Se priser og vilk\u00e5r for elproduktet Basis El med fast pris. Hvad best\u00e5r prisen af, og hvilke skatter og afgifer er en del af produktet.","robots":{"index":"index","follow":"follow","max-snippet":"max-snippet:-1","max-image-preview":"max-image-preview:large","max-video-preview":"max-video-preview:-1"},"canonical":"https:\/\/andelenergi.dk\/el\/vilkaar-basis-el-fast\/","og_locale":"da_DK","og_type":"article","og_title":"Mere om priser og vilk\u00e5r for Basis El med fastpris","og_description":"Se priser og vilk\u00e5r for elproduktet Basis El med fast pris. Hvad best\u00e5r prisen af, og hvilke skatter og afgifer er en del af produktet.","og_url":"https:\/\/andelenergi.dk\/el\/vilkaar-basis-el-fast\/","og_site_name":"andelenergi.dk","article_publisher":"https:\/\/www.facebook.com\/andelenergi","article_modified_time":"2025-01-20T14:04:39+00:00","twitter_card":"summary_large_image","twitter_misc":{"Est. reading time":"3 minutes"},"schema":{"@context":"https:\/\/schema.org","@graph":[{"@type":"WebPage","@id":"https:\/\/andelenergi.dk\/el\/vilkaar-basis-el-fast\/","url":"https:\/\/andelenergi.dk\/el\/vilkaar-basis-el-fast\/","name":"Priser og vilk\u00e5r for Basis El med fastpris | andelenergi.dk","isPartOf":{"@id":"https:\/\/andelenergi.dk\/#website"},"datePublished":"2021-12-15T14:17:00+00:00","dateModified":"2025-01-20T14:04:39+00:00","description":"Se priser og vilk\u00e5r for elproduktet Basis El med fast pris. Hvad best\u00e5r prisen af, og hvilke skatter og afgifer er en del af produktet.","breadcrumb":{"@id":"https:\/\/andelenergi.dk\/el\/vilkaar-basis-el-fast\/#breadcrumb"},"inLanguage":"da-DK","potentialAction":[{"@type":"ReadAction","target":["https:\/\/andelenergi.dk\/el\/vilkaar-basis-el-fast\/"]}]},{"@type":"BreadcrumbList","@id":"https:\/\/andelenergi.dk\/el\/vilkaar-basis-el-fast\/#breadcrumb","itemListElement":[{"@type":"ListItem","position":1,"name":"Home","item":"https:\/\/andelenergi.dk\/"},{"@type":"ListItem","position":2,"name":"Bestil el","item":"https:\/\/andelenergi.dk\/el\/"},{"@type":"ListItem","position":3,"name":"Mere om priser og vilk\u00e5r for Basis El med fastpris"}]},{"@type":"WebSite","@id":"https:\/\/andelenergi.dk\/#website","url":"https:\/\/andelenergi.dk\/","name":"andelenergi.dk","description":"k\u00f8b el og gas til skarp pris","potentialAction":[{"@type":"SearchAction","target":{"@type":"EntryPoint","urlTemplate":"https:\/\/andelenergi.dk\/?s={search_term_string}"},"query-input":"required name=search_term_string"}],"inLanguage":"da-DK"}]}},"_links":{"self":[{"href":"https:\/\/andelenergi.dk\/api\/wp\/v2\/pages\/42191","targetHints":{"allow":["GET"]}}],"collection":[{"href":"https:\/\/andelenergi.dk\/api\/wp\/v2\/pages"}],"about":[{"href":"https:\/\/andelenergi.dk\/api\/wp\/v2\/types\/page"}],"author":[{"embeddable":true,"href":"https:\/\/andelenergi.dk\/api\/wp\/v2\/users\/27"}],"replies":[{"embeddable":true,"href":"https:\/\/andelenergi.dk\/api\/wp\/v2\/comments?post=42191"}],"version-history":[{"count":3,"href":"https:\/\/andelenergi.dk\/api\/wp\/v2\/pages\/42191\/revisions"}],"predecessor-version":[{"id":202461,"href":"https:\/\/andelenergi.dk\/api\/wp\/v2\/pages\/42191\/revisions\/202461"}],"up":[{"embeddable":true,"href":"https:\/\/andelenergi.dk\/api\/wp\/v2\/pages\/37899"}],"wp:attachment":[{"href":"https:\/\/andelenergi.dk\/api\/wp\/v2\/media?parent=42191"}],"wp:term":[{"taxonomy":"category","embeddable":true,"href":"https:\/\/andelenergi.dk\/api\/wp\/v2\/categories?post=42191"}],"curies":[{"name":"wp","href":"https:\/\/api.w.org\/{rel}","templated":true}]}}