{"id":42150,"date":"2021-12-15T12:48:46","date_gmt":"2021-12-15T12:48:35","guid":{"rendered":"https:\/\/prod.andelenergi.dk\/el\/kampagner\/koebenhavn-el\/"},"modified":"2025-01-13T13:43:16","modified_gmt":"2025-01-13T13:43:16","slug":"koebenhavn-el","status":"publish","type":"page","link":"https:\/\/andelenergi.dk\/el\/kampagner\/koebenhavn-el\/","title":{"rendered":"K\u00f8benhavn el"},"content":{"rendered":"<section\n  class=\"acf-block acf-block--hero-large text-black mb-6 lg:mb-8  block\"\n   id=hero-large-1\n  \n  \n>\n      <div class=\"inner inner--full\">\n  \n  \n  <div\n  class=\"inner--px-remove--full box-border\"\n  x-data=\"PreserveUtmParameters\"\n>\n  <div class=\"aspect-ratio-hero-large-no-content relative justify-center flex flex-col\">\n\n    \n    \n              <picture> <img decoding=\"async\" src=\"https:\/\/andelenergi.dk\/app\/uploads\/2022\/01\/AndelEnergi_Dag01_0035-4.jpg\" alt=\"Elpriser\" class=\"absolute left-0 top-0 w-full h-full object-cover block sm:hidden wpsmartcrop-image\" style=\"object-position:44.26% 65.03%;\" loading=\"lazy\" data-smartcrop-focus=\"[44,65]\" \/><\/picture>\n        <picture><source media=\"(min-width:1024px)\" srcset=\"https:\/\/andelenergi.dk\/app\/uploads\/2022\/01\/AndelEnergi_Dag01_0035-4-1600x686.jpg\"> <img decoding=\"async\" src=\"https:\/\/andelenergi.dk\/app\/uploads\/2022\/01\/AndelEnergi_Dag01_0035-4-1144x490.jpg\" alt=\"Elpriser\" class=\"absolute left-0 top-0 w-full h-full object-cover hidden sm:block\" style=\"object-position:44.26% 65.03%;\" loading=\"lazy\"><\/picture>\n      \n      \n    \n    \n    \n    \n    \n    \n    \n    \n  <\/div>\n<\/div>\n\n\n  \n      <\/div>\n  \n<\/section>\n<section\n  class=\"core-block core-block--heading   block\"\n   id=heading-3\n  \n  \n>\n      <div class=\"inner inner--prose\">\n  \n  \n  \n<h1 class=\"wp-block-heading\" id=\"h-fa-dit-elforbrug-daekket-af-strom-fra-sol-og-vind-i-kobenhavn\">F\u00e5 dit elforbrug d\u00e6kket af str\u00f8m fra sol og vind i K\u00f8benhavn<\/h1>\n\n\n  \n      <\/div>\n  \n<\/section>\n<section\n  class=\"core-block core-block--paragraph   block\"\n   id=paragraph-4\n  \n  \n>\n      <div class=\"inner inner--prose\">\n  \n  \n  \n<p>I K\u00f8benhavn og omegn bliver der gjort en stor indsats for at fremme den gr\u00f8nne omstilling. Og det er vi rigtig glade for. Vi synes, at det skal v\u00e6re let at tr\u00e6ffe gr\u00f8nnere valg &#8211; ikke kun i K\u00f8benhavn &#8211; men i hele Danmark.<br><br>Andel Energi har som Danmarks st\u00f8rste energiselskab et stort ansvar for at bidrage til den gr\u00f8nne omstilling. Derfor f\u00e5r du som kunde naturligvis ogs\u00e5 d\u00e6kket dit \u00e5rlige elforbrug af str\u00f8m fra sol og vind, uanset hvilken elaftale du v\u00e6lger hos os.<br><br>Vi kan ikke levere 100 % str\u00f8m fra vedvarende energikilder direkte i din stikkontakt \u2013 det er der ingen elselskaber, der kan \u2013 men vi k\u00f8ber oprindelsesgarantier, som garanterer, at der produceres nok str\u00f8m fra sol og vind til at d\u00e6kke dit og alle vores andre privatkunders \u00e5rlige elforbrug.<br><br>Det er vores m\u00e5de at s\u00f8rge for, at du som kunde er med til at st\u00f8tte den gr\u00f8nne omstilling i Danmark, hver gang du t\u00e6nder lyset eller bruger opvaskemaskinen.<\/p>\n\n\n  \n      <\/div>\n  \n<\/section>\n<section\n  class=\"core-block core-block--paragraph   block\"\n   id=paragraph-5\n  \n  \n>\n      <div class=\"inner inner--prose\">\n  \n  \n  \n<p><a href=\"https:\/\/andelenergi.dk\/generelt\/eldeklaration-sol-vind-stroem\/\">L\u00e6s mere om, hvordan vi d\u00e6kker dit elforbrug af str\u00f8m fra sol og vind gennem oprindelsesgarantier<\/a>. <\/p>\n\n\n  \n      <\/div>\n  \n<\/section>\n<section\n  class=\"acf-block acf-block--icon-teaser has-background mt-12 lg:mt-14 mb-12 lg:mb-14  block\"\n   id=icon-teaser-6\n   style=color:#FFFFFF;\n  \n>\n      <div class=\"inner inner--prose\">\n  \n      <div\n      class=\"inner-bg bg-sky-500 px-4 sm:px-6 lg:px-8 py-6 lg:py-8\"\n      \n    >\n  \n  <div\n  class=\"icon-teaser  relative flex h-full flex-col\"\n  >\n  <div class=\"flex flex-auto flex-col\">\n          <div class=\"mb-4 flex-none\">\n        <div class=\"h-12 w-12\">\n          <?xml version=\"1.0\" encoding=\"UTF-8\"?> <!-- Generator: Adobe Illustrator 25.2.0, SVG Export Plug-In . SVG Version: 6.00 Build 0) --> <svg xmlns=\"http:\/\/www.w3.org\/2000\/svg\" xmlns:xlink=\"http:\/\/www.w3.org\/1999\/xlink\" version=\"1.1\" id=\"Layer_2\" x=\"0px\" y=\"0px\" viewBox=\"0 0 40 40\" style=\"enable-background:new 0 0 40 40;\" xml:space=\"preserve\"> <style type=\"text\/css\"> .st0{fill:currentColor;} <\/style> <g> <g> <path class=\"st0\" d=\"M30.76,39.99C30.76,39.99,30.76,39.99,30.76,39.99c-1.1,0-1.71-0.38-2.15-0.65c-0.36-0.22-0.57-0.35-1.1-0.35 s-0.75,0.13-1.1,0.35c-0.44,0.27-1.05,0.65-2.15,0.65s-1.71-0.37-2.15-0.65c-0.36-0.22-0.57-0.35-1.1-0.35s-0.75,0.13-1.1,0.35 c-0.44,0.27-1.05,0.65-2.15,0.65c-1.1,0-1.71-0.37-2.15-0.65c-0.36-0.22-0.57-0.35-1.1-0.35s-0.75,0.13-1.1,0.35 c-0.44,0.27-1.05,0.65-2.15,0.65s-1.71-0.37-2.15-0.65c-0.36-0.22-0.57-0.35-1.1-0.35v-2c1.1,0,1.7,0.37,2.15,0.65 c0.36,0.22,0.57,0.35,1.1,0.35s0.75-0.13,1.1-0.35c0.44-0.27,1.05-0.65,2.15-0.65s1.71,0.37,2.15,0.65 c0.36,0.22,0.57,0.35,1.1,0.35c0.53,0,0.75-0.13,1.1-0.35c0.44-0.27,1.05-0.65,2.15-0.65s1.71,0.37,2.15,0.65 c0.36,0.22,0.57,0.35,1.1,0.35s0.75-0.13,1.1-0.35c0.44-0.27,1.05-0.65,2.15-0.65s1.71,0.37,2.15,0.65 c0.36,0.22,0.57,0.35,1.1,0.35c0,0,0,0,0,0c0.54,0,0.76-0.13,1.12-0.35c0.44-0.26,1.04-0.62,2.12-0.64l0.02,2 c-0.53,0.01-0.75,0.14-1.11,0.35C32.46,39.62,31.85,39.99,30.76,39.99z\"><\/path> <\/g> <g> <rect x=\"21.98\" y=\"21\" class=\"st0\" width=\"2\" height=\"14.03\"><\/rect> <\/g> <g> <rect x=\"17.98\" y=\"21\" class=\"st0\" width=\"2\" height=\"14.03\"><\/rect> <\/g> <g> <path class=\"st0\" d=\"M21.99,2.37v9.54v1.15l1,0.58c2.39,1.38,5.72,3.31,7.68,4.44c1.32,0.76,1.47,1.99,1.29,3.05l-9.81-5.66 l-1-0.58l-1,0.58c-2.4,1.38-5.85,3.37-7.84,4.52c-0.48,0.27-0.92,0.41-1.35,0.41c-0.71,0-1.37-0.38-1.91-0.83l9.94-5.74l1-0.58 l0-1.15c0-2.47,0-5.28,0-7.08C19.99,3.49,20.98,2.74,21.99,2.37 M23.99,0.01c0,0-6,0.02-6,4.99c0,1.8,0,4.61,0,7.08L5.98,19.02 c0,0,1.96,3.37,4.98,3.37c0.73,0,1.51-0.19,2.35-0.68c1.99-1.15,5.44-3.13,7.84-4.52l11.85,6.84c0,0,2.98-5.2-1.33-7.69 c-1.95-1.13-5.28-3.05-7.67-4.44V0.01L23.99,0.01z\"><\/path> <\/g> <\/g> <\/svg> \n        <\/div>\n      <\/div>\n    \n    <div class=\"flex-none\">\n      \n      <h2 class=\"break-word mb-4 text-2xl\">V\u00e6lg en god elaftale<\/h2>\n    <\/div>\n\n          <div class=\"wysiwyg mb-4\">\n        <p>Se vores elaftaler &#8211; og v\u00e6lg det, der passer til dig<\/p>\n\n      <\/div>\n      <\/div>\n\n      <div class=\"flex-none\">\n      <a\n        x-data=\"partialsButton({&quot;buttonSize&quot;:&quot;big&quot;,&quot;buttonColor&quot;:&quot;white&quot;,&quot;buttonLayout&quot;:&quot;primary&quot;,&quot;buttonCssClass&quot;:&quot;&quot;,&quot;buttonAccordionAccordion&quot;:null,&quot;buttonLink&quot;:{&quot;title&quot;:&quot;Bestil el&quot;,&quot;url&quot;:&quot;https:\\\/\\\/andelenergi.dk\\\/el\\\/&quot;,&quot;target&quot;:&quot;&quot;},&quot;buttonColorTertiary&quot;:&quot;sky-500&quot;,&quot;buttonAccordionEndAccordion&quot;:null})\"\n        x-ref=\"partialsButton\"\n        href=\"https:\/\/andelenergi.dk\/el\/\"\n        target=\"\"\n        role=\"button\"\n        class=\"text-body-xs py-4 px-6 text-black bg-white hover:bg-sky-200 active:bg-sky-300 disabled:text-white disabled:bg-gray-500 disabled:pointer-events-none disabled:cursor-not-allowed   group inline-block leading-none transition-colors duration-300 ease-in-out\"\n        >\n        \n        Bestil el\n\n            <\/a>\n    <\/div>\n  \n  <\/div>\n\n\n      <\/div>\n  \n      <\/div>\n  \n<\/section>\n<section\n  class=\"core-block core-block--heading   block\"\n   id=heading-8\n  \n  \n>\n      <div class=\"inner inner--prose\">\n  \n  \n  \n<h4 class=\"wp-block-heading\" id=\"h-hvilke-elprodukter-tilbyder-andel-energi-i-kobenhavn\">Hvilke elprodukter tilbyder Andel Energi i K\u00f8benhavn?<\/h4>\n\n\n  \n      <\/div>\n  \n<\/section>\n<section\n  class=\"core-block core-block--paragraph   block\"\n   id=paragraph-9\n  \n  \n>\n      <div class=\"inner inner--prose\">\n  \n  \n  \n<p>Vi tilbyder vores kunder to forskellige typer elaftaler. Du kan enten v\u00e6lge at f\u00e5 din str\u00f8m til <a href=\"https:\/\/andelenergi.dk\/el\/\">fast pris eller variabel pris<\/a>.&nbsp; Og alle vores elprodukter er baseret p\u00e5 oprindelsesgarantier.<\/p>\n\n\n  \n      <\/div>\n  \n<\/section>\n<section\n  class=\"core-block core-block--paragraph   block\"\n   id=paragraph-10\n  \n  \n>\n      <div class=\"inner inner--prose\">\n  \n  \n  \n<p>Fordelen ved at v\u00e6lge el med fast pris er, at du ved, hvad din rene elpris er d\u00f8gnet rundt. Du beh\u00f8ver alts\u00e5 ikke holde \u00f8je med markedet eller frygte en stigning. Dog kan den samlede pris for din str\u00f8m stadig variere. Prisen p\u00e5 transport af str\u00f8m skifter nemlig stadig i l\u00f8bet af d\u00f8gnet og \u00e5ret. Prisen for transport bliver sat af dit netselskab. Og bor du i K\u00f8benhavn og omegn, s\u00e5 hedder dit netselskab Radius.<\/p>\n\n\n  \n      <\/div>\n  \n<\/section>\n<section\n  class=\"core-block core-block--paragraph   block\"\n   id=paragraph-11\n  \n  \n>\n      <div class=\"inner inner--prose\">\n  \n  \n  \n<p>Med variabel elpris kan din elpris falde og stige i takt med resten af markedet. Hvis markedsprisen falder, falder din pris ogs\u00e5. Men omvendt stiger din pris ogs\u00e5, hvis markedsprisen ryger i vejret. Din pris svinger alts\u00e5, som vinden bl\u00e6ser. Hvad der bedst kan betale sig, kan v\u00e6re sv\u00e6rt at sige. Hvis elprisen er h\u00f8j, kan det betale sig at l\u00e5se prisen i en periode. Omvendt, n\u00e5r elprisen er lav, kan en variabel elpris bedst betale sig.<\/p>\n\n\n  \n      <\/div>\n  \n<\/section>\n<section\n  class=\"core-block core-block--paragraph   block\"\n   id=paragraph-12\n  \n  \n>\n      <div class=\"inner inner--prose\">\n  \n  \n  \n<p>Uanset hvad du v\u00e6lger, f\u00e5r du adgang til <a href=\"https:\/\/andelenergi.dk\/min-side-inspiration\/\">Min side<\/a>. Her kan du f\u00e5 det fulde overblik over dit forbrug, og du f\u00e5r ogs\u00e5 hj\u00e6lp til at <a href=\"https:\/\/andelenergi.dk\/spar-energi\/\">spare p\u00e5 din elregning<\/a>.&nbsp;<\/p>\n\n\n  \n      <\/div>\n  \n<\/section>\n<section\n  class=\"core-block core-block--heading   block\"\n   id=heading-13\n  \n  \n>\n      <div class=\"inner inner--prose\">\n  \n  \n  \n<h4 class=\"wp-block-heading\" id=\"h-hvordan-skifter-jeg-elselskab-i-kobenhavn\">Hvordan skifter jeg elselskab i K\u00f8benhavn?<\/h4>\n\n\n  \n      <\/div>\n  \n<\/section>\n<section\n  class=\"core-block core-block--paragraph   block\"\n   id=paragraph-14\n  \n  \n>\n      <div class=\"inner inner--prose\">\n  \n  \n  \n<p>Det er nemt at skifte elselskab. Uanset hvor i landet du bor, kan du frit v\u00e6lge dit elselskab. <a href=\"https:\/\/andelenergi.dk\/el\/kampagner\/skift-elselskab-til-andel-energi\/\">Hvis du vil skifte til Andel Energi<\/a>, skal du bare give os besked, s\u00e5 klarer vi det hele for dig.&nbsp;<\/p>\n\n\n  \n      <\/div>\n  \n<\/section>\n<section\n  class=\"core-block core-block--paragraph   block\"\n   id=paragraph-15\n  \n  \n>\n      <div class=\"inner inner--prose\">\n  \n  \n  \n<p>Hvis du ikke er underlagt en bindingsperiode, kan du skifte elselskab til Andel Energi helt gratis. Hvis ikke, s\u00e5 skal du enten vente til bindingen udl\u00f8ber, eller betale et gebyr, som fasts\u00e6ttes af dit nuv\u00e6rende elselskab.<br><br>N\u00e5r du vil skifte elselskab, s\u00e5 klarer vi det formelle for dig. Du <a href=\"https:\/\/andelenergi.dk\/el\/kampagner\/skift-elselskab-til-andel-energi\/\">tilmelder dig bare her<\/a>. Dern\u00e6st vil du blive kontaktet af os, og s\u00e5 finder vi den elaftale, der passer dig bedst.<\/p>\n\n\n  \n      <\/div>\n  \n<\/section>\n","protected":false},"excerpt":{"rendered":"F\u00e5 dit elforbrug d\u00e6kket af str\u00f8m fra sol og vind i K\u00f8benhavn I K\u00f8benhavn og omegn bliver der gjort en stor indsats for at fremme den gr\u00f8nne omstilling. Og det er vi rigtig glade for. Vi synes, at det skal v\u00e6re let at tr\u00e6ffe gr\u00f8nnere valg &#8211; ikke kun i K\u00f8benhavn &#8211; men i hele &hellip; <a href=\"https:\/\/andelenergi.dk\/el\/kampagner\/koebenhavn-el\/\">Continued<\/a>","protected":false},"author":27,"featured_media":0,"parent":42032,"menu_order":65,"comment_status":"closed","ping_status":"closed","template":"","meta":{"_acf_changed":false,"footnotes":""},"categories":[],"class_list":["post-42150","page","type-page","status-publish","hentry"],"acf":[],"yoast_head":"<!-- This site is optimized with the Yoast SEO Premium plugin v20.7 (Yoast SEO v20.13) - https:\/\/yoast.com\/wordpress\/plugins\/seo\/ -->\n<title>Str\u00f8m i K\u00f8benhavn | V\u00e6lg elselskab i K\u00f8benhavn | andelenergi.dk<\/title>\n<meta name=\"description\" content=\"Bor du i K\u00f8benhavn eller omegn? Hos Andel Energi kan du f\u00e5 str\u00f8m, uanset hvor i landet du bor. L\u00e6s mere om vores elaftaler her.\" \/>\n<meta name=\"robots\" content=\"index, follow, max-snippet:-1, max-image-preview:large, max-video-preview:-1\" \/>\n<link rel=\"canonical\" href=\"https:\/\/andelenergi.dk\/el\/kampagner\/koebenhavn-el\/\" \/>\n<meta property=\"og:locale\" content=\"da_DK\" \/>\n<meta property=\"og:type\" content=\"article\" \/>\n<meta property=\"og:title\" content=\"K\u00f8benhavn el\" \/>\n<meta property=\"og:description\" content=\"Bor du i K\u00f8benhavn eller omegn? Hos Andel Energi kan du f\u00e5 str\u00f8m, uanset hvor i landet du bor. L\u00e6s mere om vores elaftaler her.\" \/>\n<meta property=\"og:url\" content=\"https:\/\/andelenergi.dk\/el\/kampagner\/koebenhavn-el\/\" \/>\n<meta property=\"og:site_name\" content=\"andelenergi.dk\" \/>\n<meta property=\"article:publisher\" content=\"https:\/\/www.facebook.com\/andelenergi\" \/>\n<meta property=\"article:modified_time\" content=\"2025-01-13T13:43:16+00:00\" \/>\n<meta name=\"twitter:card\" content=\"summary_large_image\" \/>\n<meta name=\"twitter:label1\" content=\"Est. reading time\" \/>\n\t<meta name=\"twitter:data1\" content=\"3 minutes\" \/>\n<script type=\"application\/ld+json\" class=\"yoast-schema-graph\">{\"@context\":\"https:\/\/schema.org\",\"@graph\":[{\"@type\":\"WebPage\",\"@id\":\"https:\/\/andelenergi.dk\/el\/kampagner\/koebenhavn-el\/\",\"url\":\"https:\/\/andelenergi.dk\/el\/kampagner\/koebenhavn-el\/\",\"name\":\"Str\u00f8m i K\u00f8benhavn | V\u00e6lg elselskab i K\u00f8benhavn | andelenergi.dk\",\"isPartOf\":{\"@id\":\"https:\/\/andelenergi.dk\/#website\"},\"datePublished\":\"2021-12-15T12:48:35+00:00\",\"dateModified\":\"2025-01-13T13:43:16+00:00\",\"description\":\"Bor du i K\u00f8benhavn eller omegn? Hos Andel Energi kan du f\u00e5 str\u00f8m, uanset hvor i landet du bor. L\u00e6s mere om vores elaftaler her.\",\"breadcrumb\":{\"@id\":\"https:\/\/andelenergi.dk\/el\/kampagner\/koebenhavn-el\/#breadcrumb\"},\"inLanguage\":\"da-DK\",\"potentialAction\":[{\"@type\":\"ReadAction\",\"target\":[\"https:\/\/andelenergi.dk\/el\/kampagner\/koebenhavn-el\/\"]}]},{\"@type\":\"BreadcrumbList\",\"@id\":\"https:\/\/andelenergi.dk\/el\/kampagner\/koebenhavn-el\/#breadcrumb\",\"itemListElement\":[{\"@type\":\"ListItem\",\"position\":1,\"name\":\"Home\",\"item\":\"https:\/\/andelenergi.dk\/\"},{\"@type\":\"ListItem\",\"position\":2,\"name\":\"Bestil el\",\"item\":\"https:\/\/andelenergi.dk\/el\/\"},{\"@type\":\"ListItem\",\"position\":3,\"name\":\"Kampagner el\",\"item\":\"https:\/\/andelenergi.dk\/el\/kampagner\/\"},{\"@type\":\"ListItem\",\"position\":4,\"name\":\"K\u00f8benhavn el\"}]},{\"@type\":\"WebSite\",\"@id\":\"https:\/\/andelenergi.dk\/#website\",\"url\":\"https:\/\/andelenergi.dk\/\",\"name\":\"andelenergi.dk\",\"description\":\"k\u00f8b el og gas til skarp pris\",\"potentialAction\":[{\"@type\":\"SearchAction\",\"target\":{\"@type\":\"EntryPoint\",\"urlTemplate\":\"https:\/\/andelenergi.dk\/?s={search_term_string}\"},\"query-input\":\"required name=search_term_string\"}],\"inLanguage\":\"da-DK\"}]}<\/script>\n<!-- \/ Yoast SEO Premium plugin. -->","yoast_head_json":{"title":"Str\u00f8m i K\u00f8benhavn | V\u00e6lg elselskab i K\u00f8benhavn | andelenergi.dk","description":"Bor du i K\u00f8benhavn eller omegn? Hos Andel Energi kan du f\u00e5 str\u00f8m, uanset hvor i landet du bor. L\u00e6s mere om vores elaftaler her.","robots":{"index":"index","follow":"follow","max-snippet":"max-snippet:-1","max-image-preview":"max-image-preview:large","max-video-preview":"max-video-preview:-1"},"canonical":"https:\/\/andelenergi.dk\/el\/kampagner\/koebenhavn-el\/","og_locale":"da_DK","og_type":"article","og_title":"K\u00f8benhavn el","og_description":"Bor du i K\u00f8benhavn eller omegn? Hos Andel Energi kan du f\u00e5 str\u00f8m, uanset hvor i landet du bor. L\u00e6s mere om vores elaftaler her.","og_url":"https:\/\/andelenergi.dk\/el\/kampagner\/koebenhavn-el\/","og_site_name":"andelenergi.dk","article_publisher":"https:\/\/www.facebook.com\/andelenergi","article_modified_time":"2025-01-13T13:43:16+00:00","twitter_card":"summary_large_image","twitter_misc":{"Est. reading time":"3 minutes"},"schema":{"@context":"https:\/\/schema.org","@graph":[{"@type":"WebPage","@id":"https:\/\/andelenergi.dk\/el\/kampagner\/koebenhavn-el\/","url":"https:\/\/andelenergi.dk\/el\/kampagner\/koebenhavn-el\/","name":"Str\u00f8m i K\u00f8benhavn | V\u00e6lg elselskab i K\u00f8benhavn | andelenergi.dk","isPartOf":{"@id":"https:\/\/andelenergi.dk\/#website"},"datePublished":"2021-12-15T12:48:35+00:00","dateModified":"2025-01-13T13:43:16+00:00","description":"Bor du i K\u00f8benhavn eller omegn? Hos Andel Energi kan du f\u00e5 str\u00f8m, uanset hvor i landet du bor. L\u00e6s mere om vores elaftaler her.","breadcrumb":{"@id":"https:\/\/andelenergi.dk\/el\/kampagner\/koebenhavn-el\/#breadcrumb"},"inLanguage":"da-DK","potentialAction":[{"@type":"ReadAction","target":["https:\/\/andelenergi.dk\/el\/kampagner\/koebenhavn-el\/"]}]},{"@type":"BreadcrumbList","@id":"https:\/\/andelenergi.dk\/el\/kampagner\/koebenhavn-el\/#breadcrumb","itemListElement":[{"@type":"ListItem","position":1,"name":"Home","item":"https:\/\/andelenergi.dk\/"},{"@type":"ListItem","position":2,"name":"Bestil el","item":"https:\/\/andelenergi.dk\/el\/"},{"@type":"ListItem","position":3,"name":"Kampagner el","item":"https:\/\/andelenergi.dk\/el\/kampagner\/"},{"@type":"ListItem","position":4,"name":"K\u00f8benhavn el"}]},{"@type":"WebSite","@id":"https:\/\/andelenergi.dk\/#website","url":"https:\/\/andelenergi.dk\/","name":"andelenergi.dk","description":"k\u00f8b el og gas til skarp pris","potentialAction":[{"@type":"SearchAction","target":{"@type":"EntryPoint","urlTemplate":"https:\/\/andelenergi.dk\/?s={search_term_string}"},"query-input":"required name=search_term_string"}],"inLanguage":"da-DK"}]}},"_links":{"self":[{"href":"https:\/\/andelenergi.dk\/api\/wp\/v2\/pages\/42150","targetHints":{"allow":["GET"]}}],"collection":[{"href":"https:\/\/andelenergi.dk\/api\/wp\/v2\/pages"}],"about":[{"href":"https:\/\/andelenergi.dk\/api\/wp\/v2\/types\/page"}],"author":[{"embeddable":true,"href":"https:\/\/andelenergi.dk\/api\/wp\/v2\/users\/27"}],"replies":[{"embeddable":true,"href":"https:\/\/andelenergi.dk\/api\/wp\/v2\/comments?post=42150"}],"version-history":[{"count":3,"href":"https:\/\/andelenergi.dk\/api\/wp\/v2\/pages\/42150\/revisions"}],"predecessor-version":[{"id":201024,"href":"https:\/\/andelenergi.dk\/api\/wp\/v2\/pages\/42150\/revisions\/201024"}],"up":[{"embeddable":true,"href":"https:\/\/andelenergi.dk\/api\/wp\/v2\/pages\/42032"}],"wp:attachment":[{"href":"https:\/\/andelenergi.dk\/api\/wp\/v2\/media?parent=42150"}],"wp:term":[{"taxonomy":"category","embeddable":true,"href":"https:\/\/andelenergi.dk\/api\/wp\/v2\/categories?post=42150"}],"curies":[{"name":"wp","href":"https:\/\/api.w.org\/{rel}","templated":true}]}}