{"id":295310,"date":"2026-08-28T10:17:00","date_gmt":"2026-08-28T10:17:00","guid":{"rendered":"https:\/\/andelenergi.dk\/?page_id=295310"},"modified":"2026-08-28T10:17:02","modified_gmt":"2026-08-28T10:17:02","slug":"andel-energi-stoetter-afskaffelse-af-aconto-afregning","status":"publish","type":"page","link":"https:\/\/andelenergi.dk\/om-os\/nyheder-og-presse\/andel-energi-stoetter-afskaffelse-af-aconto-afregning\/","title":{"rendered":"Andel Energi st\u00f8tter afskaffelse af aconto-afregning"},"content":{"rendered":"<section\n  class=\"acf-block acf-block--image mt-12 lg:mt-14 mb-12 lg:mb-14  block\"\n   id=image-1\n  \n  \n>\n      <div class=\"inner inner--prose\">\n  \n  \n  <div class=\"image-wrapper relative \">\n  \n  <div class=\"\">\n    <picture> <img decoding=\"async\" src=\"https:\/\/andelenergi.dk\/app\/uploads\/2022\/01\/Andel-Energi_Brandbilleder-2026_Pandang-011-2-720x480.jpg\" alt=\"Bestil elaftale med gode elpriser\" class=\"max-w-[100%] h-auto \" style=\"object-position:38.18% 35.25%;\" loading=\"lazy\"><\/picture>\n  <\/div>\n\n  \n  <\/div>\n\n\n  \n      <\/div>\n  \n<\/section>\n<section\n  class=\"core-block core-block--heading   block\"\n   id=heading-3\n  \n  \n>\n      <div class=\"inner inner--prose\">\n  \n  \n  \n<h1 class=\"wp-block-heading\" id=\"h-andel-energi-stotter-afskaffelse-af-aconto-afregning\">Andel Energi st\u00f8tter afskaffelse af aconto-afregning<\/h1>\n\n\n  \n      <\/div>\n  \n<\/section>\n<section\n  class=\"acf-block acf-block--subheading   block\"\n   id=subheading-4\n  \n  \n>\n      <div class=\"inner inner--prose\">\n  \n  \n  <div>\n    <p class=\"text-gray-800 text-body-xs\">\n        Pressemeddelelse\n                    &#8211; 28. august 2026\n            <\/p>\n<\/div>\n\n\n  \n      <\/div>\n  \n<\/section>\n<section\n  class=\"core-block core-block--paragraph   block\"\n   id=paragraph-6\n  \n  \n>\n      <div class=\"inner inner--prose\">\n  \n  \n  \n<p><strong>Det skal v\u00e6re lettere og mere overskueligt at v\u00e6re elkunde. Derfor st\u00f8tter Danmarks st\u00f8rste energiselskab, Andel Energi, et forslag fra bl.a. Forbrugerr\u00e5det T\u00c6NK om afskaffelse af aconto-afregning p\u00e5 det danske elmarked.<\/strong><\/p>\n\n\n  \n      <\/div>\n  \n<\/section>\n<section\n  class=\"core-block core-block--paragraph   block\"\n   id=paragraph-7\n  \n  \n>\n      <div class=\"inner inner--prose\">\n  \n  \n  \n<p>Der er for mange elkunder, der har penge til gode hos deres elselskab. Penge, som de risikerer aldrig at f\u00e5 igen. Derfor mener Andel Energi, at alle danske elkunder i fremtiden kun skal afregnes bagudrettet p\u00e5 baggrund af deres reelle forbrug.<\/p>\n\n\n  \n      <\/div>\n  \n<\/section>\n<section\n  class=\"core-block core-block--paragraph   block\"\n   id=paragraph-8\n  \n  \n>\n      <div class=\"inner inner--prose\">\n  \n  \n  \n<p>Det vil kr\u00e6ve et st\u00f8rre opg\u00f8r med s\u00e5kaldt aconto-afregning, hvor elselskaber i dag har lov til at opkr\u00e6ve penge fra kunder p\u00e5 baggrund af et forventet forbrug tre m\u00e5neder ud i fremtiden.<\/p>\n\n\n  \n      <\/div>\n  \n<\/section>\n<section\n  class=\"acf-block acf-block--simple-quote text-black mt-12 lg:mt-14 mb-12 lg:mb-14  block\"\n   id=simple-quote-9\n  \n  \n>\n      <div class=\"inner inner--prose\">\n  \n  \n  <blockquote class=\"relative px-[1.25em] leading-tight heading-4\">\n  <div\n    class=\"absolute left-0 top-0 leading-[0.865]\"\n      >\n    <span class=\"text-[2.5em]\">\u201c<\/span>\n  <\/div>\n\n      <h2 class=\"heading-4 font-medium\">\n  Det giver en mere overskuelig elregning, n\u00e5r du afregnes m\u00e5nedsvis bagud og kun betaler for det forbrug, du allerede har haft. Derfor bakker vi i Andel Energi 100 pct. op om Forbrugerr\u00e5det T\u00c6NKs forslag om at afskaffe aconto-afregning af danske elkunder. Det er i forbrugernes og elkundernes interesse kun at betale for den str\u00f8m, de reelt bruger\n  <\/h2>\n  \n      <cite class=\"mt-6 block text-body-sm italic lg:mt-8\">Josefine Walter, kommerciel direkt\u00f8r i Andel Energi<\/cite>\n  <\/blockquote>\n\n\n  \n      <\/div>\n  \n<\/section>\n<section\n  class=\"core-block core-block--paragraph   block\"\n   id=paragraph-11\n  \n  \n>\n      <div class=\"inner inner--prose\">\n  \n  \n  \n<p>Andel Energi besluttede tilbage i 2023 helt at skrotte aconto-afregning til selskabets over en mio. elkunder.<\/p>\n\n\n  \n      <\/div>\n  \n<\/section>\n<section\n  class=\"core-block core-block--heading   block\"\n   id=heading-12\n  \n  \n>\n      <div class=\"inner inner--prose\">\n  \n  \n  \n<h2 class=\"wp-block-heading has-medium-font-size\" id=\"h-aconto-afregning-er-et-historisk-levn\">Aconto-afregning er et historisk levn<\/h2>\n\n\n  \n      <\/div>\n  \n<\/section>\n<section\n  class=\"core-block core-block--paragraph   block\"\n   id=paragraph-13\n  \n  \n>\n      <div class=\"inner inner--prose\">\n  \n  \n  \n<p id=\"h-stor-eftersporgsel-efter-hjemmebatterierunderstreger-potentialet-i-fleksible-energilosninger-man-kan-med-fordel-tilpasse-sit-forbrug-sa-det-primaere-forbrug-ligger-i-de-billige-nattetimer-en-anden-losning-kan-vaere-et-hjemmebatteri-der-giver-elkunder-mulighed-for-at-kobe-strommen-nar-den-er-billig-og-bruge-den-nar-den-er-dyr-siger-josefine-walter\">Svagheden ved aconto-afregning blev for alvor udstillet i forbindelse med energikrisen i 2022. Dengang blev stort set alle danske elkunder afregnet aconto. Det bet\u00f8d, at elregningerne i 2022 byggede p\u00e5 et forventet forbrug (typisk kundens 2021-forbrug) ganget med den aktuelle og forventede elpris for de kommende m\u00e5neder. <\/p>\n\n\n  \n      <\/div>\n  \n<\/section>\n<section\n  class=\"core-block core-block--paragraph   block\"\n   id=paragraph-14\n  \n  \n>\n      <div class=\"inner inner--prose\">\n  \n  \n  \n<p id=\"h-stor-eftersporgsel-efter-hjemmebatterierunderstreger-potentialet-i-fleksible-energilosninger-man-kan-med-fordel-tilpasse-sit-forbrug-sa-det-primaere-forbrug-ligger-i-de-billige-nattetimer-en-anden-losning-kan-vaere-et-hjemmebatteri-der-giver-elkunder-mulighed-for-at-kobe-strommen-nar-den-er-billig-og-bruge-den-nar-den-er-dyr-siger-josefine-walter\">S\u00e5 mens elpriserne bare steg og steg, fulgte regningerne med uden, at man som elkunde kunne regulere sin regning, ved at skrue ned for forbruget. Det pressede privat\u00f8konomien hos rigtig mange danskere, og gav samtidig et hak i tilliden til alle landets el- og energiselskaber.<\/p>\n\n\n  \n      <\/div>\n  \n<\/section>\n<section\n  class=\"core-block core-block--paragraph   block\"\n   id=paragraph-15\n  \n  \n>\n      <div class=\"inner inner--prose\">\n  \n  \n  \n<p id=\"h-stor-eftersporgsel-efter-hjemmebatterierunderstreger-potentialet-i-fleksible-energilosninger-man-kan-med-fordel-tilpasse-sit-forbrug-sa-det-primaere-forbrug-ligger-i-de-billige-nattetimer-en-anden-losning-kan-vaere-et-hjemmebatteri-der-giver-elkunder-mulighed-for-at-kobe-strommen-nar-den-er-billig-og-bruge-den-nar-den-er-dyr-siger-josefine-walter\">\u201dAconto-afregning er et levn fra en tid, hvor elm\u00e5lere ikke kunne fjernafl\u00e6ses digitalt. Systemet med forudbetalt aconto og kvartalsafregning fungerer fint nok i tider med stabile priser og stabilt forbrug. Men energipriserne er i dag alt andet end stabile. Tilmed kigger vi lige nu ind i en vinter, hvor vi forventer de klart h\u00f8jeste energipriser siden krisen i 2022. Det kan v\u00e6re en tikkende bombe under elkunder med aconto-afregning,\u201d siger Josefine Walter.<\/p>\n\n\n  \n      <\/div>\n  \n<\/section>\n<section\n  class=\"core-block core-block--heading   block\"\n   id=heading-16\n  \n  \n>\n      <div class=\"inner inner--prose\">\n  \n  \n  \n<h2 class=\"wp-block-heading has-medium-font-size\" id=\"h-skrottede-aconto-i-2023\">Skrottede aconto i 2023<\/h2>\n\n\n  \n      <\/div>\n  \n<\/section>\n<section\n  class=\"core-block core-block--paragraph   block\"\n   id=paragraph-17\n  \n  \n>\n      <div class=\"inner inner--prose\">\n  \n  \n  \n<p>Det har siden energikrisen vist sig, at nogle af de nye selskaber, der blev stiftet i k\u00f8lvandet p\u00e5 krisen, ligefrem spekulerer i aconto-systemet ved at sende store aconto-opkr\u00e6vninger, der ikke matcher kundernes reelle forbrug. Det er nogle de selskaber, som bl.a. Forbrugerr\u00e5det T\u00e6nk betegner som branchens brodne kar, og som T\u00c6NK i nogle tilf\u00e6lde direkte frar\u00e5der elkunder at benytte sig af.<\/p>\n\n\n  \n      <\/div>\n  \n<\/section>\n<section\n  class=\"core-block core-block--paragraph   block\"\n   id=paragraph-18\n  \n  \n>\n      <div class=\"inner inner--prose\">\n  \n  \n  \n<p>\u201dVed at g\u00f8re m\u00e5nedsvis bagudbetaling obligatorisk, mindsker man risikoen for chokregninger. Samtidig fratager man de brodne kar muligheden for at bruge uskyldige kunder som gratis kassekredit, uden at kunderne reelt ved det\u201d, siger Josefine Walter.<\/p>\n\n\n  \n      <\/div>\n  \n<\/section>\n<section\n  class=\"core-block core-block--paragraph   block\"\n   id=paragraph-19\n  \n  \n>\n      <div class=\"inner inner--prose\">\n  \n  \n  \n<p>Det var en direkte konsekvens af energikrisen i 2022 og svaghederne ved aconto-afregning, der i 2023 fik Andel Energi til at tage konskvensen og helt skrotte aconto-afregning af elkunder. Overgangen skete i perioden 2023 til 2024.<\/p>\n\n\n  \n      <\/div>\n  \n<\/section>\n","protected":false},"excerpt":{"rendered":"Det skal v\u00e6re lettere og mere overskueligt at v\u00e6re elkunde. Derfor st\u00f8tter Danmarks st\u00f8rste energiselskab, Andel Energi, et forslag fra bl.a. Forbrugerr\u00e5det T\u00c6NK om afskaffelse af aconto-afregning p\u00e5 det danske elmarked. ","protected":false},"author":14,"featured_media":46118,"parent":60208,"menu_order":0,"comment_status":"closed","ping_status":"closed","template":"","meta":{"_acf_changed":false,"footnotes":""},"categories":[7850],"class_list":["post-295310","page","type-page","status-publish","has-post-thumbnail","hentry","category-pressemeddelelse"],"acf":[],"yoast_head":"<!-- This site is optimized with the Yoast SEO Premium plugin v20.7 (Yoast SEO v20.13) - https:\/\/yoast.com\/wordpress\/plugins\/seo\/ -->\n<title>Andel Energi st\u00f8tter afskaffelse af aconto-afregning | andelenergi.dk<\/title>\n<meta name=\"description\" content=\"Danmarks st\u00f8rste energiselskab, Andel Energi, st\u00f8tter forslag fra bl.a. Forbrugerr\u00e5det T\u00c6NK om afskaffelse af aconto-afregning.\" \/>\n<meta name=\"robots\" content=\"index, follow, max-snippet:-1, max-image-preview:large, max-video-preview:-1\" \/>\n<link rel=\"canonical\" href=\"https:\/\/andelenergi.dk\/om-os\/nyheder-og-presse\/andel-energi-stoetter-afskaffelse-af-aconto-afregning\/\" \/>\n<meta property=\"og:locale\" content=\"da_DK\" \/>\n<meta property=\"og:type\" content=\"article\" \/>\n<meta property=\"og:title\" content=\"Andel Energi st\u00f8tter afskaffelse af aconto-afregning\" \/>\n<meta property=\"og:description\" content=\"Danmarks st\u00f8rste energiselskab, Andel Energi, st\u00f8tter forslag fra bl.a. Forbrugerr\u00e5det T\u00c6NK om afskaffelse af aconto-afregning.\" \/>\n<meta property=\"og:url\" content=\"https:\/\/andelenergi.dk\/om-os\/nyheder-og-presse\/andel-energi-stoetter-afskaffelse-af-aconto-afregning\/\" \/>\n<meta property=\"og:site_name\" content=\"andelenergi.dk\" \/>\n<meta property=\"article:publisher\" content=\"https:\/\/www.facebook.com\/andelenergi\" \/>\n<meta property=\"article:modified_time\" content=\"2026-08-28T10:17:02+00:00\" \/>\n<meta property=\"og:image\" content=\"https:\/\/andelenergi.dk\/app\/uploads\/2022\/01\/Andel-Energi_Brandbilleder-2026_Pandang-011-2.jpg\" \/>\n\t<meta property=\"og:image:width\" content=\"1536\" \/>\n\t<meta property=\"og:image:height\" content=\"1024\" \/>\n\t<meta property=\"og:image:type\" content=\"image\/jpeg\" \/>\n<meta name=\"twitter:card\" content=\"summary_large_image\" \/>\n<meta name=\"twitter:label1\" content=\"Est. reading time\" \/>\n\t<meta name=\"twitter:data1\" content=\"3 minutter\" \/>\n<script type=\"application\/ld+json\" class=\"yoast-schema-graph\">{\"@context\":\"https:\/\/schema.org\",\"@graph\":[{\"@type\":\"WebPage\",\"@id\":\"https:\/\/andelenergi.dk\/om-os\/nyheder-og-presse\/andel-energi-stoetter-afskaffelse-af-aconto-afregning\/\",\"url\":\"https:\/\/andelenergi.dk\/om-os\/nyheder-og-presse\/andel-energi-stoetter-afskaffelse-af-aconto-afregning\/\",\"name\":\"Andel Energi st\u00f8tter afskaffelse af aconto-afregning | andelenergi.dk\",\"isPartOf\":{\"@id\":\"https:\/\/andelenergi.dk\/#website\"},\"datePublished\":\"2026-08-28T10:17:00+00:00\",\"dateModified\":\"2026-08-28T10:17:02+00:00\",\"description\":\"Danmarks st\u00f8rste energiselskab, Andel Energi, st\u00f8tter forslag fra bl.a. Forbrugerr\u00e5det T\u00c6NK om afskaffelse af aconto-afregning.\",\"breadcrumb\":{\"@id\":\"https:\/\/andelenergi.dk\/om-os\/nyheder-og-presse\/andel-energi-stoetter-afskaffelse-af-aconto-afregning\/#breadcrumb\"},\"inLanguage\":\"da-DK\",\"potentialAction\":[{\"@type\":\"ReadAction\",\"target\":[\"https:\/\/andelenergi.dk\/om-os\/nyheder-og-presse\/andel-energi-stoetter-afskaffelse-af-aconto-afregning\/\"]}]},{\"@type\":\"BreadcrumbList\",\"@id\":\"https:\/\/andelenergi.dk\/om-os\/nyheder-og-presse\/andel-energi-stoetter-afskaffelse-af-aconto-afregning\/#breadcrumb\",\"itemListElement\":[{\"@type\":\"ListItem\",\"position\":1,\"name\":\"Home\",\"item\":\"https:\/\/andelenergi.dk\/\"},{\"@type\":\"ListItem\",\"position\":2,\"name\":\"Om os &#8211; Andel Energi\",\"item\":\"https:\/\/andelenergi.dk\/om-os\/\"},{\"@type\":\"ListItem\",\"position\":3,\"name\":\"Nyheder og presse\",\"item\":\"https:\/\/andelenergi.dk\/om-os\/nyheder-og-presse\/\"},{\"@type\":\"ListItem\",\"position\":4,\"name\":\"Andel Energi st\u00f8tter afskaffelse af aconto-afregning\"}]},{\"@type\":\"WebSite\",\"@id\":\"https:\/\/andelenergi.dk\/#website\",\"url\":\"https:\/\/andelenergi.dk\/\",\"name\":\"andelenergi.dk\",\"description\":\"k\u00f8b el og gas til skarp pris\",\"potentialAction\":[{\"@type\":\"SearchAction\",\"target\":{\"@type\":\"EntryPoint\",\"urlTemplate\":\"https:\/\/andelenergi.dk\/?s={search_term_string}\"},\"query-input\":\"required name=search_term_string\"}],\"inLanguage\":\"da-DK\"}]}<\/script>\n<!-- \/ Yoast SEO Premium plugin. -->","yoast_head_json":{"title":"Andel Energi st\u00f8tter afskaffelse af aconto-afregning | andelenergi.dk","description":"Danmarks st\u00f8rste energiselskab, Andel Energi, st\u00f8tter forslag fra bl.a. Forbrugerr\u00e5det T\u00c6NK om afskaffelse af aconto-afregning.","robots":{"index":"index","follow":"follow","max-snippet":"max-snippet:-1","max-image-preview":"max-image-preview:large","max-video-preview":"max-video-preview:-1"},"canonical":"https:\/\/andelenergi.dk\/om-os\/nyheder-og-presse\/andel-energi-stoetter-afskaffelse-af-aconto-afregning\/","og_locale":"da_DK","og_type":"article","og_title":"Andel Energi st\u00f8tter afskaffelse af aconto-afregning","og_description":"Danmarks st\u00f8rste energiselskab, Andel Energi, st\u00f8tter forslag fra bl.a. Forbrugerr\u00e5det T\u00c6NK om afskaffelse af aconto-afregning.","og_url":"https:\/\/andelenergi.dk\/om-os\/nyheder-og-presse\/andel-energi-stoetter-afskaffelse-af-aconto-afregning\/","og_site_name":"andelenergi.dk","article_publisher":"https:\/\/www.facebook.com\/andelenergi","article_modified_time":"2026-08-28T10:17:02+00:00","og_image":[{"width":1536,"height":1024,"url":"https:\/\/andelenergi.dk\/app\/uploads\/2022\/01\/Andel-Energi_Brandbilleder-2026_Pandang-011-2.jpg","type":"image\/jpeg"}],"twitter_card":"summary_large_image","twitter_misc":{"Est. reading time":"3 minutter"},"schema":{"@context":"https:\/\/schema.org","@graph":[{"@type":"WebPage","@id":"https:\/\/andelenergi.dk\/om-os\/nyheder-og-presse\/andel-energi-stoetter-afskaffelse-af-aconto-afregning\/","url":"https:\/\/andelenergi.dk\/om-os\/nyheder-og-presse\/andel-energi-stoetter-afskaffelse-af-aconto-afregning\/","name":"Andel Energi st\u00f8tter afskaffelse af aconto-afregning | andelenergi.dk","isPartOf":{"@id":"https:\/\/andelenergi.dk\/#website"},"datePublished":"2026-08-28T10:17:00+00:00","dateModified":"2026-08-28T10:17:02+00:00","description":"Danmarks st\u00f8rste energiselskab, Andel Energi, st\u00f8tter forslag fra bl.a. Forbrugerr\u00e5det T\u00c6NK om afskaffelse af aconto-afregning.","breadcrumb":{"@id":"https:\/\/andelenergi.dk\/om-os\/nyheder-og-presse\/andel-energi-stoetter-afskaffelse-af-aconto-afregning\/#breadcrumb"},"inLanguage":"da-DK","potentialAction":[{"@type":"ReadAction","target":["https:\/\/andelenergi.dk\/om-os\/nyheder-og-presse\/andel-energi-stoetter-afskaffelse-af-aconto-afregning\/"]}]},{"@type":"BreadcrumbList","@id":"https:\/\/andelenergi.dk\/om-os\/nyheder-og-presse\/andel-energi-stoetter-afskaffelse-af-aconto-afregning\/#breadcrumb","itemListElement":[{"@type":"ListItem","position":1,"name":"Home","item":"https:\/\/andelenergi.dk\/"},{"@type":"ListItem","position":2,"name":"Om os &#8211; Andel Energi","item":"https:\/\/andelenergi.dk\/om-os\/"},{"@type":"ListItem","position":3,"name":"Nyheder og presse","item":"https:\/\/andelenergi.dk\/om-os\/nyheder-og-presse\/"},{"@type":"ListItem","position":4,"name":"Andel Energi st\u00f8tter afskaffelse af aconto-afregning"}]},{"@type":"WebSite","@id":"https:\/\/andelenergi.dk\/#website","url":"https:\/\/andelenergi.dk\/","name":"andelenergi.dk","description":"k\u00f8b el og gas til skarp pris","potentialAction":[{"@type":"SearchAction","target":{"@type":"EntryPoint","urlTemplate":"https:\/\/andelenergi.dk\/?s={search_term_string}"},"query-input":"required name=search_term_string"}],"inLanguage":"da-DK"}]}},"_links":{"self":[{"href":"https:\/\/andelenergi.dk\/api\/wp\/v2\/pages\/295310","targetHints":{"allow":["GET"]}}],"collection":[{"href":"https:\/\/andelenergi.dk\/api\/wp\/v2\/pages"}],"about":[{"href":"https:\/\/andelenergi.dk\/api\/wp\/v2\/types\/page"}],"author":[{"embeddable":true,"href":"https:\/\/andelenergi.dk\/api\/wp\/v2\/users\/14"}],"replies":[{"embeddable":true,"href":"https:\/\/andelenergi.dk\/api\/wp\/v2\/comments?post=295310"}],"version-history":[{"count":3,"href":"https:\/\/andelenergi.dk\/api\/wp\/v2\/pages\/295310\/revisions"}],"predecessor-version":[{"id":295534,"href":"https:\/\/andelenergi.dk\/api\/wp\/v2\/pages\/295310\/revisions\/295534"}],"up":[{"embeddable":true,"href":"https:\/\/andelenergi.dk\/api\/wp\/v2\/pages\/60208"}],"wp:featuredmedia":[{"embeddable":true,"href":"https:\/\/andelenergi.dk\/api\/wp\/v2\/media\/46118"}],"wp:attachment":[{"href":"https:\/\/andelenergi.dk\/api\/wp\/v2\/media?parent=295310"}],"wp:term":[{"taxonomy":"category","embeddable":true,"href":"https:\/\/andelenergi.dk\/api\/wp\/v2\/categories?post=295310"}],"curies":[{"name":"wp","href":"https:\/\/api.w.org\/{rel}","templated":true}]}}