{"id":294672,"date":"2026-08-21T06:46:30","date_gmt":"2026-08-21T06:46:30","guid":{"rendered":"https:\/\/andelenergi.dk\/?page_id=294672"},"modified":"2026-08-21T06:57:20","modified_gmt":"2026-08-21T06:57:20","slug":"saadan-passer-andel-energi-paa-dig","status":"publish","type":"page","link":"https:\/\/andelenergi.dk\/om-os\/nyheder-og-presse\/saadan-passer-andel-energi-paa-dig\/","title":{"rendered":"S\u00e5dan passer Andel Energi p\u00e5 dig"},"content":{"rendered":"<section\n  class=\"acf-block acf-block--image mt-12 lg:mt-14 mb-12 lg:mb-14  block\"\n   id=image-1\n  \n  \n>\n      <div class=\"inner inner--prose\">\n  \n  \n  <div class=\"image-wrapper relative \">\n  \n  <div class=\"\">\n    <picture> <img decoding=\"async\" src=\"https:\/\/andelenergi.dk\/app\/uploads\/2023\/02\/Andel-energi_Brandbilleder-085-720x480.jpg\" alt=\"\" class=\"max-w-[100%] h-auto \" style=\"object-position:50.00% 50.00%;\" loading=\"lazy\"><\/picture>\n  <\/div>\n\n  \n  <\/div>\n\n\n  \n      <\/div>\n  \n<\/section>\n<section\n  class=\"core-block core-block--heading   block\"\n   id=heading-3\n  \n  \n>\n      <div class=\"inner inner--prose\">\n  \n  \n  \n<h1 class=\"wp-block-heading\" id=\"h-sadan-passer-andel-energi-pa-dig-her-er-syv-grunde-til-at-du-kan-fole-dig-tryg-hos-os\">S\u00e5dan passer Andel Energi p\u00e5 dig: Her er syv grunde til, at du kan f\u00f8le dig tryg hos os<\/h1>\n\n\n  \n      <\/div>\n  \n<\/section>\n<section\n  class=\"acf-block acf-block--subheading   block\"\n   id=subheading-4\n  \n  \n>\n      <div class=\"inner inner--prose\">\n  \n  \n  <div>\n    <p class=\"text-gray-800 text-body-xs\">\n        Nyhed\n                    &#8211; 21. august 2026\n            <\/p>\n<\/div>\n\n\n  \n      <\/div>\n  \n<\/section>\n<section\n  class=\"core-block core-block--paragraph   block\"\n   id=paragraph-6\n  \n  \n>\n      <div class=\"inner inner--prose\">\n  \n  \n  \n<p><strong>At v\u00e6lge energiselskab skal v\u00e6re en tryg beslutning. Derfor skal du kunne stole p\u00e5, at dit energiselskab lever op til det, der er aftalt, og g\u00f8r det nemt for dig at v\u00e6re kunde. Hos Andel Energi tager vi det ansvar alvorligt og arbejder hver dag for, at det skal v\u00e6re enkelt at v\u00e6re kunde hos os.<\/strong><\/p>\n\n\n  \n      <\/div>\n  \n<\/section>\n<section\n  class=\"core-block core-block--paragraph   block\"\n   id=paragraph-7\n  \n  \n>\n      <div class=\"inner inner--prose\">\n  \n  \n  \n<p>N\u00e5r du v\u00e6lger energiselskab, skal du kunne forst\u00e5 din aftale og vide, hvad du siger ja til. De seneste \u00e5rs udvikling p\u00e5 elmarkedet har samtidig vist, hvor vigtigt det er, at du kan have tillid til, at din aftale og betaling bliver h\u00e5ndteret korrekt.<\/p>\n\n\n  \n      <\/div>\n  \n<\/section>\n<section\n  class=\"core-block core-block--paragraph   block\"\n   id=paragraph-8\n  \n  \n>\n      <div class=\"inner inner--prose\">\n  \n  \n  \n<p>Hos Andel Energi mener vi, at den tillid skal fortjenes hver dag. Derfor arbejder vi ikke kun for, at det skal v\u00e6re nemt at blive kunde, men ogs\u00e5 for, at du f\u00e5r en god oplevelse hele vejen gennem dit kundeforhold.<\/p>\n\n\n  \n      <\/div>\n  \n<\/section>\n<section\n  class=\"core-block core-block--paragraph   block\"\n   id=paragraph-9\n  \n  \n>\n      <div class=\"inner inner--prose\">\n  \n  \n  \n<p>For os handler trov\u00e6rdighed om de valg, vi tager hver dag. Derfor arbejder vi ud fra det grundprincip, at det skal v\u00e6re enkelt, tydeligt og trygt at v\u00e6re kunde hos os. Det kan v\u00e6re sv\u00e6rt at se, hvad det betyder i praksis. Derfor har vi samlet syv konkrete eksempler p\u00e5, hvordan vi arbejder for at leve op til netop det grundprincip.<\/p>\n\n\n  \n      <\/div>\n  \n<\/section>\n<section\n  class=\"core-block core-block--columns num-columns-1  block\"\n   id=columns-10\n  \n  \n>\n      <div class=\"inner inner--prose\">\n  \n  \n  \n<div class=\"wp-block-columns\"><section\n  class=\"core-block core-block--column has-background  block\"\n   id=column-11\n  \n  \n>\n  \n      <div\n      class=\"inner-bg bg-coral-100 px-4 sm:px-6 lg:px-8 py-6 lg:py-8\"\n      \n    >\n  \n  \n<div class=\"wp-block-column has-coral-100-background-color has-background\"><section\n  class=\"core-block core-block--heading   block\"\n   id=heading-12\n  \n  \n>\n      <div class=\"inner inner--prose\">\n  \n  \n  \n<h2 class=\"wp-block-heading has-medium-font-size\" id=\"h-syv-grunde-til-at-du-kan-fole-dig-tryg-som-kunde-hos-andel-energi\">Syv grunde til, at du kan f\u00f8le dig tryg som kunde hos Andel Energi<\/h2>\n\n\n  \n      <\/div>\n  \n<\/section>\n\n\n<section\n  class=\"core-block core-block--list   block\"\n   id=list-13\n  \n  \n>\n      <div class=\"inner inner--prose\">\n  \n  \n  \n<ol class=\"wp-block-list\">\n<li><strong>Du betaler kun for dit faktiske forbrug<br><\/strong>Hos Andel Energi betaler du ikke aconto. I stedet betaler du for den str\u00f8m, du rent faktisk har brugt, s\u00e5 din regning afspejler dit faktiske forbrug.<br><\/li>\n\n\n\n<li><strong>Du modtager dine regninger sikkert i e-Boks<br><\/strong>Det er vigtigt for os, at du f\u00f8ler dig tryg, n\u00e5r du modtager vigtig information fra Andel Energi. Derfor sender vi dine regninger og anden vigtig information til e-Boks. Det er en sikker l\u00f8sning, hvor du har det hele samlet \u00e9t sted.<br><\/li>\n\n\n\n<li><strong>Det skal v\u00e6re nemt at optimere dit energiforbrug<br><\/strong>I appen Andel Energi kan du f\u00f8lge dit forbrug, se dine elpriser og f\u00e5 indsigt i, hvorn\u00e5r det er billigst at bruge str\u00f8mmen. Har du elbil eller solceller, kan du ogs\u00e5 holde styr p\u00e5 dit ladeforbrug og din egenproduktion.<br><\/li>\n\n\n\n<li><strong>Produkter og vilk\u00e5r skal v\u00e6re lette at forst\u00e5<br><\/strong>Energi kan v\u00e6re komplekst. Derfor arbejder vi for at g\u00f8re vores produkter, priser og vilk\u00e5r s\u00e5 enkle og gennemskuelige som muligt, s\u00e5 du ved, hvad du f\u00e5r. Hos Andel Energi kan du samle dine energil\u00f8sninger \u00e9t sted, s\u00e5 du nemt kan f\u00e5 overblik over el, ladel\u00f8sning, varmepumpe, solceller og hjemmebatteri.<br><\/li>\n\n\n\n<li><strong>Det skal v\u00e6re nemt at f\u00e5 hj\u00e6lp<br><\/strong>Du kan altid f\u00e5 hj\u00e6lp hos Andel Energi. Du kan ringe eller skrive til vores kundeservice mandag til fredag 8.30-16.00, eller f\u00e5 svar fra vores chatbot Energitte, n\u00e5r det passer dig.<br><\/li>\n\n\n\n<li><strong>Du har mulighed for at fortryde din aftale<br><\/strong>N\u00e5r du v\u00e6lger energiselskab, skal du f\u00f8le dig tryg ved din beslutning. Derfor har du 14 dages fortrydelsesret, hvis du \u00e6ndrer mening, og vi g\u00f8r det nemt at komme i kontakt med os, hvis du \u00f8nsker at afmelde din aftale.<br><\/li>\n\n\n\n<li><strong>Du skal kunne f\u00f8le dig sikker, n\u00e5r du indg\u00e5r en elaftale<br><\/strong>N\u00e5r du indg\u00e5r en ny elaftale hos Andel Energi, godkender du aftalen med MitID. Det giver en tydelig dokumentation for aftalen og skaber st\u00f8rre sikkerhed omkring det valg, du tr\u00e6ffer.<\/li>\n<\/ol>\n\n\n  \n      <\/div>\n  \n<\/section>\n<\/div>\n\n\n      <\/div>\n  \n  \n<\/section>\n<\/div>\n\n\n  \n      <\/div>\n  \n<\/section>\n<section\n  class=\"acf-block acf-block--icon-teaser has-background text-black mt-12 lg:mt-14 mb-12 lg:mb-14  block\"\n   id=icon-teaser-21\n  \n  \n>\n      <div class=\"inner inner--prose\">\n  \n      <div\n      class=\"inner-bg bg-coral-300 px-4 sm:px-6 lg:px-8 py-6 lg:py-8\"\n      \n    >\n  \n  <div\n  class=\"icon-teaser  relative flex h-full flex-col\"\n  >\n  <div class=\"flex flex-auto flex-col\">\n          <div class=\"mb-4 flex-none\">\n        <div class=\"h-12 w-12\">\n          <?xml version=\"1.0\" encoding=\"UTF-8\"?> <!-- Generator: Adobe Illustrator 25.2.0, SVG Export Plug-In . SVG Version: 6.00 Build 0) --> <svg xmlns=\"http:\/\/www.w3.org\/2000\/svg\" xmlns:xlink=\"http:\/\/www.w3.org\/1999\/xlink\" version=\"1.1\" id=\"Layer_2\" x=\"0px\" y=\"0px\" viewBox=\"0 0 40 40\" style=\"enable-background:new 0 0 40 40;\" xml:space=\"preserve\"> <style type=\"text\/css\"> .st0{fill:currentColor;} <\/style> <g> <path class=\"st0\" d=\"M4.44,29.36l-3.57-9.52l4-4.85c1.37-1.34,3-2.21,4.83-2.59c1.79-0.37,2.24-0.4,3.27-0.37 c0.14,0,0.27,0,12.13,2c1.61,0.05,2.91,1.38,2.91,3c0,0.1,0,0.2-0.01,0.3l6.14-2.01c0.44-0.19,0.9-0.29,1.37-0.29 c1.93,0,3.5,1.57,3.5,3.5c0,1.51-0.95,2.83-2.39,3.31c-0.08,0.05-0.15,0.08-0.23,0.12l-0.1,0.04c-0.64,0.19-13.13,4.62-13.86,4.95 l-0.25,0.11l-0.28-0.02l-9.74-0.97L4.44,29.36z M3.14,20.22l2.43,6.48l6.27-2.69l10.01,1c2-0.79,12.64-4.51,13.77-4.91l0.3-0.14 c0.65-0.19,1.08-0.76,1.08-1.43c0-1.03-1.12-1.81-2.11-1.37l-0.1,0.04l-8.8,2.83l-0.93,0c-0.02,0-0.04,0-0.07,0v0l-8-0.01l1-2 l7.04,0.01c0.53-0.02,0.96-0.46,0.96-1c0-0.55-0.45-1-1-1l-0.17-0.01c-4.47-0.75-11.19-1.88-11.9-1.99c-0.95,0-1.29,0.01-2.84,0.33 c-1.45,0.3-2.69,0.96-3.8,2.02L3.14,20.22z\"><\/path> <\/g> <\/svg> \n        <\/div>\n      <\/div>\n    \n    <div class=\"flex-none\">\n              <span class=\"mb-4\">\n\n          <h3 class=\"heading-4\">\n  MitID giver st\u00f8rre sikkerhed omkring din elaftale\n  <\/h3>\n        <\/span>\n      \n          <div class=\"wysiwyg mb-4\">\n        <p>Som en del af de nye regler p\u00e5 elmarkedet skal en ny elaftale godkendes med MitID. Det giver en tydelig dokumentation for aftalen og skaber st\u00f8rre klarhed omkring det valg, du tr\u00e6ffer som kunde.<br \/>\nMitID er \u00e9t af flere tiltag, der styrker forbrugernes rettigheder og g\u00f8r processen omkring nye elaftaler mere gennemsigtig.<\/p>\n\n      <\/div>\n      <\/div>\n\n  \n  <\/div>\n\n\n      <\/div>\n  \n      <\/div>\n  \n<\/section>\n<section\n  class=\"acf-block acf-block--article-list text-black mt-12 lg:mt-14 mb-12 lg:mb-14  block\"\n   id=article-list-23\n  \n  \n>\n      <div class=\"inner inner--prose\">\n  \n  \n  <div class=\"inner--px-remove\">\n    <div class=\"inner inner--prose\">\n              <h2 class=\"heading-4 mb-4\">\n  Gode links\n  <\/h2>\n      \n      <div\n        class=\"border-t\"\n        style=\"border-color: #1e1e1e33\"\n      >\n\n                  <a\n            href=\"https:\/\/andelenergi.dk\/min-side\/appen\/\"\n            target=\"\"\n            class=\"icon-teaser group flex h-full items-center border-b\"\n            style=\"border-color: #1e1e1e33\"\n          >\n\n            <div\n              class=\"flex flex-auto flex-col py-4 pr-8 leading-none transition-colors duration-300 ease-in-out md:flex-row md:py-8\"\n            >\n\n                              <div class=\"mb-6 mr-6 flex flex-none items-center md:mb-0\">\n                  <div class=\"icon flex h-12 w-12 items-center justify-center\">\n                    <?xml version=\"1.0\" encoding=\"UTF-8\"?> <!-- Generator: Adobe Illustrator 25.2.0, SVG Export Plug-In . SVG Version: 6.00 Build 0) --> <svg xmlns=\"http:\/\/www.w3.org\/2000\/svg\" xmlns:xlink=\"http:\/\/www.w3.org\/1999\/xlink\" version=\"1.1\" id=\"Layer_2\" x=\"0px\" y=\"0px\" viewBox=\"0 0 40 40\" style=\"enable-background:new 0 0 40 40;\" xml:space=\"preserve\"> <style type=\"text\/css\"> .st0{fill:currentColor;} <\/style> <path class=\"st0\" d=\"M26.6,2.01c-2.27,0-12.47,0-12.47,0s-2.27,0-2.27,2v31c0,0,0,2,2.27,2s12.47,0,12.47,0s2.27,0,2.27-2v-31 C28.87,4.01,28.87,2.01,26.6,2.01z M26.87,34.96c-0.09,0.03-0.2,0.05-0.27,0.06h-2.73v-1h-7v1h-2.73c-0.13,0-0.21-0.01-0.26-0.02 c0-0.01-0.01-0.03-0.01-0.04V4.07c0.09-0.03,0.2-0.05,0.27-0.06h2.73c0,0,0,0,0,0c0,0.55,0.45,1,1,1h5c0.55,0,1-0.45,1-1 c0,0,0,0,0,0h2.73c0.13,0,0.21,0.01,0.26,0.02c0,0.01,0.01,0.03,0.01,0.04V34.96z\"><\/path> <\/svg> \n                  <\/div>\n                <\/div>\n              \n              <div class=\"flex flex-auto flex-col justify-center space-y-2\">\n                                  <h3 class=\"text-lg\">Appen Andel Energi<\/h3>\n                \n                                  <p class=\"text-body-xs\">I vores app kan du som kunde f\u00f8lge dit forbrug, og har du en variabel elpris, kan du ogs\u00e5 se, hvorn\u00e5r str\u00f8mmen er billigst og har lavt CO2-aftryk. Se mere og hent appen<\/p>\n                              <\/div>\n\n            <\/div>\n\n            <div class=\"flex-none\">\n              <svg xmlns=\"http:\/\/www.w3.org\/2000\/svg\" viewBox=\"0 0 7 12\" class=\"inline w-[11px] h-[11px] mr-1 group-hover:translate-x-1 transition-transform duration-200 ease-in-out\">\n    <path fill=\"currentColor\" d=\"M6.814 5.534L1.681.194a.617.617 0 0 0-.897 0L.186.815a.678.678 0 0 0-.001.932L4.253 6 .185 10.252a.678.678 0 0 0 0 .932l.6.623a.617.617 0 0 0 .896 0l5.133-5.34a.679.679 0 0 0 0-.933z\"\/>\n<\/svg>\n            <\/div>\n          <\/a>\n                  <a\n            href=\"\"\n            target=\"\"\n            class=\"icon-teaser group flex h-full items-center border-b\"\n            style=\"border-color: #1e1e1e33\"\n          >\n\n            <div\n              class=\"flex flex-auto flex-col py-4 pr-8 leading-none transition-colors duration-300 ease-in-out md:flex-row md:py-8\"\n            >\n\n                              <div class=\"mb-6 mr-6 flex flex-none items-center md:mb-0\">\n                  <div class=\"icon flex h-12 w-12 items-center justify-center\">\n                    <?xml version=\"1.0\" encoding=\"UTF-8\"?> <svg xmlns=\"http:\/\/www.w3.org\/2000\/svg\" id=\"Ikoner\" viewBox=\"0 0 40 40\"><style type=\"text\/css\"> #Ikoner{fill:currentColor;} <\/style><path d=\"M32,6H8V38H32ZM30,36H10V8H30Z\"><\/path><polygon points=\"13.01 3.99 34.04 3.99 34.04 32.99 36.04 32.99 36.04 1.99 13.01 1.99 13.01 3.99\"><\/polygon><rect x=\"12.01\" y=\"10.99\" width=\"16\" height=\"2\"><\/rect><rect x=\"12.01\" y=\"15.99\" width=\"16\" height=\"2\"><\/rect><rect x=\"12.01\" y=\"20.99\" width=\"16\" height=\"2\"><\/rect><rect x=\"12.01\" y=\"25.99\" width=\"8\" height=\"2\"><\/rect><rect x=\"12.01\" y=\"30.99\" width=\"8\" height=\"2\"><\/rect><\/svg> \n                  <\/div>\n                <\/div>\n              \n              <div class=\"flex flex-auto flex-col justify-center space-y-2\">\n                                  <h3 class=\"text-lg\">M\u00e5nedsbetaling<\/h3>\n                \n                                  <p class=\"text-body-xs\">Du f\u00e5r en regning hver m\u00e5ned &#8211; det skal nemlig v\u00e6re s\u00e5 enkelt som muligt for dig. L\u00e6s mere om regningen.<\/p>\n                              <\/div>\n\n            <\/div>\n\n            <div class=\"flex-none\">\n              <svg xmlns=\"http:\/\/www.w3.org\/2000\/svg\" viewBox=\"0 0 7 12\" class=\"inline w-[11px] h-[11px] mr-1 group-hover:translate-x-1 transition-transform duration-200 ease-in-out\">\n    <path fill=\"currentColor\" d=\"M6.814 5.534L1.681.194a.617.617 0 0 0-.897 0L.186.815a.678.678 0 0 0-.001.932L4.253 6 .185 10.252a.678.678 0 0 0 0 .932l.6.623a.617.617 0 0 0 .896 0l5.133-5.34a.679.679 0 0 0 0-.933z\"\/>\n<\/svg>\n            <\/div>\n          <\/a>\n              <\/div>\n    <\/div>\n  <\/div>\n\n\n  \n      <\/div>\n  \n<\/section>\n","protected":false},"excerpt":{"rendered":"At v\u00e6lge energiselskab skal v\u00e6re en tryg beslutning. Derfor skal du kunne stole p\u00e5, at dit energiselskab lever op til det, der er aftalt, og g\u00f8r det nemt for dig at v\u00e6re kunde.","protected":false},"author":14,"featured_media":78381,"parent":60208,"menu_order":1,"comment_status":"closed","ping_status":"closed","template":"","meta":{"_acf_changed":false,"footnotes":""},"categories":[7851],"class_list":["post-294672","page","type-page","status-publish","has-post-thumbnail","hentry","category-nyhed"],"acf":[],"yoast_head":"<!-- This site is optimized with the Yoast SEO Premium plugin v20.7 (Yoast SEO v20.13) - https:\/\/yoast.com\/wordpress\/plugins\/seo\/ -->\n<title>S\u00e5dan passer Andel Energi p\u00e5 dig | andelenergi.dk<\/title>\n<meta name=\"description\" content=\"At v\u00e6lge energiselskab skal v\u00e6re en tryg beslutning. Hos Andel Energi tager vi det ansvar alvorligt. L\u00e6s mere.\" \/>\n<meta name=\"robots\" content=\"index, follow, max-snippet:-1, max-image-preview:large, max-video-preview:-1\" \/>\n<link rel=\"canonical\" href=\"https:\/\/andelenergi.dk\/om-os\/nyheder-og-presse\/saadan-passer-andel-energi-paa-dig\/\" \/>\n<meta property=\"og:locale\" content=\"da_DK\" \/>\n<meta property=\"og:type\" content=\"article\" \/>\n<meta property=\"og:title\" content=\"S\u00e5dan passer Andel Energi p\u00e5 dig\" \/>\n<meta property=\"og:description\" content=\"At v\u00e6lge energiselskab skal v\u00e6re en tryg beslutning. Hos Andel Energi tager vi det ansvar alvorligt. L\u00e6s mere.\" \/>\n<meta property=\"og:url\" content=\"https:\/\/andelenergi.dk\/om-os\/nyheder-og-presse\/saadan-passer-andel-energi-paa-dig\/\" \/>\n<meta property=\"og:site_name\" content=\"andelenergi.dk\" \/>\n<meta property=\"article:publisher\" content=\"https:\/\/www.facebook.com\/andelenergi\" \/>\n<meta property=\"article:modified_time\" content=\"2026-08-21T06:57:20+00:00\" \/>\n<meta property=\"og:image\" content=\"https:\/\/andelenergi.dk\/app\/uploads\/2023\/02\/Andel-energi_Brandbilleder-085.jpg\" \/>\n\t<meta property=\"og:image:width\" content=\"1536\" \/>\n\t<meta property=\"og:image:height\" content=\"1024\" \/>\n\t<meta property=\"og:image:type\" content=\"image\/jpeg\" \/>\n<meta name=\"twitter:card\" content=\"summary_large_image\" \/>\n<meta name=\"twitter:label1\" content=\"Est. reading time\" \/>\n\t<meta name=\"twitter:data1\" content=\"3 minutter\" \/>\n<script type=\"application\/ld+json\" class=\"yoast-schema-graph\">{\"@context\":\"https:\/\/schema.org\",\"@graph\":[{\"@type\":\"WebPage\",\"@id\":\"https:\/\/andelenergi.dk\/om-os\/nyheder-og-presse\/saadan-passer-andel-energi-paa-dig\/\",\"url\":\"https:\/\/andelenergi.dk\/om-os\/nyheder-og-presse\/saadan-passer-andel-energi-paa-dig\/\",\"name\":\"S\u00e5dan passer Andel Energi p\u00e5 dig | andelenergi.dk\",\"isPartOf\":{\"@id\":\"https:\/\/andelenergi.dk\/#website\"},\"datePublished\":\"2026-08-21T06:46:30+00:00\",\"dateModified\":\"2026-08-21T06:57:20+00:00\",\"description\":\"At v\u00e6lge energiselskab skal v\u00e6re en tryg beslutning. Hos Andel Energi tager vi det ansvar alvorligt. L\u00e6s mere.\",\"breadcrumb\":{\"@id\":\"https:\/\/andelenergi.dk\/om-os\/nyheder-og-presse\/saadan-passer-andel-energi-paa-dig\/#breadcrumb\"},\"inLanguage\":\"da-DK\",\"potentialAction\":[{\"@type\":\"ReadAction\",\"target\":[\"https:\/\/andelenergi.dk\/om-os\/nyheder-og-presse\/saadan-passer-andel-energi-paa-dig\/\"]}]},{\"@type\":\"BreadcrumbList\",\"@id\":\"https:\/\/andelenergi.dk\/om-os\/nyheder-og-presse\/saadan-passer-andel-energi-paa-dig\/#breadcrumb\",\"itemListElement\":[{\"@type\":\"ListItem\",\"position\":1,\"name\":\"Home\",\"item\":\"https:\/\/andelenergi.dk\/\"},{\"@type\":\"ListItem\",\"position\":2,\"name\":\"Om os &#8211; Andel Energi\",\"item\":\"https:\/\/andelenergi.dk\/om-os\/\"},{\"@type\":\"ListItem\",\"position\":3,\"name\":\"Nyheder og presse\",\"item\":\"https:\/\/andelenergi.dk\/om-os\/nyheder-og-presse\/\"},{\"@type\":\"ListItem\",\"position\":4,\"name\":\"S\u00e5dan passer Andel Energi p\u00e5 dig\"}]},{\"@type\":\"WebSite\",\"@id\":\"https:\/\/andelenergi.dk\/#website\",\"url\":\"https:\/\/andelenergi.dk\/\",\"name\":\"andelenergi.dk\",\"description\":\"k\u00f8b el og gas til skarp pris\",\"potentialAction\":[{\"@type\":\"SearchAction\",\"target\":{\"@type\":\"EntryPoint\",\"urlTemplate\":\"https:\/\/andelenergi.dk\/?s={search_term_string}\"},\"query-input\":\"required name=search_term_string\"}],\"inLanguage\":\"da-DK\"}]}<\/script>\n<!-- \/ Yoast SEO Premium plugin. -->","yoast_head_json":{"title":"S\u00e5dan passer Andel Energi p\u00e5 dig | andelenergi.dk","description":"At v\u00e6lge energiselskab skal v\u00e6re en tryg beslutning. Hos Andel Energi tager vi det ansvar alvorligt. L\u00e6s mere.","robots":{"index":"index","follow":"follow","max-snippet":"max-snippet:-1","max-image-preview":"max-image-preview:large","max-video-preview":"max-video-preview:-1"},"canonical":"https:\/\/andelenergi.dk\/om-os\/nyheder-og-presse\/saadan-passer-andel-energi-paa-dig\/","og_locale":"da_DK","og_type":"article","og_title":"S\u00e5dan passer Andel Energi p\u00e5 dig","og_description":"At v\u00e6lge energiselskab skal v\u00e6re en tryg beslutning. Hos Andel Energi tager vi det ansvar alvorligt. L\u00e6s mere.","og_url":"https:\/\/andelenergi.dk\/om-os\/nyheder-og-presse\/saadan-passer-andel-energi-paa-dig\/","og_site_name":"andelenergi.dk","article_publisher":"https:\/\/www.facebook.com\/andelenergi","article_modified_time":"2026-08-21T06:57:20+00:00","og_image":[{"width":1536,"height":1024,"url":"https:\/\/andelenergi.dk\/app\/uploads\/2023\/02\/Andel-energi_Brandbilleder-085.jpg","type":"image\/jpeg"}],"twitter_card":"summary_large_image","twitter_misc":{"Est. reading time":"3 minutter"},"schema":{"@context":"https:\/\/schema.org","@graph":[{"@type":"WebPage","@id":"https:\/\/andelenergi.dk\/om-os\/nyheder-og-presse\/saadan-passer-andel-energi-paa-dig\/","url":"https:\/\/andelenergi.dk\/om-os\/nyheder-og-presse\/saadan-passer-andel-energi-paa-dig\/","name":"S\u00e5dan passer Andel Energi p\u00e5 dig | andelenergi.dk","isPartOf":{"@id":"https:\/\/andelenergi.dk\/#website"},"datePublished":"2026-08-21T06:46:30+00:00","dateModified":"2026-08-21T06:57:20+00:00","description":"At v\u00e6lge energiselskab skal v\u00e6re en tryg beslutning. Hos Andel Energi tager vi det ansvar alvorligt. L\u00e6s mere.","breadcrumb":{"@id":"https:\/\/andelenergi.dk\/om-os\/nyheder-og-presse\/saadan-passer-andel-energi-paa-dig\/#breadcrumb"},"inLanguage":"da-DK","potentialAction":[{"@type":"ReadAction","target":["https:\/\/andelenergi.dk\/om-os\/nyheder-og-presse\/saadan-passer-andel-energi-paa-dig\/"]}]},{"@type":"BreadcrumbList","@id":"https:\/\/andelenergi.dk\/om-os\/nyheder-og-presse\/saadan-passer-andel-energi-paa-dig\/#breadcrumb","itemListElement":[{"@type":"ListItem","position":1,"name":"Home","item":"https:\/\/andelenergi.dk\/"},{"@type":"ListItem","position":2,"name":"Om os &#8211; Andel Energi","item":"https:\/\/andelenergi.dk\/om-os\/"},{"@type":"ListItem","position":3,"name":"Nyheder og presse","item":"https:\/\/andelenergi.dk\/om-os\/nyheder-og-presse\/"},{"@type":"ListItem","position":4,"name":"S\u00e5dan passer Andel Energi p\u00e5 dig"}]},{"@type":"WebSite","@id":"https:\/\/andelenergi.dk\/#website","url":"https:\/\/andelenergi.dk\/","name":"andelenergi.dk","description":"k\u00f8b el og gas til skarp pris","potentialAction":[{"@type":"SearchAction","target":{"@type":"EntryPoint","urlTemplate":"https:\/\/andelenergi.dk\/?s={search_term_string}"},"query-input":"required name=search_term_string"}],"inLanguage":"da-DK"}]}},"_links":{"self":[{"href":"https:\/\/andelenergi.dk\/api\/wp\/v2\/pages\/294672","targetHints":{"allow":["GET"]}}],"collection":[{"href":"https:\/\/andelenergi.dk\/api\/wp\/v2\/pages"}],"about":[{"href":"https:\/\/andelenergi.dk\/api\/wp\/v2\/types\/page"}],"author":[{"embeddable":true,"href":"https:\/\/andelenergi.dk\/api\/wp\/v2\/users\/14"}],"replies":[{"embeddable":true,"href":"https:\/\/andelenergi.dk\/api\/wp\/v2\/comments?post=294672"}],"version-history":[{"count":2,"href":"https:\/\/andelenergi.dk\/api\/wp\/v2\/pages\/294672\/revisions"}],"predecessor-version":[{"id":294817,"href":"https:\/\/andelenergi.dk\/api\/wp\/v2\/pages\/294672\/revisions\/294817"}],"up":[{"embeddable":true,"href":"https:\/\/andelenergi.dk\/api\/wp\/v2\/pages\/60208"}],"wp:featuredmedia":[{"embeddable":true,"href":"https:\/\/andelenergi.dk\/api\/wp\/v2\/media\/78381"}],"wp:attachment":[{"href":"https:\/\/andelenergi.dk\/api\/wp\/v2\/media?parent=294672"}],"wp:term":[{"taxonomy":"category","embeddable":true,"href":"https:\/\/andelenergi.dk\/api\/wp\/v2\/categories?post=294672"}],"curies":[{"name":"wp","href":"https:\/\/api.w.org\/{rel}","templated":true}]}}