{"id":294097,"date":"2026-08-16T13:04:31","date_gmt":"2026-08-16T13:04:31","guid":{"rendered":"https:\/\/andelenergi.dk\/?page_id=294097"},"modified":"2026-08-18T07:38:00","modified_gmt":"2026-08-18T07:38:00","slug":"2026-bliver-et-dyrt-aar-for-danske-elkunder","status":"publish","type":"page","link":"https:\/\/andelenergi.dk\/om-os\/nyheder-og-presse\/2026-bliver-et-dyrt-aar-for-danske-elkunder\/","title":{"rendered":"2026 bliver et dyrt \u00e5r for danske elkunder"},"content":{"rendered":"<section\n  class=\"acf-block acf-block--image mt-12 lg:mt-14 mb-12 lg:mb-14  block\"\n   id=image-1\n  \n  \n>\n      <div class=\"inner inner--prose\">\n  \n  \n  <div class=\"image-wrapper relative \">\n  \n  <div class=\"\">\n    <picture> <img decoding=\"async\" src=\"https:\/\/andelenergi.dk\/app\/uploads\/2026\/05\/Andel-Energi_Brandbilleder-2026_Pandang-087-2-720x480.jpg\" alt=\"\" class=\"max-w-[100%] h-auto \" style=\"object-position:50.00% 50.00%;\" loading=\"lazy\"><\/picture>\n  <\/div>\n\n  \n  <\/div>\n\n\n  \n      <\/div>\n  \n<\/section>\n<section\n  class=\"core-block core-block--heading   block\"\n   id=heading-3\n  \n  \n>\n      <div class=\"inner inner--prose\">\n  \n  \n  \n<h1 class=\"wp-block-heading\" id=\"h-2026-bliver-et-dyrt-ar-for-danske-elkunder\">2026 bliver et dyrt \u00e5r for danske elkunder<\/h1>\n\n\n  \n      <\/div>\n  \n<\/section>\n<section\n  class=\"acf-block acf-block--subheading   block\"\n   id=subheading-4\n  \n  \n>\n      <div class=\"inner inner--prose\">\n  \n  \n  <div>\n    <p class=\"text-gray-800 text-body-xs\">\n        Pressemeddelelse\n                    &#8211; 16. august 2026\n            <\/p>\n<\/div>\n\n\n  \n      <\/div>\n  \n<\/section>\n<section\n  class=\"core-block core-block--paragraph   block\"\n   id=paragraph-6\n  \n  \n>\n      <div class=\"inner inner--prose\">\n  \n  \n  \n<p><strong><strong>Trods en varm og solrig sommer har det v\u00e6ret en dyr sommer for danske elkunder. Alt tyder p\u00e5, at 2026 bliver det klart dyreste \u00e5r for danske elkunder siden energikrisen. Det viser en opg\u00f8relse fra Andel Energi, der ogs\u00e5 forudser en dyr vinter.<\/strong><\/strong><\/p>\n\n\n  \n      <\/div>\n  \n<\/section>\n<section\n  class=\"core-block core-block--paragraph   block\"\n   id=paragraph-7\n  \n  \n>\n      <div class=\"inner inner--prose\">\n  \n  \n  \n<p>Det har v\u00e6ret en dyr sommer for danske elkunder. Med en gennemsnitspris p\u00e5 ca. 81 \u00f8re per kilowatt-time f\u00f8r skatter, afgifter, tariffer mv. har sommeren 2026 v\u00e6ret n\u00e6sten 50 pct. dyrere end sidste sommer. I sommeren 2025 var den gennemsnitlige elpris ca. 53 \u00f8re.<\/p>\n\n\n  \n      <\/div>\n  \n<\/section>\n<section\n  class=\"acf-block acf-block--simple-quote text-black mt-12 lg:mt-14 mb-12 lg:mb-14  block\"\n   id=simple-quote-8\n  \n  \n>\n      <div class=\"inner inner--prose\">\n  \n  \n  <blockquote class=\"relative px-[1.25em] leading-tight heading-4\">\n  <div\n    class=\"absolute left-0 top-0 leading-[0.865]\"\n      >\n    <span class=\"text-[2.5em]\">\u201c<\/span>\n  <\/div>\n\n      <h2 class=\"heading-4 font-medium\">\n  N\u00e5r vi kigger ned i tallene, ser vi desv\u00e6rre en ret klar tendens. 2026 er et dyrt \u00e5r for danske elkunder. Bortset fra februar har 2026-priserne v\u00e6ret markant h\u00f8jere hver eneste m\u00e5ned, n\u00e5r vi sammenligner med priserne i b\u00e5de 2025 og 2024.\n  <\/h2>\n  \n      <cite class=\"mt-6 block text-body-sm italic lg:mt-8\">Josefine Walter, kommerciel direkt\u00f8r i Andel Energi<\/cite>\n  <\/blockquote>\n\n\n  \n      <\/div>\n  \n<\/section>\n<section\n  class=\"core-block core-block--paragraph   block\"\n   id=paragraph-10\n  \n  \n>\n      <div class=\"inner inner--prose\">\n  \n  \n  \n<p>Tendensen er den samme, n\u00e5r man kigger p\u00e5 energipriserne generelt.<\/p>\n\n\n  \n      <\/div>\n  \n<\/section>\n<section\n  class=\"core-block core-block--heading   block\"\n   id=heading-11\n  \n  \n>\n      <div class=\"inner inner--prose\">\n  \n  \n  \n<h2 class=\"wp-block-heading has-medium-font-size\" id=\"h-forudser-dyr-vinter\">Forudser dyr vinter<\/h2>\n\n\n  \n      <\/div>\n  \n<\/section>\n<section\n  class=\"core-block core-block--paragraph   block\"\n   id=paragraph-12\n  \n  \n>\n      <div class=\"inner inner--prose\">\n  \n  \n  \n<p id=\"h-stor-eftersporgsel-efter-hjemmebatterierunderstreger-potentialet-i-fleksible-energilosninger-man-kan-med-fordel-tilpasse-sit-forbrug-sa-det-primaere-forbrug-ligger-i-de-billige-nattetimer-en-anden-losning-kan-vaere-et-hjemmebatteri-der-giver-elkunder-mulighed-for-at-kobe-strommen-nar-den-er-billig-og-bruge-den-nar-den-er-dyr-siger-josefine-walter\">Der er altid mange faktorer, der p\u00e5virker energipriserne, og is\u00e6r den megen geopolitiske uro har v\u00e6ret med til at presse priserne op i 2026 \u2013 ikke bare i Danmark, men ogs\u00e5 p\u00e5 verdensplan.<\/p>\n\n\n  \n      <\/div>\n  \n<\/section>\n<section\n  class=\"core-block core-block--paragraph   block\"\n   id=paragraph-13\n  \n  \n>\n      <div class=\"inner inner--prose\">\n  \n  \n  \n<p>\u201dHeldigvis har det v\u00e6ret en varm og solrig sommer med meget stor produktion af solenergi, der er den klart billigste energiform, der findes. Det har trods alt v\u00e6ret med til at modvirke de ellers meget h\u00f8je elpriser hen over sommeren. Men n\u00e5r vi kigger ind i efter\u00e5ret, hvor solproduktionen falder og fyringss\u00e6sonen starter, kan vi risikere at st\u00e5 i en ret alvorlig situation,\u201d siger Josefine Walter.<\/p>\n\n\n  \n      <\/div>\n  \n<\/section>\n<section\n  class=\"core-block core-block--paragraph   block\"\n   id=paragraph-14\n  \n  \n>\n      <div class=\"inner inner--prose\">\n  \n  \n  \n<p>Andel Energi forventer dog ikke, at priserne stikker lige s\u00e5 meget af, som de gjorde i august til oktober 2022, hvor energipriserne til tider l\u00e5 ti gange over niveauet fra f\u00f8r energikrisen. Men det er nogle af de samme tendenser, der pr\u00e6ger markedet og priss\u00e6tningen her i 2026.<\/p>\n\n\n  \n      <\/div>\n  \n<\/section>\n<section\n  class=\"core-block core-block--paragraph   block\"\n   id=paragraph-15\n  \n  \n>\n      <div class=\"inner inner--prose\">\n  \n  \n  \n<p id=\"h-stor-eftersporgsel-efter-hjemmebatterierunderstreger-potentialet-i-fleksible-energilosninger-man-kan-med-fordel-tilpasse-sit-forbrug-sa-det-primaere-forbrug-ligger-i-de-billige-nattetimer-en-anden-losning-kan-vaere-et-hjemmebatteri-der-giver-elkunder-mulighed-for-at-kobe-strommen-nar-den-er-billig-og-bruge-den-nar-den-er-dyr-siger-josefine-walter\">\u201dVi er heldigvis bedre forberedte denne gang. Men n\u00e5r vi sammenligner prisudviklingen i 2026 med de forrige \u00e5r, er der ingen tvivl om, at det kan risikere at blive en rigtig dyr vinter ogs\u00e5 for danske energikunder. Det kan derfor v\u00e6re en god id\u00e9 at g\u00f8re op med sig selv, om man har den rigtige energil\u00f8sning, inden efter\u00e5ret og vinteren for alvor s\u00e6tter ind,\u201d siger Josefine Walter.<\/p>\n\n\n  \n      <\/div>\n  \n<\/section>\n<section\n  class=\"core-block core-block--heading   block\"\n   id=heading-16\n  \n  \n>\n      <div class=\"inner inner--prose\">\n  \n  \n  \n<h2 class=\"wp-block-heading has-medium-font-size\" id=\"h-aconto-kunder-er-mest-udsatte\">Aconto-kunder er mest udsatte<\/h2>\n\n\n  \n      <\/div>\n  \n<\/section>\n<section\n  class=\"core-block core-block--paragraph   block\"\n   id=paragraph-17\n  \n  \n>\n      <div class=\"inner inner--prose\">\n  \n  \n  \n<p>Det er is\u00e6r energikunder, der har aconto-afregning, der p\u00e5 sigt risikerer de h\u00f8jeste regninger.<\/p>\n\n\n  \n      <\/div>\n  \n<\/section>\n<section\n  class=\"core-block core-block--paragraph   block\"\n   id=paragraph-18\n  \n  \n>\n      <div class=\"inner inner--prose\">\n  \n  \n  \n<p>\u201dVi anbefaler alle energikunder at have bagudrettet forbrugsafregning. S\u00e5 betaler man kun for den energi, man allerede har brugt og til den faktiske pris. Og s\u00e5 slipper man for at l\u00e6gge penge ud p\u00e5 vegne af sit energiselskab p\u00e5 baggrund af en usikker og uforudsigelig beregning.&#8221; siger Josefine Walter.<\/p>\n\n\n  \n      <\/div>\n  \n<\/section>\n<section\n  class=\"core-block core-block--paragraph   block\"\n   id=paragraph-19\n  \n  \n>\n      <div class=\"inner inner--prose\">\n  \n  \n  \n<p>Andel Energi anbefaler ogs\u00e5, at alle energikunder g\u00f8r op med sig selv, hvilken type aftale de \u00f8nsker.<\/p>\n\n\n  \n      <\/div>\n  \n<\/section>\n<section\n  class=\"core-block core-block--paragraph   block\"\n   id=paragraph-20\n  \n  \n>\n      <div class=\"inner inner--prose\">\n  \n  \n  \n<p>\u201dMed en fleksibel pris betaler man altid den aktuelle markedspris. Det vil oftest v\u00e6re billigst i det lange l\u00f8b. Men hvis man \u00f8nsker en mere forudsigelig energiregning, er fast pris, hvor man l\u00e5ser prisen for de kommende 6 eller 12 m\u00e5neder, en bedre l\u00f8sning. Det kan v\u00e6re lidt dyrere i l\u00e6ngden, men det giver tryghed, og man undg\u00e5r ubehagelige overraskelser p\u00e5 regningen,\u201d siger Josefine Walter.<\/p>\n\n\n  \n      <\/div>\n  \n<\/section>\n<section\n  class=\"core-block core-block--paragraph   block\"\n   id=paragraph-21\n  \n  \n>\n      <div class=\"inner inner--prose\">\n  \n  \n  \n<p>Gennemsnitsprisen for \u00e5rets f\u00f8rste syv m\u00e5neder har i 2026 v\u00e6ret ca. 76 \u00f8re per kilowatt-time. I samme periode i 2025 var prisen ca. 61 \u00f8re, mens den i 2024 var nede i ca. 47 \u00f8re.<\/p>\n\n\n  \n      <\/div>\n  \n<\/section>\n<section\n  class=\"acf-block acf-block--image mt-12 lg:mt-14 mb-12 lg:mb-14  block\"\n   id=image-22\n  \n  \n>\n      <div class=\"inner inner--prose\">\n  \n  \n  <div class=\"image-wrapper relative \">\n  \n  <div class=\"\">\n    <picture> <img decoding=\"async\" src=\"https:\/\/andelenergi.dk\/app\/uploads\/2026\/08\/Gennemsnitlige-elpriser-2024-2026-scaled-720x404.jpg\" alt=\"Graf der viser de gennemsnitlige elpriser m\u00e5ned for m\u00e5ned i perioden 1. januar 2024 til 14. august 2026.\" class=\"max-w-[100%] h-auto \" style=\"object-position:50.00% 50.00%;\" loading=\"lazy\"><\/picture>\n  <\/div>\n\n      <div class=\"\">\n      <div class=\"mt-1 text-body-2xs italic\">Elprisen er traditionelt h\u00f8jest i efter\u00e5ret og om vinteren. Hvis prisudviklingen i 2026 forts\u00e6tter, kan det blive en vinter med generelt meget h\u00f8je elpriser. <\/div>\n    <\/div>\n  \n  <\/div>\n\n\n  \n      <\/div>\n  \n<\/section>\n<section\n  class=\"core-block core-block--table is-style-regular  text-left block\"\n   id=table-24\n  \n  \n>\n      <div class=\"inner inner--prose\">\n  \n  \n  \n<figure class=\"wp-block-table alignleft is-style-regular\"><table class=\"has-fixed-layout\"><thead><tr><th class=\"has-text-align-left\" data-align=\"left\"><strong>Gennemsnitlige elpriser m\u00e5ned for m\u00e5ned*<\/strong><\/th><th class=\"has-text-align-center\" data-align=\"center\">2024<\/th><th class=\"has-text-align-center\" data-align=\"center\">2025<\/th><th class=\"has-text-align-center\" data-align=\"center\">2026<\/th><\/tr><\/thead><tbody><tr><td class=\"has-text-align-left\" data-align=\"left\">Januar<\/td><td class=\"has-text-align-center\" data-align=\"center\">58,33<\/td><td class=\"has-text-align-center\" data-align=\"center\">74,70<\/td><td class=\"has-text-align-center\" data-align=\"center\">82,09<\/td><\/tr><tr><td class=\"has-text-align-left\" data-align=\"left\">Februar<\/td><td class=\"has-text-align-center\" data-align=\"center\">40,80<\/td><td class=\"has-text-align-center\" data-align=\"center\">87,98<\/td><td class=\"has-text-align-center\" data-align=\"center\">84,74<\/td><\/tr><tr><td class=\"has-text-align-left\" data-align=\"left\">Marts<\/td><td class=\"has-text-align-center\" data-align=\"center\">45,52<\/td><td class=\"has-text-align-center\" data-align=\"center\">61,76<\/td><td class=\"has-text-align-center\" data-align=\"center\">72,49<\/td><\/tr><tr><td class=\"has-text-align-left\" data-align=\"left\">April<\/td><td class=\"has-text-align-center\" data-align=\"center\">45,11<\/td><td class=\"has-text-align-center\" data-align=\"center\">56,59<\/td><td class=\"has-text-align-center\" data-align=\"center\">59,30<\/td><\/tr><tr><td class=\"has-text-align-left\" data-align=\"left\">Maj<\/td><td class=\"has-text-align-center\" data-align=\"center\">43,36<\/td><td class=\"has-text-align-center\" data-align=\"center\">47,06<\/td><td class=\"has-text-align-center\" data-align=\"center\">74,42<\/td><\/tr><tr><td class=\"has-text-align-left\" data-align=\"left\">Juni<\/td><td class=\"has-text-align-center\" data-align=\"center\">49,82<\/td><td class=\"has-text-align-center\" data-align=\"center\">42,11<\/td><td class=\"has-text-align-center\" data-align=\"center\">81,44<\/td><\/tr><tr><td class=\"has-text-align-left\" data-align=\"left\">Juli<\/td><td class=\"has-text-align-center\" data-align=\"center\">46,88<\/td><td class=\"has-text-align-center\" data-align=\"center\">59,67<\/td><td class=\"has-text-align-center\" data-align=\"center\">76,72<\/td><\/tr><tr><td class=\"has-text-align-left\" data-align=\"left\">August<\/td><td class=\"has-text-align-center\" data-align=\"center\">54,18<\/td><td class=\"has-text-align-center\" data-align=\"center\">56,21<\/td><td class=\"has-text-align-center\" data-align=\"center\">88,78<\/td><\/tr><tr><td class=\"has-text-align-left\" data-align=\"left\">September<\/td><td class=\"has-text-align-center\" data-align=\"center\">52,53<\/td><td class=\"has-text-align-center\" data-align=\"center\">62,17<\/td><td class=\"has-text-align-center\" data-align=\"center\"><\/td><\/tr><tr><td class=\"has-text-align-left\" data-align=\"left\">Oktober<\/td><td class=\"has-text-align-center\" data-align=\"center\">56,94<\/td><td class=\"has-text-align-center\" data-align=\"center\">61,35<\/td><td class=\"has-text-align-center\" data-align=\"center\"><\/td><\/tr><tr><td class=\"has-text-align-left\" data-align=\"left\">November<\/td><td class=\"has-text-align-center\" data-align=\"center\">71,06<\/td><td class=\"has-text-align-center\" data-align=\"center\">69,97<\/td><td class=\"has-text-align-center\" data-align=\"center\"><\/td><\/tr><tr><td class=\"has-text-align-left\" data-align=\"left\">December<\/td><td class=\"has-text-align-center\" data-align=\"center\">69,16<\/td><td class=\"has-text-align-center\" data-align=\"center\">61,31<\/td><td class=\"has-text-align-center\" data-align=\"center\"><\/td><\/tr><\/tbody><\/table><figcaption class=\"wp-element-caption\">*= D\u00e6kker perioden 1. januar 2024 til 14. august 2026.<\/figcaption><\/figure>\n\n\n  \n      <\/div>\n  \n<\/section>\n","protected":false},"excerpt":{"rendered":"Trods en varm og solrig sommer har det v\u00e6ret en dyr sommer for danske elkunder. Alt tyder p\u00e5, at 2026 bliver det klart dyreste \u00e5r for danske elkunder siden energikrisen. Det viser en opg\u00f8relse fra Andel Energi, der ogs\u00e5 forudser en dyr vinter.","protected":false},"author":14,"featured_media":285592,"parent":60208,"menu_order":2,"comment_status":"closed","ping_status":"closed","template":"","meta":{"_acf_changed":false,"footnotes":""},"categories":[7850],"class_list":["post-294097","page","type-page","status-publish","has-post-thumbnail","hentry","category-pressemeddelelse"],"acf":[],"yoast_head":"<!-- This site is optimized with the Yoast SEO Premium plugin v20.7 (Yoast SEO v20.13) - https:\/\/yoast.com\/wordpress\/plugins\/seo\/ -->\n<title>2026 bliver et dyrt \u00e5r for danske elkunder | andelenergi.dk<\/title>\n<meta name=\"description\" content=\"Trods en varm og solrig sommer har det v\u00e6ret en dyr sommer for danske elkunder. Alt tyder p\u00e5, at 2026 bliver...\" \/>\n<meta name=\"robots\" content=\"index, follow, max-snippet:-1, max-image-preview:large, max-video-preview:-1\" \/>\n<link rel=\"canonical\" href=\"https:\/\/andelenergi.dk\/om-os\/nyheder-og-presse\/2026-bliver-et-dyrt-aar-for-danske-elkunder\/\" \/>\n<meta property=\"og:locale\" content=\"da_DK\" \/>\n<meta property=\"og:type\" content=\"article\" \/>\n<meta property=\"og:title\" content=\"2026 bliver et dyrt \u00e5r for danske elkunder\" \/>\n<meta property=\"og:description\" content=\"Trods en varm og solrig sommer har det v\u00e6ret en dyr sommer for danske elkunder. Alt tyder p\u00e5, at 2026 bliver...\" \/>\n<meta property=\"og:url\" content=\"https:\/\/andelenergi.dk\/om-os\/nyheder-og-presse\/2026-bliver-et-dyrt-aar-for-danske-elkunder\/\" \/>\n<meta property=\"og:site_name\" content=\"andelenergi.dk\" \/>\n<meta property=\"article:publisher\" content=\"https:\/\/www.facebook.com\/andelenergi\" \/>\n<meta property=\"article:modified_time\" content=\"2026-08-18T07:38:00+00:00\" \/>\n<meta property=\"og:image\" content=\"https:\/\/andelenergi.dk\/app\/uploads\/2026\/05\/Andel-Energi_Brandbilleder-2026_Pandang-087-2.jpg\" \/>\n\t<meta property=\"og:image:width\" content=\"1536\" \/>\n\t<meta property=\"og:image:height\" content=\"1024\" \/>\n\t<meta property=\"og:image:type\" content=\"image\/jpeg\" \/>\n<meta name=\"twitter:card\" content=\"summary_large_image\" \/>\n<meta name=\"twitter:label1\" content=\"Est. reading time\" \/>\n\t<meta name=\"twitter:data1\" content=\"4 minutter\" \/>\n<script type=\"application\/ld+json\" class=\"yoast-schema-graph\">{\"@context\":\"https:\/\/schema.org\",\"@graph\":[{\"@type\":\"WebPage\",\"@id\":\"https:\/\/andelenergi.dk\/om-os\/nyheder-og-presse\/2026-bliver-et-dyrt-aar-for-danske-elkunder\/\",\"url\":\"https:\/\/andelenergi.dk\/om-os\/nyheder-og-presse\/2026-bliver-et-dyrt-aar-for-danske-elkunder\/\",\"name\":\"2026 bliver et dyrt \u00e5r for danske elkunder | andelenergi.dk\",\"isPartOf\":{\"@id\":\"https:\/\/andelenergi.dk\/#website\"},\"datePublished\":\"2026-08-16T13:04:31+00:00\",\"dateModified\":\"2026-08-18T07:38:00+00:00\",\"description\":\"Trods en varm og solrig sommer har det v\u00e6ret en dyr sommer for danske elkunder. Alt tyder p\u00e5, at 2026 bliver...\",\"breadcrumb\":{\"@id\":\"https:\/\/andelenergi.dk\/om-os\/nyheder-og-presse\/2026-bliver-et-dyrt-aar-for-danske-elkunder\/#breadcrumb\"},\"inLanguage\":\"da-DK\",\"potentialAction\":[{\"@type\":\"ReadAction\",\"target\":[\"https:\/\/andelenergi.dk\/om-os\/nyheder-og-presse\/2026-bliver-et-dyrt-aar-for-danske-elkunder\/\"]}]},{\"@type\":\"BreadcrumbList\",\"@id\":\"https:\/\/andelenergi.dk\/om-os\/nyheder-og-presse\/2026-bliver-et-dyrt-aar-for-danske-elkunder\/#breadcrumb\",\"itemListElement\":[{\"@type\":\"ListItem\",\"position\":1,\"name\":\"Home\",\"item\":\"https:\/\/andelenergi.dk\/\"},{\"@type\":\"ListItem\",\"position\":2,\"name\":\"Om os &#8211; Andel Energi\",\"item\":\"https:\/\/andelenergi.dk\/om-os\/\"},{\"@type\":\"ListItem\",\"position\":3,\"name\":\"Nyheder og presse\",\"item\":\"https:\/\/andelenergi.dk\/om-os\/nyheder-og-presse\/\"},{\"@type\":\"ListItem\",\"position\":4,\"name\":\"2026 bliver et dyrt \u00e5r for danske elkunder\"}]},{\"@type\":\"WebSite\",\"@id\":\"https:\/\/andelenergi.dk\/#website\",\"url\":\"https:\/\/andelenergi.dk\/\",\"name\":\"andelenergi.dk\",\"description\":\"k\u00f8b el og gas til skarp pris\",\"potentialAction\":[{\"@type\":\"SearchAction\",\"target\":{\"@type\":\"EntryPoint\",\"urlTemplate\":\"https:\/\/andelenergi.dk\/?s={search_term_string}\"},\"query-input\":\"required name=search_term_string\"}],\"inLanguage\":\"da-DK\"}]}<\/script>\n<!-- \/ Yoast SEO Premium plugin. -->","yoast_head_json":{"title":"2026 bliver et dyrt \u00e5r for danske elkunder | andelenergi.dk","description":"Trods en varm og solrig sommer har det v\u00e6ret en dyr sommer for danske elkunder. Alt tyder p\u00e5, at 2026 bliver...","robots":{"index":"index","follow":"follow","max-snippet":"max-snippet:-1","max-image-preview":"max-image-preview:large","max-video-preview":"max-video-preview:-1"},"canonical":"https:\/\/andelenergi.dk\/om-os\/nyheder-og-presse\/2026-bliver-et-dyrt-aar-for-danske-elkunder\/","og_locale":"da_DK","og_type":"article","og_title":"2026 bliver et dyrt \u00e5r for danske elkunder","og_description":"Trods en varm og solrig sommer har det v\u00e6ret en dyr sommer for danske elkunder. Alt tyder p\u00e5, at 2026 bliver...","og_url":"https:\/\/andelenergi.dk\/om-os\/nyheder-og-presse\/2026-bliver-et-dyrt-aar-for-danske-elkunder\/","og_site_name":"andelenergi.dk","article_publisher":"https:\/\/www.facebook.com\/andelenergi","article_modified_time":"2026-08-18T07:38:00+00:00","og_image":[{"width":1536,"height":1024,"url":"https:\/\/andelenergi.dk\/app\/uploads\/2026\/05\/Andel-Energi_Brandbilleder-2026_Pandang-087-2.jpg","type":"image\/jpeg"}],"twitter_card":"summary_large_image","twitter_misc":{"Est. reading time":"4 minutter"},"schema":{"@context":"https:\/\/schema.org","@graph":[{"@type":"WebPage","@id":"https:\/\/andelenergi.dk\/om-os\/nyheder-og-presse\/2026-bliver-et-dyrt-aar-for-danske-elkunder\/","url":"https:\/\/andelenergi.dk\/om-os\/nyheder-og-presse\/2026-bliver-et-dyrt-aar-for-danske-elkunder\/","name":"2026 bliver et dyrt \u00e5r for danske elkunder | andelenergi.dk","isPartOf":{"@id":"https:\/\/andelenergi.dk\/#website"},"datePublished":"2026-08-16T13:04:31+00:00","dateModified":"2026-08-18T07:38:00+00:00","description":"Trods en varm og solrig sommer har det v\u00e6ret en dyr sommer for danske elkunder. Alt tyder p\u00e5, at 2026 bliver...","breadcrumb":{"@id":"https:\/\/andelenergi.dk\/om-os\/nyheder-og-presse\/2026-bliver-et-dyrt-aar-for-danske-elkunder\/#breadcrumb"},"inLanguage":"da-DK","potentialAction":[{"@type":"ReadAction","target":["https:\/\/andelenergi.dk\/om-os\/nyheder-og-presse\/2026-bliver-et-dyrt-aar-for-danske-elkunder\/"]}]},{"@type":"BreadcrumbList","@id":"https:\/\/andelenergi.dk\/om-os\/nyheder-og-presse\/2026-bliver-et-dyrt-aar-for-danske-elkunder\/#breadcrumb","itemListElement":[{"@type":"ListItem","position":1,"name":"Home","item":"https:\/\/andelenergi.dk\/"},{"@type":"ListItem","position":2,"name":"Om os &#8211; Andel Energi","item":"https:\/\/andelenergi.dk\/om-os\/"},{"@type":"ListItem","position":3,"name":"Nyheder og presse","item":"https:\/\/andelenergi.dk\/om-os\/nyheder-og-presse\/"},{"@type":"ListItem","position":4,"name":"2026 bliver et dyrt \u00e5r for danske elkunder"}]},{"@type":"WebSite","@id":"https:\/\/andelenergi.dk\/#website","url":"https:\/\/andelenergi.dk\/","name":"andelenergi.dk","description":"k\u00f8b el og gas til skarp pris","potentialAction":[{"@type":"SearchAction","target":{"@type":"EntryPoint","urlTemplate":"https:\/\/andelenergi.dk\/?s={search_term_string}"},"query-input":"required name=search_term_string"}],"inLanguage":"da-DK"}]}},"_links":{"self":[{"href":"https:\/\/andelenergi.dk\/api\/wp\/v2\/pages\/294097","targetHints":{"allow":["GET"]}}],"collection":[{"href":"https:\/\/andelenergi.dk\/api\/wp\/v2\/pages"}],"about":[{"href":"https:\/\/andelenergi.dk\/api\/wp\/v2\/types\/page"}],"author":[{"embeddable":true,"href":"https:\/\/andelenergi.dk\/api\/wp\/v2\/users\/14"}],"replies":[{"embeddable":true,"href":"https:\/\/andelenergi.dk\/api\/wp\/v2\/comments?post=294097"}],"version-history":[{"count":3,"href":"https:\/\/andelenergi.dk\/api\/wp\/v2\/pages\/294097\/revisions"}],"predecessor-version":[{"id":294230,"href":"https:\/\/andelenergi.dk\/api\/wp\/v2\/pages\/294097\/revisions\/294230"}],"up":[{"embeddable":true,"href":"https:\/\/andelenergi.dk\/api\/wp\/v2\/pages\/60208"}],"wp:featuredmedia":[{"embeddable":true,"href":"https:\/\/andelenergi.dk\/api\/wp\/v2\/media\/285592"}],"wp:attachment":[{"href":"https:\/\/andelenergi.dk\/api\/wp\/v2\/media?parent=294097"}],"wp:term":[{"taxonomy":"category","embeddable":true,"href":"https:\/\/andelenergi.dk\/api\/wp\/v2\/categories?post=294097"}],"curies":[{"name":"wp","href":"https:\/\/api.w.org\/{rel}","templated":true}]}}