{"id":279336,"date":"2026-04-07T10:04:54","date_gmt":"2026-04-07T10:04:54","guid":{"rendered":"https:\/\/andelenergi.dk\/?page_id=279336"},"modified":"2026-04-07T12:02:34","modified_gmt":"2026-04-07T12:02:34","slug":"andel-energi-reducerer-hosting-udledning-med-94-procent","status":"publish","type":"page","link":"https:\/\/andelenergi.dk\/om-os\/nyheder-og-presse\/andel-energi-reducerer-hosting-udledning-med-94-procent\/","title":{"rendered":"Andel Energi reducerer hosting-udledning med 94 procent"},"content":{"rendered":"<section\n  class=\"acf-block acf-block--image mt-12 lg:mt-14 mb-12 lg:mb-14  block\"\n   id=image-1\n  \n  \n>\n      <div class=\"inner inner--prose\">\n  \n  \n  <div class=\"image-wrapper relative \">\n  \n  <div class=\"\">\n    <picture> <img decoding=\"async\" src=\"https:\/\/andelenergi.dk\/app\/uploads\/2024\/03\/Andel_energi_final_DSC2039-scaled-720x480.jpg\" alt=\"Andel Energi erhverv\" class=\"max-w-[100%] h-auto \" style=\"object-position:50.00% 50.00%;\" loading=\"lazy\"><\/picture>\n  <\/div>\n\n  \n  <\/div>\n\n\n  \n      <\/div>\n  \n<\/section>\n<section\n  class=\"acf-block acf-block--image mt-12 lg:mt-14 mb-12 lg:mb-14  block\"\n   id=image-3\n  \n  \n>\n      <div class=\"inner inner--prose\">\n  \n  \n  <div class=\"image-wrapper relative \">\n  \n  <div class=\"\">\n    \n  <\/div>\n\n  \n  <\/div>\n\n\n  \n      <\/div>\n  \n<\/section>\n<section\n  class=\"core-block core-block--heading   block\"\n   id=heading-5\n  \n  \n>\n      <div class=\"inner inner--prose\">\n  \n  \n  \n<h1 class=\"wp-block-heading\" id=\"h-andel-energi-reducerer-hosting-udledning-med-94-procent\">Andel Energi reducerer hosting-udledning med 94 procent<\/h1>\n\n\n  \n      <\/div>\n  \n<\/section>\n<section\n  class=\"acf-block acf-block--subheading   block\"\n   id=subheading-6\n  \n  \n>\n      <div class=\"inner inner--prose\">\n  \n  \n  <div>\n    <p class=\"text-gray-800 text-body-xs\">\n        Nyhed\n                    &#8211; 7. April 2026\n            <\/p>\n<\/div>\n\n\n  \n      <\/div>\n  \n<\/section>\n<section\n  class=\"core-block core-block--paragraph   block\"\n   id=paragraph-8\n  \n  \n>\n      <div class=\"inner inner--prose\">\n  \n  \n  \n<p><strong>Mange virksomheder taler om gr\u00f8n omstilling i produktion og transport, mens de overser det digitale aftryk fra websites og hosting. Med et \u00e6ndret fokus har Andel Energi reduceret CO2-udledningen fra deres hosting med hele 94 % \u2013 helt uden redesign eller funktions\u00e6ndringer.<\/strong><\/p>\n\n\n  \n      <\/div>\n  \n<\/section>\n<section\n  class=\"core-block core-block--paragraph   block\"\n   id=paragraph-9\n  \n  \n>\n      <div class=\"inner inner--prose\">\n  \n  \n  \n<p>Det digitale klimaaftryk er en overset komponent i virksomheders ESG-regnskab, og det er en fejl. Der ligger nemlig en v\u00e6sentlig besparelse alene i hosting, som mange virksomheder ikke er opm\u00e6rksomme p\u00e5.<\/p>\n\n\n  \n      <\/div>\n  \n<\/section>\n<section\n  class=\"core-block core-block--paragraph   block\"\n   id=paragraph-10\n  \n  \n>\n      <div class=\"inner inner--prose\">\n  \n  \n  \n<p>For Andel Energi har en \u00e6ndring i deres hosting og en optimering af den tekniske arkitektur betydet, at de har reduceret deres energiforbrug med 94 % \u2013 helt uden redesign, \u00e6ndringer i funktionalitet og uden at g\u00e5 p\u00e5 kompromis med performance.<\/p>\n\n\n  \n      <\/div>\n  \n<\/section>\n<section\n  class=\"core-block core-block--heading   block\"\n   id=heading-11\n  \n  \n>\n      <div class=\"inner inner--prose\">\n  \n  \n  \n<h2 class=\"wp-block-heading has-medium-font-size\" id=\"h-fra-kompleks-infrastruktur-til-malbar-reduktion\">Fra kompleks infrastruktur til m\u00e5lbar reduktion<\/h2>\n\n\n  \n      <\/div>\n  \n<\/section>\n<section\n  class=\"core-block core-block--paragraph   block\"\n   id=paragraph-12\n  \n  \n>\n      <div class=\"inner inner--prose\">\n  \n  \n  \n<p>For Andel Energi var en \u00e6ndring i deres hosting-setup n\u00f8dvendigt som en del af virksomhedens klimaansvar. Udover en dokumenteret reduktion i CO\u2082-udledningen oplevede de samtidig en betydeligt forbedret performance.<\/p>\n\n\n  \n      <\/div>\n  \n<\/section>\n<section\n  class=\"acf-block acf-block--simple-quote has-background text-black mt-12 lg:mt-14  block\"\n   id=simple-quote-13\n  \n  \n>\n      <div class=\"inner inner--prose\">\n  \n      <div\n      class=\"inner-bg bg-sky-100 px-4 sm:px-6 lg:px-8 py-12 lg:py-16\"\n      \n    >\n  \n  <blockquote class=\"relative px-[1.25em] leading-tight heading-4\">\n  <div\n    class=\"absolute left-0 top-0 leading-[0.865]\"\n     style=\"color: #1e1e1e\"   >\n    <span class=\"text-[2.5em]\">\u201c<\/span>\n  <\/div>\n\n      <h3 class=\"heading-4 font-medium\">\n  De f\u00e6rreste t\u00e6nker over, at vores CO\u2082-aftryk er forbundet med de digitale l\u00f8sninger, vi bruger hver dag. Men hosting er ikke bare et teknisk valg, det er ogs\u00e5 et klimam\u00e6ssigt ansvar. Sammen med Adapt har vi minimeret servernes skjulte klimaeffekter og dermed bidraget til den gr\u00f8nne omstilling.\n  <\/h3>\n  \n      <cite class=\"mt-6 block text-body-sm italic lg:mt-8\">Birgitte Sk\u00f8tt Lenstrup, ansvarlig for Andel Energis digitale kanaler.<\/cite>\n  <\/blockquote>\n\n\n      <\/div>\n  \n      <\/div>\n  \n<\/section>\n<section\n  class=\"core-block core-block--paragraph   block\"\n   id=paragraph-15\n  \n  \n>\n      <div class=\"inner inner--prose\">\n  \n  \n  \n<p>If\u00f8lge Adapt, der har r\u00e5dgivet Andel Energi i processen, er det et eksempel p\u00e5, at digital b\u00e6redygtighed ikke n\u00f8dvendigvis er et kompromis mellem klima og forretning: \u201cMange tror, at gr\u00f8n digitalisering handler om at bygge nyt. Men ofte handler det om at rydde op i det, man allerede har \u2013 og v\u00e6lge den rigtige hosting-setup,\u201d siger Kresten Wiingaard, CEO i Adapt.&nbsp;<\/p>\n\n\n  \n      <\/div>\n  \n<\/section>\n<section\n  class=\"core-block core-block--heading   block\"\n   id=heading-16\n  \n  \n>\n      <div class=\"inner inner--prose\">\n  \n  \n  \n<h2 class=\"wp-block-heading has-medium-font-size\" id=\"h-digitalt-klimaaftryk-er-naeste-esg-blindspot\">Digitalt klimaaftryk er n\u00e6ste ESG-blindspot<\/h2>\n\n\n  \n      <\/div>\n  \n<\/section>\n<section\n  class=\"core-block core-block--paragraph   block\"\n   id=paragraph-17\n  \n  \n>\n      <div class=\"inner inner--prose\">\n  \n  \n  \n<p>If\u00f8lge flere analyser er datacentre og digital infrastruktur en voksende del af det globale energiforbrug. Alligevel er det digitale klimaaftryk sj\u00e6ldent en del af virksomheders ESG-rapportering.<\/p>\n\n\n  \n      <\/div>\n  \n<\/section>\n<section\n  class=\"core-block core-block--paragraph   block\"\n   id=paragraph-18\n  \n  \n>\n      <div class=\"inner inner--prose\">\n  \n  \n  \n<p>Hos Adapt oplever man, at problemet ofte skyldes, at virksomheder ikke ved, hvor meget deres digitale infrastruktur faktisk udleder \u2013 og at der hersker en forestilling om, at det er mere komplekst end som s\u00e5 at \u00e6ndre p\u00e5.<\/p>\n\n\n  \n      <\/div>\n  \n<\/section>\n<section\n  class=\"core-block core-block--paragraph   block\"\n   id=paragraph-19\n  \n  \n>\n      <div class=\"inner inner--prose\">\n  \n  \n  \n<p>\u201cDer er en forestilling om, at b\u00e6redygtighed koster performance. I virkeligheden ser vi ofte det modsatte. N\u00e5r man optimerer kode, infrastruktur og datam\u00e6ngder, bliver l\u00f8sningen b\u00e5de hurtigere og mere energieffektiv,\u201d siger Kresten Wiingaard.<\/p>\n\n\n  \n      <\/div>\n  \n<\/section>\n<section\n  class=\"core-block core-block--paragraph   block\"\n   id=paragraph-20\n  \n  \n>\n      <div class=\"inner inner--prose\">\n  \n  \n  \n<p>I stedet b\u00f8r det digitale klimaaftryk betragtes p\u00e5 samme m\u00e5de som resten af Scope 3.<\/p>\n\n\n  \n      <\/div>\n  \n<\/section>\n<section\n  class=\"core-block core-block--paragraph   block\"\n   id=paragraph-21\n  \n  \n>\n      <div class=\"inner inner--prose\">\n  \n  \n  \n<p>\u201cVirksomheder m\u00e5 begynde at betragte deres websites og digitale platforme som en del af deres indirekte udledninger i Scope 3. Ellers bliver det et overset blindspot i den gr\u00f8nne omstilling og i virksomheders ESG-strategi, hvor der ellers ligger en oplagt mulighed for besparelse,\u201d slutter Kresten Wiingaard.<\/p>\n\n\n  \n      <\/div>\n  \n<\/section>\n<section\n  class=\"core-block core-block--heading   block\"\n   id=heading-22\n  \n  \n>\n      <div class=\"inner inner--prose\">\n  \n  \n  \n<h2 class=\"wp-block-heading has-medium-font-size\" id=\"h-fakta-om-andel-energis-hosting\">Fakta om Andel Energis hosting<\/h2>\n\n\n  \n      <\/div>\n  \n<\/section>\n<section\n  class=\"core-block core-block--paragraph   block\"\n   id=paragraph-23\n  \n  \n>\n      <div class=\"inner inner--prose\">\n  \n  \n  \n<p>F\u00f8r flytningen var hjemmesiden hostet i et datacenter tilsluttet det tyske elnet, som udleder omkring 416 gram CO\u2082 pr. kWh. I Sverige er gennemsnittet kun 23 gram CO\u2082 pr. kWh.<\/p>\n\n\n  \n      <\/div>\n  \n<\/section>\n<section\n  class=\"core-block core-block--paragraph   block\"\n   id=paragraph-24\n  \n  \n>\n      <div class=\"inner inner--prose\">\n  \n  \n  \n<p>F\u00f8r \u00e6ndring: ~785 kg CO\u2082 om \u00e5ret<br>Nu: ~44 kg CO\u2082 om \u00e5ret<\/p>\n\n\n  \n      <\/div>\n  \n<\/section>\n<section\n  class=\"core-block core-block--paragraph   block\"\n   id=paragraph-25\n  \n  \n>\n      <div class=\"inner inner--prose\">\n  \n  \n  \n<p>Samlet reduktion: over 94 %<\/p>\n\n\n  \n      <\/div>\n  \n<\/section>\n","protected":false},"excerpt":{"rendered":"Mange virksomheder taler om gr\u00f8n omstilling i produktion og transport, mens de overser det digitale aftryk fra websites og hosting. Med et \u00e6ndret fokus har Andel Energi reduceret CO2-udledningen fra deres hosting med hele 94 % \u2013 helt uden redesign eller funktions\u00e6ndringer.","protected":false},"author":38,"featured_media":141788,"parent":60208,"menu_order":2,"comment_status":"closed","ping_status":"closed","template":"","meta":{"_acf_changed":false,"footnotes":""},"categories":[7851],"class_list":["post-279336","page","type-page","status-publish","has-post-thumbnail","hentry","category-nyhed"],"acf":[],"yoast_head":"<!-- This site is optimized with the Yoast SEO Premium plugin v20.7 (Yoast SEO v20.13) - https:\/\/yoast.com\/wordpress\/plugins\/seo\/ -->\n<title>Andel Energi reducerer hosting-udledning med 94 procent | andelenergi.dk<\/title>\n<meta name=\"description\" content=\"Fra den 4. marts 2026 f\u00e5r kunder hos Andel Energi adgang til en r\u00e6kke st\u00e6rke forsikringsfordele gennem et partnerskab med Alm. Brand.\" \/>\n<meta name=\"robots\" content=\"index, follow, max-snippet:-1, max-image-preview:large, max-video-preview:-1\" \/>\n<link rel=\"canonical\" href=\"https:\/\/andelenergi.dk\/om-os\/nyheder-og-presse\/andel-energi-reducerer-hosting-udledning-med-94-procent\/\" \/>\n<meta property=\"og:locale\" content=\"da_DK\" \/>\n<meta property=\"og:type\" content=\"article\" \/>\n<meta property=\"og:title\" content=\"Andel Energi reducerer hosting-udledning med 94 procent\" \/>\n<meta property=\"og:description\" content=\"Fra den 4. marts 2026 f\u00e5r kunder hos Andel Energi adgang til en r\u00e6kke st\u00e6rke forsikringsfordele gennem et partnerskab med Alm. Brand.\" \/>\n<meta property=\"og:url\" content=\"https:\/\/andelenergi.dk\/om-os\/nyheder-og-presse\/andel-energi-reducerer-hosting-udledning-med-94-procent\/\" \/>\n<meta property=\"og:site_name\" content=\"andelenergi.dk\" \/>\n<meta property=\"article:publisher\" content=\"https:\/\/www.facebook.com\/andelenergi\" \/>\n<meta property=\"article:modified_time\" content=\"2026-04-07T12:02:34+00:00\" \/>\n<meta property=\"og:image\" content=\"https:\/\/andelenergi.dk\/app\/uploads\/2024\/03\/Andel_energi_final_DSC2039-scaled-1536x1024.jpg\" \/>\n\t<meta property=\"og:image:width\" content=\"2560\" \/>\n\t<meta property=\"og:image:height\" content=\"1707\" \/>\n\t<meta property=\"og:image:type\" content=\"image\/jpeg\" \/>\n<meta name=\"twitter:card\" content=\"summary_large_image\" \/>\n<meta name=\"twitter:label1\" content=\"Est. reading time\" \/>\n\t<meta name=\"twitter:data1\" content=\"3 minutes\" \/>\n<script type=\"application\/ld+json\" class=\"yoast-schema-graph\">{\"@context\":\"https:\/\/schema.org\",\"@graph\":[{\"@type\":\"WebPage\",\"@id\":\"https:\/\/andelenergi.dk\/om-os\/nyheder-og-presse\/andel-energi-reducerer-hosting-udledning-med-94-procent\/\",\"url\":\"https:\/\/andelenergi.dk\/om-os\/nyheder-og-presse\/andel-energi-reducerer-hosting-udledning-med-94-procent\/\",\"name\":\"Andel Energi reducerer hosting-udledning med 94 procent | andelenergi.dk\",\"isPartOf\":{\"@id\":\"https:\/\/andelenergi.dk\/#website\"},\"datePublished\":\"2026-04-07T10:04:54+00:00\",\"dateModified\":\"2026-04-07T12:02:34+00:00\",\"description\":\"Fra den 4. marts 2026 f\u00e5r kunder hos Andel Energi adgang til en r\u00e6kke st\u00e6rke forsikringsfordele gennem et partnerskab med Alm. Brand.\",\"breadcrumb\":{\"@id\":\"https:\/\/andelenergi.dk\/om-os\/nyheder-og-presse\/andel-energi-reducerer-hosting-udledning-med-94-procent\/#breadcrumb\"},\"inLanguage\":\"da-DK\",\"potentialAction\":[{\"@type\":\"ReadAction\",\"target\":[\"https:\/\/andelenergi.dk\/om-os\/nyheder-og-presse\/andel-energi-reducerer-hosting-udledning-med-94-procent\/\"]}]},{\"@type\":\"BreadcrumbList\",\"@id\":\"https:\/\/andelenergi.dk\/om-os\/nyheder-og-presse\/andel-energi-reducerer-hosting-udledning-med-94-procent\/#breadcrumb\",\"itemListElement\":[{\"@type\":\"ListItem\",\"position\":1,\"name\":\"Home\",\"item\":\"https:\/\/andelenergi.dk\/\"},{\"@type\":\"ListItem\",\"position\":2,\"name\":\"Om os &#8211; Andel Energi\",\"item\":\"https:\/\/andelenergi.dk\/om-os\/\"},{\"@type\":\"ListItem\",\"position\":3,\"name\":\"Nyheder og presse\",\"item\":\"https:\/\/andelenergi.dk\/om-os\/nyheder-og-presse\/\"},{\"@type\":\"ListItem\",\"position\":4,\"name\":\"Andel Energi reducerer hosting-udledning med 94 procent\"}]},{\"@type\":\"WebSite\",\"@id\":\"https:\/\/andelenergi.dk\/#website\",\"url\":\"https:\/\/andelenergi.dk\/\",\"name\":\"andelenergi.dk\",\"description\":\"k\u00f8b el og gas til skarp pris\",\"potentialAction\":[{\"@type\":\"SearchAction\",\"target\":{\"@type\":\"EntryPoint\",\"urlTemplate\":\"https:\/\/andelenergi.dk\/?s={search_term_string}\"},\"query-input\":\"required name=search_term_string\"}],\"inLanguage\":\"da-DK\"}]}<\/script>\n<!-- \/ Yoast SEO Premium plugin. -->","yoast_head_json":{"title":"Andel Energi reducerer hosting-udledning med 94 procent | andelenergi.dk","description":"Fra den 4. marts 2026 f\u00e5r kunder hos Andel Energi adgang til en r\u00e6kke st\u00e6rke forsikringsfordele gennem et partnerskab med Alm. Brand.","robots":{"index":"index","follow":"follow","max-snippet":"max-snippet:-1","max-image-preview":"max-image-preview:large","max-video-preview":"max-video-preview:-1"},"canonical":"https:\/\/andelenergi.dk\/om-os\/nyheder-og-presse\/andel-energi-reducerer-hosting-udledning-med-94-procent\/","og_locale":"da_DK","og_type":"article","og_title":"Andel Energi reducerer hosting-udledning med 94 procent","og_description":"Fra den 4. marts 2026 f\u00e5r kunder hos Andel Energi adgang til en r\u00e6kke st\u00e6rke forsikringsfordele gennem et partnerskab med Alm. Brand.","og_url":"https:\/\/andelenergi.dk\/om-os\/nyheder-og-presse\/andel-energi-reducerer-hosting-udledning-med-94-procent\/","og_site_name":"andelenergi.dk","article_publisher":"https:\/\/www.facebook.com\/andelenergi","article_modified_time":"2026-04-07T12:02:34+00:00","og_image":[{"width":2560,"height":1707,"url":"https:\/\/andelenergi.dk\/app\/uploads\/2024\/03\/Andel_energi_final_DSC2039-scaled-1536x1024.jpg","type":"image\/jpeg"}],"twitter_card":"summary_large_image","twitter_misc":{"Est. reading time":"3 minutes"},"schema":{"@context":"https:\/\/schema.org","@graph":[{"@type":"WebPage","@id":"https:\/\/andelenergi.dk\/om-os\/nyheder-og-presse\/andel-energi-reducerer-hosting-udledning-med-94-procent\/","url":"https:\/\/andelenergi.dk\/om-os\/nyheder-og-presse\/andel-energi-reducerer-hosting-udledning-med-94-procent\/","name":"Andel Energi reducerer hosting-udledning med 94 procent | andelenergi.dk","isPartOf":{"@id":"https:\/\/andelenergi.dk\/#website"},"datePublished":"2026-04-07T10:04:54+00:00","dateModified":"2026-04-07T12:02:34+00:00","description":"Fra den 4. marts 2026 f\u00e5r kunder hos Andel Energi adgang til en r\u00e6kke st\u00e6rke forsikringsfordele gennem et partnerskab med Alm. Brand.","breadcrumb":{"@id":"https:\/\/andelenergi.dk\/om-os\/nyheder-og-presse\/andel-energi-reducerer-hosting-udledning-med-94-procent\/#breadcrumb"},"inLanguage":"da-DK","potentialAction":[{"@type":"ReadAction","target":["https:\/\/andelenergi.dk\/om-os\/nyheder-og-presse\/andel-energi-reducerer-hosting-udledning-med-94-procent\/"]}]},{"@type":"BreadcrumbList","@id":"https:\/\/andelenergi.dk\/om-os\/nyheder-og-presse\/andel-energi-reducerer-hosting-udledning-med-94-procent\/#breadcrumb","itemListElement":[{"@type":"ListItem","position":1,"name":"Home","item":"https:\/\/andelenergi.dk\/"},{"@type":"ListItem","position":2,"name":"Om os &#8211; Andel Energi","item":"https:\/\/andelenergi.dk\/om-os\/"},{"@type":"ListItem","position":3,"name":"Nyheder og presse","item":"https:\/\/andelenergi.dk\/om-os\/nyheder-og-presse\/"},{"@type":"ListItem","position":4,"name":"Andel Energi reducerer hosting-udledning med 94 procent"}]},{"@type":"WebSite","@id":"https:\/\/andelenergi.dk\/#website","url":"https:\/\/andelenergi.dk\/","name":"andelenergi.dk","description":"k\u00f8b el og gas til skarp pris","potentialAction":[{"@type":"SearchAction","target":{"@type":"EntryPoint","urlTemplate":"https:\/\/andelenergi.dk\/?s={search_term_string}"},"query-input":"required name=search_term_string"}],"inLanguage":"da-DK"}]}},"_links":{"self":[{"href":"https:\/\/andelenergi.dk\/api\/wp\/v2\/pages\/279336","targetHints":{"allow":["GET"]}}],"collection":[{"href":"https:\/\/andelenergi.dk\/api\/wp\/v2\/pages"}],"about":[{"href":"https:\/\/andelenergi.dk\/api\/wp\/v2\/types\/page"}],"author":[{"embeddable":true,"href":"https:\/\/andelenergi.dk\/api\/wp\/v2\/users\/38"}],"replies":[{"embeddable":true,"href":"https:\/\/andelenergi.dk\/api\/wp\/v2\/comments?post=279336"}],"version-history":[{"count":2,"href":"https:\/\/andelenergi.dk\/api\/wp\/v2\/pages\/279336\/revisions"}],"predecessor-version":[{"id":279371,"href":"https:\/\/andelenergi.dk\/api\/wp\/v2\/pages\/279336\/revisions\/279371"}],"up":[{"embeddable":true,"href":"https:\/\/andelenergi.dk\/api\/wp\/v2\/pages\/60208"}],"wp:featuredmedia":[{"embeddable":true,"href":"https:\/\/andelenergi.dk\/api\/wp\/v2\/media\/141788"}],"wp:attachment":[{"href":"https:\/\/andelenergi.dk\/api\/wp\/v2\/media?parent=279336"}],"wp:term":[{"taxonomy":"category","embeddable":true,"href":"https:\/\/andelenergi.dk\/api\/wp\/v2\/categories?post=279336"}],"curies":[{"name":"wp","href":"https:\/\/api.w.org\/{rel}","templated":true}]}}