{"id":278713,"date":"2026-03-31T08:01:00","date_gmt":"2026-03-31T08:01:00","guid":{"rendered":"https:\/\/andelenergi.dk\/?page_id=278713"},"modified":"2026-03-31T08:01:04","modified_gmt":"2026-03-31T08:01:04","slug":"elprisen-faldt-i-marts","status":"publish","type":"page","link":"https:\/\/andelenergi.dk\/om-os\/nyheder-og-presse\/elprisen-faldt-i-marts\/","title":{"rendered":"Elprisen faldt i marts"},"content":{"rendered":"<section\n  class=\"acf-block acf-block--image mt-12 lg:mt-14 mb-12 lg:mb-14  block\"\n   id=image-1\n  \n  \n>\n      <div class=\"inner inner--prose\">\n  \n  \n  <div class=\"image-wrapper relative \">\n  \n  <div class=\"\">\n    <picture> <img decoding=\"async\" src=\"https:\/\/andelenergi.dk\/app\/uploads\/2025\/11\/Vedde_Solcellepark_DSC0081-720x480.jpg\" alt=\"\" class=\"max-w-[100%] h-auto \" style=\"object-position:50% 50%;\" loading=\"lazy\"><\/picture>\n  <\/div>\n\n  \n  <\/div>\n\n\n  \n      <\/div>\n  \n<\/section>\n<section\n  class=\"core-block core-block--heading   block\"\n   id=heading-3\n  \n  \n>\n      <div class=\"inner inner--prose\">\n  \n  \n  \n<h1 class=\"wp-block-heading\" id=\"h-elprisen-faldt-i-marts\">Elprisen faldt i marts<\/h1>\n\n\n  \n      <\/div>\n  \n<\/section>\n<section\n  class=\"acf-block acf-block--subheading   block\"\n   id=subheading-4\n  \n  \n>\n      <div class=\"inner inner--prose\">\n  \n  \n  <div>\n    <p class=\"text-gray-800 text-body-xs\">\n        Pressemeddelelse\n                    &#8211; 31. March 2026\n            <\/p>\n<\/div>\n\n\n  \n      <\/div>\n  \n<\/section>\n<section\n  class=\"core-block core-block--paragraph   block\"\n   id=paragraph-6\n  \n  \n>\n      <div class=\"inner inner--prose\">\n  \n  \n  \n<p><strong><strong><strong>Det g\u00e5r mod lysere tider. Det betyder lavere elpriser. S\u00e5ledes ogs\u00e5 i marts, hvor den gennemsnitlige elpris lander p\u00e5 ca. 72,5 \u00f8re per kilowatt-time. Det viser en opg\u00f8relse fra Danmarks st\u00f8rste energiselskab, Andel Energi.<\/strong><\/strong><\/strong><\/p>\n\n\n  \n      <\/div>\n  \n<\/section>\n<section\n  class=\"core-block core-block--paragraph   block\"\n   id=paragraph-7\n  \n  \n>\n      <div class=\"inner inner--prose\">\n  \n  \n  \n<p>De mange solskinstimer i l\u00f8bet af marts sender elprisen nedad. Trods international uro og generelt stigende energipriser, er den gennemsnitlige elpris i \u00d8stdanmark nemlig faldet fra ca. 84,7 \u00f8re per kilowatt-time i februar til ca. 72,5 \u00f8re i marts &#8211; f\u00f8r skatter, afgifter mv. (Vestdanmark: ca. 72,9 \u00f8re).<\/p>\n\n\n  \n      <\/div>\n  \n<\/section>\n<section\n  class=\"acf-block acf-block--simple-quote text-black mt-12 lg:mt-14 mb-12 lg:mb-14  block\"\n   id=simple-quote-8\n  \n  \n>\n      <div class=\"inner inner--prose\">\n  \n  \n  <blockquote class=\"relative px-[1.25em] leading-tight heading-4\">\n  <div\n    class=\"absolute left-0 top-0 leading-[0.865]\"\n      >\n    <span class=\"text-[2.5em]\">\u201c<\/span>\n  <\/div>\n\n      <h2 class=\"heading-4 font-medium\">\n  Den faldende elpris skyldes f\u00f8rst og fremmest en h\u00f8j produktion af solenergi, der er en billig energikilde. Samtidig falder forbruget som f\u00f8lge af det lunere vejr. Derfor kan langt de fleste danske elkunder se frem til en lavere elregning for marts m\u00e5ned end for februar til trods for internationalt stigende energipriser.\n  <\/h2>\n  \n      <cite class=\"mt-6 block text-body-sm italic lg:mt-8\">Josefine Walter, der er kommerciel direkt\u00f8r i Andel Energi.<\/cite>\n  <\/blockquote>\n\n\n  \n      <\/div>\n  \n<\/section>\n<section\n  class=\"core-block core-block--paragraph   block\"\n   id=paragraph-10\n  \n  \n>\n      <div class=\"inner inner--prose\">\n  \n  \n  \n<p>Men selvom elprisen er faldet i l\u00f8bet af marts, s\u00e5 er gennemsnitsprisen dog stadig noget h\u00f8jere end marts m\u00e5ned sidste \u00e5r. I marts 2025 var elprisen i gennemsnit ca. 62 \u00f8re.<\/p>\n\n\n  \n      <\/div>\n  \n<\/section>\n<section\n  class=\"core-block core-block--paragraph   block\"\n   id=paragraph-11\n  \n  \n>\n      <div class=\"inner inner--prose\">\n  \n  \n  \n<p><br>\u201dDet er en urolig og uforudsigelig tid, ingen tvivl om det. S\u00e5 trods faldende elpriser er der stadig rigtig god grund til at v\u00e6re opm\u00e6rksom p\u00e5, hvorn\u00e5r og hvordan man bruger sin str\u00f8m. Vi har allerede haft de f\u00f8rste negative elpriser her i marts, men samtidig store forskelle p\u00e5 de h\u00f8jeste og laveste elpriser i l\u00f8bet af m\u00e5neden,\u201d siger Josefine Walter.<\/p>\n\n\n  \n      <\/div>\n  \n<\/section>\n<section\n  class=\"core-block core-block--heading   block\"\n   id=heading-12\n  \n  \n>\n      <div class=\"inner inner--prose\">\n  \n  \n  \n<h2 class=\"wp-block-heading has-medium-font-size\" id=\"h-strommen-er-dyrest-nar-danskerne-har-brug-for-den\"><strong>Str\u00f8mmen er dyrest n\u00e5r danskerne har brug for den<\/strong><\/h2>\n\n\n  \n      <\/div>\n  \n<\/section>\n<section\n  class=\"core-block core-block--paragraph   block\"\n   id=paragraph-13\n  \n  \n>\n      <div class=\"inner inner--prose\">\n  \n  \n  \n<p>Kaster man et blik p\u00e5, hvorn\u00e5r danske elkunder kan f\u00e5 st\u00f8rst gavn af de svingende elpriser tegner der sig et klart billede.<\/p>\n\n\n  \n      <\/div>\n  \n<\/section>\n<section\n  class=\"core-block core-block--paragraph   block\"\n   id=paragraph-14\n  \n  \n>\n      <div class=\"inner inner--prose\">\n  \n  \n  \n<p><br>\u201dDet er desv\u00e6rre i ydertimerne, hvor private elkunder har mindst brug for str\u00f8m, at priserne er lavest; om natten og i dagtimerne. Omvendt er det typisk om aftenen i den s\u00e5kaldte <em>kogespids<\/em> mellem kl. 17 og 21, at b\u00e5de forbruget og de r\u00e5 elpriser er h\u00f8jest,\u201d siger Josefine Walter.<\/p>\n\n\n  \n      <\/div>\n  \n<\/section>\n<section\n  class=\"core-block core-block--paragraph   block\"\n   id=paragraph-15\n  \n  \n>\n      <div class=\"inner inner--prose\">\n  \n  \n  \n<p><br>Det g\u00e6lder ogs\u00e5 for marts. Her topper elpriserne mellem kl. 18 og 19, hvor gennemsnitsprisen for hele m\u00e5neden var ca. 127 \u00f8re per kilowatt-time f\u00f8r skatter og afgifter. Omvendt er d\u00f8gnets billigste time mellem kl. 13 og 14 om eftermiddagen. Her var gennemsnitsprisen i marts nede p\u00e5 lidt under 28 \u00f8re.<\/p>\n\n\n  \n      <\/div>\n  \n<\/section>\n<section\n  class=\"core-block core-block--paragraph   block\"\n   id=paragraph-16\n  \n  \n>\n      <div class=\"inner inner--prose\">\n  \n  \n  \n<p><br>Hertil kommer, at de lokale netselskabernes nettariffer som regel ogs\u00e5 er dyrest i kogespidsen. Dog er 1. april den sk\u00e6ringdato, hvor mange netselskaber skifter fra vintertariffer til de oftest billigere sommertariffer.<\/p>\n\n\n  \n      <\/div>\n  \n<\/section>\n<section\n  class=\"core-block core-block--paragraph   block\"\n   id=paragraph-17\n  \n  \n>\n      <div class=\"inner inner--prose\">\n  \n  \n  \n<p><br>\u201dDet understreger potentialet i fleksible energil\u00f8sninger. Man kan med fordel tilpasse sit forbrug, s\u00e5 det prim\u00e6re forbrug ligger i de billige nattetimer. En anden l\u00f8sning kan v\u00e6re et hjemmebatteri, der giver elkunder mulighed for at k\u00f8be str\u00f8mmen, n\u00e5r den er billig, og bruge den, n\u00e5r den er dyr,\u201d siger Josefine Walter.<\/p>\n\n\n  \n      <\/div>\n  \n<\/section>\n<section\n  class=\"core-block core-block--paragraph   block\"\n   id=paragraph-18\n  \n  \n>\n      <div class=\"inner inner--prose\">\n  \n  \n  \n<p><br>Et hjemmebatteri er en intelligent energil\u00f8sning, hvor hele husstanden kobles op p\u00e5 et batteri, der automatisk lader op fra elnettet, n\u00e5r str\u00f8mmen er billigst. P\u00e5 den m\u00e5de kan man som elkunde slippe for at spekulere p\u00e5, hvad elprisen er, mens man bruger str\u00f8mmen.<\/p>\n\n\n  \n      <\/div>\n  \n<\/section>\n<section\n  class=\"core-block core-block--heading   block\"\n   id=heading-19\n  \n  \n>\n      <div class=\"inner inner--prose\">\n  \n  \n  \n<h3 class=\"wp-block-heading has-medium-font-size\" id=\"h-andel-energi-har-generelt-tre-anbefalinger-til-en-mere-forudsigelig-og-lavere-elregning\">Andel Energi har generelt tre anbefalinger til en mere forudsigelig og lavere elregning:<\/h3>\n\n\n  \n      <\/div>\n  \n<\/section>\n<section\n  class=\"core-block core-block--list has-background  block\"\n   id=list-20\n  \n  \n>\n      <div class=\"inner inner--prose\">\n  \n      <div\n      class=\"inner-bg bg-sky-100 px-4 sm:px-6 lg:px-8 py-6 lg:py-8\"\n      \n    >\n  \n  \n<ol class=\"wp-block-list has-sky-100-background-color has-background\">\n<li><strong>Planl\u00e6g dit elforbrug:<br><\/strong>Med de fleste energi-apps kan man se de n\u00f8jagtige elpriser for det kommende d\u00f8gn, med Andel Energis app kan man yderligere se en prognose med de forventede elpriser en hel uge frem. Det g\u00f8r det lettere at planl\u00e6gge sit forbrug og l\u00e6gge det store forbrug i de billige timer.<\/li>\n\n\n\n<li><strong>K\u00f8b str\u00f8mmen, n\u00e5r den er billig<br><\/strong>Med et hjemmebatteri kan man lade hele husstanden op som var den en mobiltelefon eller en elbil. Det giver mulighed for at k\u00f8be str\u00f8mmen, n\u00e5r den er billig, gemme den p\u00e5 hjemmebatteriet og bruge den, n\u00e5r den er dyr. Samtidig kan et hjemmebatteri holde str\u00f8m i flere dage i en eventuel n\u00f8dsituation.<\/li>\n\n\n\n<li><strong>L\u00e5s elprisen fast<br><\/strong>Man kan ogs\u00e5 v\u00e6lge et elprodukt med en fast elpris uanset, hvorn\u00e5r p\u00e5 d\u00f8gnet man bruger sin str\u00f8m. S\u00e5 kender man prisen og beh\u00f8ver ikke holde sig opdateret p\u00e5 de svingende elpriser. Hos Andel Energi kan prisen fastl\u00e5ses for en, seks eller 12 m\u00e5neder ad gangen.<\/li>\n<\/ol>\n\n\n      <\/div>\n  \n      <\/div>\n  \n<\/section>\n<section\n  class=\"acf-block acf-block--image mt-12 lg:mt-14 mb-12 lg:mb-14  block\"\n   id=image-24\n  \n  \n>\n      <div class=\"inner inner--prose\">\n  \n  \n  <div class=\"image-wrapper relative \">\n  \n  <div class=\"\">\n    <picture> <img decoding=\"async\" src=\"https:\/\/andelenergi.dk\/app\/uploads\/2026\/03\/Gennemsnitlige-elpriser_marts2026-720x404.jpg\" alt=\"\" class=\"max-w-[100%] h-auto \" style=\"object-position:50% 50%;\" loading=\"lazy\"><\/picture>\n  <\/div>\n\n  \n  <\/div>\n\n\n  \n      <\/div>\n  \n<\/section>\n<section\n  class=\"core-block core-block--paragraph   block\"\n   id=paragraph-26\n  \n  \n>\n      <div class=\"inner inner--prose\">\n  \n  \n  \n<p><em>Graf: Elprisernes udvikling siden januar 2025<\/em><\/p>\n\n\n  \n      <\/div>\n  \n<\/section>\n","protected":false},"excerpt":{"rendered":"Det g\u00e5r mod lysere tider. Det betyder lavere elpriser. S\u00e5ledes ogs\u00e5 i marts, hvor den gennemsnitlige elpris lander p\u00e5 ca. 72,5 \u00f8re per kilowatt-time. Det viser en opg\u00f8relse fra Danmarks st\u00f8rste energiselskab, Andel Energi.","protected":false},"author":38,"featured_media":256668,"parent":60208,"menu_order":3,"comment_status":"closed","ping_status":"closed","template":"","meta":{"_acf_changed":false,"footnotes":""},"categories":[7850],"class_list":["post-278713","page","type-page","status-publish","has-post-thumbnail","hentry","category-pressemeddelelse"],"acf":[],"yoast_head":"<!-- This site is optimized with the Yoast SEO Premium plugin v20.7 (Yoast SEO v20.13) - https:\/\/yoast.com\/wordpress\/plugins\/seo\/ -->\n<title>Elprisen faldt i marts | andelenergi.dk<\/title>\n<meta name=\"description\" content=\"Februar m\u00e5ned har budt p\u00e5 de h\u00f8jeste elpriser siden februar 2025. Det viser en opg\u00f8relse fra Danmarks st\u00f8rste energiselskab, Andel Energi.\" \/>\n<meta name=\"robots\" content=\"index, follow, max-snippet:-1, max-image-preview:large, max-video-preview:-1\" \/>\n<link rel=\"canonical\" href=\"https:\/\/andelenergi.dk\/om-os\/nyheder-og-presse\/elprisen-faldt-i-marts\/\" \/>\n<meta property=\"og:locale\" content=\"da_DK\" \/>\n<meta property=\"og:type\" content=\"article\" \/>\n<meta property=\"og:title\" content=\"Elprisen faldt i marts\" \/>\n<meta property=\"og:description\" content=\"Februar m\u00e5ned har budt p\u00e5 de h\u00f8jeste elpriser siden februar 2025. Det viser en opg\u00f8relse fra Danmarks st\u00f8rste energiselskab, Andel Energi.\" \/>\n<meta property=\"og:url\" content=\"https:\/\/andelenergi.dk\/om-os\/nyheder-og-presse\/elprisen-faldt-i-marts\/\" \/>\n<meta property=\"og:site_name\" content=\"andelenergi.dk\" \/>\n<meta property=\"article:publisher\" content=\"https:\/\/www.facebook.com\/andelenergi\" \/>\n<meta property=\"article:modified_time\" content=\"2026-03-31T08:01:04+00:00\" \/>\n<meta property=\"og:image\" content=\"https:\/\/andelenergi.dk\/app\/uploads\/2025\/11\/Vedde_Solcellepark_DSC0081.jpg\" \/>\n\t<meta property=\"og:image:width\" content=\"1536\" \/>\n\t<meta property=\"og:image:height\" content=\"1024\" \/>\n\t<meta property=\"og:image:type\" content=\"image\/jpeg\" \/>\n<meta name=\"twitter:card\" content=\"summary_large_image\" \/>\n<meta name=\"twitter:label1\" content=\"Est. reading time\" \/>\n\t<meta name=\"twitter:data1\" content=\"4 minutes\" \/>\n<script type=\"application\/ld+json\" class=\"yoast-schema-graph\">{\"@context\":\"https:\/\/schema.org\",\"@graph\":[{\"@type\":\"WebPage\",\"@id\":\"https:\/\/andelenergi.dk\/om-os\/nyheder-og-presse\/elprisen-faldt-i-marts\/\",\"url\":\"https:\/\/andelenergi.dk\/om-os\/nyheder-og-presse\/elprisen-faldt-i-marts\/\",\"name\":\"Elprisen faldt i marts | andelenergi.dk\",\"isPartOf\":{\"@id\":\"https:\/\/andelenergi.dk\/#website\"},\"datePublished\":\"2026-03-31T08:01:00+00:00\",\"dateModified\":\"2026-03-31T08:01:04+00:00\",\"description\":\"Februar m\u00e5ned har budt p\u00e5 de h\u00f8jeste elpriser siden februar 2025. Det viser en opg\u00f8relse fra Danmarks st\u00f8rste energiselskab, Andel Energi.\",\"breadcrumb\":{\"@id\":\"https:\/\/andelenergi.dk\/om-os\/nyheder-og-presse\/elprisen-faldt-i-marts\/#breadcrumb\"},\"inLanguage\":\"da-DK\",\"potentialAction\":[{\"@type\":\"ReadAction\",\"target\":[\"https:\/\/andelenergi.dk\/om-os\/nyheder-og-presse\/elprisen-faldt-i-marts\/\"]}]},{\"@type\":\"BreadcrumbList\",\"@id\":\"https:\/\/andelenergi.dk\/om-os\/nyheder-og-presse\/elprisen-faldt-i-marts\/#breadcrumb\",\"itemListElement\":[{\"@type\":\"ListItem\",\"position\":1,\"name\":\"Home\",\"item\":\"https:\/\/andelenergi.dk\/\"},{\"@type\":\"ListItem\",\"position\":2,\"name\":\"Om os &#8211; Andel Energi\",\"item\":\"https:\/\/andelenergi.dk\/om-os\/\"},{\"@type\":\"ListItem\",\"position\":3,\"name\":\"Nyheder og presse\",\"item\":\"https:\/\/andelenergi.dk\/om-os\/nyheder-og-presse\/\"},{\"@type\":\"ListItem\",\"position\":4,\"name\":\"Elprisen faldt i marts\"}]},{\"@type\":\"WebSite\",\"@id\":\"https:\/\/andelenergi.dk\/#website\",\"url\":\"https:\/\/andelenergi.dk\/\",\"name\":\"andelenergi.dk\",\"description\":\"k\u00f8b el og gas til skarp pris\",\"potentialAction\":[{\"@type\":\"SearchAction\",\"target\":{\"@type\":\"EntryPoint\",\"urlTemplate\":\"https:\/\/andelenergi.dk\/?s={search_term_string}\"},\"query-input\":\"required name=search_term_string\"}],\"inLanguage\":\"da-DK\"}]}<\/script>\n<!-- \/ Yoast SEO Premium plugin. -->","yoast_head_json":{"title":"Elprisen faldt i marts | andelenergi.dk","description":"Februar m\u00e5ned har budt p\u00e5 de h\u00f8jeste elpriser siden februar 2025. Det viser en opg\u00f8relse fra Danmarks st\u00f8rste energiselskab, Andel Energi.","robots":{"index":"index","follow":"follow","max-snippet":"max-snippet:-1","max-image-preview":"max-image-preview:large","max-video-preview":"max-video-preview:-1"},"canonical":"https:\/\/andelenergi.dk\/om-os\/nyheder-og-presse\/elprisen-faldt-i-marts\/","og_locale":"da_DK","og_type":"article","og_title":"Elprisen faldt i marts","og_description":"Februar m\u00e5ned har budt p\u00e5 de h\u00f8jeste elpriser siden februar 2025. Det viser en opg\u00f8relse fra Danmarks st\u00f8rste energiselskab, Andel Energi.","og_url":"https:\/\/andelenergi.dk\/om-os\/nyheder-og-presse\/elprisen-faldt-i-marts\/","og_site_name":"andelenergi.dk","article_publisher":"https:\/\/www.facebook.com\/andelenergi","article_modified_time":"2026-03-31T08:01:04+00:00","og_image":[{"width":1536,"height":1024,"url":"https:\/\/andelenergi.dk\/app\/uploads\/2025\/11\/Vedde_Solcellepark_DSC0081.jpg","type":"image\/jpeg"}],"twitter_card":"summary_large_image","twitter_misc":{"Est. reading time":"4 minutes"},"schema":{"@context":"https:\/\/schema.org","@graph":[{"@type":"WebPage","@id":"https:\/\/andelenergi.dk\/om-os\/nyheder-og-presse\/elprisen-faldt-i-marts\/","url":"https:\/\/andelenergi.dk\/om-os\/nyheder-og-presse\/elprisen-faldt-i-marts\/","name":"Elprisen faldt i marts | andelenergi.dk","isPartOf":{"@id":"https:\/\/andelenergi.dk\/#website"},"datePublished":"2026-03-31T08:01:00+00:00","dateModified":"2026-03-31T08:01:04+00:00","description":"Februar m\u00e5ned har budt p\u00e5 de h\u00f8jeste elpriser siden februar 2025. Det viser en opg\u00f8relse fra Danmarks st\u00f8rste energiselskab, Andel Energi.","breadcrumb":{"@id":"https:\/\/andelenergi.dk\/om-os\/nyheder-og-presse\/elprisen-faldt-i-marts\/#breadcrumb"},"inLanguage":"da-DK","potentialAction":[{"@type":"ReadAction","target":["https:\/\/andelenergi.dk\/om-os\/nyheder-og-presse\/elprisen-faldt-i-marts\/"]}]},{"@type":"BreadcrumbList","@id":"https:\/\/andelenergi.dk\/om-os\/nyheder-og-presse\/elprisen-faldt-i-marts\/#breadcrumb","itemListElement":[{"@type":"ListItem","position":1,"name":"Home","item":"https:\/\/andelenergi.dk\/"},{"@type":"ListItem","position":2,"name":"Om os &#8211; Andel Energi","item":"https:\/\/andelenergi.dk\/om-os\/"},{"@type":"ListItem","position":3,"name":"Nyheder og presse","item":"https:\/\/andelenergi.dk\/om-os\/nyheder-og-presse\/"},{"@type":"ListItem","position":4,"name":"Elprisen faldt i marts"}]},{"@type":"WebSite","@id":"https:\/\/andelenergi.dk\/#website","url":"https:\/\/andelenergi.dk\/","name":"andelenergi.dk","description":"k\u00f8b el og gas til skarp pris","potentialAction":[{"@type":"SearchAction","target":{"@type":"EntryPoint","urlTemplate":"https:\/\/andelenergi.dk\/?s={search_term_string}"},"query-input":"required name=search_term_string"}],"inLanguage":"da-DK"}]}},"_links":{"self":[{"href":"https:\/\/andelenergi.dk\/api\/wp\/v2\/pages\/278713","targetHints":{"allow":["GET"]}}],"collection":[{"href":"https:\/\/andelenergi.dk\/api\/wp\/v2\/pages"}],"about":[{"href":"https:\/\/andelenergi.dk\/api\/wp\/v2\/types\/page"}],"author":[{"embeddable":true,"href":"https:\/\/andelenergi.dk\/api\/wp\/v2\/users\/38"}],"replies":[{"embeddable":true,"href":"https:\/\/andelenergi.dk\/api\/wp\/v2\/comments?post=278713"}],"version-history":[{"count":3,"href":"https:\/\/andelenergi.dk\/api\/wp\/v2\/pages\/278713\/revisions"}],"predecessor-version":[{"id":278728,"href":"https:\/\/andelenergi.dk\/api\/wp\/v2\/pages\/278713\/revisions\/278728"}],"up":[{"embeddable":true,"href":"https:\/\/andelenergi.dk\/api\/wp\/v2\/pages\/60208"}],"wp:featuredmedia":[{"embeddable":true,"href":"https:\/\/andelenergi.dk\/api\/wp\/v2\/media\/256668"}],"wp:attachment":[{"href":"https:\/\/andelenergi.dk\/api\/wp\/v2\/media?parent=278713"}],"wp:term":[{"taxonomy":"category","embeddable":true,"href":"https:\/\/andelenergi.dk\/api\/wp\/v2\/categories?post=278713"}],"curies":[{"name":"wp","href":"https:\/\/api.w.org\/{rel}","templated":true}]}}