{"id":261236,"date":"2025-12-23T06:53:33","date_gmt":"2025-12-23T06:53:33","guid":{"rendered":"https:\/\/andelenergi.dk\/?page_id=261236"},"modified":"2025-12-23T06:56:34","modified_gmt":"2025-12-23T06:56:34","slug":"hoeje-elpriser-i-julen","status":"publish","type":"page","link":"https:\/\/andelenergi.dk\/om-os\/nyheder-og-presse\/hoeje-elpriser-i-julen\/","title":{"rendered":"H\u00f8je elpriser i julen"},"content":{"rendered":"<section\n  class=\"acf-block acf-block--image mt-12 lg:mt-14 mb-12 lg:mb-14  block\"\n   id=image-1\n  \n  \n>\n      <div class=\"inner inner--prose\">\n  \n  \n  <div class=\"image-wrapper relative \">\n  \n  <div class=\"\">\n    <picture> <img decoding=\"async\" src=\"https:\/\/andelenergi.dk\/app\/uploads\/2022\/01\/AndelEnergi-727-720x480.jpg\" alt=\"K\u00f8b el og bestil gas hos Andel Energi\" class=\"max-w-[100%] h-auto \" style=\"object-position:64.85% 48.90%;\" loading=\"lazy\"><\/picture>\n  <\/div>\n\n  \n  <\/div>\n\n\n  \n      <\/div>\n  \n<\/section>\n<section\n  class=\"core-block core-block--heading   block\"\n   id=heading-3\n  \n  \n>\n      <div class=\"inner inner--prose\">\n  \n  \n  \n<h1 class=\"wp-block-heading\" id=\"h-hoje-elpriser-i-julen\">H\u00f8je elpriser i julen<\/h1>\n\n\n  \n      <\/div>\n  \n<\/section>\n<section\n  class=\"acf-block acf-block--subheading   block\"\n   id=subheading-4\n  \n  \n>\n      <div class=\"inner inner--prose\">\n  \n  \n  <div>\n    <p class=\"text-gray-800 text-body-xs\">\n        Pressemeddelelse\n                    &#8211; 23. December 2025\n            <\/p>\n<\/div>\n\n\n  \n      <\/div>\n  \n<\/section>\n<section\n  class=\"core-block core-block--paragraph   block\"\n   id=paragraph-6\n  \n  \n>\n      <div class=\"inner inner--prose\">\n  \n  \n  \n<p><strong>Julens elpriser kommer til at svinge mellem ca. 98 og 157 \u00f8re per kilowatt-time f\u00f8r skatter og afgifter. Det viser en prognose fra Andel Energi. Gennemsnitsprisen i juledagene forventes at blive ca. 127 \u00f8re. Sidste \u00e5r var julens gennemsnitspris ca. 107 \u00f8re per kilowatt-time.<\/strong><\/p>\n\n\n  \n      <\/div>\n  \n<\/section>\n<section\n  class=\"core-block core-block--paragraph   block\"\n   id=paragraph-7\n  \n  \n>\n      <div class=\"inner inner--prose\">\n  \n  \n  \n<p>Julen er traditionelt nogle af de dage p\u00e5 \u00e5ret, hvor danske hjem bruger allermest str\u00f8m. Det g\u00e6lder is\u00e6r i timen mellem kl. 16 og 17 juleaften. Hvert \u00e5r er det den enkeltst\u00e5ende time i hele julen, hvor str\u00f8mforbruget er allerh\u00f8jest. Det forventer Andel Energi vil gentage sig igen i \u00e5r.<\/p>\n\n\n  \n      <\/div>\n  \n<\/section>\n<section\n  class=\"acf-block acf-block--simple-quote text-black mt-12 lg:mt-14 mb-12 lg:mb-14  block\"\n   id=simple-quote-8\n  \n  \n>\n      <div class=\"inner inner--prose\">\n  \n  \n  <blockquote class=\"relative px-[1.25em] leading-tight heading-4\">\n  <div\n    class=\"absolute left-0 top-0 leading-[0.865]\"\n      >\n    <span class=\"text-[2.5em]\">\u201c<\/span>\n  <\/div>\n\n      <h2 class=\"heading-4 font-medium\">\n  Det er netop i den time, at rigtig mange danskere b\u00e5de s\u00e6tter anden i ovnen og ser Disneys traditionelle juleshow i fjernsynet. Det betyder, at der bliver brugt ret meget str\u00f8m p\u00e5 samme tid i rigtig mange hjem. Hertil kommer, at det jo ogs\u00e5 er vinter og fyringss\u00e6son. Det presser forbruget og eftersp\u00f8rgslen efter el op i netop den time.\n  <\/h2>\n  \n      <cite class=\"mt-6 block text-body-sm italic lg:mt-8\">Josefine Walter, der er kommerciel direkt\u00f8r i Andel Energi.<\/cite>\n  <\/blockquote>\n\n\n  \n      <\/div>\n  \n<\/section>\n<section\n  class=\"core-block core-block--paragraph   block\"\n   id=paragraph-10\n  \n  \n>\n      <div class=\"inner inner--prose\">\n  \n  \n  \n<p>Set over alle juledagene forudsiger Andel Energis prognoser lige nu en gennemsnitspris p\u00e5 cirka 127 \u00f8re per kilowatt-time. For slutkunder svarer det til cirka 277 \u00f8re inklusive alle afgifter.<\/p>\n\n\n  \n      <\/div>\n  \n<\/section>\n<section\n  class=\"core-block core-block--paragraph   block\"\n   id=paragraph-11\n  \n  \n>\n      <div class=\"inner inner--prose\">\n  \n  \n  \n<p>Til sammenligning er \u00e5rets gennemsnitspris indtil nu ca. 62 \u00f8re uden skatter, afgifter, tariffer mv.<\/p>\n\n\n  \n      <\/div>\n  \n<\/section>\n<section\n  class=\"core-block core-block--heading   block\"\n   id=heading-12\n  \n  \n>\n      <div class=\"inner inner--prose\">\n  \n  \n  \n<h2 class=\"wp-block-heading has-medium-font-size\" id=\"h-svingende-elpriser-er-normalt\"><strong>Svingende elpriser er normalt<\/strong><\/h2>\n\n\n  \n      <\/div>\n  \n<\/section>\n<section\n  class=\"core-block core-block--paragraph   block\"\n   id=paragraph-13\n  \n  \n>\n      <div class=\"inner inner--prose\">\n  \n  \n  \n<p>Julens elpriser er traditionelt relativt stabile, men p\u00e5 et ret h\u00f8jt niveau. S\u00e5ledes ogs\u00e5 i \u00e5r. Til geng\u00e6ld er de generelle elpriser i l\u00f8bet af hele \u00e5ret noget mere svingende. Alene i \u00e5r har der v\u00e6ret mere end 4,50 kroners forskel per kilowatt-time mellem \u00e5rets dyreste og billigste time.<\/p>\n\n\n  \n      <\/div>\n  \n<\/section>\n<section\n  class=\"core-block core-block--paragraph   block\"\n   id=paragraph-14\n  \n  \n>\n      <div class=\"inner inner--prose\">\n  \n  \n  \n<p>De svingende elpriser, som generelt rammer overalt i Europa, kan til tider g\u00f8re det vanskeligt for elkunder at forudsige elregningen. Men der findes faktisk forskellige l\u00f8sninger.<\/p>\n\n\n  \n      <\/div>\n  \n<\/section>\n<section\n  class=\"core-block core-block--paragraph   block\"\n   id=paragraph-15\n  \n  \n>\n      <div class=\"inner inner--prose\">\n  \n  \n  \n<p>\u201d<em>Udover det indlysende gode r\u00e5d at spare p\u00e5 str\u00f8mmen ud fra devisen, at den billigste str\u00f8m er den str\u00f8m, man ikke bruger, s\u00e5 har vi i Andel Energi tre forskellige anbefalinger til, hvordan man afh\u00e6ngigt af sine egne pr\u00e6ferencer nemmere kan styre sin elregning,\u201d<\/em>&nbsp;siger Josefine Walter.<\/p>\n\n\n  \n      <\/div>\n  \n<\/section>\n<section\n  class=\"core-block core-block--columns num-columns-1  block\"\n   id=columns-16\n  \n  \n>\n      <div class=\"inner inner--prose\">\n  \n  \n  \n<div class=\"wp-block-columns\"><section\n  class=\"core-block core-block--column has-background  block\"\n   id=column-17\n  \n  \n>\n  \n      <div\n      class=\"inner-bg bg-sky-100 px-4 sm:px-6 lg:px-8 py-6 lg:py-8\"\n      \n    >\n  \n  \n<div class=\"wp-block-column has-sky-100-background-color has-background\"><section\n  class=\"core-block core-block--heading   block\"\n   id=heading-18\n  \n  \n>\n      <div class=\"inner inner--prose\">\n  \n  \n  \n<h3 class=\"wp-block-heading has-medium-font-size\" id=\"h-andel-energis-tre-anbefalinger-til-en-mere-forudsigelig-elregning-er\">Andel Energis tre anbefalinger til en mere forudsigelig elregning er:<\/h3>\n\n\n  \n      <\/div>\n  \n<\/section>\n\n\n<section\n  class=\"core-block core-block--paragraph   block\"\n   id=paragraph-19\n  \n  \n>\n      <div class=\"inner inner--prose\">\n  \n  \n  \n<p><strong>1. Planl\u00e6g dit elforbrug<\/strong><em><br><\/em>\u201d<em>Med de fleste energi-apps kan man se de n\u00f8jagtige elpriser for det kommende d\u00f8gn, med Andel Energis app kan man yderligere se en prognose med de forventede elpriser en hel uge frem. Det g\u00f8r det lettere at planl\u00e6gge sit forbrug og l\u00e6gge det store forbrug i de billige timer<\/em>,\u201d siger Josefine Walter.<\/p>\n\n\n  \n      <\/div>\n  \n<\/section>\n\n\n<section\n  class=\"core-block core-block--paragraph   block\"\n   id=paragraph-20\n  \n  \n>\n      <div class=\"inner inner--prose\">\n  \n  \n  \n<p><strong>2. K\u00f8b str\u00f8mmen, n\u00e5r den er billig<br><\/strong>\u201d<em>Med et hjemmebatteri kan du lade hele husstanden op som var den en mobiltelefon eller en elbil. Det giver mulighed for at k\u00f8be str\u00f8mmen, n\u00e5r den er billig, gemme den p\u00e5 hjemmebatteriet og bruge den, n\u00e5r den er dyr. Samtidig kan et hjemmebatteri holde str\u00f8m i flere dag i en eventuel n\u00f8dsituation.<\/em>\u201d<\/p>\n\n\n  \n      <\/div>\n  \n<\/section>\n\n\n<section\n  class=\"core-block core-block--paragraph   block\"\n   id=paragraph-21\n  \n  \n>\n      <div class=\"inner inner--prose\">\n  \n  \n  \n<p><strong>3. L\u00e5s elprisen fast<br><\/strong>\u201d<em>Man kan ogs\u00e5 v\u00e6lge et elprodukt med en fast elpris uanset, hvorn\u00e5r p\u00e5 d\u00f8gnet man bruger sin str\u00f8m. S\u00e5 kender man prisen og beh\u00f8ver ikke holde sig opdateret p\u00e5 de svingende elpriser. Hos Andel Energi kan prisen fastl\u00e5ses for en, seks eller 12 m\u00e5neder ad gangen<\/em>,\u201d siger Josefine Walter.<\/p>\n\n\n  \n      <\/div>\n  \n<\/section>\n<\/div>\n\n\n      <\/div>\n  \n  \n<\/section>\n<\/div>\n\n\n  \n      <\/div>\n  \n<\/section>\n<section\n  class=\"core-block core-block--heading   block\"\n   id=heading-22\n  \n  \n>\n      <div class=\"inner inner--prose\">\n  \n  \n  \n<h2 class=\"wp-block-heading has-medium-font-size\" id=\"h-forventede-elpriser-i-julen\"><strong>Forventede elpriser i julen*<\/strong><\/h2>\n\n\n  \n      <\/div>\n  \n<\/section>\n<section\n  class=\"core-block core-block--table   block\"\n   id=table-23\n  \n  \n>\n      <div class=\"inner inner--prose\">\n  \n  \n  \n<figure class=\"wp-block-table\"><table class=\"has-fixed-layout\"><thead><tr><th><\/th><th class=\"has-text-align-center\" data-align=\"center\"><strong>Uden skatter, afgifter mv.<\/strong><\/th><th class=\"has-text-align-center\" data-align=\"center\"><strong>Inkl. skatter, afgifter mv.<\/strong><\/th><th class=\"has-text-align-center\" data-align=\"center\"><strong>Tidsrum<\/strong><\/th><\/tr><\/thead><tbody><tr><td><strong>Timepriser<\/strong><\/td><td class=\"has-text-align-center\" data-align=\"center\"><\/td><td class=\"has-text-align-center\" data-align=\"center\"><\/td><td class=\"has-text-align-center\" data-align=\"center\"><\/td><\/tr><tr><td>Laveste timepris<\/td><td class=\"has-text-align-center\" data-align=\"center\">98 \u00f8re<\/td><td class=\"has-text-align-center\" data-align=\"center\">217 \u00f8re<\/td><td class=\"has-text-align-center\" data-align=\"center\">24. dec. fra 03 til 04<\/td><\/tr><tr><td>H\u00f8jeste timepris<\/td><td class=\"has-text-align-center\" data-align=\"center\">157 \u00f8re<\/td><td class=\"has-text-align-center\" data-align=\"center\">374 \u00f8re<\/td><td class=\"has-text-align-center\" data-align=\"center\">25. dec. fra 18 til 19<\/td><\/tr><tr><td><em>Timepris i travleste time<\/em><\/td><td class=\"has-text-align-center\" data-align=\"center\"><em>128 \u00f8re<\/em><\/td><td class=\"has-text-align-center\" data-align=\"center\"><em>271 \u00f8re<\/em><\/td><td class=\"has-text-align-center\" data-align=\"center\"><em>24. dec. fra 16 til 17<\/em><\/td><\/tr><tr><td><strong>Gennemsnitspriser<\/strong><\/td><td class=\"has-text-align-center\" data-align=\"center\"><\/td><td class=\"has-text-align-center\" data-align=\"center\"><\/td><td class=\"has-text-align-center\" data-align=\"center\"><\/td><\/tr><tr><td>24. december<\/td><td class=\"has-text-align-center\" data-align=\"center\">121 \u00f8re<\/td><td class=\"has-text-align-center\" data-align=\"center\">271 \u00f8re<\/td><td class=\"has-text-align-center\" data-align=\"center\"><\/td><\/tr><tr><td>25. december<\/td><td class=\"has-text-align-center\" data-align=\"center\">133 \u00f8re<\/td><td class=\"has-text-align-center\" data-align=\"center\">282 \u00f8re<\/td><td class=\"has-text-align-center\" data-align=\"center\"><\/td><\/tr><tr><td>26. december<\/td><td class=\"has-text-align-center\" data-align=\"center\">127 \u00f8re<\/td><td class=\"has-text-align-center\" data-align=\"center\">277 \u00f8re<\/td><td class=\"has-text-align-center\" data-align=\"center\"><\/td><\/tr><tr><td><em>Hele julen (24. til 26. dec.)<\/em><\/td><td class=\"has-text-align-center\" data-align=\"center\"><em>127 \u00f8re<\/em><\/td><td class=\"has-text-align-center\" data-align=\"center\"><em>277 \u00f8re<\/em><\/td><td class=\"has-text-align-center\" data-align=\"center\"><\/td><\/tr><\/tbody><\/table><\/figure>\n\n\n  \n      <\/div>\n  \n<\/section>\n<section\n  class=\"core-block core-block--paragraph   block\"\n   id=paragraph-24\n  \n  \n>\n      <div class=\"inner inner--prose\">\n  \n  \n  \n<p><em>* = alle priser er per kilowatt-time og bygger p\u00e5 prognoser, der kan \u00e6ndre sig l\u00f8bende.\u00a0<br>De viste priser er DK2-priser. <a href=\"https:\/\/andelenergi.dk\/el\/timepris\/\">Se de aktuelle priser for hele landet<\/a>.<\/em><\/p>\n\n\n  \n      <\/div>\n  \n<\/section>\n","protected":false},"excerpt":{"rendered":"Julens elpriser kommer til at svinge mellem ca. 98 og 157 \u00f8re per kilowatt-time f\u00f8r skatter og afgifter. Det viser en prognose fra Andel Energi. Gennemsnitsprisen i juledagene forventes at blive ca. 127 \u00f8re. Sidste \u00e5r var julens gennemsnitspris ca. 107 \u00f8re per kilowatt-time.","protected":false},"author":14,"featured_media":46082,"parent":60208,"menu_order":11,"comment_status":"closed","ping_status":"closed","template":"","meta":{"_acf_changed":false,"footnotes":""},"categories":[7850],"class_list":["post-261236","page","type-page","status-publish","has-post-thumbnail","hentry","category-pressemeddelelse"],"acf":[],"yoast_head":"<!-- This site is optimized with the Yoast SEO Premium plugin v20.7 (Yoast SEO v20.13) - https:\/\/yoast.com\/wordpress\/plugins\/seo\/ -->\n<title>H\u00f8je elpriser i julen | andelenergi.dk<\/title>\n<meta name=\"description\" content=\"Julens elpriser kommer til at svinge mellem ca. 98 og 157 \u00f8re per kilowatt-time f\u00f8r skatter og afgifter. Det viser en prognose fra Andel Energi.\" \/>\n<meta name=\"robots\" content=\"index, follow, max-snippet:-1, max-image-preview:large, max-video-preview:-1\" \/>\n<link rel=\"canonical\" href=\"https:\/\/andelenergi.dk\/om-os\/nyheder-og-presse\/hoeje-elpriser-i-julen\/\" \/>\n<meta property=\"og:locale\" content=\"da_DK\" \/>\n<meta property=\"og:type\" content=\"article\" \/>\n<meta property=\"og:title\" content=\"H\u00f8je elpriser i julen\" \/>\n<meta property=\"og:description\" content=\"Julens elpriser kommer til at svinge mellem ca. 98 og 157 \u00f8re per kilowatt-time f\u00f8r skatter og afgifter. Det viser en prognose fra Andel Energi.\" \/>\n<meta property=\"og:url\" content=\"https:\/\/andelenergi.dk\/om-os\/nyheder-og-presse\/hoeje-elpriser-i-julen\/\" \/>\n<meta property=\"og:site_name\" content=\"andelenergi.dk\" \/>\n<meta property=\"article:publisher\" content=\"https:\/\/www.facebook.com\/andelenergi\" \/>\n<meta property=\"article:modified_time\" content=\"2025-12-23T06:56:34+00:00\" \/>\n<meta property=\"og:image\" content=\"https:\/\/andelenergi.dk\/app\/uploads\/2022\/01\/AndelEnergi-727.jpg\" \/>\n\t<meta property=\"og:image:width\" content=\"1536\" \/>\n\t<meta property=\"og:image:height\" content=\"1024\" \/>\n\t<meta property=\"og:image:type\" content=\"image\/jpeg\" \/>\n<meta name=\"twitter:card\" content=\"summary_large_image\" \/>\n<meta name=\"twitter:label1\" content=\"Est. reading time\" \/>\n\t<meta name=\"twitter:data1\" content=\"4 minutes\" \/>\n<script type=\"application\/ld+json\" class=\"yoast-schema-graph\">{\"@context\":\"https:\/\/schema.org\",\"@graph\":[{\"@type\":\"WebPage\",\"@id\":\"https:\/\/andelenergi.dk\/om-os\/nyheder-og-presse\/hoeje-elpriser-i-julen\/\",\"url\":\"https:\/\/andelenergi.dk\/om-os\/nyheder-og-presse\/hoeje-elpriser-i-julen\/\",\"name\":\"H\u00f8je elpriser i julen | andelenergi.dk\",\"isPartOf\":{\"@id\":\"https:\/\/andelenergi.dk\/#website\"},\"datePublished\":\"2025-12-23T06:53:33+00:00\",\"dateModified\":\"2025-12-23T06:56:34+00:00\",\"description\":\"Julens elpriser kommer til at svinge mellem ca. 98 og 157 \u00f8re per kilowatt-time f\u00f8r skatter og afgifter. Det viser en prognose fra Andel Energi.\",\"breadcrumb\":{\"@id\":\"https:\/\/andelenergi.dk\/om-os\/nyheder-og-presse\/hoeje-elpriser-i-julen\/#breadcrumb\"},\"inLanguage\":\"da-DK\",\"potentialAction\":[{\"@type\":\"ReadAction\",\"target\":[\"https:\/\/andelenergi.dk\/om-os\/nyheder-og-presse\/hoeje-elpriser-i-julen\/\"]}]},{\"@type\":\"BreadcrumbList\",\"@id\":\"https:\/\/andelenergi.dk\/om-os\/nyheder-og-presse\/hoeje-elpriser-i-julen\/#breadcrumb\",\"itemListElement\":[{\"@type\":\"ListItem\",\"position\":1,\"name\":\"Home\",\"item\":\"https:\/\/andelenergi.dk\/\"},{\"@type\":\"ListItem\",\"position\":2,\"name\":\"Om os &#8211; Andel Energi\",\"item\":\"https:\/\/andelenergi.dk\/om-os\/\"},{\"@type\":\"ListItem\",\"position\":3,\"name\":\"Nyheder og presse\",\"item\":\"https:\/\/andelenergi.dk\/om-os\/nyheder-og-presse\/\"},{\"@type\":\"ListItem\",\"position\":4,\"name\":\"H\u00f8je elpriser i julen\"}]},{\"@type\":\"WebSite\",\"@id\":\"https:\/\/andelenergi.dk\/#website\",\"url\":\"https:\/\/andelenergi.dk\/\",\"name\":\"andelenergi.dk\",\"description\":\"k\u00f8b el og gas til skarp pris\",\"potentialAction\":[{\"@type\":\"SearchAction\",\"target\":{\"@type\":\"EntryPoint\",\"urlTemplate\":\"https:\/\/andelenergi.dk\/?s={search_term_string}\"},\"query-input\":\"required name=search_term_string\"}],\"inLanguage\":\"da-DK\"}]}<\/script>\n<!-- \/ Yoast SEO Premium plugin. -->","yoast_head_json":{"title":"H\u00f8je elpriser i julen | andelenergi.dk","description":"Julens elpriser kommer til at svinge mellem ca. 98 og 157 \u00f8re per kilowatt-time f\u00f8r skatter og afgifter. Det viser en prognose fra Andel Energi.","robots":{"index":"index","follow":"follow","max-snippet":"max-snippet:-1","max-image-preview":"max-image-preview:large","max-video-preview":"max-video-preview:-1"},"canonical":"https:\/\/andelenergi.dk\/om-os\/nyheder-og-presse\/hoeje-elpriser-i-julen\/","og_locale":"da_DK","og_type":"article","og_title":"H\u00f8je elpriser i julen","og_description":"Julens elpriser kommer til at svinge mellem ca. 98 og 157 \u00f8re per kilowatt-time f\u00f8r skatter og afgifter. Det viser en prognose fra Andel Energi.","og_url":"https:\/\/andelenergi.dk\/om-os\/nyheder-og-presse\/hoeje-elpriser-i-julen\/","og_site_name":"andelenergi.dk","article_publisher":"https:\/\/www.facebook.com\/andelenergi","article_modified_time":"2025-12-23T06:56:34+00:00","og_image":[{"width":1536,"height":1024,"url":"https:\/\/andelenergi.dk\/app\/uploads\/2022\/01\/AndelEnergi-727.jpg","type":"image\/jpeg"}],"twitter_card":"summary_large_image","twitter_misc":{"Est. reading time":"4 minutes"},"schema":{"@context":"https:\/\/schema.org","@graph":[{"@type":"WebPage","@id":"https:\/\/andelenergi.dk\/om-os\/nyheder-og-presse\/hoeje-elpriser-i-julen\/","url":"https:\/\/andelenergi.dk\/om-os\/nyheder-og-presse\/hoeje-elpriser-i-julen\/","name":"H\u00f8je elpriser i julen | andelenergi.dk","isPartOf":{"@id":"https:\/\/andelenergi.dk\/#website"},"datePublished":"2025-12-23T06:53:33+00:00","dateModified":"2025-12-23T06:56:34+00:00","description":"Julens elpriser kommer til at svinge mellem ca. 98 og 157 \u00f8re per kilowatt-time f\u00f8r skatter og afgifter. Det viser en prognose fra Andel Energi.","breadcrumb":{"@id":"https:\/\/andelenergi.dk\/om-os\/nyheder-og-presse\/hoeje-elpriser-i-julen\/#breadcrumb"},"inLanguage":"da-DK","potentialAction":[{"@type":"ReadAction","target":["https:\/\/andelenergi.dk\/om-os\/nyheder-og-presse\/hoeje-elpriser-i-julen\/"]}]},{"@type":"BreadcrumbList","@id":"https:\/\/andelenergi.dk\/om-os\/nyheder-og-presse\/hoeje-elpriser-i-julen\/#breadcrumb","itemListElement":[{"@type":"ListItem","position":1,"name":"Home","item":"https:\/\/andelenergi.dk\/"},{"@type":"ListItem","position":2,"name":"Om os &#8211; Andel Energi","item":"https:\/\/andelenergi.dk\/om-os\/"},{"@type":"ListItem","position":3,"name":"Nyheder og presse","item":"https:\/\/andelenergi.dk\/om-os\/nyheder-og-presse\/"},{"@type":"ListItem","position":4,"name":"H\u00f8je elpriser i julen"}]},{"@type":"WebSite","@id":"https:\/\/andelenergi.dk\/#website","url":"https:\/\/andelenergi.dk\/","name":"andelenergi.dk","description":"k\u00f8b el og gas til skarp pris","potentialAction":[{"@type":"SearchAction","target":{"@type":"EntryPoint","urlTemplate":"https:\/\/andelenergi.dk\/?s={search_term_string}"},"query-input":"required name=search_term_string"}],"inLanguage":"da-DK"}]}},"_links":{"self":[{"href":"https:\/\/andelenergi.dk\/api\/wp\/v2\/pages\/261236","targetHints":{"allow":["GET"]}}],"collection":[{"href":"https:\/\/andelenergi.dk\/api\/wp\/v2\/pages"}],"about":[{"href":"https:\/\/andelenergi.dk\/api\/wp\/v2\/types\/page"}],"author":[{"embeddable":true,"href":"https:\/\/andelenergi.dk\/api\/wp\/v2\/users\/14"}],"replies":[{"embeddable":true,"href":"https:\/\/andelenergi.dk\/api\/wp\/v2\/comments?post=261236"}],"version-history":[{"count":2,"href":"https:\/\/andelenergi.dk\/api\/wp\/v2\/pages\/261236\/revisions"}],"predecessor-version":[{"id":261244,"href":"https:\/\/andelenergi.dk\/api\/wp\/v2\/pages\/261236\/revisions\/261244"}],"up":[{"embeddable":true,"href":"https:\/\/andelenergi.dk\/api\/wp\/v2\/pages\/60208"}],"wp:featuredmedia":[{"embeddable":true,"href":"https:\/\/andelenergi.dk\/api\/wp\/v2\/media\/46082"}],"wp:attachment":[{"href":"https:\/\/andelenergi.dk\/api\/wp\/v2\/media?parent=261236"}],"wp:term":[{"taxonomy":"category","embeddable":true,"href":"https:\/\/andelenergi.dk\/api\/wp\/v2\/categories?post=261236"}],"curies":[{"name":"wp","href":"https:\/\/api.w.org\/{rel}","templated":true}]}}