{"id":214143,"date":"2025-03-17T15:46:30","date_gmt":"2025-03-17T15:46:30","guid":{"rendered":"https:\/\/andelenergi.dk\/generelt\/inflationsregulering\/"},"modified":"2026-03-16T16:14:18","modified_gmt":"2026-03-16T16:14:18","slug":"inflationsregulering","status":"publish","type":"page","link":"https:\/\/andelenergi.dk\/generelt\/inflationsregulering\/","title":{"rendered":"inflationsregulering"},"content":{"rendered":"<section\n  class=\"acf-block acf-block--product-hero   block\"\n   id=product-hero-1\n  \n  \n>\n      <div class=\"inner inner--full\">\n  \n  \n  <div\n  class=\"inner--px-remove--full anchor-center relative box-border\"\n>\n\n  <\/div>\n\n\n  \n      <\/div>\n  \n<\/section>\n<section\n  class=\"acf-block acf-block--product-hero text-black mb-12 lg:mb-14  block\"\n   id=product-hero-3\n  \n  \n>\n      <div class=\"inner inner--full\">\n  \n  \n  <div\n  class=\"inner--px-remove--full anchor-center relative box-border\"\n>\n\n      <div x-data=\"PreserveUtmParameters\">\n  \n  <div class=\"product-hero-bg-mobile relative block sm:hidden\">\n    <div class=\"relative\">\n      \n      \n                  <picture> <img decoding=\"async\" src=\"https:\/\/andelenergi.dk\/app\/uploads\/2023\/02\/Andel-energi_Brandbilleder-072-600x400.jpg\" alt=\"\" class=\"w-full h-full object-cover\" style=\"object-position:50.00% 50.00%;\" loading=\"lazy\"><\/picture>\n                  <\/div>\n\n    <div>\n              <div class=\"mt-6\">\n      \n      <div class=\"inner inner--prose mb-6 sm:mb-0\">\n                  <h1 class=\"text-2xl\">Tilpasning af priser i 2026<\/h1>\n        \n                  <div class=\"wysiwyg mt-4\">\n            <p>Inflation medf\u00f8rer desv\u00e6rre \u00f8gede omkostninger for alle \u2013 ogs\u00e5 for Andel Energi. Derfor gennemg\u00e5r Andel Energi priser og gebyrer \u00e9n gang om \u00e5ret og tilpasser dem efter behov \u2013 i den udstr\u00e6kning vilk\u00e5rene for el og gas giver mulighed for.<\/p>\n\n          <\/div>\n        \n              <\/div>\n\n          <\/div>\n      <\/div>\n<\/div>\n\n\n  <div\n    class=\"product-hero-bg-desktop aspect-ratio-hero-large relative hidden items-center px-6 py-6 sm:flex md:px-12 md:py-12 lg:px-16 xl:py-16\"\n  >\n  \n\n\n      <picture><source media=\"(min-width:1024px)\" srcset=\"https:\/\/andelenergi.dk\/app\/uploads\/2023\/02\/Andel-energi_Brandbilleder-072-1600x686.jpg\"><source media=\"(min-width:600px)\" srcset=\"https:\/\/andelenergi.dk\/app\/uploads\/2023\/02\/Andel-energi_Brandbilleder-072-1144x490.jpg\"> <img decoding=\"async\" src=\"https:\/\/andelenergi.dk\/app\/uploads\/2023\/02\/Andel-energi_Brandbilleder-072-600x400.jpg\" alt=\"\" class=\"absolute left-0 top-0 w-full h-full object-cover\" style=\"object-position:50.00% 50.00%;\" loading=\"lazy\"><\/picture>\n  \n    <div class=\"relative z-10 w-[55%] md:w-[45%] xl:w-[40%]\">\n\n<div class=\"z-20 w-full bg-off-white p-6 md:p-8 lg:p-12\">\n      <h1 class=\"text-2xl\">Tilpasning af priser i 2026<\/h1>\n  \n      <div class=\"wysiwyg mt-4\">\n      <p>Inflation medf\u00f8rer desv\u00e6rre \u00f8gede omkostninger for alle \u2013 ogs\u00e5 for Andel Energi. Derfor gennemg\u00e5r Andel Energi priser og gebyrer \u00e9n gang om \u00e5ret og tilpasser dem efter behov \u2013 i den udstr\u00e6kning vilk\u00e5rene for el og gas giver mulighed for.<\/p>\n\n    <\/div>\n  \n  <\/div>\n<\/div>\n<\/div>\n<\/div>\n  <\/div>\n\n\n  \n      <\/div>\n  \n<\/section>\n<section\n  class=\"core-block core-block--paragraph   block\"\n   id=paragraph-5\n  \n  \n>\n      <div class=\"inner inner--prose\">\n  \n  \n  \n<p>(Opdateret: Marts 2026)<\/p>\n\n\n  \n      <\/div>\n  \n<\/section>\n<section\n  class=\"core-block core-block--paragraph   block\"\n   id=paragraph-6\n  \n  \n>\n      <div class=\"inner inner--prose\">\n  \n  \n  \n<p>Det er nu et \u00e5r siden, Andel Energi sidst tilpassede priser og gebyrer. P\u00e5 grund af \u00f8gede omkostninger tilpasser Andel Energi derfor abonnement og pristill\u00e6g her i 2026. Tilpasningen svarer til den gennemsnitlige inflation i 2025 baseret p\u00e5 Danmarks Statistiks forbrugerprisindeks (PRIS9), dvs. 1,9 %.<\/p>\n\n\n  \n      <\/div>\n  \n<\/section>\n<section\n  class=\"core-block core-block--paragraph   block\"\n   id=paragraph-7\n  \n  \n>\n      <div class=\"inner inner--prose\">\n  \n  \n  \n<p>De nye priser g\u00e6lder, hvis man har bestilt en elaftale hos Andel Energi 1. marts 2026 eller derefter. <a href=\"https:\/\/andelenergi.dk\/el\/\">Se mere her<\/a><\/p>\n\n\n  \n      <\/div>\n  \n<\/section>\n<section\n  class=\"core-block core-block--heading   block\"\n   id=heading-8\n  \n  \n>\n      <div class=\"inner inner--prose\">\n  \n  \n  \n<h5 class=\"wp-block-heading\" id=\"h-eksisterende-kunder-far-besked-inden-1-maj-2026\">Eksisterende kunder f\u00e5r besked inden 1. maj 2026<\/h5>\n\n\n  \n      <\/div>\n  \n<\/section>\n<section\n  class=\"core-block core-block--paragraph   block\"\n   id=paragraph-9\n  \n  \n>\n      <div class=\"inner inner--prose\">\n  \n  \n  \n<p>For eksisterende kunder hos Andel Energi tr\u00e6der de nye priser i kraft 1. august 2026. Alle eksisterende kunder, der bliver ber\u00f8rt af prisstigningerne, f\u00e5r derfor besked i e-Boks, p\u00e5 mail eller brev inden 1. maj 2026.<\/p>\n\n\n  \n      <\/div>\n  \n<\/section>\n<section\n  class=\"core-block core-block--paragraph   block\"\n   id=paragraph-10\n  \n  \n>\n      <div class=\"inner inner--prose\">\n  \n  \n  \n<p>Ikke alle kunder bliver ber\u00f8rt p\u00e5 samme m\u00e5de, da kundens aftaletype har betydning for, hvordan og meget kunden bliver ber\u00f8rt af prisstigningerne.<\/p>\n\n\n  \n      <\/div>\n  \n<\/section>\n<section\n  class=\"core-block core-block--paragraph   block\"\n   id=paragraph-11\n  \n  \n>\n      <div class=\"inner inner--prose\">\n  \n  \n  \n<p>Pristilpasning:<\/p>\n\n\n  \n      <\/div>\n  \n<\/section>\n<section\n  class=\"core-block core-block--list   block\"\n   id=list-12\n  \n  \n>\n      <div class=\"inner inner--prose\">\n  \n  \n  \n<ul class=\"wp-block-list\">\n<li>Det m\u00e5nedlige abonnement stiger fra 19 kr. til 20 kr.<\/li>\n\n\n\n<li>D\u00e6kningsbidrag i pristill\u00e6g for FlexEnergi og M\u00e5nedsEnergi stiger fra 0,1147 til 0,1168 kr.\/kWh.<\/li>\n\n\n\n<li>D\u00e6kningsbidrag i pristill\u00e6g for M\u00e5nedsGas stiger fra 0,4039 til 0,4115 kr. pr. kubikmeter.<\/li>\n<\/ul>\n\n\n  \n      <\/div>\n  \n<\/section>\n<section\n  class=\"core-block core-block--paragraph   block\"\n   id=paragraph-16\n  \n  \n>\n      <div class=\"inner inner--prose\">\n  \n  \n  \n<p>For en FlexEnergi- og M\u00e5nedsEnergi-kunde med et \u00e5rligt elforbrug p\u00e5 f.eks. 4.000 kWh betyder det en \u00e5rlig merudgift p\u00e5 ca. 21 kr. For en M\u00e5nedsGas-kunde med et \u00e5rligt gasforbrug p\u00e5 f.eks. 1.500 kubikmeter betyder det en \u00e5rlig merudgift p\u00e5 ca. 24 kr. <\/p>\n\n\n  \n      <\/div>\n  \n<\/section>\n<section\n  class=\"core-block core-block--paragraph   block\"\n   id=paragraph-17\n  \n  \n>\n      <div class=\"inner inner--prose\">\n  \n  \n  \n<p>I l\u00f8bet af marts og april 2026 f\u00e5r eksisterende kunder besked om stigningerne i e-Boks, p\u00e5 mail eller brev.<\/p>\n\n\n  \n      <\/div>\n  \n<\/section>\n<section\n  class=\"acf-block acf-block--icon-teaser has-background text-black mt-12 lg:mt-14 mb-12 lg:mb-14  block\"\n   id=icon-teaser-18\n  \n  \n>\n      <div class=\"inner inner--prose\">\n  \n      <div\n      class=\"inner-bg bg-sky-100 px-4 sm:px-6 lg:px-8 py-6 lg:py-8\"\n      \n    >\n  \n  <div\n  class=\"icon-teaser  relative flex h-full flex-col\"\n  >\n  <div class=\"flex flex-auto flex-col\">\n    \n    <div class=\"flex-none\">\n      \n      <h2 class=\"break-word mb-4 text-lg\">Vilk\u00e5r for aftaler hos Andel Energi<\/h2>\n    <\/div>\n\n          <div class=\"wysiwyg mb-4\">\n        <p>Her kan du finde Andel Energis vilk\u00e5r for el og gas &#8211; og l\u00e6se mere om, i hvilke situationer Andel Energi kan \u00e6ndre priser, gebyrer og andre vilk\u00e5r.<\/p>\n\n      <\/div>\n      <\/div>\n\n      <div class=\"flex-none\">\n      <a\n        x-data=\"partialsButton({&quot;buttonSize&quot;:&quot;big&quot;,&quot;buttonColor&quot;:&quot;black&quot;,&quot;buttonLayout&quot;:&quot;secondary&quot;,&quot;buttonCssClass&quot;:&quot;&quot;,&quot;buttonAccordionAccordion&quot;:null,&quot;buttonLink&quot;:{&quot;title&quot;:&quot;Se vilk\\u00e5r&quot;,&quot;url&quot;:&quot;https:\\\/\\\/andelenergi.dk\\\/generelt\\\/dine-vilkaar\\\/&quot;,&quot;target&quot;:&quot;&quot;},&quot;buttonColorTertiary&quot;:&quot;sky-500&quot;,&quot;buttonAccordionEndAccordion&quot;:null})\"\n        x-ref=\"partialsButton\"\n        href=\"https:\/\/andelenergi.dk\/generelt\/dine-vilkaar\/\"\n        target=\"\"\n        role=\"button\"\n        class=\"text-body-xs py-4 px-6 text-black border border-black hover:text-white hover:bg-black active:text-black active:bg-transparent disabled:text-gray-500 disabled:border-gray-500   group inline-block leading-none transition-colors duration-300 ease-in-out\"\n        >\n        \n        Se vilk\u00e5r\n\n            <\/a>\n    <\/div>\n  \n  <\/div>\n\n\n      <\/div>\n  \n      <\/div>\n  \n<\/section>\n<section\n  class=\"core-block core-block--heading   block\"\n   id=heading-20\n  \n  \n>\n      <div class=\"inner inner--prose\">\n  \n  \n  \n<h5 class=\"wp-block-heading\" id=\"h-sporgsmal\">Sp\u00f8rgsm\u00e5l?<\/h5>\n\n\n  \n      <\/div>\n  \n<\/section>\n<section\n  class=\"core-block core-block--paragraph   block\"\n   id=paragraph-21\n  \n  \n>\n      <div class=\"inner inner--prose\">\n  \n  \n  \n<p>Kontakt kundeservice p\u00e5 70 29 29 29. Vores telefoner er \u00e5bne mandag til fredag 8.30-16.00<\/p>\n\n\n  \n      <\/div>\n  \n<\/section>\n","protected":false},"excerpt":{"rendered":"(Opdateret: Marts 2026) Det er nu et \u00e5r siden, Andel Energi sidst tilpassede priser og gebyrer. P\u00e5 grund af \u00f8gede omkostninger tilpasser Andel Energi derfor abonnement og pristill\u00e6g her i 2026. Tilpasningen svarer til den gennemsnitlige inflation i 2025 baseret p\u00e5 Danmarks Statistiks forbrugerprisindeks (PRIS9), dvs. 1,9 %. De nye priser g\u00e6lder, hvis man har &hellip; <a href=\"https:\/\/andelenergi.dk\/generelt\/inflationsregulering\/\">Continued<\/a>","protected":false},"author":56,"featured_media":0,"parent":42488,"menu_order":60,"comment_status":"closed","ping_status":"closed","template":"","meta":{"_acf_changed":false,"footnotes":""},"categories":[],"class_list":["post-214143","page","type-page","status-publish","hentry"],"acf":[],"yoast_head":"<!-- This site is optimized with the Yoast SEO Premium plugin v20.7 (Yoast SEO v20.13) - https:\/\/yoast.com\/wordpress\/plugins\/seo\/ -->\n<title>Inflationsregulering | andelenergi.dk<\/title>\n<meta name=\"description\" content=\"\u00c9n gang om \u00e5ret gennemg\u00e5r Andel Energi priser og gebyrer - og tilpasser dem efter behov i den udstr\u00e6kning vilk\u00e5rene giver mulighed for.\" \/>\n<meta name=\"robots\" content=\"index, follow, max-snippet:-1, max-image-preview:large, max-video-preview:-1\" \/>\n<link rel=\"canonical\" href=\"https:\/\/andelenergi.dk\/generelt\/inflationsregulering\/\" \/>\n<meta property=\"og:locale\" content=\"da_DK\" \/>\n<meta property=\"og:type\" content=\"article\" \/>\n<meta property=\"og:title\" content=\"inflationsregulering\" \/>\n<meta property=\"og:description\" content=\"\u00c9n gang om \u00e5ret gennemg\u00e5r Andel Energi priser og gebyrer - og tilpasser dem efter behov i den udstr\u00e6kning vilk\u00e5rene giver mulighed for.\" \/>\n<meta property=\"og:url\" content=\"https:\/\/andelenergi.dk\/generelt\/inflationsregulering\/\" \/>\n<meta property=\"og:site_name\" content=\"andelenergi.dk\" \/>\n<meta property=\"article:publisher\" content=\"https:\/\/www.facebook.com\/andelenergi\" \/>\n<meta property=\"article:modified_time\" content=\"2026-03-16T16:14:18+00:00\" \/>\n<meta name=\"twitter:card\" content=\"summary_large_image\" \/>\n<meta name=\"twitter:label1\" content=\"Est. reading time\" \/>\n\t<meta name=\"twitter:data1\" content=\"2 minutes\" \/>\n<script type=\"application\/ld+json\" class=\"yoast-schema-graph\">{\"@context\":\"https:\/\/schema.org\",\"@graph\":[{\"@type\":\"WebPage\",\"@id\":\"https:\/\/andelenergi.dk\/generelt\/inflationsregulering\/\",\"url\":\"https:\/\/andelenergi.dk\/generelt\/inflationsregulering\/\",\"name\":\"Inflationsregulering | andelenergi.dk\",\"isPartOf\":{\"@id\":\"https:\/\/andelenergi.dk\/#website\"},\"datePublished\":\"2025-03-17T15:46:30+00:00\",\"dateModified\":\"2026-03-16T16:14:18+00:00\",\"description\":\"\u00c9n gang om \u00e5ret gennemg\u00e5r Andel Energi priser og gebyrer - og tilpasser dem efter behov i den udstr\u00e6kning vilk\u00e5rene giver mulighed for.\",\"breadcrumb\":{\"@id\":\"https:\/\/andelenergi.dk\/generelt\/inflationsregulering\/#breadcrumb\"},\"inLanguage\":\"da-DK\",\"potentialAction\":[{\"@type\":\"ReadAction\",\"target\":[\"https:\/\/andelenergi.dk\/generelt\/inflationsregulering\/\"]}]},{\"@type\":\"BreadcrumbList\",\"@id\":\"https:\/\/andelenergi.dk\/generelt\/inflationsregulering\/#breadcrumb\",\"itemListElement\":[{\"@type\":\"ListItem\",\"position\":1,\"name\":\"Home\",\"item\":\"https:\/\/andelenergi.dk\/\"},{\"@type\":\"ListItem\",\"position\":2,\"name\":\"Generelt\",\"item\":\"https:\/\/andelenergi.dk\/generelt\/\"},{\"@type\":\"ListItem\",\"position\":3,\"name\":\"inflationsregulering\"}]},{\"@type\":\"WebSite\",\"@id\":\"https:\/\/andelenergi.dk\/#website\",\"url\":\"https:\/\/andelenergi.dk\/\",\"name\":\"andelenergi.dk\",\"description\":\"k\u00f8b el og gas til skarp pris\",\"potentialAction\":[{\"@type\":\"SearchAction\",\"target\":{\"@type\":\"EntryPoint\",\"urlTemplate\":\"https:\/\/andelenergi.dk\/?s={search_term_string}\"},\"query-input\":\"required name=search_term_string\"}],\"inLanguage\":\"da-DK\"}]}<\/script>\n<!-- \/ Yoast SEO Premium plugin. -->","yoast_head_json":{"title":"Inflationsregulering | andelenergi.dk","description":"\u00c9n gang om \u00e5ret gennemg\u00e5r Andel Energi priser og gebyrer - og tilpasser dem efter behov i den udstr\u00e6kning vilk\u00e5rene giver mulighed for.","robots":{"index":"index","follow":"follow","max-snippet":"max-snippet:-1","max-image-preview":"max-image-preview:large","max-video-preview":"max-video-preview:-1"},"canonical":"https:\/\/andelenergi.dk\/generelt\/inflationsregulering\/","og_locale":"da_DK","og_type":"article","og_title":"inflationsregulering","og_description":"\u00c9n gang om \u00e5ret gennemg\u00e5r Andel Energi priser og gebyrer - og tilpasser dem efter behov i den udstr\u00e6kning vilk\u00e5rene giver mulighed for.","og_url":"https:\/\/andelenergi.dk\/generelt\/inflationsregulering\/","og_site_name":"andelenergi.dk","article_publisher":"https:\/\/www.facebook.com\/andelenergi","article_modified_time":"2026-03-16T16:14:18+00:00","twitter_card":"summary_large_image","twitter_misc":{"Est. reading time":"2 minutes"},"schema":{"@context":"https:\/\/schema.org","@graph":[{"@type":"WebPage","@id":"https:\/\/andelenergi.dk\/generelt\/inflationsregulering\/","url":"https:\/\/andelenergi.dk\/generelt\/inflationsregulering\/","name":"Inflationsregulering | andelenergi.dk","isPartOf":{"@id":"https:\/\/andelenergi.dk\/#website"},"datePublished":"2025-03-17T15:46:30+00:00","dateModified":"2026-03-16T16:14:18+00:00","description":"\u00c9n gang om \u00e5ret gennemg\u00e5r Andel Energi priser og gebyrer - og tilpasser dem efter behov i den udstr\u00e6kning vilk\u00e5rene giver mulighed for.","breadcrumb":{"@id":"https:\/\/andelenergi.dk\/generelt\/inflationsregulering\/#breadcrumb"},"inLanguage":"da-DK","potentialAction":[{"@type":"ReadAction","target":["https:\/\/andelenergi.dk\/generelt\/inflationsregulering\/"]}]},{"@type":"BreadcrumbList","@id":"https:\/\/andelenergi.dk\/generelt\/inflationsregulering\/#breadcrumb","itemListElement":[{"@type":"ListItem","position":1,"name":"Home","item":"https:\/\/andelenergi.dk\/"},{"@type":"ListItem","position":2,"name":"Generelt","item":"https:\/\/andelenergi.dk\/generelt\/"},{"@type":"ListItem","position":3,"name":"inflationsregulering"}]},{"@type":"WebSite","@id":"https:\/\/andelenergi.dk\/#website","url":"https:\/\/andelenergi.dk\/","name":"andelenergi.dk","description":"k\u00f8b el og gas til skarp pris","potentialAction":[{"@type":"SearchAction","target":{"@type":"EntryPoint","urlTemplate":"https:\/\/andelenergi.dk\/?s={search_term_string}"},"query-input":"required name=search_term_string"}],"inLanguage":"da-DK"}]}},"_links":{"self":[{"href":"https:\/\/andelenergi.dk\/api\/wp\/v2\/pages\/214143","targetHints":{"allow":["GET"]}}],"collection":[{"href":"https:\/\/andelenergi.dk\/api\/wp\/v2\/pages"}],"about":[{"href":"https:\/\/andelenergi.dk\/api\/wp\/v2\/types\/page"}],"author":[{"embeddable":true,"href":"https:\/\/andelenergi.dk\/api\/wp\/v2\/users\/56"}],"replies":[{"embeddable":true,"href":"https:\/\/andelenergi.dk\/api\/wp\/v2\/comments?post=214143"}],"version-history":[{"count":3,"href":"https:\/\/andelenergi.dk\/api\/wp\/v2\/pages\/214143\/revisions"}],"predecessor-version":[{"id":276004,"href":"https:\/\/andelenergi.dk\/api\/wp\/v2\/pages\/214143\/revisions\/276004"}],"up":[{"embeddable":true,"href":"https:\/\/andelenergi.dk\/api\/wp\/v2\/pages\/42488"}],"wp:attachment":[{"href":"https:\/\/andelenergi.dk\/api\/wp\/v2\/media?parent=214143"}],"wp:term":[{"taxonomy":"category","embeddable":true,"href":"https:\/\/andelenergi.dk\/api\/wp\/v2\/categories?post=214143"}],"curies":[{"name":"wp","href":"https:\/\/api.w.org\/{rel}","templated":true}]}}