{"id":103294,"date":"2023-08-29T14:22:01","date_gmt":"2023-08-29T14:22:01","guid":{"rendered":"https:\/\/andelenergi.dk\/opladning\/kan-elbil-betale-sig\/"},"modified":"2024-07-31T09:54:04","modified_gmt":"2024-07-31T09:54:04","slug":"kan-elbil-betale-sig","status":"publish","type":"page","link":"https:\/\/andelenergi.dk\/opladning\/vaerd-at-vide\/kan-elbil-betale-sig\/","title":{"rendered":"kan elbil betale sig"},"content":{"rendered":"<section\n  class=\"core-block core-block--heading   block\"\n   id=heading-1\n  \n  \n>\n      <div class=\"inner inner--prose\">\n  \n  \n  \n<h1 class=\"wp-block-heading\">Kan elbil betale sig?<\/h1>\n\n\n  \n      <\/div>\n  \n<\/section>\n<section\n  class=\"core-block core-block--paragraph   block\"\n   id=paragraph-2\n  \n  \n>\n      <div class=\"inner inner--prose\">\n  \n  \n  \n<p>Skal du have ny bil, og er du i tvivl om, hvorvidt din kommende bil skal v\u00e6re en elbil eller en benzinbil? L\u00e6s med her p\u00e5 siden, s\u00e5 bliver din beslutning m\u00e5ske nemmere.<\/p>\n\n\n  \n      <\/div>\n  \n<\/section>\n<section\n  class=\"core-block core-block--paragraph   block\"\n   id=paragraph-3\n  \n  \n>\n      <div class=\"inner inner--prose\">\n  \n  \n  \n<p>Her p\u00e5 siden dykker vi ned i de vigtigste overvejelser, du b\u00f8r g\u00f8re dig, n\u00e5r du v\u00e6lger om du skal k\u00f8re p\u00e5 el eller br\u00e6ndstof. P\u00e5 den m\u00e5de kan du blive klogere p\u00e5, hvilken l\u00f8sning, der bedst kan betale sig for dig.&nbsp;<\/p>\n\n\n  \n      <\/div>\n  \n<\/section>\n<section\n  class=\"core-block core-block--heading   block\"\n   id=heading-4\n  \n  \n>\n      <div class=\"inner inner--prose\">\n  \n  \n  \n<h4 class=\"wp-block-heading\" id=\"h-el-eller-benzin-hvad-skal-din-bil-kore-pa\">El eller benzin? Hvad skal din bil k\u00f8re p\u00e5?<\/h4>\n\n\n  \n      <\/div>\n  \n<\/section>\n<section\n  class=\"core-block core-block--paragraph   block\"\n   id=paragraph-5\n  \n  \n>\n      <div class=\"inner inner--prose\">\n  \n  \n  \n<p>Der er flere faktorer, der er v\u00e6rd at overveje, n\u00e5r du skal have ny bil. Her p\u00e5 siden kan du blive klogere p\u00e5: <\/p>\n\n\n  \n      <\/div>\n  \n<\/section>\n<section\n  class=\"core-block core-block--list   block\"\n   id=list-6\n  \n  \n>\n      <div class=\"inner inner--prose\">\n  \n  \n  \n<ul>\n<li>EU-lovgivning<\/li>\n\n\n\n<li>K\u00f8bspris<\/li>\n\n\n\n<li>Driftsomkostninger<\/li>\n\n\n\n<li>Dine k\u00f8rselsvaner<\/li>\n\n\n\n<li>CO2-udledning<\/li>\n\n\n\n<li>Bilafgifter<\/li>\n<\/ul>\n\n\n  \n      <\/div>\n  \n<\/section>\n<section\n  class=\"core-block core-block--heading   block\"\n   id=heading-13\n  \n  \n>\n      <div class=\"inner inner--prose\">\n  \n  \n  \n<h4 class=\"wp-block-heading\">EU-lov: Elbiler skal erstatte benzinbiler fra 2035<\/h4>\n\n\n  \n      <\/div>\n  \n<\/section>\n<section\n  class=\"core-block core-block--paragraph   block\"\n   id=paragraph-14\n  \n  \n>\n      <div class=\"inner inner--prose\">\n  \n  \n  \n<p>N\u00e5r du skal v\u00e6lge mellem en benzinbil eller en elbil, s\u00e5 er det en god id\u00e9 at overveje EU-lovgivningen. Den har nemlig taget et markant skridt i retning af en gr\u00f8nnere fremtid. Fra 2035 vil det ikke l\u00e6ngere v\u00e6re muligt at k\u00f8be en ny bil med en forbr\u00e6ndingsmotor \u2013 alts\u00e5 en diesel- eller benzinbil. Det er et resultat af en lov, som EU-parlamentet vedtog i 2021. Loven er bare \u00e9t af de mange skridt p\u00e5 vejen mod m\u00e5let om et klimaneutralt EU i 2050.<\/p>\n\n\n  \n      <\/div>\n  \n<\/section>\n<section\n  class=\"core-block core-block--paragraph   block\"\n   id=paragraph-15\n  \n  \n>\n      <div class=\"inner inner--prose\">\n  \n  \n  \n<p>Men hvad betyder det for dig som bilist? Det betyder, at hvis du skal k\u00f8be en ny bil fra 2035, s\u00e5 skal det v\u00e6re en elbil. Du kan dog stadig k\u00f8re i din nuv\u00e6rende diesel- eller benzinbil, da loven ikke p\u00e5virker de biler, der allerede er p\u00e5 vejene. Du kan ogs\u00e5 stadig k\u00f8be og s\u00e6lge brugte diesel- og benzinbiler efter 2035 \u2013 du kan bare ikke k\u00f8be en splinterny af slagsen.<\/p>\n\n\n  \n      <\/div>\n  \n<\/section>\n<section\n  class=\"acf-block acf-block--image mt-12 lg:mt-14 mb-12 lg:mb-14  block\"\n   id=image-16\n  \n  \n>\n      <div class=\"inner inner--prose\">\n  \n  \n  <div class=\"image-wrapper relative \">\n  \n  <div class=\"\">\n    <picture> <img decoding=\"async\" src=\"https:\/\/andelenergi.dk\/app\/uploads\/2022\/01\/AndelEnergi-1044_crop-720x480.jpg\" alt=\"Elbil ladestander og ladeboks med el\" class=\"max-w-[100%] h-auto \" style=\"object-position:51.28% 30.46%;\" loading=\"lazy\"><\/picture>\n  <\/div>\n\n  \n  <\/div>\n\n\n  \n      <\/div>\n  \n<\/section>\n<section\n  class=\"core-block core-block--heading   block\"\n   id=heading-18\n  \n  \n>\n      <div class=\"inner inner--prose\">\n  \n  \n  \n<h4 class=\"wp-block-heading\" id=\"h-det-koster-det-at-anskaffe-elbil-og-en-benzinbil\">D\u00e9t koster det at anskaffe elbil og en benzinbil<\/h4>\n\n\n  \n      <\/div>\n  \n<\/section>\n<section\n  class=\"core-block core-block--paragraph   block\"\n   id=paragraph-19\n  \n  \n>\n      <div class=\"inner inner--prose\">\n  \n  \n  \n<p>N\u00e5r du skal finde ud af, om du skal v\u00e6lge en elbil eller en benzinbil, s\u00e5 er det oplagt at kigge p\u00e5 k\u00f8bsprisen som det f\u00f8rste. N\u00e5r du st\u00e5r nede hos din lokale bilforhandler, s\u00e5 kan det godt virke som om, at elbilen er den dyreste l\u00f8sning. Og det er rigtigt nok, at den gennemsnitlige anskaffelsespris for en elbil typisk er h\u00f8jere end for en benzinbil, men hvis du zoomer en anelse ud og ser p\u00e5 det st\u00f8rre billede, er det ikke n\u00f8dvendigvis s\u00e5dan det forholder sig.<\/p>\n\n\n  \n      <\/div>\n  \n<\/section>\n<section\n  class=\"core-block core-block--paragraph   block\"\n   id=paragraph-20\n  \n  \n>\n      <div class=\"inner inner--prose\">\n  \n  \n  \n<p>Elbiler er typisk dyrere at k\u00f8be, men de er ogs\u00e5 typisk billigere at eje. Hvis du har r\u00e5d til at l\u00e6gge en lidt st\u00f8rre sum hos bilforhandleren, kan en elbil derfor v\u00e6re et godt alternativ til benzinbilen. Og det er der flere \u00e5rsager til.<\/p>\n\n\n  \n      <\/div>\n  \n<\/section>\n<section\n  class=\"core-block core-block--paragraph   block\"\n   id=paragraph-21\n  \n  \n>\n      <div class=\"inner inner--prose\">\n  \n  \n  \n<p>Eksempelvis er br\u00e6ndstofomkostningerne for en elbil v\u00e6sentligt lavere end for en benzinbil, for det koster nemlig mere at tanke en benzinbil end at oplade en elbil. Og s\u00e5 er afgifterne forbundet med elbilen ogs\u00e5 typisk lavere. Der er alts\u00e5 en r\u00e6kke forskellige \u00f8konomiske fordele, som kan udligne den h\u00f8jere anskaffelsespris med tiden.<\/p>\n\n\n  \n      <\/div>\n  \n<\/section>\n<section\n  class=\"core-block core-block--heading   block\"\n   id=heading-22\n  \n  \n>\n      <div class=\"inner inner--prose\">\n  \n  \n  \n<h4 class=\"wp-block-heading\">Hvad koster det at k\u00f8re elbil og benzinbil?<\/h4>\n\n\n  \n      <\/div>\n  \n<\/section>\n<section\n  class=\"core-block core-block--paragraph   block\"\n   id=paragraph-23\n  \n  \n>\n      <div class=\"inner inner--prose\">\n  \n  \n  \n<p>N\u00e5r du skal v\u00e6lge mellem en elbil eller en benzinbil, s\u00e5 er det ikke kun k\u00f8bsprisen, der er vigtig at tage med i overvejelserne. Du skal ogs\u00e5 t\u00e6nke p\u00e5 driftsomkostningerne ved de to muligheder, og her er der nemlig markante forskelle mellem elbiler og benzinbiler.&nbsp;<\/p>\n\n\n  \n      <\/div>\n  \n<\/section>\n<section\n  class=\"core-block core-block--paragraph   block\"\n   id=paragraph-24\n  \n  \n>\n      <div class=\"inner inner--prose\">\n  \n  \n  \n<p>For en benzinbil er br\u00e6ndstofomkostningerne en af de st\u00f8rste udgifter. Det koster oftest langt mindre, at lade en elbil op. Og typisk f\u00e5r du ogs\u00e5 for\u00e6ret flere kilometer for pengene. Det kan kan give dig betydelige besparelser i det lange l\u00f8b \u2013 is\u00e6r hvis du k\u00f8rer mange kilometer.<\/p>\n\n\n  \n      <\/div>\n  \n<\/section>\n<section\n  class=\"core-block core-block--paragraph   block\"\n   id=paragraph-25\n  \n  \n>\n      <div class=\"inner inner--prose\">\n  \n  \n  \n<p>S\u00e5 selvom en elbil kan v\u00e6re dyrere at anskaffe end en benzinbil, s\u00e5 kan de lavere driftsomkostninger alts\u00e5 bidrage til, at det kan v\u00e6re en fornuftig beslutning at v\u00e6lge en elbil fremfor en benzinbil \u2013 set med de \u00f8konomiske briller.<\/p>\n\n\n  \n      <\/div>\n  \n<\/section>\n<section\n  class=\"core-block core-block--paragraph   block\"\n   id=paragraph-26\n  \n  \n>\n      <div class=\"inner inner--prose\">\n  \n  \n  \n<p>Ved du hvad du betaler for benzin? <a href=\"https:\/\/andelenergi.dk\/opladning\/#beregner\">S\u00e5 pr\u00f8v vores beregner og se, om der er penge at spare ved at f\u00e5 en ladel\u00f8sning fra os.<\/a><\/p>\n\n\n  \n      <\/div>\n  \n<\/section>\n<section\n  class=\"acf-block acf-block--article-list text-black mt-12 lg:mt-14 mb-12 lg:mb-14  block\"\n   id=article-list-27\n  \n  \n>\n      <div class=\"inner inner--prose\">\n  \n  \n  <div class=\"inner--px-remove\">\n    <div class=\"inner inner--prose\">\n      \n      <div\n        class=\"border-t\"\n        style=\"border-color: #1e1e1e33\"\n      >\n\n                  <a\n            href=\"https:\/\/andelenergi.dk\/opladning\/vaerd-at-vide\/hvad-koster-montering-af-ladeboks\/\"\n            target=\"\"\n            class=\"icon-teaser group flex h-full items-center border-b\"\n            style=\"border-color: #1e1e1e33\"\n          >\n\n            <div\n              class=\"flex flex-auto flex-col py-4 pr-8 leading-none transition-colors duration-300 ease-in-out md:flex-row md:py-8\"\n            >\n\n              \n              <div class=\"flex flex-auto flex-col justify-center space-y-2\">\n                                  <h5 class=\"text-lg\">Hvad koster en ladeboks?<\/h5>\n                \n                              <\/div>\n\n            <\/div>\n\n            <div class=\"flex-none\">\n              <svg xmlns=\"http:\/\/www.w3.org\/2000\/svg\" viewBox=\"0 0 7 12\" class=\"inline w-[11px] h-[11px] mr-1 group-hover:translate-x-1 transition-transform duration-200 ease-in-out\">\n    <path fill=\"currentColor\" d=\"M6.814 5.534L1.681.194a.617.617 0 0 0-.897 0L.186.815a.678.678 0 0 0-.001.932L4.253 6 .185 10.252a.678.678 0 0 0 0 .932l.6.623a.617.617 0 0 0 .896 0l5.133-5.34a.679.679 0 0 0 0-.933z\"\/>\n<\/svg>\n            <\/div>\n          <\/a>\n                  <a\n            href=\"https:\/\/andelenergi.dk\/opladning\/vaerd-at-vide\/kan-det-betale-sig-at-koebe-en-ladestander\/\"\n            target=\"\"\n            class=\"icon-teaser group flex h-full items-center border-b\"\n            style=\"border-color: #1e1e1e33\"\n          >\n\n            <div\n              class=\"flex flex-auto flex-col py-4 pr-8 leading-none transition-colors duration-300 ease-in-out md:flex-row md:py-8\"\n            >\n\n              \n              <div class=\"flex flex-auto flex-col justify-center space-y-2\">\n                                  <h5 class=\"text-lg\">Skal jeg k\u00f8be eller leje en ladeboks?<\/h5>\n                \n                              <\/div>\n\n            <\/div>\n\n            <div class=\"flex-none\">\n              <svg xmlns=\"http:\/\/www.w3.org\/2000\/svg\" viewBox=\"0 0 7 12\" class=\"inline w-[11px] h-[11px] mr-1 group-hover:translate-x-1 transition-transform duration-200 ease-in-out\">\n    <path fill=\"currentColor\" d=\"M6.814 5.534L1.681.194a.617.617 0 0 0-.897 0L.186.815a.678.678 0 0 0-.001.932L4.253 6 .185 10.252a.678.678 0 0 0 0 .932l.6.623a.617.617 0 0 0 .896 0l5.133-5.34a.679.679 0 0 0 0-.933z\"\/>\n<\/svg>\n            <\/div>\n          <\/a>\n              <\/div>\n    <\/div>\n  <\/div>\n\n\n  \n      <\/div>\n  \n<\/section>\n<section\n  class=\"core-block core-block--heading   block\"\n   id=heading-29\n  \n  \n>\n      <div class=\"inner inner--prose\">\n  \n  \n  \n<h4 class=\"wp-block-heading\">T\u00e6nk i nye baner, hvis du v\u00e6lger en elbil fremfor en benzinbil<\/h4>\n\n\n  \n      <\/div>\n  \n<\/section>\n<section\n  class=\"core-block core-block--paragraph   block\"\n   id=paragraph-30\n  \n  \n>\n      <div class=\"inner inner--prose\">\n  \n  \n  \n<p>Udover k\u00f8bsprisen og driftsomkostningerne s\u00e5 spiller dine k\u00f8rselsvaner ogs\u00e5 ind, n\u00e5r du skal v\u00e6lge mellem en elbil og en benzinbil. En elbil stiller nemlig helt nye krav til dig som bilist, og det er vigtigt at v\u00e6re forberedt p\u00e5 disse, inden du tr\u00e6ffer dit valg.&nbsp;<\/p>\n\n\n  \n      <\/div>\n  \n<\/section>\n<section\n  class=\"core-block core-block--paragraph   block\"\n   id=paragraph-31\n  \n  \n>\n      <div class=\"inner inner--prose\">\n  \n  \n  \n<p>Hvor du tidligere sikkert har v\u00e6ret vant til at k\u00f8re til den n\u00e6rmeste tankstation, n\u00e5r din bil har manglet benzin, s\u00e5 er sagen alts\u00e5 en anden, hvis du investerer i en elbil. Det kan m\u00e5ske virke en anelse uoverskueligt at skulle omstille sig til, men faktisk er der masser af ladepunkter rundt omkring i landet, og ladenetv\u00e6rket udbygges konstant. Du beh\u00f8ver alts\u00e5 ikke at bekymre dig om at havne et sted uden lademuligheder, hvis du v\u00e6lger en elbil fremfor en benzinbil.<\/p>\n\n\n  \n      <\/div>\n  \n<\/section>\n<section\n  class=\"acf-block acf-block--icon-teaser has-background text-black mt-12 lg:mt-14 mb-12 lg:mb-14  block\"\n   id=icon-teaser-32\n  \n  \n>\n      <div class=\"inner inner--prose\">\n  \n      <div\n      class=\"inner-bg bg-coral-300 px-4 sm:px-6 lg:px-8 py-6 lg:py-8\"\n      \n    >\n  \n  <div\n  class=\"icon-teaser  relative flex h-full flex-col\"\n  >\n  <div class=\"flex flex-auto flex-col\">\n          <div class=\"mb-4 flex-none\">\n        <div class=\"h-12 w-12\">\n          <?xml version=\"1.0\" encoding=\"UTF-8\"?> <!-- Generator: Adobe Illustrator 25.2.0, SVG Export Plug-In . SVG Version: 6.00 Build 0) --> <svg xmlns=\"http:\/\/www.w3.org\/2000\/svg\" xmlns:xlink=\"http:\/\/www.w3.org\/1999\/xlink\" version=\"1.1\" id=\"Layer_2\" x=\"0px\" y=\"0px\" viewBox=\"0 0 40 40\" style=\"enable-background:new 0 0 40 40;\" xml:space=\"preserve\"> <style type=\"text\/css\"> .st0{fill:currentColor;} <\/style> <g> <path class=\"st0\" d=\"M15.02,10.01v23.86h-11V10.01H15.02 M17.02,8.01h-15v27.86h15V8.01L17.02,8.01z\"><\/path> <g> <path class=\"st0\" d=\"M31.02,35.99h-3c-4.96,0-6-2.72-6-5c0-4.21,3.35-6.18,6.31-7.92c2.52-1.48,4.69-2.76,4.69-5.08 c0-2.37-2.62-3-4-3h-10v-2h10c2.98,0,6,1.72,6,5c0,3.46-2.88,5.16-5.67,6.8c-2.74,1.61-5.33,3.14-5.33,6.2c0,1.56,0.48,3,4,3h3 V35.99z\"><\/path> <\/g> <polygon class=\"st0\" points=\"33.02,33.99 33.02,35.99 35.02,34.99 38.02,34.99 38.02,31.99 35.02,31.99 \"><\/polygon> <g> <polygon class=\"st0\" points=\"10.02,26.01 8.02,26.01 10.02,22.01 6.02,22.01 9.02,16.01 11.02,16.01 9.02,20.01 13.02,20.01 \"><\/polygon> <\/g> <rect x=\"2.01\" y=\"4.01\" class=\"st0\" width=\"15\" height=\"2.01\"><\/rect> <\/g> <\/svg> \n        <\/div>\n      <\/div>\n    \n    <div class=\"flex-none\">\n      \n      <h2 class=\"break-word mb-4 text-2xl\">F\u00e5 adgang til Danmarks st\u00f8rste ladenetv\u00e6rk<\/h2>\n    <\/div>\n\n          <div class=\"wysiwyg mb-4\">\n        <p>Med en ladel\u00f8sning fra Andel Energi x Clever f\u00e5r du en ladeboks til hjemmet og en elaftale med 0 kr. i abonnement. Samtidig f\u00e5r du rabat p\u00e5 Danmarks st\u00f8rste ladenetv\u00e6rk hos Clever.<\/p>\n\n      <\/div>\n      <\/div>\n\n      <div class=\"flex-none\">\n      <a\n        x-data=\"partialsButton({&quot;buttonSize&quot;:&quot;big&quot;,&quot;buttonColor&quot;:&quot;black&quot;,&quot;buttonLayout&quot;:&quot;secondary&quot;,&quot;buttonCssClass&quot;:&quot;&quot;,&quot;buttonAccordionAccordion&quot;:null,&quot;buttonLink&quot;:{&quot;title&quot;:&quot;Bestil ladel\\u00f8sning&quot;,&quot;url&quot;:&quot;https:\\\/\\\/andelenergi.dk\\\/opladning\\\/&quot;,&quot;target&quot;:&quot;&quot;},&quot;buttonColorTertiary&quot;:&quot;sky-500&quot;,&quot;buttonAccordionEndAccordion&quot;:null})\"\n        x-ref=\"partialsButton\"\n        href=\"https:\/\/andelenergi.dk\/opladning\/\"\n        target=\"\"\n        role=\"button\"\n        class=\"text-body-xs py-4 px-6 text-black border border-black hover:text-white hover:bg-black active:text-black active:bg-transparent disabled:text-gray-500 disabled:border-gray-500   group inline-block leading-none transition-colors duration-300 ease-in-out\"\n        >\n        \n        Bestil ladel\u00f8sning\n\n            <\/a>\n    <\/div>\n  \n  <\/div>\n\n\n      <\/div>\n  \n      <\/div>\n  \n<\/section>\n<section\n  class=\"core-block core-block--paragraph   block\"\n   id=paragraph-34\n  \n  \n>\n      <div class=\"inner inner--prose\">\n  \n  \n  \n<p>Men hvad s\u00e5 med batteriets levetid og ikke mindst ladetid? Batteriteknologien udvikler sig med lynets hast, og de fleste elbiler har i dag en r\u00e6kkevidde, som du kan sammenligne med benzinbiler. Batteriet kan alts\u00e5 holde str\u00f8m til langt de flestes k\u00f8rselsbehov. Ladetiden er ogs\u00e5 relativt kort, n\u00e5r du bruger en af de mange hurtig- og lynladere rundt om i landet.<br><br>S\u00e5 selvom det kr\u00e6ver en tilv\u00e6nning at skifte fra en benzinbil til en elbil, er det ikke s\u00e5 stort et spring, som du m\u00e5ske tror. Elbilen er klar til at im\u00f8dekomme dine behov, men det kr\u00e6ver, at du ogs\u00e5 er klar til at t\u00e6nke i nye baner.&nbsp;<\/p>\n\n\n  \n      <\/div>\n  \n<\/section>\n<section\n  class=\"core-block core-block--heading   block\"\n   id=heading-35\n  \n  \n>\n      <div class=\"inner inner--prose\">\n  \n  \n  \n<h4 class=\"wp-block-heading\">Elbil eller benzinbil: Medregn afgifterne<\/h4>\n\n\n  \n      <\/div>\n  \n<\/section>\n<section\n  class=\"core-block core-block--paragraph   block\"\n   id=paragraph-36\n  \n  \n>\n      <div class=\"inner inner--prose\">\n  \n  \n  \n<p>N\u00e5r du sammenligner priser p\u00e5 elbiler og benzinbiler, s\u00e5 er det ogs\u00e5 vigtigt at huske at tage h\u00f8jde for de afgifter, der er tilknyttet den enkelte bil. Afgifterne kan nemlig have stor betydning for, hvad bilen vil koste dig at eje i sidste ende.<\/p>\n\n\n  \n      <\/div>\n  \n<\/section>\n<section\n  class=\"core-block core-block--paragraph   block\"\n   id=paragraph-37\n  \n  \n>\n      <div class=\"inner inner--prose\">\n  \n  \n  \n<p>Som bilejer skal du betale:<\/p>\n\n\n  \n      <\/div>\n  \n<\/section>\n<section\n  class=\"core-block core-block--list   block\"\n   id=list-38\n  \n  \n>\n      <div class=\"inner inner--prose\">\n  \n  \n  \n<ul>\n<li>V\u00e6gtafgift, hvis du k\u00f8ber en brugt bil, der er registreret f\u00f8rste gang inden 1. juli 1997. Bel\u00f8bet afh\u00e6nger af v\u00e6gten p\u00e5 din bil.<\/li>\n<\/ul>\n\n\n  \n      <\/div>\n  \n<\/section>\n<section\n  class=\"core-block core-block--list   block\"\n   id=list-40\n  \n  \n>\n      <div class=\"inner inner--prose\">\n  \n  \n  \n<ul>\n<li>Gr\u00f8n ejerafgift, hvis din bil er registreret f\u00f8rste gang mellem 1. juli 1997 og 30. juni 2021. Bel\u00f8bet afh\u00e6nger af, hvor langt din bil k\u00f8rer per liter br\u00e6ndstof.&nbsp;<\/li>\n<\/ul>\n\n\n  \n      <\/div>\n  \n<\/section>\n<section\n  class=\"core-block core-block--list   block\"\n   id=list-42\n  \n  \n>\n      <div class=\"inner inner--prose\">\n  \n  \n  \n<ul>\n<li>Co2-ejerafgift, hvis din bil er registreret f\u00f8rste gang efter 1. juli 2021. Afgiften afh\u00e6nger af, hvor meget Co2 din bil udleder per kilometer.<\/li>\n<\/ul>\n\n\n  \n      <\/div>\n  \n<\/section>\n<section\n  class=\"core-block core-block--paragraph   block\"\n   id=paragraph-44\n  \n  \n>\n      <div class=\"inner inner--prose\">\n  \n  \n  \n<p>Det er derfor ogs\u00e5 v\u00e6sentligt at tage afgifterne med i overvejelserne, og typisk er der f\u00e6rre afgifter forbundet med at eje en elbil fremfor en benzinbil.<\/p>\n\n\n  \n      <\/div>\n  \n<\/section>\n<section\n  class=\"core-block core-block--heading   block\"\n   id=heading-45\n  \n  \n>\n      <div class=\"inner inner--prose\">\n  \n  \n  \n<h4 class=\"wp-block-heading\">F\u00e5 refunderet din elafgift, hvis du v\u00e6lger en elbil<\/h4>\n\n\n  \n      <\/div>\n  \n<\/section>\n<section\n  class=\"core-block core-block--paragraph   block\"\n   id=paragraph-46\n  \n  \n>\n      <div class=\"inner inner--prose\">\n  \n  \n  \n<p>En af de \u00f8konomiske fordele ved at v\u00e6lge en elbil fremfor en benzinbil er muligheden for at f\u00e5 refunderet elafgiften. Det er en besparelse, som ikke alle medregner, men den er alts\u00e5 v\u00e6rd at tage med, hvis du sp\u00f8rger os.<\/p>\n\n\n  \n      <\/div>\n  \n<\/section>\n<section\n  class=\"core-block core-block--paragraph   block\"\n   id=paragraph-47\n  \n  \n>\n      <div class=\"inner inner--prose\">\n  \n  \n  \n<p>N\u00e5r du oplader din elbil derhjemme, s\u00e5 betaler du en elafgift \u2013 pr\u00e6cis som n\u00e5r du bruger str\u00f8m til at t\u00e6nde for lyset eller vaske t\u00f8j. Men som elbilejer har du faktisk mulighed for at f\u00e5 refunderet netop den afgift, du betaler for str\u00f8mforbruget til opladning derhjemme.&nbsp;<\/p>\n\n\n  \n      <\/div>\n  \n<\/section>\n<section\n  class=\"core-block core-block--paragraph   block\"\n   id=paragraph-48\n  \n  \n>\n      <div class=\"inner inner--prose\">\n  \n  \n  \n<p>S\u00e5 selvom elbilen kan v\u00e6re dyrere at anskaffe, kan den alts\u00e5 v\u00e6re billigere i drift, n\u00e5r du tager alle omkostninger i betragtning. Og med muligheden for at f\u00e5 refunderet elafgiften, er der endnu en god grund til at overveje en elbil frem for en benzinbil.&nbsp;<\/p>\n\n\n  \n      <\/div>\n  \n<\/section>\n<section\n  class=\"core-block core-block--columns num-columns-2  block\"\n   id=columns-49\n  \n  \n>\n      <div class=\"inner inner--prose\">\n  \n  \n  \n<div class=\"wp-block-columns\"><section\n  class=\"core-block core-block--column   block\"\n   id=column-50\n  \n  \n>\n  \n  \n  \n<div class=\"wp-block-column\"><section\n  class=\"acf-block acf-block--icon-teaser has-background text-black  block\"\n   id=icon-teaser-51\n  \n  \n>\n      <div class=\"inner inner--prose\">\n  \n      <div\n      class=\"inner-bg bg-sky-200 px-4 sm:px-6 lg:px-8 py-6 lg:py-8\"\n      \n    >\n  \n  <div\n  class=\"icon-teaser  relative flex h-full flex-col\"\n  >\n  <div class=\"flex flex-auto flex-col\">\n          <div class=\"mb-4 flex-none\">\n        <div class=\"h-12 w-12\">\n          <?xml version=\"1.0\" encoding=\"UTF-8\"?> <!-- Generator: Adobe Illustrator 25.2.0, SVG Export Plug-In . SVG Version: 6.00 Build 0) --> <svg xmlns=\"http:\/\/www.w3.org\/2000\/svg\" xmlns:xlink=\"http:\/\/www.w3.org\/1999\/xlink\" version=\"1.1\" id=\"Layer_2\" x=\"0px\" y=\"0px\" viewBox=\"0 0 40 40\" style=\"enable-background:new 0 0 40 40;\" xml:space=\"preserve\"> <style type=\"text\/css\"> .st0{fill:currentColor;} <\/style> <path class=\"st0\" d=\"M33.5,13.69c0.1,0.75,0.16,1.52,0.16,2.31c0,0.45-0.02,0.89-0.05,1.33c0.91,1.71,1.4,3.64,1.4,5.64 c0,6.63-5.4,12.03-12.03,12.03c-2.4,0-4.7-0.71-6.65-2c-1.24-0.02-2.44-0.18-3.6-0.46C15.38,35.38,19.06,37,22.98,37 c7.74,0,14.03-6.29,14.03-14.03C37.01,19.51,35.75,16.24,33.5,13.69z\"><\/path> <path class=\"st0\" d=\"M16.66,4c6.62,0,12,5.38,12,12s-5.38,12-12,12s-12-5.38-12-12S10.05,4,16.66,4 M16.66,2c-7.73,0-14,6.27-14,14 s6.27,14,14,14s14-6.27,14-14S24.4,2,16.66,2L16.66,2z\"><\/path> <g> <path class=\"st0\" d=\"M16.75,20.24h-1.94l-3.77-4.35v4.35H9.57v-8.97h1.47v4.03l3.69-4.03h1.82l-4,4.27L16.75,20.24z\"><\/path> <path class=\"st0\" d=\"M22.67,20.24l-2.24-3.32H18.9v3.32h-1.47v-8.97h3.68c2.06,0,3.14,1.24,3.14,2.78c0,1.29-0.76,2.44-2.27,2.73 l2.44,3.46H22.67z M18.9,12.6v3.06h2.09c1.19,0,1.77-0.72,1.77-1.56c0-0.79-0.55-1.5-1.78-1.5H18.9z\"><\/path> <\/g> <\/svg> \n        <\/div>\n      <\/div>\n    \n    <div class=\"flex-none\">\n      \n      <h2 class=\"break-word mb-4 text-2xl\">Spar penge med refusion<\/h2>\n    <\/div>\n\n          <div class=\"wysiwyg mb-4\">\n        <p>Med en ladel\u00f8sning hos os, f\u00e5r du refusion af din elafgift p\u00e5 den str\u00f8m, du bruger til at oplade din bil derhjemme. Bliv klogere p\u00e5, hvordan det fungerer, og hvad du kan spare med refusion.<\/p>\n\n      <\/div>\n      <\/div>\n\n      <div class=\"flex-none\">\n      <a\n        x-data=\"partialsButton({&quot;buttonSize&quot;:&quot;big&quot;,&quot;buttonColor&quot;:&quot;black&quot;,&quot;buttonLayout&quot;:&quot;secondary&quot;,&quot;buttonCssClass&quot;:&quot;&quot;,&quot;buttonAccordionAccordion&quot;:null,&quot;buttonLink&quot;:{&quot;title&quot;:&quot;Hvad er elrefusion?&quot;,&quot;url&quot;:&quot;https:\\\/\\\/andelenergi.dk\\\/opladning\\\/spar-penge-med-refusion\\\/&quot;,&quot;target&quot;:&quot;&quot;},&quot;buttonColorTertiary&quot;:&quot;sky-500&quot;,&quot;buttonAccordionEndAccordion&quot;:null})\"\n        x-ref=\"partialsButton\"\n        href=\"https:\/\/andelenergi.dk\/opladning\/spar-penge-med-refusion\/\"\n        target=\"\"\n        role=\"button\"\n        class=\"text-body-xs py-4 px-6 text-black border border-black hover:text-white hover:bg-black active:text-black active:bg-transparent disabled:text-gray-500 disabled:border-gray-500   group inline-block leading-none transition-colors duration-300 ease-in-out\"\n        >\n        \n        Hvad er elrefusion?\n\n            <\/a>\n    <\/div>\n  \n  <\/div>\n\n\n      <\/div>\n  \n      <\/div>\n  \n<\/section>\n<\/div>\n\n\n  \n  \n<\/section>\n\n\n<section\n  class=\"core-block core-block--column   block\"\n   id=column-53\n  \n  \n>\n  \n  \n  \n<div class=\"wp-block-column\"><section\n  class=\"acf-block acf-block--icon-teaser has-background text-black  block\"\n   id=icon-teaser-54\n  \n  \n>\n      <div class=\"inner inner--prose\">\n  \n      <div\n      class=\"inner-bg bg-sky-200 px-4 sm:px-6 lg:px-8 py-6 lg:py-8\"\n      \n    >\n  \n  <div\n  class=\"icon-teaser  relative flex h-full flex-col\"\n  >\n  <div class=\"flex flex-auto flex-col\">\n          <div class=\"mb-4 flex-none\">\n        <div class=\"h-12 w-12\">\n          <?xml version=\"1.0\" encoding=\"UTF-8\"?> <!-- Generator: Adobe Illustrator 24.2.3, SVG Export Plug-In . SVG Version: 6.00 Build 0) --> <svg xmlns=\"http:\/\/www.w3.org\/2000\/svg\" xmlns:xlink=\"http:\/\/www.w3.org\/1999\/xlink\" id=\"Ikoner\" version=\"1.1\" x=\"0px\" y=\"0px\" viewBox=\"0 0 40 40\" style=\"enable-background:new 0 0 40 40;\" xml:space=\"preserve\"> <style type=\"text\/css\"> .st1{fill:none;} #Ikoner{fill:currentColor;} <\/style> <g id=\"Layer_1\"> <g> <path class=\"st1\" d=\"M18.01,10.03l1,0l0-6h-1c-0.38,0-0.68,0.07-0.8,0.2c-0.12,0.12-0.2,0.42-0.2,0.8v4 C17.01,9.84,17.21,10.03,18.01,10.03z\"><\/path> <path d=\"M29.71,15.33c-1.29-1.29-2.63-1.29-3.71-1.29h-14c-1.08,0-2.41,0-3.71,1.29c-0.05,0.05-0.09,0.1-0.12,0.15l-4.17,6.25 v-10.7c0-2.82,2.5-2.99,3-3h6v-2h-6c-1.73,0-5,1.04-5,5v14c0,0.44,0.29,0.83,0.71,0.96c0.42,0.13,0.88-0.04,1.12-0.4l5.94-8.91 c0.68-0.64,1.33-0.64,2.23-0.64h14c0.9,0,1.56,0,2.25,0.66c3.12,4.17,5.64,8.56,5.75,9.34V35c0,0.45-0.55,1-1,1h-2 c-0.89,0-1.36-0.49-2.18-1.44C27.84,33.42,26.61,32,24.01,32h-10c-2.6,0-3.83,1.42-4.82,2.56C8.37,35.5,7.9,36,7.01,36h-2 c-0.45,0-1-0.55-1-1v-6.96h-2V35c0,1.54,1.46,3,3,3h2c1.85,0,2.83-1.13,3.69-2.13c0.87-1,1.62-1.87,3.31-1.87h10 c1.69,0,2.44,0.87,3.31,1.87c0.86,1,1.84,2.13,3.69,2.13h2c1.54,0,3-1.46,3-3v-8.96c0-1.65-4.04-7.72-6.2-10.6 C29.78,15.4,29.75,15.36,29.71,15.33z\"><\/path> <path d=\"M25.01,18.03h-12c-1.09,0-2,1-2,1s-3,4.14-3,5c0,0.86,1,1,1,1h20c0,0,1-0.14,1-1c0-0.86-3-5-3-5S26.1,18.03,25.01,18.03z\"><\/path> <path d=\"M25.01,29.13c0.05,0.51,0.48,0.9,1,0.9h5c0.55,0,1-0.45,1-1v-1c0-0.3-0.13-0.58-0.37-0.77c-0.23-0.19-0.54-0.26-0.83-0.21 l-5,1C25.31,28.16,24.96,28.62,25.01,29.13z\"><\/path> <path d=\"M6.37,27.26c-0.23,0.19-0.37,0.47-0.37,0.77v1c0,0.55,0.45,1,1,1h5c0.51,0,0.94-0.39,1-0.9s-0.29-0.98-0.8-1.08l-5-1 C6.91,27,6.6,27.07,6.37,27.26z\"><\/path> <path d=\"M37.01,18.04h-2c-0.37,0-0.71,0.2-0.88,0.53c-0.17,0.33-0.15,0.72,0.05,1.03l2,3c0.19,0.28,0.5,0.45,0.83,0.45 c0.1,0,0.19-0.01,0.29-0.04c0.42-0.13,0.71-0.52,0.71-0.96v-3C38.01,18.48,37.56,18.04,37.01,18.04z\"><\/path> <rect x=\"23.01\" y=\"8.03\" width=\"4\" height=\"2\"><\/rect> <rect x=\"23.01\" y=\"4.03\" width=\"4\" height=\"2\"><\/rect> <path d=\"M18.01,12.03l3-0.01l0-9.99h-3c-1.91,0-3,1.09-3,3v4C15.01,10.94,16.1,12.03,18.01,12.03z M17.01,5.03 c0-0.38,0.07-0.68,0.2-0.8c0.12-0.12,0.42-0.2,0.8-0.2h1l0,6l-1,0c-0.8,0-1-0.2-1-1V5.03z\"><\/path> <\/g> <\/g> <g id=\"Layer_3\"> <\/g> <\/svg> \n        <\/div>\n      <\/div>\n    \n    <div class=\"flex-none\">\n      \n      <h2 class=\"break-word mb-4 text-2xl\">Bestil din ladel\u00f8sning allerede i dag<\/h2>\n    <\/div>\n\n          <div class=\"wysiwyg mb-4\">\n        <p>Med en ladel\u00f8sning fra Andel Energi x Clever kan du nemt spare penge p\u00e5 opladning b\u00e5de hjemme og p\u00e5 farten. Bestil din ladel\u00f8sning nemt allerede i dag.<\/p>\n\n      <\/div>\n      <\/div>\n\n      <div class=\"flex-none\">\n      <a\n        x-data=\"partialsButton({&quot;buttonSize&quot;:&quot;big&quot;,&quot;buttonColor&quot;:&quot;black&quot;,&quot;buttonLayout&quot;:&quot;secondary&quot;,&quot;buttonCssClass&quot;:&quot;&quot;,&quot;buttonAccordionAccordion&quot;:null,&quot;buttonLink&quot;:{&quot;title&quot;:&quot;Bestil ladel\\u00f8sning&quot;,&quot;url&quot;:&quot;https:\\\/\\\/andelenergi.dk\\\/opladning\\\/&quot;,&quot;target&quot;:&quot;&quot;},&quot;buttonColorTertiary&quot;:&quot;sky-500&quot;,&quot;buttonAccordionEndAccordion&quot;:null})\"\n        x-ref=\"partialsButton\"\n        href=\"https:\/\/andelenergi.dk\/opladning\/\"\n        target=\"\"\n        role=\"button\"\n        class=\"text-body-xs py-4 px-6 text-black border border-black hover:text-white hover:bg-black active:text-black active:bg-transparent disabled:text-gray-500 disabled:border-gray-500   group inline-block leading-none transition-colors duration-300 ease-in-out\"\n        >\n        \n        Bestil ladel\u00f8sning\n\n            <\/a>\n    <\/div>\n  \n  <\/div>\n\n\n      <\/div>\n  \n      <\/div>\n  \n<\/section>\n<\/div>\n\n\n  \n  \n<\/section>\n<\/div>\n\n\n  \n      <\/div>\n  \n<\/section>\n","protected":false},"excerpt":{"rendered":"Skal du have ny bil og er i tvivl om hvilken type, du skal v\u00e6lge? L\u00e6s med her p\u00e5 siden, s\u00e5 bliver din beslutning m\u00e5ske nemmere.","protected":false},"author":27,"featured_media":103026,"parent":101491,"menu_order":0,"comment_status":"closed","ping_status":"closed","template":"","meta":{"_acf_changed":false,"footnotes":""},"categories":[7727,7723,7750],"class_list":["post-103294","page","type-page","status-publish","has-post-thumbnail","hentry","category-bolig","category-klog-paa-energi","category-opladning"],"acf":[],"yoast_head":"<!-- This site is optimized with the Yoast SEO Premium plugin v20.7 (Yoast SEO v20.13) - https:\/\/yoast.com\/wordpress\/plugins\/seo\/ -->\n<title>Kan elbil betale sig? | Bliv klogere p\u00e5 elbil vs. benzinbil | andelenergi.dk<\/title>\n<meta name=\"description\" content=\"Skal du have ny bil og er i tvivl om hvilken type, du skal v\u00e6lge? L\u00e6s med her p\u00e5 siden, s\u00e5 bliver din beslutning m\u00e5ske nemmere.\" \/>\n<meta name=\"robots\" content=\"index, follow, max-snippet:-1, max-image-preview:large, max-video-preview:-1\" \/>\n<link rel=\"canonical\" href=\"https:\/\/andelenergi.dk\/opladning\/vaerd-at-vide\/kan-elbil-betale-sig\/\" \/>\n<meta property=\"og:locale\" content=\"da_DK\" \/>\n<meta property=\"og:type\" content=\"article\" \/>\n<meta property=\"og:title\" content=\"kan elbil betale sig\" \/>\n<meta property=\"og:description\" content=\"Skal du have ny bil og er i tvivl om hvilken type, du skal v\u00e6lge? L\u00e6s med her p\u00e5 siden, s\u00e5 bliver din beslutning m\u00e5ske nemmere.\" \/>\n<meta property=\"og:url\" content=\"https:\/\/andelenergi.dk\/opladning\/vaerd-at-vide\/kan-elbil-betale-sig\/\" \/>\n<meta property=\"og:site_name\" content=\"andelenergi.dk\" \/>\n<meta property=\"article:publisher\" content=\"https:\/\/www.facebook.com\/andelenergi\" \/>\n<meta property=\"article:modified_time\" content=\"2024-07-31T09:54:04+00:00\" \/>\n<meta property=\"og:image\" content=\"https:\/\/andelenergi.dk\/app\/uploads\/2023\/08\/Clever_charging_on_the_go_vinter_soejle_vand_2023-kopi-scaled-1536x1024.jpg\" \/>\n\t<meta property=\"og:image:width\" content=\"2560\" \/>\n\t<meta property=\"og:image:height\" content=\"1707\" \/>\n\t<meta property=\"og:image:type\" content=\"image\/jpeg\" \/>\n<meta name=\"twitter:card\" content=\"summary_large_image\" \/>\n<meta name=\"twitter:label1\" content=\"Est. reading time\" \/>\n\t<meta name=\"twitter:data1\" content=\"7 minutes\" \/>\n<script type=\"application\/ld+json\" class=\"yoast-schema-graph\">{\"@context\":\"https:\/\/schema.org\",\"@graph\":[{\"@type\":\"WebPage\",\"@id\":\"https:\/\/andelenergi.dk\/opladning\/vaerd-at-vide\/kan-elbil-betale-sig\/\",\"url\":\"https:\/\/andelenergi.dk\/opladning\/vaerd-at-vide\/kan-elbil-betale-sig\/\",\"name\":\"Kan elbil betale sig? | Bliv klogere p\u00e5 elbil vs. benzinbil | andelenergi.dk\",\"isPartOf\":{\"@id\":\"https:\/\/andelenergi.dk\/#website\"},\"datePublished\":\"2023-08-29T14:22:01+00:00\",\"dateModified\":\"2024-07-31T09:54:04+00:00\",\"description\":\"Skal du have ny bil og er i tvivl om hvilken type, du skal v\u00e6lge? L\u00e6s med her p\u00e5 siden, s\u00e5 bliver din beslutning m\u00e5ske nemmere.\",\"breadcrumb\":{\"@id\":\"https:\/\/andelenergi.dk\/opladning\/vaerd-at-vide\/kan-elbil-betale-sig\/#breadcrumb\"},\"inLanguage\":\"da-DK\",\"potentialAction\":[{\"@type\":\"ReadAction\",\"target\":[\"https:\/\/andelenergi.dk\/opladning\/vaerd-at-vide\/kan-elbil-betale-sig\/\"]}]},{\"@type\":\"BreadcrumbList\",\"@id\":\"https:\/\/andelenergi.dk\/opladning\/vaerd-at-vide\/kan-elbil-betale-sig\/#breadcrumb\",\"itemListElement\":[{\"@type\":\"ListItem\",\"position\":1,\"name\":\"Home\",\"item\":\"https:\/\/andelenergi.dk\/\"},{\"@type\":\"ListItem\",\"position\":2,\"name\":\"Opladning\",\"item\":\"https:\/\/andelenergi.dk\/opladning\/\"},{\"@type\":\"ListItem\",\"position\":3,\"name\":\"V\u00e6rd at vide om ladel\u00f8sning\",\"item\":\"https:\/\/andelenergi.dk\/opladning\/vaerd-at-vide\/\"},{\"@type\":\"ListItem\",\"position\":4,\"name\":\"kan elbil betale sig\"}]},{\"@type\":\"WebSite\",\"@id\":\"https:\/\/andelenergi.dk\/#website\",\"url\":\"https:\/\/andelenergi.dk\/\",\"name\":\"andelenergi.dk\",\"description\":\"k\u00f8b el og gas til skarp pris\",\"potentialAction\":[{\"@type\":\"SearchAction\",\"target\":{\"@type\":\"EntryPoint\",\"urlTemplate\":\"https:\/\/andelenergi.dk\/?s={search_term_string}\"},\"query-input\":\"required name=search_term_string\"}],\"inLanguage\":\"da-DK\"}]}<\/script>\n<!-- \/ Yoast SEO Premium plugin. -->","yoast_head_json":{"title":"Kan elbil betale sig? | Bliv klogere p\u00e5 elbil vs. benzinbil | andelenergi.dk","description":"Skal du have ny bil og er i tvivl om hvilken type, du skal v\u00e6lge? L\u00e6s med her p\u00e5 siden, s\u00e5 bliver din beslutning m\u00e5ske nemmere.","robots":{"index":"index","follow":"follow","max-snippet":"max-snippet:-1","max-image-preview":"max-image-preview:large","max-video-preview":"max-video-preview:-1"},"canonical":"https:\/\/andelenergi.dk\/opladning\/vaerd-at-vide\/kan-elbil-betale-sig\/","og_locale":"da_DK","og_type":"article","og_title":"kan elbil betale sig","og_description":"Skal du have ny bil og er i tvivl om hvilken type, du skal v\u00e6lge? L\u00e6s med her p\u00e5 siden, s\u00e5 bliver din beslutning m\u00e5ske nemmere.","og_url":"https:\/\/andelenergi.dk\/opladning\/vaerd-at-vide\/kan-elbil-betale-sig\/","og_site_name":"andelenergi.dk","article_publisher":"https:\/\/www.facebook.com\/andelenergi","article_modified_time":"2024-07-31T09:54:04+00:00","og_image":[{"width":2560,"height":1707,"url":"https:\/\/andelenergi.dk\/app\/uploads\/2023\/08\/Clever_charging_on_the_go_vinter_soejle_vand_2023-kopi-scaled-1536x1024.jpg","type":"image\/jpeg"}],"twitter_card":"summary_large_image","twitter_misc":{"Est. reading time":"7 minutes"},"schema":{"@context":"https:\/\/schema.org","@graph":[{"@type":"WebPage","@id":"https:\/\/andelenergi.dk\/opladning\/vaerd-at-vide\/kan-elbil-betale-sig\/","url":"https:\/\/andelenergi.dk\/opladning\/vaerd-at-vide\/kan-elbil-betale-sig\/","name":"Kan elbil betale sig? | Bliv klogere p\u00e5 elbil vs. benzinbil | andelenergi.dk","isPartOf":{"@id":"https:\/\/andelenergi.dk\/#website"},"datePublished":"2023-08-29T14:22:01+00:00","dateModified":"2024-07-31T09:54:04+00:00","description":"Skal du have ny bil og er i tvivl om hvilken type, du skal v\u00e6lge? L\u00e6s med her p\u00e5 siden, s\u00e5 bliver din beslutning m\u00e5ske nemmere.","breadcrumb":{"@id":"https:\/\/andelenergi.dk\/opladning\/vaerd-at-vide\/kan-elbil-betale-sig\/#breadcrumb"},"inLanguage":"da-DK","potentialAction":[{"@type":"ReadAction","target":["https:\/\/andelenergi.dk\/opladning\/vaerd-at-vide\/kan-elbil-betale-sig\/"]}]},{"@type":"BreadcrumbList","@id":"https:\/\/andelenergi.dk\/opladning\/vaerd-at-vide\/kan-elbil-betale-sig\/#breadcrumb","itemListElement":[{"@type":"ListItem","position":1,"name":"Home","item":"https:\/\/andelenergi.dk\/"},{"@type":"ListItem","position":2,"name":"Opladning","item":"https:\/\/andelenergi.dk\/opladning\/"},{"@type":"ListItem","position":3,"name":"V\u00e6rd at vide om ladel\u00f8sning","item":"https:\/\/andelenergi.dk\/opladning\/vaerd-at-vide\/"},{"@type":"ListItem","position":4,"name":"kan elbil betale sig"}]},{"@type":"WebSite","@id":"https:\/\/andelenergi.dk\/#website","url":"https:\/\/andelenergi.dk\/","name":"andelenergi.dk","description":"k\u00f8b el og gas til skarp pris","potentialAction":[{"@type":"SearchAction","target":{"@type":"EntryPoint","urlTemplate":"https:\/\/andelenergi.dk\/?s={search_term_string}"},"query-input":"required name=search_term_string"}],"inLanguage":"da-DK"}]}},"_links":{"self":[{"href":"https:\/\/andelenergi.dk\/api\/wp\/v2\/pages\/103294","targetHints":{"allow":["GET"]}}],"collection":[{"href":"https:\/\/andelenergi.dk\/api\/wp\/v2\/pages"}],"about":[{"href":"https:\/\/andelenergi.dk\/api\/wp\/v2\/types\/page"}],"author":[{"embeddable":true,"href":"https:\/\/andelenergi.dk\/api\/wp\/v2\/users\/27"}],"replies":[{"embeddable":true,"href":"https:\/\/andelenergi.dk\/api\/wp\/v2\/comments?post=103294"}],"version-history":[{"count":2,"href":"https:\/\/andelenergi.dk\/api\/wp\/v2\/pages\/103294\/revisions"}],"predecessor-version":[{"id":157907,"href":"https:\/\/andelenergi.dk\/api\/wp\/v2\/pages\/103294\/revisions\/157907"}],"up":[{"embeddable":true,"href":"https:\/\/andelenergi.dk\/api\/wp\/v2\/pages\/101491"}],"wp:featuredmedia":[{"embeddable":true,"href":"https:\/\/andelenergi.dk\/api\/wp\/v2\/media\/103026"}],"wp:attachment":[{"href":"https:\/\/andelenergi.dk\/api\/wp\/v2\/media?parent=103294"}],"wp:term":[{"taxonomy":"category","embeddable":true,"href":"https:\/\/andelenergi.dk\/api\/wp\/v2\/categories?post=103294"}],"curies":[{"name":"wp","href":"https:\/\/api.w.org\/{rel}","templated":true}]}}