{"id":101529,"date":"2023-08-17T10:38:23","date_gmt":"2023-08-17T10:38:23","guid":{"rendered":"https:\/\/andelenergi.dk\/?page_id=101529"},"modified":"2025-12-29T12:02:08","modified_gmt":"2025-12-29T12:02:08","slug":"ved-du-hvorfor-elprisen-stiger","status":"publish","type":"page","link":"https:\/\/andelenergi.dk\/kundeservice\/aftaler-og-priser\/ved-du-hvorfor-elprisen-stiger\/","title":{"rendered":"Ved du, hvorfor elprisen stiger?"},"content":{"rendered":"<section\n  class=\"acf-block acf-block--product-hero text-black mb-12 lg:mb-14  block\"\n   id=product-hero-1\n  \n  \n>\n      <div class=\"inner inner--full\">\n  \n  \n  <div\n  class=\"inner--px-remove--full anchor-center relative box-border\"\n>\n\n      <div x-data=\"PreserveUtmParameters\">\n  \n  <div class=\"product-hero-bg-mobile relative block sm:hidden\">\n    <div class=\"relative\">\n      \n      \n                  <picture> <img decoding=\"async\" src=\"https:\/\/andelenergi.dk\/app\/uploads\/2022\/10\/Andel-energi_Brandbilleder-126-600x400.jpg\" alt=\"\" class=\"w-full h-full object-cover\" style=\"object-position:50.00% 50.00%;\" loading=\"lazy\"><\/picture>\n                  <\/div>\n\n    <div>\n              <div class=\"aspect-ratio-image-grid-3x2 mobile mb-6\">\n          <div\n  class=\"grid h-full grid-cols-3 grid-rows-2\"\n  x-data=\"GridAnimation\"\n  x-intersect:enter.full.once=\"animateBricks\"\n>\n                  <div class=\"z-10 col-start-3 row-start-1 bg-coral-300 opacity-0 transition duration-500\"><\/div>\n          <div class=\"z-10 col-start-2 row-start-2 bg-sky-200 opacity-0 transition duration-500\"><\/div>\n          <div class=\"z-10 col-start-3 row-start-2 bg-sky-500 opacity-0 transition duration-500\"><\/div>\n                      <div class=\"bg col-span-3 col-start-1 row-span-1 row-start-2 bg-off-white\"><\/div>\n                      <\/div>\n        <\/div>\n      \n      <div class=\"inner inner--prose mb-6 sm:mb-0\">\n                  <h1 class=\"text-2xl\">Ved du, hvorfor elprisen stiger? <\/h1>\n        \n        \n              <\/div>\n\n        <\/div>\n<\/div>\n\n\n  <div\n    class=\"product-hero-bg-desktop aspect-ratio-hero-large relative hidden items-center px-6 py-6 sm:flex md:px-12 md:py-12 lg:px-16 xl:py-16\"\n  >\n  \n\n\n      <picture><source media=\"(min-width:1024px)\" srcset=\"https:\/\/andelenergi.dk\/app\/uploads\/2022\/10\/Andel-energi_Brandbilleder-126-1600x686.jpg\"><source media=\"(min-width:600px)\" srcset=\"https:\/\/andelenergi.dk\/app\/uploads\/2022\/10\/Andel-energi_Brandbilleder-126-1144x490.jpg\"> <img decoding=\"async\" src=\"https:\/\/andelenergi.dk\/app\/uploads\/2022\/10\/Andel-energi_Brandbilleder-126-600x400.jpg\" alt=\"\" class=\"absolute left-0 top-0 w-full h-full object-cover\" style=\"object-position:50.00% 50.00%;\" loading=\"lazy\"><\/picture>\n  \n  <div class=\"relative z-10 w-[55%] md:w-[45%] xl:w-[40%]\">\n    <div class=\"aspect-ratio-image-grid-3x2\">\n      <div\n  class=\"grid h-full grid-cols-3 grid-rows-2\"\n  x-data=\"GridAnimation\"\n  x-intersect:enter.full.once=\"animateBricks\"\n>\n                  <div class=\"z-10 col-start-3 row-start-1 bg-coral-300 opacity-0 transition duration-500\"><\/div>\n          <div class=\"z-10 col-start-2 row-start-2 bg-sky-200 opacity-0 transition duration-500\"><\/div>\n          <div class=\"z-10 col-start-3 row-start-2 bg-sky-500 opacity-0 transition duration-500\"><\/div>\n                      <div class=\"bg col-span-3 col-start-1 row-span-1 row-start-2 bg-off-white\"><\/div>\n                      <\/div>\n    <\/div>\n  \n<div class=\"z-20 w-full bg-off-white p-6 md:p-8 lg:p-12\">\n      <h1 class=\"text-2xl\">Ved du, hvorfor elprisen stiger? <\/h1>\n  \n  \n  <\/div>\n<\/div>\n<\/div>\n<\/div>\n  <\/div>\n\n\n  \n      <\/div>\n  \n<\/section>\n<section\n  class=\"core-block core-block--paragraph   block\"\n   id=paragraph-3\n  \n  \n>\n      <div class=\"inner inner--prose\">\n  \n  \n  \n<p>Hvis du har en variabel elaftale, s\u00e5 har du sikkert lagt m\u00e6rke til, at elprisen af og til stiger. Men er du klar over, hvorfor den g\u00f8r det? Vi ved godt, at elprisen er en g\u00e5de for de fleste, og derfor har vi samlet et overblik over de v\u00e6sentligste \u00e5rsager til, hvorfor elprisen egentlig stiger.&nbsp;S\u00e5 kan du f\u00e5 en bedre forst\u00e5else af b\u00e5de din elregning og din \u00f8konomi.<\/p>\n\n\n  \n      <\/div>\n  \n<\/section>\n<section\n  class=\"core-block core-block--heading   block\"\n   id=heading-4\n  \n  \n>\n      <div class=\"inner inner--prose\">\n  \n  \n  \n<h2 class=\"wp-block-heading has-medium-font-size\" id=\"h-derfor-stiger-elprisen-kend-arsagerne\">Derfor stiger elprisen: Kend \u00e5rsagerne<\/h2>\n\n\n  \n      <\/div>\n  \n<\/section>\n<section\n  class=\"core-block core-block--paragraph   block\"\n   id=paragraph-5\n  \n  \n>\n      <div class=\"inner inner--prose\">\n  \n  \n  \n<p>Elprisen er i konstant bev\u00e6gelse, og vi ved godt, at det ikke altid er helt let at forst\u00e5, hvorfor den b\u00e5de stiger og falder. Prisen skifter hele d\u00f8gnet, og netop derfor er der mange, der overv\u00e5ger elpriserne. Men hvorfor stiger elprisen?\u00a0<\/p>\n\n\n  \n      <\/div>\n  \n<\/section>\n<section\n  class=\"core-block core-block--paragraph   block\"\n   id=paragraph-6\n  \n  \n>\n      <div class=\"inner inner--prose\">\n  \n  \n  \n<p>For at g\u00f8re det lettere for dig at finde rundt i, hvorfor elprisen egentlig stiger, s\u00e5 har vi samlet en oversigt over nogle af de v\u00e6sentligste \u00e5rsager til det. Elprisen afh\u00e6nger blandt andet af:<\/p>\n\n\n  \n      <\/div>\n  \n<\/section>\n<section\n  class=\"core-block core-block--list   block\"\n   id=list-7\n  \n  \n>\n      <div class=\"inner inner--prose\">\n  \n  \n  \n<ul class=\"wp-block-list\">\n<li>Kul- og gaspriserne<\/li>\n\n\n\n<li>\u00d8konomien<\/li>\n\n\n\n<li>Vejret&nbsp;<\/li>\n\n\n\n<li>CO2-kvoterne<\/li>\n<\/ul>\n\n\n  \n      <\/div>\n  \n<\/section>\n<section\n  class=\"core-block core-block--paragraph   block\"\n   id=paragraph-12\n  \n  \n>\n      <div class=\"inner inner--prose\">\n  \n  \n  \n<p>De forskellige \u00e5rsager h\u00e6nger alle sammen med udbud og eftersp\u00f8rgsel. Det er en god id\u00e9 at kende til de forskellige p\u00e5virkninger, for s\u00e5 kan du bedre forst\u00e5, hvorfor elprisen stiger, n\u00e5r den g\u00f8r det. Og det kan give dig en bedre forst\u00e5else af bel\u00f8bet p\u00e5 din elregning.<\/p>\n\n\n  \n      <\/div>\n  \n<\/section>\n<section\n  class=\"core-block core-block--heading   block\"\n   id=heading-13\n  \n  \n>\n      <div class=\"inner inner--prose\">\n  \n  \n  \n<h2 class=\"wp-block-heading has-medium-font-size\" id=\"h-se-hvornar-strommen-er-billigst\">Se, hvorn\u00e5r str\u00f8mmen er billigst<\/h2>\n\n\n  \n      <\/div>\n  \n<\/section>\n<section\n  class=\"core-block core-block--paragraph   block\"\n   id=paragraph-14\n  \n  \n>\n      <div class=\"inner inner--prose\">\n  \n  \n  \n<p>Vil du spare penge og vige udenom de kraftigt stigende elpriser, som af og til rammer markedet? Det kan vi godt forst\u00e5. Hvis du har en variabel elaftale, s\u00e5 varierer elprisen hele tiden. Derfor er det en god id\u00e9 at t\u00e6nde for opvaskemaskinen eller t\u00f8rretumbleren i de perioder, hvor str\u00f8mmen er billigst.&nbsp;<\/p>\n\n\n  \n      <\/div>\n  \n<\/section>\n<section\n  class=\"core-block core-block--paragraph   block\"\n   id=paragraph-15\n  \n  \n>\n      <div class=\"inner inner--prose\">\n  \n  \n  \n<p><a href=\"https:\/\/andelenergi.dk\/el\/timepris\/\">Find ud af, hvorn\u00e5r str\u00f8mmen er billigst<\/a><\/p>\n\n\n  \n      <\/div>\n  \n<\/section>\n<section\n  class=\"core-block core-block--heading   block\"\n   id=heading-16\n  \n  \n>\n      <div class=\"inner inner--prose\">\n  \n  \n  \n<h2 class=\"wp-block-heading has-medium-font-size\" id=\"h-prisstigninger-pa-kul-og-gas-gor-at-elprisen-stiger\">Prisstigninger p\u00e5 kul og gas g\u00f8r, at elprisen stiger<\/h2>\n\n\n  \n      <\/div>\n  \n<\/section>\n<section\n  class=\"core-block core-block--paragraph   block\"\n   id=paragraph-17\n  \n  \n>\n      <div class=\"inner inner--prose\">\n  \n  \n  \n<p>En af de vigtigste \u00e5rsager til at elprisen stiger, er prisstigninger p\u00e5 b\u00e5de kul og gas. De fossile energikilder spiller nemlig en stor rolle i produktionen af el. Og n\u00e5r priserne p\u00e5 de vigtige ressourcer stiger, s\u00e5 vil det helt naturligt ogs\u00e5 p\u00e5virke din elpris.<\/p>\n\n\n  \n      <\/div>\n  \n<\/section>\n<section\n  class=\"core-block core-block--paragraph   block\"\n   id=paragraph-18\n  \n  \n>\n      <div class=\"inner inner--prose\">\n  \n  \n  \n<p>Men hvorfor stiger prisen p\u00e5 kul og gas s\u00e5? Energimarkedet er globalt, og det bliver p\u00e5virket af en lang r\u00e6kke faktorer som krig, politik og katastrofer. Og det kan alt sammen f\u00f8re til st\u00f8t stigende priser p\u00e5 kul og gas, som igen kan medf\u00f8re, at elprisen stiger.<\/p>\n\n\n  \n      <\/div>\n  \n<\/section>\n<section\n  class=\"core-block core-block--heading   block\"\n   id=heading-19\n  \n  \n>\n      <div class=\"inner inner--prose\">\n  \n  \n  \n<h2 class=\"wp-block-heading has-medium-font-size\" id=\"h-elprisen-stiger-nar-okonomien-boomer\">Elprisen stiger, n\u00e5r \u00f8konomien boomer<\/h2>\n\n\n  \n      <\/div>\n  \n<\/section>\n<section\n  class=\"core-block core-block--paragraph   block\"\n   id=paragraph-20\n  \n  \n>\n      <div class=\"inner inner--prose\">\n  \n  \n  \n<p>N\u00e5r \u00f8konomien boomer i en periode med v\u00e6kst og fremgang, s\u00e5 er det heller ikke us\u00e6dvanligt, at elprisen stiger. Og hvordan h\u00e6nger det sammen? Svaret ligger i den stigende eftersp\u00f8rgsel p\u00e5 el, som helt naturligt f\u00f8lger med et \u00f8konomisk opsving.&nbsp;<\/p>\n\n\n  \n      <\/div>\n  \n<\/section>\n<section\n  class=\"core-block core-block--paragraph   block\"\n   id=paragraph-21\n  \n  \n>\n      <div class=\"inner inner--prose\">\n  \n  \n  \n<p>I takt med at b\u00e5de virksomheder og husholdninger f\u00e5r flere penge mellem h\u00e6nderne, s\u00e5 stiger eftersp\u00f8rgslen nemlig p\u00e5 en lang r\u00e6kke varer og tjenester. Flere og flere spiser ude eller k\u00f8ber nyt t\u00f8j, og det skaber et behov for at producere mere. Og det kr\u00e6ver som oftest elektricitet. Resultatet er derfor en stigende eftersp\u00f8rgsel p\u00e5 el, og det kan presse elprisen opad p\u00e5 din elregning.<\/p>\n\n\n  \n      <\/div>\n  \n<\/section>\n<section\n  class=\"core-block core-block--paragraph   block\"\n   id=paragraph-22\n  \n  \n>\n      <div class=\"inner inner--prose\">\n  \n  \n  \n<p><a href=\"https:\/\/andelenergi.dk\/kundeservice\/aftaler-og-priser\/hvad-bestaar-elprisen-af\/\">Bliv klogere p\u00e5, hvad elprisen best\u00e5r af&nbsp;<\/a><\/p>\n\n\n  \n      <\/div>\n  \n<\/section>\n<section\n  class=\"core-block core-block--heading   block\"\n   id=heading-23\n  \n  \n>\n      <div class=\"inner inner--prose\">\n  \n  \n  \n<h2 class=\"wp-block-heading has-medium-font-size\" id=\"h-hvorfor-stiger-elprisen-nar-det-er-vindstille\">Hvorfor stiger elprisen, n\u00e5r det er vindstille?<\/h2>\n\n\n  \n      <\/div>\n  \n<\/section>\n<section\n  class=\"core-block core-block--paragraph   block\"\n   id=paragraph-24\n  \n  \n>\n      <div class=\"inner inner--prose\">\n  \n  \n  \n<p>M\u00e5ske t\u00e6nker du ikke umiddelbart over det, men faktisk spiller vejret ogs\u00e5 en vigtig rolle for, hvorfor elprisen stiger. For det f\u00f8rste er vejret en afg\u00f8rende faktor for, hvor meget el der bliver produceret fra vedvarende energi som vind og sol. N\u00e5r solen skinner, og vinden bl\u00e6ser, stiger produktionen af str\u00f8m baseret p\u00e5 str\u00f8m fra vind og sol. Men p\u00e5 dage med lidt vind og skyet vejr, s\u00e5 falder produktionen, og det kan give dig stigende elpriser.<\/p>\n\n\n  \n      <\/div>\n  \n<\/section>\n<section\n  class=\"core-block core-block--paragraph   block\"\n   id=paragraph-25\n  \n  \n>\n      <div class=\"inner inner--prose\">\n  \n  \n  \n<p>Vejret har ogs\u00e5 stor indflydelse p\u00e5 vores eftersp\u00f8rgsel efter el. Du kender det sikkert selv. I kolde vinterm\u00e5neder stiger eftersp\u00f8rgslen efter el, da du bruger mere energi til opvarmning af din bolig. Det resulterer i \u00f8get eftersp\u00f8rgsel og dermed ogs\u00e5 stigende elpriser.<\/p>\n\n\n  \n      <\/div>\n  \n<\/section>\n<section\n  class=\"core-block core-block--paragraph   block\"\n   id=paragraph-26\n  \n  \n>\n      <div class=\"inner inner--prose\">\n  \n  \n  \n<p>Faktisk kan forskellige vejrforhold ogs\u00e5 skabe udfordringer for elproduktionen. Eksempelvis er elprisen kraftigt p\u00e5virket af vandstanden i de nordiske vandreservoirer, som i de seneste \u00e5r har v\u00e6ret lav. Og det presser ogs\u00e5 elprisen op.<\/p>\n\n\n  \n      <\/div>\n  \n<\/section>\n<section\n  class=\"core-block core-block--heading   block\"\n   id=heading-27\n  \n  \n>\n      <div class=\"inner inner--prose\">\n  \n  \n  \n<h2 class=\"wp-block-heading has-medium-font-size\" id=\"h-co2-kvoter-gor-at-elprisen-stiger\">CO2-kvoter g\u00f8r, at elprisen stiger<\/h2>\n\n\n  \n      <\/div>\n  \n<\/section>\n<section\n  class=\"core-block core-block--paragraph   block\"\n   id=paragraph-28\n  \n  \n>\n      <div class=\"inner inner--prose\">\n  \n  \n  \n<p>Noget, der ogs\u00e5 spiller en v\u00e6sentlig rolle for de stigende elpriser, er CO2-kvoter. Men hvad er en CO2-kvote egentlig, og hvorfor g\u00f8r den, at elprisen stiger? En CO2-kvote er en tilladelse til at udlede en bestemt m\u00e6ngde CO2. Kvoterne er blevet indf\u00f8rt for at begr\u00e6nse udledningen og bidrage til den gr\u00f8nne omstilling. Og CO2-kvoter er i h\u00f8j kurs p\u00e5 elmarkedet, for det udleder nemlig en hel del CO2 at producere str\u00f8m med fossile br\u00e6ndstoffer.&nbsp;<\/p>\n\n\n  \n      <\/div>\n  \n<\/section>\n<section\n  class=\"core-block core-block--paragraph   block\"\n   id=paragraph-29\n  \n  \n>\n      <div class=\"inner inner--prose\">\n  \n  \n  \n<p>Fordi der er en \u00f8get eftersp\u00f8rgsel p\u00e5 str\u00f8m baseret p\u00e5 str\u00f8m fra vind og sol og et begr\u00e6nset antal CO2-kvoter, s\u00e5 stiger prisen p\u00e5 kvoterne. Det betyder, at det bliver dyrere for energiselskaberne at producere el, og ekstraomkostningen bliver f\u00f8rt videre til dig og din elregning.&nbsp;<\/p>\n\n\n  \n      <\/div>\n  \n<\/section>\n<section\n  class=\"core-block core-block--heading   block\"\n   id=heading-30\n  \n  \n>\n      <div class=\"inner inner--prose\">\n  \n  \n  \n<h2 class=\"wp-block-heading has-medium-font-size\" id=\"h-taend-for-de-gode-energivaner-nar-elprisen-stiger\">T\u00e6nd for de gode energivaner, n\u00e5r elprisen stiger<\/h2>\n\n\n  \n      <\/div>\n  \n<\/section>\n<section\n  class=\"core-block core-block--paragraph   block\"\n   id=paragraph-31\n  \n  \n>\n      <div class=\"inner inner--prose\">\n  \n  \n  \n<p>N\u00e5r elprisen stiger, er det vigtigere end nogensinde at t\u00e6nke over dine energivaner. M\u00e5ske du kan finde m\u00e5der, du kan spare p\u00e5 str\u00f8mforbruget p\u00e5? Faktisk kan du let tage kontrol over dit energiforbrug. Vi har samlet et par gode r\u00e5d til, hvordan du kan t\u00e6nde for de gode, energirigtige vaner.&nbsp;<\/p>\n\n\n  \n      <\/div>\n  \n<\/section>\n<section\n  class=\"core-block core-block--paragraph   block\"\n   id=paragraph-32\n  \n  \n>\n      <div class=\"inner inner--prose\">\n  \n  \n  \n<p><a href=\"https:\/\/andelenergi.dk\/spar-energi\/\">Se, hvordan du sparer p\u00e5 str\u00f8mmen her<\/a><\/p>\n\n\n  \n      <\/div>\n  \n<\/section>\n","protected":false},"excerpt":{"rendered":"Hvis du har en variabel elaftale, s\u00e5 har du sikkert lagt m\u00e6rke til, at elprisen af og til stiger. Men er du klar over, hvorfor den g\u00f8r det? Vi ved godt, at elprisen er en g\u00e5de for de fleste, og derfor har vi samlet et overblik over de v\u00e6sentligste \u00e5rsager til, hvorfor elprisen egentlig stiger.&nbsp;S\u00e5 &hellip; <a href=\"https:\/\/andelenergi.dk\/kundeservice\/aftaler-og-priser\/ved-du-hvorfor-elprisen-stiger\/\">Continued<\/a>","protected":false},"author":44,"featured_media":0,"parent":37933,"menu_order":8,"comment_status":"closed","ping_status":"closed","template":"","meta":{"_acf_changed":false,"footnotes":""},"categories":[],"class_list":["post-101529","page","type-page","status-publish","hentry"],"acf":[],"yoast_head":"<!-- This site is optimized with the Yoast SEO Premium plugin v20.7 (Yoast SEO v20.13) - https:\/\/yoast.com\/wordpress\/plugins\/seo\/ -->\n<title>Hvorfor stiger elprisen? | Kend til \u00e5rsagerne | andelenergi.dk<\/title>\n<meta name=\"description\" content=\"Er du egentlig klar over, hvorfor elprisen stiger? Det er vi heldigvis, og vi har samlet et overblik over de forskellige \u00e5rsager.\" \/>\n<meta name=\"robots\" content=\"index, follow, max-snippet:-1, max-image-preview:large, max-video-preview:-1\" \/>\n<link rel=\"canonical\" href=\"https:\/\/andelenergi.dk\/kundeservice\/aftaler-og-priser\/ved-du-hvorfor-elprisen-stiger\/\" \/>\n<meta property=\"og:locale\" content=\"da_DK\" \/>\n<meta property=\"og:type\" content=\"article\" \/>\n<meta property=\"og:title\" content=\"Ved du, hvorfor elprisen stiger?\" \/>\n<meta property=\"og:description\" content=\"Er du egentlig klar over, hvorfor elprisen stiger? Det er vi heldigvis, og vi har samlet et overblik over de forskellige \u00e5rsager.\" \/>\n<meta property=\"og:url\" content=\"https:\/\/andelenergi.dk\/kundeservice\/aftaler-og-priser\/ved-du-hvorfor-elprisen-stiger\/\" \/>\n<meta property=\"og:site_name\" content=\"andelenergi.dk\" \/>\n<meta property=\"article:publisher\" content=\"https:\/\/www.facebook.com\/andelenergi\" \/>\n<meta property=\"article:modified_time\" content=\"2025-12-29T12:02:08+00:00\" \/>\n<meta name=\"twitter:card\" content=\"summary_large_image\" \/>\n<meta name=\"twitter:label1\" content=\"Est. reading time\" \/>\n\t<meta name=\"twitter:data1\" content=\"5 minutes\" \/>\n<script type=\"application\/ld+json\" class=\"yoast-schema-graph\">{\"@context\":\"https:\/\/schema.org\",\"@graph\":[{\"@type\":\"WebPage\",\"@id\":\"https:\/\/andelenergi.dk\/kundeservice\/aftaler-og-priser\/ved-du-hvorfor-elprisen-stiger\/\",\"url\":\"https:\/\/andelenergi.dk\/kundeservice\/aftaler-og-priser\/ved-du-hvorfor-elprisen-stiger\/\",\"name\":\"Hvorfor stiger elprisen? | Kend til \u00e5rsagerne | andelenergi.dk\",\"isPartOf\":{\"@id\":\"https:\/\/andelenergi.dk\/#website\"},\"datePublished\":\"2023-08-17T10:38:23+00:00\",\"dateModified\":\"2025-12-29T12:02:08+00:00\",\"description\":\"Er du egentlig klar over, hvorfor elprisen stiger? Det er vi heldigvis, og vi har samlet et overblik over de forskellige \u00e5rsager.\",\"breadcrumb\":{\"@id\":\"https:\/\/andelenergi.dk\/kundeservice\/aftaler-og-priser\/ved-du-hvorfor-elprisen-stiger\/#breadcrumb\"},\"inLanguage\":\"da-DK\",\"potentialAction\":[{\"@type\":\"ReadAction\",\"target\":[\"https:\/\/andelenergi.dk\/kundeservice\/aftaler-og-priser\/ved-du-hvorfor-elprisen-stiger\/\"]}]},{\"@type\":\"BreadcrumbList\",\"@id\":\"https:\/\/andelenergi.dk\/kundeservice\/aftaler-og-priser\/ved-du-hvorfor-elprisen-stiger\/#breadcrumb\",\"itemListElement\":[{\"@type\":\"ListItem\",\"position\":1,\"name\":\"Home\",\"item\":\"https:\/\/andelenergi.dk\/\"},{\"@type\":\"ListItem\",\"position\":2,\"name\":\"Kundeservice\",\"item\":\"https:\/\/andelenergi.dk\/kundeservice\/\"},{\"@type\":\"ListItem\",\"position\":3,\"name\":\"Aftaler og priser\",\"item\":\"https:\/\/andelenergi.dk\/kundeservice\/aftaler-og-priser\/\"},{\"@type\":\"ListItem\",\"position\":4,\"name\":\"Ved du, hvorfor elprisen stiger?\"}]},{\"@type\":\"WebSite\",\"@id\":\"https:\/\/andelenergi.dk\/#website\",\"url\":\"https:\/\/andelenergi.dk\/\",\"name\":\"andelenergi.dk\",\"description\":\"k\u00f8b el og gas til skarp pris\",\"potentialAction\":[{\"@type\":\"SearchAction\",\"target\":{\"@type\":\"EntryPoint\",\"urlTemplate\":\"https:\/\/andelenergi.dk\/?s={search_term_string}\"},\"query-input\":\"required name=search_term_string\"}],\"inLanguage\":\"da-DK\"}]}<\/script>\n<!-- \/ Yoast SEO Premium plugin. -->","yoast_head_json":{"title":"Hvorfor stiger elprisen? | Kend til \u00e5rsagerne | andelenergi.dk","description":"Er du egentlig klar over, hvorfor elprisen stiger? Det er vi heldigvis, og vi har samlet et overblik over de forskellige \u00e5rsager.","robots":{"index":"index","follow":"follow","max-snippet":"max-snippet:-1","max-image-preview":"max-image-preview:large","max-video-preview":"max-video-preview:-1"},"canonical":"https:\/\/andelenergi.dk\/kundeservice\/aftaler-og-priser\/ved-du-hvorfor-elprisen-stiger\/","og_locale":"da_DK","og_type":"article","og_title":"Ved du, hvorfor elprisen stiger?","og_description":"Er du egentlig klar over, hvorfor elprisen stiger? Det er vi heldigvis, og vi har samlet et overblik over de forskellige \u00e5rsager.","og_url":"https:\/\/andelenergi.dk\/kundeservice\/aftaler-og-priser\/ved-du-hvorfor-elprisen-stiger\/","og_site_name":"andelenergi.dk","article_publisher":"https:\/\/www.facebook.com\/andelenergi","article_modified_time":"2025-12-29T12:02:08+00:00","twitter_card":"summary_large_image","twitter_misc":{"Est. reading time":"5 minutes"},"schema":{"@context":"https:\/\/schema.org","@graph":[{"@type":"WebPage","@id":"https:\/\/andelenergi.dk\/kundeservice\/aftaler-og-priser\/ved-du-hvorfor-elprisen-stiger\/","url":"https:\/\/andelenergi.dk\/kundeservice\/aftaler-og-priser\/ved-du-hvorfor-elprisen-stiger\/","name":"Hvorfor stiger elprisen? | Kend til \u00e5rsagerne | andelenergi.dk","isPartOf":{"@id":"https:\/\/andelenergi.dk\/#website"},"datePublished":"2023-08-17T10:38:23+00:00","dateModified":"2025-12-29T12:02:08+00:00","description":"Er du egentlig klar over, hvorfor elprisen stiger? Det er vi heldigvis, og vi har samlet et overblik over de forskellige \u00e5rsager.","breadcrumb":{"@id":"https:\/\/andelenergi.dk\/kundeservice\/aftaler-og-priser\/ved-du-hvorfor-elprisen-stiger\/#breadcrumb"},"inLanguage":"da-DK","potentialAction":[{"@type":"ReadAction","target":["https:\/\/andelenergi.dk\/kundeservice\/aftaler-og-priser\/ved-du-hvorfor-elprisen-stiger\/"]}]},{"@type":"BreadcrumbList","@id":"https:\/\/andelenergi.dk\/kundeservice\/aftaler-og-priser\/ved-du-hvorfor-elprisen-stiger\/#breadcrumb","itemListElement":[{"@type":"ListItem","position":1,"name":"Home","item":"https:\/\/andelenergi.dk\/"},{"@type":"ListItem","position":2,"name":"Kundeservice","item":"https:\/\/andelenergi.dk\/kundeservice\/"},{"@type":"ListItem","position":3,"name":"Aftaler og priser","item":"https:\/\/andelenergi.dk\/kundeservice\/aftaler-og-priser\/"},{"@type":"ListItem","position":4,"name":"Ved du, hvorfor elprisen stiger?"}]},{"@type":"WebSite","@id":"https:\/\/andelenergi.dk\/#website","url":"https:\/\/andelenergi.dk\/","name":"andelenergi.dk","description":"k\u00f8b el og gas til skarp pris","potentialAction":[{"@type":"SearchAction","target":{"@type":"EntryPoint","urlTemplate":"https:\/\/andelenergi.dk\/?s={search_term_string}"},"query-input":"required name=search_term_string"}],"inLanguage":"da-DK"}]}},"_links":{"self":[{"href":"https:\/\/andelenergi.dk\/api\/wp\/v2\/pages\/101529","targetHints":{"allow":["GET"]}}],"collection":[{"href":"https:\/\/andelenergi.dk\/api\/wp\/v2\/pages"}],"about":[{"href":"https:\/\/andelenergi.dk\/api\/wp\/v2\/types\/page"}],"author":[{"embeddable":true,"href":"https:\/\/andelenergi.dk\/api\/wp\/v2\/users\/44"}],"replies":[{"embeddable":true,"href":"https:\/\/andelenergi.dk\/api\/wp\/v2\/comments?post=101529"}],"version-history":[{"count":3,"href":"https:\/\/andelenergi.dk\/api\/wp\/v2\/pages\/101529\/revisions"}],"predecessor-version":[{"id":261546,"href":"https:\/\/andelenergi.dk\/api\/wp\/v2\/pages\/101529\/revisions\/261546"}],"up":[{"embeddable":true,"href":"https:\/\/andelenergi.dk\/api\/wp\/v2\/pages\/37933"}],"wp:attachment":[{"href":"https:\/\/andelenergi.dk\/api\/wp\/v2\/media?parent=101529"}],"wp:term":[{"taxonomy":"category","embeddable":true,"href":"https:\/\/andelenergi.dk\/api\/wp\/v2\/categories?post=101529"}],"curies":[{"name":"wp","href":"https:\/\/api.w.org\/{rel}","templated":true}]}}